{"id":13275,"date":"2020-02-20T11:33:54","date_gmt":"2020-02-20T11:33:54","guid":{"rendered":"https:\/\/www.4mentera.com\/flower-power-formentera-2020\/"},"modified":"2020-07-07T16:38:36","modified_gmt":"2020-07-07T16:38:36","slug":"flower-power-formentera-2020","status":"publish","type":"page","link":"https:\/\/www.4mentera.com\/ca\/flower-power-formentera-2020\/","title":{"rendered":"Formentera Flower Power 2020"},"content":{"rendered":"[vc_row type=&#8221;full_width_background&#8221; full_screen_row_position=&#8221;middle&#8221; bg_image=&#8221;13261&#8243; bg_position=&#8221;center top&#8221; bg_repeat=&#8221;no-repeat&#8221; bg_color=&#8221;#3170a0&#8243; scene_position=&#8221;center&#8221; text_color=&#8221;light&#8221; text_align=&#8221;left&#8221; top_padding=&#8221;8%&#8221; bottom_padding=&#8221;22%&#8221; enable_gradient=&#8221;true&#8221; color_overlay=&#8221;#477ca5&#8243; color_overlay_2=&#8221;#61ace6&#8243; gradient_direction=&#8221;top_to_bottom&#8221; overlay_strength=&#8221;0.8&#8243; enable_shape_divider=&#8221;true&#8221; shape_divider_position=&#8221;bottom&#8221; shape_divider_height=&#8221;350&#8243; bg_image_animation=&#8221;none&#8221; parallax_bg=&#8221;true&#8221; parallax_bg_speed=&#8221;fast&#8221; shape_type=&#8221;waves_opacity_alt&#8221;][vc_column column_padding=&#8221;no-extra-padding&#8221; column_padding_position=&#8221;all&#8221; background_color_opacity=&#8221;1&#8243; background_hover_color_opacity=&#8221;1&#8243; column_link_target=&#8221;_self&#8221; column_shadow=&#8221;none&#8221; column_border_radius=&#8221;none&#8221; width=&#8221;1\/2&#8243; tablet_width_inherit=&#8221;default&#8221; tablet_text_alignment=&#8221;default&#8221; phone_text_alignment=&#8221;default&#8221; column_border_width=&#8221;none&#8221; column_border_style=&#8221;solid&#8221; bg_image_animation=&#8221;none&#8221;][split_line_heading]\n<h1>Flower Power Formentera 2020<\/h1>\n[\/split_line_heading][vc_row_inner column_margin=&#8221;default&#8221; text_align=&#8221;left&#8221;][vc_column_inner column_padding=&#8221;no-extra-padding&#8221; column_padding_position=&#8221;all&#8221; background_color_opacity=&#8221;1&#8243; background_hover_color_opacity=&#8221;1&#8243; column_shadow=&#8221;none&#8221; column_border_radius=&#8221;none&#8221; column_link_target=&#8221;_self&#8221; width=&#8221;3\/4&#8243; tablet_width_inherit=&#8221;default&#8221; column_border_width=&#8221;none&#8221; column_border_style=&#8221;solid&#8221; bg_image_animation=&#8221;none&#8221; enable_animation=&#8221;true&#8221; animation=&#8221;fade-in-from-bottom&#8221; delay=&#8221;200&#8243;][vc_custom_heading text=&#8221;Cancelada la festa m\u00e9s esperada de l&#8217;estiu a Formentera. Vine a ballar amb la m\u00fasica dels 60 i 70&#8217;s. Deixa&#8217;t portar per l&#8217;esperit mes hippy.&#8221; font_container=&#8221;tag:h4|font_size:20|text_align:left|color:rgba(255%2C255%2C255%2C0.7)|line_height:36px&#8221; google_fonts=&#8221;font_family:Roboto%3A100%2C100italic%2C300%2C300italic%2Cregular%2Citalic%2C500%2C500italic%2C700%2C700italic%2C900%2C900italic|font_style:400%20regular%3A400%3Anormal&#8221;][\/vc_column_inner][vc_column_inner column_padding=&#8221;no-extra-padding&#8221; column_padding_position=&#8221;all&#8221; background_color_opacity=&#8221;1&#8243; background_hover_color_opacity=&#8221;1&#8243; column_shadow=&#8221;none&#8221; column_border_radius=&#8221;none&#8221; column_link_target=&#8221;_self&#8221; width=&#8221;1\/4&#8243; tablet_width_inherit=&#8221;default&#8221; column_border_width=&#8221;none&#8221; column_border_style=&#8221;solid&#8221; bg_image_animation=&#8221;none&#8221; enable_animation=&#8221;true&#8221; animation=&#8221;fade-in-from-bottom&#8221; delay=&#8221;300&#8243;][\/vc_column_inner][\/vc_row_inner][divider line_type=&#8221;No Line&#8221; custom_height=&#8221;10&#8243;][\/vc_column][vc_column column_padding=&#8221;no-extra-padding&#8221; column_padding_position=&#8221;all&#8221; background_color_opacity=&#8221;1&#8243; background_hover_color_opacity=&#8221;1&#8243; column_link_target=&#8221;_self&#8221; column_shadow=&#8221;none&#8221; column_border_radius=&#8221;none&#8221; width=&#8221;1\/2&#8243; tablet_width_inherit=&#8221;default&#8221; tablet_text_alignment=&#8221;default&#8221; phone_text_alignment=&#8221;default&#8221; column_border_width=&#8221;none&#8221; column_border_style=&#8221;solid&#8221; bg_image_animation=&#8221;none&#8221;][\/vc_column][\/vc_row][vc_row type=&#8221;in_container&#8221; full_screen_row_position=&#8221;middle&#8221; scene_position=&#8221;center&#8221; text_color=&#8221;dark&#8221; text_align=&#8221;center&#8221; overlay_strength=&#8221;0.3&#8243; shape_divider_position=&#8221;bottom&#8221; bg_image_animation=&#8221;none&#8221; shape_type=&#8221;&#8221;][vc_column column_padding=&#8221;no-extra-padding&#8221; column_padding_position=&#8221;all&#8221; background_color_opacity=&#8221;1&#8243; background_hover_color_opacity=&#8221;1&#8243; column_link_target=&#8221;_self&#8221; column_shadow=&#8221;none&#8221; column_border_radius=&#8221;none&#8221; width=&#8221;1\/4&#8243; tablet_width_inherit=&#8221;default&#8221; tablet_text_alignment=&#8221;default&#8221; phone_text_alignment=&#8221;default&#8221; column_border_width=&#8221;none&#8221; column_border_style=&#8221;solid&#8221; bg_image_animation=&#8221;none&#8221;][\/vc_column][vc_column column_padding=&#8221;no-extra-padding&#8221; column_padding_position=&#8221;all&#8221; background_color_opacity=&#8221;1&#8243; background_hover_color_opacity=&#8221;1&#8243; column_link_target=&#8221;_self&#8221; column_shadow=&#8221;none&#8221; column_border_radius=&#8221;none&#8221; width=&#8221;2\/4&#8243; tablet_width_inherit=&#8221;default&#8221; tablet_text_alignment=&#8221;default&#8221; phone_text_alignment=&#8221;default&#8221; column_border_width=&#8221;none&#8221; column_border_style=&#8221;solid&#8221; bg_image_animation=&#8221;none&#8221;][divider line_type=&#8221;No Line&#8221; custom_height=&#8221;10&#8243;][vc_column_text]\n<h2 style=\"text-align: center;\">&#8220;<strong><span style=\"color: #ff0000;\">CANCELADA:<\/span><\/strong> Flower Power Formentera, la festa m\u00e9s esperada de l&#8217;estiu 2020&#8243;<\/h2>\n[\/vc_column_text][divider line_type=&#8221;No Line&#8221; custom_height=&#8221;10&#8243;][\/vc_column][vc_column column_padding=&#8221;no-extra-padding&#8221; column_padding_position=&#8221;all&#8221; background_color_opacity=&#8221;1&#8243; background_hover_color_opacity=&#8221;1&#8243; column_link_target=&#8221;_self&#8221; column_shadow=&#8221;none&#8221; column_border_radius=&#8221;none&#8221; width=&#8221;1\/4&#8243; tablet_width_inherit=&#8221;default&#8221; tablet_text_alignment=&#8221;default&#8221; phone_text_alignment=&#8221;default&#8221; column_border_width=&#8221;none&#8221; column_border_style=&#8221;solid&#8221; bg_image_animation=&#8221;none&#8221;][\/vc_column][\/vc_row][vc_row type=&#8221;in_container&#8221; full_screen_row_position=&#8221;middle&#8221; scene_position=&#8221;center&#8221; text_color=&#8221;dark&#8221; text_align=&#8221;left&#8221; overlay_strength=&#8221;0.3&#8243; shape_divider_position=&#8221;bottom&#8221; bg_image_animation=&#8221;none&#8221; shape_type=&#8221;&#8221;][vc_column centered_text=&#8221;true&#8221; column_padding=&#8221;no-extra-padding&#8221; column_padding_position=&#8221;all&#8221; background_color_opacity=&#8221;1&#8243; background_hover_color_opacity=&#8221;1&#8243; column_link_target=&#8221;_self&#8221; column_shadow=&#8221;none&#8221; column_border_radius=&#8221;none&#8221; width=&#8221;3\/5&#8243; tablet_width_inherit=&#8221;default&#8221; tablet_text_alignment=&#8221;default&#8221; phone_text_alignment=&#8221;default&#8221; column_border_width=&#8221;none&#8221; column_border_style=&#8221;solid&#8221; bg_image_animation=&#8221;none&#8221;][vc_gallery type=&#8221;flexslider_style&#8221; images=&#8221;13222,13198,13202,13206,13210,13230,13214,13218,13194,13226,13190&#8243; onclick=&#8221;link_image&#8221; img_size=&#8221;full&#8221;][\/vc_column][vc_column centered_text=&#8221;true&#8221; column_padding=&#8221;no-extra-padding&#8221; column_padding_position=&#8221;all&#8221; background_color_opacity=&#8221;1&#8243; background_hover_color_opacity=&#8221;1&#8243; column_link_target=&#8221;_self&#8221; column_shadow=&#8221;none&#8221; column_border_radius=&#8221;none&#8221; width=&#8221;2\/5&#8243; tablet_width_inherit=&#8221;default&#8221; tablet_text_alignment=&#8221;default&#8221; phone_text_alignment=&#8221;default&#8221; column_border_width=&#8221;none&#8221; column_border_style=&#8221;solid&#8221; bg_image_animation=&#8221;none&#8221;][vc_column_text]\n<h5>Ubicaci\u00f3 de la festa:<\/h5>\n[\/vc_column_text][divider line_type=&#8221;Small Line&#8221; line_alignment=&#8221;default&#8221; line_thickness=&#8221;3&#8243; divider_color=&#8221;default&#8221;][image_with_animation image_url=&#8221;323&#8243; alignment=&#8221;center&#8221; animation=&#8221;Fade In&#8221; img_link_target=&#8221;_blank&#8221; border_radius=&#8221;none&#8221; box_shadow=&#8221;none&#8221; max_width=&#8221;50%&#8221; img_link=&#8221;https:\/\/goo.gl\/maps\/SWG4EiZULq6beXoZ9&#8243; margin_top=&#8221;30&#8243;][\/vc_column][\/vc_row][vc_row type=&#8221;in_container&#8221; full_screen_row_position=&#8221;middle&#8221; scene_position=&#8221;center&#8221; text_color=&#8221;dark&#8221; text_align=&#8221;left&#8221; overlay_strength=&#8221;0.3&#8243; shape_divider_position=&#8221;bottom&#8221; bg_image_animation=&#8221;none&#8221;][vc_column column_padding=&#8221;no-extra-padding&#8221; column_padding_position=&#8221;all&#8221; background_color_opacity=&#8221;1&#8243; background_hover_color_opacity=&#8221;1&#8243; column_link_target=&#8221;_self&#8221; column_shadow=&#8221;none&#8221; column_border_radius=&#8221;none&#8221; width=&#8221;1\/6&#8243; tablet_width_inherit=&#8221;default&#8221; tablet_text_alignment=&#8221;default&#8221; phone_text_alignment=&#8221;default&#8221; column_border_width=&#8221;none&#8221; column_border_style=&#8221;solid&#8221; bg_image_animation=&#8221;none&#8221;][\/vc_column][vc_column column_padding=&#8221;no-extra-padding&#8221; column_padding_position=&#8221;all&#8221; background_color_opacity=&#8221;1&#8243; background_hover_color_opacity=&#8221;1&#8243; column_link_target=&#8221;_self&#8221; column_shadow=&#8221;none&#8221; column_border_radius=&#8221;none&#8221; width=&#8221;4\/6&#8243; tablet_width_inherit=&#8221;default&#8221; tablet_text_alignment=&#8221;default&#8221; phone_text_alignment=&#8221;default&#8221; column_border_width=&#8221;none&#8221; column_border_style=&#8221;solid&#8221; bg_image_animation=&#8221;none&#8221;][divider line_type=&#8221;Small Line&#8221; line_alignment=&#8221;center&#8221; line_thickness=&#8221;3&#8243; divider_color=&#8221;default&#8221;][vc_column_text css=&#8221;.vc_custom_1594139885704{margin-right: px !important;margin-left: px !important;padding-top: 40px !important;padding-bottom: 10px !important;}&#8221;]\n<h2 style=\"text-align: center;\"><span style=\"color: #5585ab;\"><strong><span style=\"color: #ff0000;\">Cancelada<\/span> &#8211; Flower Power Formentera 2020<\/strong><\/span><\/h2>\n<p style=\"text-align: center;\">&#x2705; <span style=\"color: #ff0000;\">Cancel\u00b7lada per la mesures Anti-Covid 19<\/span><br \/>\n&#x2705; M\u00fasica dels 60 i 70&#8217;s per ballar tota la nit.<br \/>\n&#x2705; La festa per excel\u00b7l\u00e8ncia de l&#8217;estiu de Formentera.<\/p>\n[\/vc_column_text][\/vc_column][vc_column column_padding=&#8221;no-extra-padding&#8221; column_padding_position=&#8221;all&#8221; background_color_opacity=&#8221;1&#8243; background_hover_color_opacity=&#8221;1&#8243; column_link_target=&#8221;_self&#8221; column_shadow=&#8221;none&#8221; column_border_radius=&#8221;none&#8221; width=&#8221;1\/6&#8243; tablet_width_inherit=&#8221;default&#8221; tablet_text_alignment=&#8221;default&#8221; phone_text_alignment=&#8221;default&#8221; column_border_width=&#8221;none&#8221; column_border_style=&#8221;solid&#8221; bg_image_animation=&#8221;none&#8221;][\/vc_column][\/vc_row][vc_row type=&#8221;in_container&#8221; full_screen_row_position=&#8221;middle&#8221; scene_position=&#8221;center&#8221; text_color=&#8221;dark&#8221; text_align=&#8221;left&#8221; overlay_strength=&#8221;0.3&#8243; shape_divider_position=&#8221;bottom&#8221; bg_image_animation=&#8221;none&#8221;][vc_column centered_text=&#8221;true&#8221; column_padding=&#8221;no-extra-padding&#8221; column_padding_position=&#8221;all&#8221; background_color_opacity=&#8221;1&#8243; background_hover_color_opacity=&#8221;1&#8243; column_link_target=&#8221;_self&#8221; column_shadow=&#8221;none&#8221; column_border_radius=&#8221;none&#8221; width=&#8221;1\/1&#8243; tablet_width_inherit=&#8221;default&#8221; tablet_text_alignment=&#8221;default&#8221; phone_text_alignment=&#8221;default&#8221; column_border_width=&#8221;none&#8221; column_border_style=&#8221;solid&#8221; bg_image_animation=&#8221;none&#8221;][vc_column_text]\n<p style=\"text-align: center;\"><strong><span style=\"color: #ff0000;\">Per motius de seguretat sanit\u00e0ria, la festa Flower Power que s&#8217;havia de celebrar el dia 11 de Juliol a es Pujols, ha estat cancel\u00b7lada.<\/span><\/strong><\/p>\n<p style=\"text-align: left;\"><del><strong>! Ja tenim confirmaci\u00f3 oficial de la data de la propera Flower Power a Formentera per a l&#8217;estiu de 2020 !<\/strong><\/del><\/p>\n<p style=\"text-align: left;\"><del>Des de la Conselleria de Cultura de el Consell Insular de Formentera van anunciar que la celebraci\u00f3 de la festa m\u00e9s famosa i esperada per turistes i residents de Formentera tindr\u00e0 lloc a la Pla\u00e7a Europa des Pujols el proper dia 11 de Juliol dins el programa de festes de Sant Jaume.<\/del><\/p>\n<h2 style=\"text-align: center;\"><span style=\"color: #5585ab;\"><strong>Flower Power Formentera 2020<\/strong><\/span><\/h2>\n<p style=\"text-align: left;\"><del>A difer\u00e8ncia d&#8217;altres anys, la ubicaci\u00f3 de la festa canvia de lloc, i no es celebrar\u00e0 a la Pla\u00e7a de l&#8217;esgl\u00e9sia de Sant Francesc com havia estat habitual des dels inicis d&#8217;aquesta Flower Power de juliol, sin\u00f3 que es trasllada de lloc de celebraci\u00f3.<\/del><\/p>\n<p style=\"text-align: left;\"><del>La festa comptar\u00e0, com cada any, amb un grup de DJs locals que barrejaran les can\u00e7ons dels anys 60 i 70 per a omplir de m\u00fasica la nit de Formentera, enguany, a la Pla\u00e7a Europa de <a href=\"https:\/\/www.4mentera.com\/ca\/formentera\/pobles-de-formentera\/es-pujols\/\">Es Pujols<\/a>.<\/del><\/p>\n<p style=\"text-align: left;\"><del>Una nit plena de color, bon ambient i ganes de ballar i passar-ho b\u00e9 entre tot el p\u00fablic assistent a aquesta ja m\u00edtica festa de l&#8217;estiu de Formentera.<\/del><br \/>\n<del>No oblidis la teva roba m\u00e9s acolorida i alegre si vas a passar la nit de l&#8217;11 de juliol a Formentera.<\/del><br \/>\n<del>Cinta i flors als cabells, ulleres de sol amb vidres de color i moltes ganes de ballar i passar-ho b\u00e9 \u00e9s tot el que necessites per gaudir de la Flower al juliol.<\/del><\/p>\n<p><del>Una festa inoblidable que recordar\u00e0s amb nost\u00e0lgia quan l&#8217;hivern torni als nostres dies i estiguis somiant amb tornar de nou a Formentera a gaudir de la calor, de el sol i la platja.<\/del><\/p>\n<h2 style=\"text-align: center;\"><span style=\"color: #5585ab;\"><strong>Descomptes especials per al ferri<\/strong><\/span><\/h2>\n<p style=\"text-align: left;\">I si ja tens clar que no et pots perdre aquesta nit de festa a Formentera, recorda que podem oferir-te una s\u00e8rie de descomptes per als teus passatges de ferri des d&#8217;Eivissa amb la companyia Trasmapi, utilitzant el nostre codi promo: 4MENTERA a l&#8217;realitzar la compra des de la seva p\u00e0gina web &#8230;&#8230; o mes f\u00e0cil encara, fes click al seg\u00fcent logotip:<\/p>\n<p><a href=\"https:\/\/www.trasmapi.com\/?origin=www.4mentera.com&amp;promo=4mentera\"><img loading=\"lazy\" decoding=\"async\" class=\"aligncenter wp-image-761 size-medium\" src=\"https:\/\/www.4mentera.com\/wp-content\/uploads\/2019\/07\/Trasmapi-web-alquiler-vehiculos-300x229.jpg\" alt=\"Ferry de Trasmapi saliendo del puerto de Ibiza direcci\u00f3n a Formentera d\" width=\"300\" height=\"229\" srcset=\"https:\/\/www.4mentera.com\/wp-content\/uploads\/2019\/07\/Trasmapi-web-alquiler-vehiculos-300x229.jpg 300w, https:\/\/www.4mentera.com\/wp-content\/uploads\/2019\/07\/Trasmapi-web-alquiler-vehiculos.jpg 768w\" sizes=\"auto, (max-width: 300px) 100vw, 300px\" \/><\/a><\/p>\n<p>&nbsp;<\/p>\n<h2 style=\"text-align: center;\"><span style=\"color: #5585ab;\"><strong>Descomptes especials per a llogar cotxe o moto<\/strong><\/span><\/h2>\n<p style=\"text-align: left;\">De la mateixa manera que amb el tiquet de l&#8217;ferri, podem oferir-te un codi promo de descompte amb diverses companyies de lloguer de vehicles a Formentera.<br \/>\nSempre usant el codi promo: <strong>4MENTERA<\/strong><\/p>\n<p style=\"text-align: left;\">Simplement fes click en els seg\u00fcents logotips i ser\u00e0s redirigit a la web de cada un d&#8217;ells:<\/p>\n<p><a href=\"http:\/\/www.proautorentacar.com\/?promo=4mentera\"><img loading=\"lazy\" decoding=\"async\" class=\"aligncenter wp-image-738\" src=\"https:\/\/www.4mentera.com\/wp-content\/uploads\/2019\/07\/Proauto-web-alquiler-vehiculos-300x229.jpg\" alt=\"Logotipo Proautorentacar con un coche rojo sobre fondo blanco\" width=\"262\" height=\"200\" srcset=\"https:\/\/www.4mentera.com\/wp-content\/uploads\/2019\/07\/Proauto-web-alquiler-vehiculos-300x229.jpg 300w, https:\/\/www.4mentera.com\/wp-content\/uploads\/2019\/07\/Proauto-web-alquiler-vehiculos.jpg 768w\" sizes=\"auto, (max-width: 262px) 100vw, 262px\" \/><\/a> <a href=\"http:\/\/autoscamariformentera.com\/en\/?promo=4mentera\"><img loading=\"lazy\" decoding=\"async\" class=\"aligncenter wp-image-713\" src=\"https:\/\/www.4mentera.com\/wp-content\/uploads\/2019\/07\/Ca-Mari-web-alquiler-vehiculos-1-300x229.jpg\" alt=\"\" width=\"265\" height=\"202\" srcset=\"https:\/\/www.4mentera.com\/wp-content\/uploads\/2019\/07\/Ca-Mari-web-alquiler-vehiculos-1-300x229.jpg 300w, https:\/\/www.4mentera.com\/wp-content\/uploads\/2019\/07\/Ca-Mari-web-alquiler-vehiculos-1.jpg 768w\" sizes=\"auto, (max-width: 265px) 100vw, 265px\" \/><\/a><a href=\"https:\/\/www.motorentpujols.com\/?promo=4mentera\"><img loading=\"lazy\" decoding=\"async\" class=\"aligncenter wp-image-693\" src=\"https:\/\/www.4mentera.com\/wp-content\/uploads\/2019\/07\/Motorent-Pujols-web-alquiler-vehiculos-300x229.jpg\" alt=\"\" width=\"259\" height=\"198\" srcset=\"https:\/\/www.4mentera.com\/wp-content\/uploads\/2019\/07\/Motorent-Pujols-web-alquiler-vehiculos-300x229.jpg 300w, https:\/\/www.4mentera.com\/wp-content\/uploads\/2019\/07\/Motorent-Pujols-web-alquiler-vehiculos.jpg 768w\" sizes=\"auto, (max-width: 259px) 100vw, 259px\" \/><\/a><\/p>\n<h2 style=\"text-align: center;\"><span style=\"color: #5585ab;\"><strong>Flower Power Formentera 2020<\/strong><\/span><\/h2>\n<p style=\"text-align: center;\">! Apunta la data perqu\u00e8 no te la pots perdre !<\/p>\n[\/vc_column_text][\/vc_column][\/vc_row][vc_row type=&#8221;in_container&#8221; full_screen_row_position=&#8221;middle&#8221; scene_position=&#8221;center&#8221; text_color=&#8221;dark&#8221; text_align=&#8221;left&#8221; overlay_strength=&#8221;0.3&#8243; shape_divider_position=&#8221;bottom&#8221; bg_image_animation=&#8221;none&#8221;][vc_column column_padding=&#8221;no-extra-padding&#8221; column_padding_position=&#8221;all&#8221; background_color_opacity=&#8221;1&#8243; background_hover_color_opacity=&#8221;1&#8243; column_link_target=&#8221;_self&#8221; column_shadow=&#8221;none&#8221; column_border_radius=&#8221;none&#8221; width=&#8221;1\/1&#8243; tablet_width_inherit=&#8221;default&#8221; tablet_text_alignment=&#8221;default&#8221; phone_text_alignment=&#8221;default&#8221; column_border_width=&#8221;none&#8221; column_border_style=&#8221;solid&#8221; bg_image_animation=&#8221;none&#8221;][image_with_animation image_url=&#8221;13261&#8243; alignment=&#8221;center&#8221; animation=&#8221;Fade In&#8221; border_radius=&#8221;none&#8221; box_shadow=&#8221;none&#8221; max_width=&#8221;100%&#8221; margin_top=&#8221;30&#8243;][\/vc_column][\/vc_row]\n","protected":false},"excerpt":{"rendered":"<p>[vc_row type=&#8221;full_width_background&#8221; full_screen_row_position=&#8221;middle&#8221; bg_image=&#8221;13261&#8243; bg_position=&#8221;center top&#8221; bg_repeat=&#8221;no-repeat&#8221; bg_color=&#8221;#3170a0&#8243; scene_position=&#8221;center&#8221; text_color=&#8221;light&#8221; text_align=&#8221;left&#8221; top_padding=&#8221;8%&#8221; bottom_padding=&#8221;22%&#8221; enable_gradient=&#8221;true&#8221; color_overlay=&#8221;#477ca5&#8243; color_overlay_2=&#8221;#61ace6&#8243; gradient_direction=&#8221;top_to_bottom&#8221; overlay_strength=&#8221;0.8&#8243; enable_shape_divider=&#8221;true&#8221; shape_divider_position=&#8221;bottom&#8221; shape_divider_height=&#8221;350&#8243; bg_image_animation=&#8221;none&#8221; parallax_bg=&#8221;true&#8221; parallax_bg_speed=&#8221;fast&#8221; shape_type=&#8221;waves_opacity_alt&#8221;][vc_column column_padding=&#8221;no-extra-padding&#8221; column_padding_position=&#8221;all&#8221; background_color_opacity=&#8221;1&#8243; background_hover_color_opacity=&#8221;1&#8243; column_link_target=&#8221;_self&#8221;&#8230;<\/p>\n","protected":false},"author":1,"featured_media":14139,"parent":0,"menu_order":0,"comment_status":"closed","ping_status":"closed","template":"","meta":{"footnotes":""},"class_list":["post-13275","page","type-page","status-publish","has-post-thumbnail"],"yoast_head":"<!-- This site is optimized with the Yoast SEO plugin v26.8 - https:\/\/yoast.com\/product\/yoast-seo-wordpress\/ -->\n<title>Flower Power Formentera 2020 - L&#039;esperit mes hippy -<\/title>\n<meta name=\"description\" content=\"Flower Power Formentera 2020 - Vine a ballar els ritmes dels 60 i 70&#039;s en la festa mes esperada de tot l&#039;estiu a l&#039;illa. ! No te la pots perdre !\" \/>\n<meta name=\"robots\" content=\"index, follow, max-snippet:-1, max-image-preview:large, max-video-preview:-1\" \/>\n<link rel=\"canonical\" href=\"https:\/\/www.4mentera.com\/ca\/flower-power-formentera-2020\/\" \/>\n<meta property=\"og:locale\" content=\"ca_ES\" \/>\n<meta property=\"og:type\" content=\"article\" \/>\n<meta property=\"og:title\" content=\"Flower Power Formentera 2020 - L&#039;esperit mes hippy -\" \/>\n<meta property=\"og:description\" content=\"Flower Power Formentera 2020 - Vine a ballar els ritmes dels 60 i 70&#039;s en la festa mes esperada de tot l&#039;estiu a l&#039;illa. ! No te la pots perdre !\" \/>\n<meta property=\"og:url\" content=\"https:\/\/www.4mentera.com\/ca\/flower-power-formentera-2020\/\" \/>\n<meta property=\"og:site_name\" content=\"4mentera.com\" \/>\n<meta property=\"article:publisher\" content=\"https:\/\/www.facebook.com\/4mentera\/\" \/>\n<meta property=\"article:modified_time\" content=\"2020-07-07T16:38:36+00:00\" \/>\n<meta property=\"og:image\" content=\"https:\/\/www.4mentera.com\/wp-content\/uploads\/2020\/07\/Flower-Cancelada.jpg\" \/>\n\t<meta property=\"og:image:width\" content=\"1200\" \/>\n\t<meta property=\"og:image:height\" content=\"875\" \/>\n\t<meta property=\"og:image:type\" content=\"image\/jpeg\" \/>\n<meta name=\"twitter:card\" content=\"summary_large_image\" \/>\n<meta name=\"twitter:label1\" content=\"Temps estimat de lectura\" \/>\n\t<meta name=\"twitter:data1\" content=\"9 minuts\" \/>\n<script type=\"application\/ld+json\" class=\"yoast-schema-graph\">{\"@context\":\"https:\/\/schema.org\",\"@graph\":[{\"@type\":\"WebPage\",\"@id\":\"https:\/\/www.4mentera.com\/ca\/flower-power-formentera-2020\/\",\"url\":\"https:\/\/www.4mentera.com\/ca\/flower-power-formentera-2020\/\",\"name\":\"Flower Power Formentera 2020 - L'esperit mes hippy -\",\"isPartOf\":{\"@id\":\"https:\/\/www.4mentera.com\/ca\/#website\"},\"primaryImageOfPage\":{\"@id\":\"https:\/\/www.4mentera.com\/ca\/flower-power-formentera-2020\/#primaryimage\"},\"image\":{\"@id\":\"https:\/\/www.4mentera.com\/ca\/flower-power-formentera-2020\/#primaryimage\"},\"thumbnailUrl\":\"https:\/\/www.4mentera.com\/wp-content\/uploads\/2020\/07\/Flower-Cancelada.jpg\",\"datePublished\":\"2020-02-20T11:33:54+00:00\",\"dateModified\":\"2020-07-07T16:38:36+00:00\",\"description\":\"Flower Power Formentera 2020 - Vine a ballar els ritmes dels 60 i 70's en la festa mes esperada de tot l'estiu a l'illa. ! No te la pots perdre !\",\"breadcrumb\":{\"@id\":\"https:\/\/www.4mentera.com\/ca\/flower-power-formentera-2020\/#breadcrumb\"},\"inLanguage\":\"ca\",\"potentialAction\":[{\"@type\":\"ReadAction\",\"target\":[\"https:\/\/www.4mentera.com\/ca\/flower-power-formentera-2020\/\"]}]},{\"@type\":\"ImageObject\",\"inLanguage\":\"ca\",\"@id\":\"https:\/\/www.4mentera.com\/ca\/flower-power-formentera-2020\/#primaryimage\",\"url\":\"https:\/\/www.4mentera.com\/wp-content\/uploads\/2020\/07\/Flower-Cancelada.jpg\",\"contentUrl\":\"https:\/\/www.4mentera.com\/wp-content\/uploads\/2020\/07\/Flower-Cancelada.jpg\",\"width\":1200,\"height\":875},{\"@type\":\"BreadcrumbList\",\"@id\":\"https:\/\/www.4mentera.com\/ca\/flower-power-formentera-2020\/#breadcrumb\",\"itemListElement\":[{\"@type\":\"ListItem\",\"position\":1,\"name\":\"\",\"item\":\"https:\/\/www.4mentera.com\/ca\/\"},{\"@type\":\"ListItem\",\"position\":2,\"name\":\"Formentera Flower Power 2020\"}]},{\"@type\":\"WebSite\",\"@id\":\"https:\/\/www.4mentera.com\/ca\/#website\",\"url\":\"https:\/\/www.4mentera.com\/ca\/\",\"name\":\"4mentera.com\",\"description\":\"Guia de Formentera\",\"publisher\":{\"@id\":\"https:\/\/www.4mentera.com\/ca\/#organization\"},\"potentialAction\":[{\"@type\":\"SearchAction\",\"target\":{\"@type\":\"EntryPoint\",\"urlTemplate\":\"https:\/\/www.4mentera.com\/ca\/?s={search_term_string}\"},\"query-input\":{\"@type\":\"PropertyValueSpecification\",\"valueRequired\":true,\"valueName\":\"search_term_string\"}}],\"inLanguage\":\"ca\"},{\"@type\":\"Organization\",\"@id\":\"https:\/\/www.4mentera.com\/ca\/#organization\",\"name\":\"4mentera\",\"url\":\"https:\/\/www.4mentera.com\/ca\/\",\"logo\":{\"@type\":\"ImageObject\",\"inLanguage\":\"ca\",\"@id\":\"https:\/\/www.4mentera.com\/ca\/#\/schema\/logo\/image\/\",\"url\":\"https:\/\/www.4mentera.com\/wp-content\/uploads\/2019\/06\/cropped-Logo-Negro-250x90.png\",\"contentUrl\":\"https:\/\/www.4mentera.com\/wp-content\/uploads\/2019\/06\/cropped-Logo-Negro-250x90.png\",\"width\":250,\"height\":91,\"caption\":\"4mentera\"},\"image\":{\"@id\":\"https:\/\/www.4mentera.com\/ca\/#\/schema\/logo\/image\/\"},\"sameAs\":[\"https:\/\/www.facebook.com\/4mentera\/\",\"https:\/\/www.instagram.com\/4mentera.com_\/\"]}]}<\/script>\n<!-- \/ Yoast SEO plugin. -->","yoast_head_json":{"title":"Flower Power Formentera 2020 - L'esperit mes hippy -","description":"Flower Power Formentera 2020 - Vine a ballar els ritmes dels 60 i 70's en la festa mes esperada de tot l'estiu a l'illa. ! No te la pots perdre !","robots":{"index":"index","follow":"follow","max-snippet":"max-snippet:-1","max-image-preview":"max-image-preview:large","max-video-preview":"max-video-preview:-1"},"canonical":"https:\/\/www.4mentera.com\/ca\/flower-power-formentera-2020\/","og_locale":"ca_ES","og_type":"article","og_title":"Flower Power Formentera 2020 - L'esperit mes hippy -","og_description":"Flower Power Formentera 2020 - Vine a ballar els ritmes dels 60 i 70's en la festa mes esperada de tot l'estiu a l'illa. ! No te la pots perdre !","og_url":"https:\/\/www.4mentera.com\/ca\/flower-power-formentera-2020\/","og_site_name":"4mentera.com","article_publisher":"https:\/\/www.facebook.com\/4mentera\/","article_modified_time":"2020-07-07T16:38:36+00:00","og_image":[{"width":1200,"height":875,"url":"https:\/\/www.4mentera.com\/wp-content\/uploads\/2020\/07\/Flower-Cancelada.jpg","type":"image\/jpeg"}],"twitter_card":"summary_large_image","twitter_misc":{"Temps estimat de lectura":"9 minuts"},"schema":{"@context":"https:\/\/schema.org","@graph":[{"@type":"WebPage","@id":"https:\/\/www.4mentera.com\/ca\/flower-power-formentera-2020\/","url":"https:\/\/www.4mentera.com\/ca\/flower-power-formentera-2020\/","name":"Flower Power Formentera 2020 - L'esperit mes hippy -","isPartOf":{"@id":"https:\/\/www.4mentera.com\/ca\/#website"},"primaryImageOfPage":{"@id":"https:\/\/www.4mentera.com\/ca\/flower-power-formentera-2020\/#primaryimage"},"image":{"@id":"https:\/\/www.4mentera.com\/ca\/flower-power-formentera-2020\/#primaryimage"},"thumbnailUrl":"https:\/\/www.4mentera.com\/wp-content\/uploads\/2020\/07\/Flower-Cancelada.jpg","datePublished":"2020-02-20T11:33:54+00:00","dateModified":"2020-07-07T16:38:36+00:00","description":"Flower Power Formentera 2020 - Vine a ballar els ritmes dels 60 i 70's en la festa mes esperada de tot l'estiu a l'illa. ! No te la pots perdre !","breadcrumb":{"@id":"https:\/\/www.4mentera.com\/ca\/flower-power-formentera-2020\/#breadcrumb"},"inLanguage":"ca","potentialAction":[{"@type":"ReadAction","target":["https:\/\/www.4mentera.com\/ca\/flower-power-formentera-2020\/"]}]},{"@type":"ImageObject","inLanguage":"ca","@id":"https:\/\/www.4mentera.com\/ca\/flower-power-formentera-2020\/#primaryimage","url":"https:\/\/www.4mentera.com\/wp-content\/uploads\/2020\/07\/Flower-Cancelada.jpg","contentUrl":"https:\/\/www.4mentera.com\/wp-content\/uploads\/2020\/07\/Flower-Cancelada.jpg","width":1200,"height":875},{"@type":"BreadcrumbList","@id":"https:\/\/www.4mentera.com\/ca\/flower-power-formentera-2020\/#breadcrumb","itemListElement":[{"@type":"ListItem","position":1,"name":"","item":"https:\/\/www.4mentera.com\/ca\/"},{"@type":"ListItem","position":2,"name":"Formentera Flower Power 2020"}]},{"@type":"WebSite","@id":"https:\/\/www.4mentera.com\/ca\/#website","url":"https:\/\/www.4mentera.com\/ca\/","name":"4mentera.com","description":"Guia de Formentera","publisher":{"@id":"https:\/\/www.4mentera.com\/ca\/#organization"},"potentialAction":[{"@type":"SearchAction","target":{"@type":"EntryPoint","urlTemplate":"https:\/\/www.4mentera.com\/ca\/?s={search_term_string}"},"query-input":{"@type":"PropertyValueSpecification","valueRequired":true,"valueName":"search_term_string"}}],"inLanguage":"ca"},{"@type":"Organization","@id":"https:\/\/www.4mentera.com\/ca\/#organization","name":"4mentera","url":"https:\/\/www.4mentera.com\/ca\/","logo":{"@type":"ImageObject","inLanguage":"ca","@id":"https:\/\/www.4mentera.com\/ca\/#\/schema\/logo\/image\/","url":"https:\/\/www.4mentera.com\/wp-content\/uploads\/2019\/06\/cropped-Logo-Negro-250x90.png","contentUrl":"https:\/\/www.4mentera.com\/wp-content\/uploads\/2019\/06\/cropped-Logo-Negro-250x90.png","width":250,"height":91,"caption":"4mentera"},"image":{"@id":"https:\/\/www.4mentera.com\/ca\/#\/schema\/logo\/image\/"},"sameAs":["https:\/\/www.facebook.com\/4mentera\/","https:\/\/www.instagram.com\/4mentera.com_\/"]}]}},"_links":{"self":[{"href":"https:\/\/www.4mentera.com\/ca\/wp-json\/wp\/v2\/pages\/13275","targetHints":{"allow":["GET"]}}],"collection":[{"href":"https:\/\/www.4mentera.com\/ca\/wp-json\/wp\/v2\/pages"}],"about":[{"href":"https:\/\/www.4mentera.com\/ca\/wp-json\/wp\/v2\/types\/page"}],"author":[{"embeddable":true,"href":"https:\/\/www.4mentera.com\/ca\/wp-json\/wp\/v2\/users\/1"}],"replies":[{"embeddable":true,"href":"https:\/\/www.4mentera.com\/ca\/wp-json\/wp\/v2\/comments?post=13275"}],"version-history":[{"count":0,"href":"https:\/\/www.4mentera.com\/ca\/wp-json\/wp\/v2\/pages\/13275\/revisions"}],"wp:featuredmedia":[{"embeddable":true,"href":"https:\/\/www.4mentera.com\/ca\/wp-json\/wp\/v2\/media\/14139"}],"wp:attachment":[{"href":"https:\/\/www.4mentera.com\/ca\/wp-json\/wp\/v2\/media?parent=13275"}],"curies":[{"name":"wp","href":"https:\/\/api.w.org\/{rel}","templated":true}]}}