{"id":39512,"date":"2024-06-27T10:59:41","date_gmt":"2024-06-27T10:59:41","guid":{"rendered":"https:\/\/www.4mentera.com\/?page_id=39512"},"modified":"2024-06-27T15:23:17","modified_gmt":"2024-06-27T15:23:17","slug":"accident-llanxa-espalmador-formentera-2024","status":"publish","type":"page","link":"https:\/\/www.4mentera.com\/ca\/formentera-news\/accident-llanxa-espalmador-formentera-2024\/","title":{"rendered":"Accident de llanxa a Espalmador, Formentera &#8211; Tots els detalls"},"content":{"rendered":"[vc_row type=&#8221;in_container&#8221; full_screen_row_position=&#8221;middle&#8221; column_margin=&#8221;default&#8221; column_direction=&#8221;default&#8221; column_direction_tablet=&#8221;default&#8221; column_direction_phone=&#8221;default&#8221; scene_position=&#8221;center&#8221; text_color=&#8221;dark&#8221; text_align=&#8221;left&#8221; row_border_radius=&#8221;none&#8221; row_border_radius_applies=&#8221;bg&#8221; overlay_strength=&#8221;0.3&#8243; gradient_direction=&#8221;left_to_right&#8221; shape_divider_position=&#8221;bottom&#8221; bg_image_animation=&#8221;none&#8221;][vc_column column_padding=&#8221;no-extra-padding&#8221; column_padding_tablet=&#8221;inherit&#8221; column_padding_phone=&#8221;inherit&#8221; column_padding_position=&#8221;all&#8221; column_element_spacing=&#8221;default&#8221; background_color_opacity=&#8221;1&#8243; background_hover_color_opacity=&#8221;1&#8243; column_shadow=&#8221;none&#8221; column_border_radius=&#8221;none&#8221; column_link_target=&#8221;_self&#8221; gradient_direction=&#8221;left_to_right&#8221; overlay_strength=&#8221;0.3&#8243; width=&#8221;1\/5&#8243; tablet_width_inherit=&#8221;default&#8221; tablet_text_alignment=&#8221;default&#8221; phone_text_alignment=&#8221;default&#8221; bg_image_animation=&#8221;none&#8221; border_type=&#8221;simple&#8221; column_border_width=&#8221;none&#8221; column_border_style=&#8221;solid&#8221;][\/vc_column][vc_column column_padding=&#8221;no-extra-padding&#8221; column_padding_tablet=&#8221;inherit&#8221; column_padding_phone=&#8221;inherit&#8221; column_padding_position=&#8221;all&#8221; column_element_spacing=&#8221;default&#8221; background_color_opacity=&#8221;1&#8243; background_hover_color_opacity=&#8221;1&#8243; column_shadow=&#8221;none&#8221; column_border_radius=&#8221;none&#8221; column_link_target=&#8221;_self&#8221; gradient_direction=&#8221;left_to_right&#8221; overlay_strength=&#8221;0.3&#8243; width=&#8221;3\/5&#8243; tablet_width_inherit=&#8221;default&#8221; tablet_text_alignment=&#8221;default&#8221; phone_text_alignment=&#8221;default&#8221; bg_image_animation=&#8221;none&#8221; border_type=&#8221;simple&#8221; column_border_width=&#8221;none&#8221; column_border_style=&#8221;solid&#8221;][image_with_animation image_url=&#8221;34250&#8243; animation=&#8221;None&#8221; hover_animation=&#8221;none&#8221; alignment=&#8221;center&#8221; border_radius=&#8221;none&#8221; box_shadow=&#8221;none&#8221; image_loading=&#8221;default&#8221; max_width=&#8221;100%&#8221; max_width_mobile=&#8221;default&#8221;][\/vc_column][vc_column column_padding=&#8221;no-extra-padding&#8221; column_padding_tablet=&#8221;inherit&#8221; column_padding_phone=&#8221;inherit&#8221; column_padding_position=&#8221;all&#8221; column_element_spacing=&#8221;default&#8221; background_color_opacity=&#8221;1&#8243; background_hover_color_opacity=&#8221;1&#8243; column_shadow=&#8221;none&#8221; column_border_radius=&#8221;none&#8221; column_link_target=&#8221;_self&#8221; gradient_direction=&#8221;left_to_right&#8221; overlay_strength=&#8221;0.3&#8243; width=&#8221;1\/5&#8243; tablet_width_inherit=&#8221;default&#8221; tablet_text_alignment=&#8221;default&#8221; phone_text_alignment=&#8221;default&#8221; bg_image_animation=&#8221;none&#8221; border_type=&#8221;simple&#8221; column_border_width=&#8221;none&#8221; column_border_style=&#8221;solid&#8221;][\/vc_column][\/vc_row][vc_row type=&#8221;full_width_background&#8221; full_screen_row_position=&#8221;middle&#8221; column_margin=&#8221;default&#8221; column_direction=&#8221;default&#8221; column_direction_tablet=&#8221;default&#8221; column_direction_phone=&#8221;default&#8221; scene_position=&#8221;center&#8221; text_color=&#8221;dark&#8221; text_align=&#8221;left&#8221; row_border_radius=&#8221;none&#8221; row_border_radius_applies=&#8221;bg&#8221; overlay_strength=&#8221;0.3&#8243; gradient_direction=&#8221;left_to_right&#8221; shape_divider_position=&#8221;bottom&#8221; bg_image_animation=&#8221;none&#8221; shape_type=&#8221;&#8221;][vc_column column_padding=&#8221;no-extra-padding&#8221; column_padding_tablet=&#8221;inherit&#8221; column_padding_phone=&#8221;inherit&#8221; column_padding_position=&#8221;all&#8221; column_element_spacing=&#8221;default&#8221; background_color_opacity=&#8221;1&#8243; background_hover_color_opacity=&#8221;1&#8243; font_color=&#8221;#ffffff&#8221; column_shadow=&#8221;none&#8221; column_border_radius=&#8221;none&#8221; column_link_target=&#8221;_self&#8221; gradient_direction=&#8221;left_to_right&#8221; overlay_strength=&#8221;0.3&#8243; width=&#8221;1\/1&#8243; tablet_width_inherit=&#8221;default&#8221; tablet_text_alignment=&#8221;default&#8221; phone_text_alignment=&#8221;default&#8221; bg_image_animation=&#8221;none&#8221; enable_animation=&#8221;true&#8221; animation=&#8221;grow-in&#8221; border_type=&#8221;simple&#8221; column_border_width=&#8221;none&#8221; column_border_style=&#8221;solid&#8221;][divider line_type=&#8221;No Line&#8221; custom_height=&#8221;2&#8243;][\/vc_column][\/vc_row][vc_row type=&#8221;in_container&#8221; full_screen_row_position=&#8221;middle&#8221; column_margin=&#8221;default&#8221; column_direction=&#8221;default&#8221; column_direction_tablet=&#8221;default&#8221; column_direction_phone=&#8221;default&#8221; scene_position=&#8221;center&#8221; text_color=&#8221;dark&#8221; text_align=&#8221;left&#8221; row_border_radius=&#8221;none&#8221; row_border_radius_applies=&#8221;bg&#8221; overlay_strength=&#8221;0.3&#8243; gradient_direction=&#8221;left_to_right&#8221; shape_divider_position=&#8221;bottom&#8221; bg_image_animation=&#8221;none&#8221; shape_type=&#8221;&#8221;][vc_column column_padding=&#8221;no-extra-padding&#8221; column_padding_tablet=&#8221;inherit&#8221; column_padding_phone=&#8221;inherit&#8221; column_padding_position=&#8221;all&#8221; column_element_spacing=&#8221;default&#8221; background_color_opacity=&#8221;1&#8243; background_hover_color_opacity=&#8221;1&#8243; column_shadow=&#8221;none&#8221; column_border_radius=&#8221;none&#8221; column_link_target=&#8221;_self&#8221; gradient_direction=&#8221;left_to_right&#8221; overlay_strength=&#8221;0.3&#8243; width=&#8221;1\/1&#8243; tablet_width_inherit=&#8221;default&#8221; tablet_text_alignment=&#8221;default&#8221; phone_text_alignment=&#8221;default&#8221; bg_image_animation=&#8221;none&#8221; border_type=&#8221;simple&#8221; column_border_width=&#8221;none&#8221; column_border_style=&#8221;solid&#8221;][vc_column_text]\n<h1 style=\"font-size: 30px; text-align: center;\"><strong><span style=\"color: #084689;\">Accident a Espalmador<\/span><\/strong><\/h1>\n<p>&nbsp;<\/p>\n<h3 style=\"text-align: center;\"><strong><span style=\"color: #084689;\">Llanxa sobre la duna<\/span><\/strong><\/h3>\n[\/vc_column_text][divider line_type=&#8221;No Line&#8221;][\/vc_column][\/vc_row][vc_row type=&#8221;in_container&#8221; full_screen_row_position=&#8221;middle&#8221; column_margin=&#8221;default&#8221; column_direction=&#8221;default&#8221; column_direction_tablet=&#8221;default&#8221; column_direction_phone=&#8221;default&#8221; scene_position=&#8221;center&#8221; text_color=&#8221;dark&#8221; text_align=&#8221;left&#8221; row_border_radius=&#8221;none&#8221; row_border_radius_applies=&#8221;bg&#8221; overlay_strength=&#8221;0.3&#8243; gradient_direction=&#8221;left_to_right&#8221; shape_divider_position=&#8221;bottom&#8221; bg_image_animation=&#8221;none&#8221;][vc_column column_padding=&#8221;no-extra-padding&#8221; column_padding_tablet=&#8221;inherit&#8221; column_padding_phone=&#8221;inherit&#8221; column_padding_position=&#8221;all&#8221; column_element_spacing=&#8221;default&#8221; background_color_opacity=&#8221;1&#8243; background_hover_color_opacity=&#8221;1&#8243; column_shadow=&#8221;none&#8221; column_border_radius=&#8221;none&#8221; column_link_target=&#8221;_self&#8221; gradient_direction=&#8221;left_to_right&#8221; overlay_strength=&#8221;0.3&#8243; width=&#8221;1\/2&#8243; tablet_width_inherit=&#8221;default&#8221; tablet_text_alignment=&#8221;default&#8221; phone_text_alignment=&#8221;default&#8221; bg_image_animation=&#8221;none&#8221; border_type=&#8221;simple&#8221; column_border_width=&#8221;none&#8221; column_border_style=&#8221;solid&#8221;][divider line_type=&#8221;No Line&#8221;][image_with_animation image_url=&#8221;39476&#8243; animation=&#8221;None&#8221; hover_animation=&#8221;none&#8221; alignment=&#8221;&#8221; border_radius=&#8221;none&#8221; box_shadow=&#8221;none&#8221; image_loading=&#8221;default&#8221; max_width=&#8221;100%&#8221; max_width_mobile=&#8221;default&#8221;][\/vc_column][vc_column column_padding=&#8221;no-extra-padding&#8221; column_padding_tablet=&#8221;inherit&#8221; column_padding_phone=&#8221;inherit&#8221; column_padding_position=&#8221;all&#8221; column_element_spacing=&#8221;default&#8221; background_color_opacity=&#8221;1&#8243; background_hover_color_opacity=&#8221;1&#8243; column_shadow=&#8221;none&#8221; column_border_radius=&#8221;none&#8221; column_link_target=&#8221;_self&#8221; gradient_direction=&#8221;left_to_right&#8221; overlay_strength=&#8221;0.3&#8243; width=&#8221;1\/2&#8243; tablet_width_inherit=&#8221;default&#8221; tablet_text_alignment=&#8221;default&#8221; phone_text_alignment=&#8221;default&#8221; bg_image_animation=&#8221;none&#8221; border_type=&#8221;simple&#8221; column_border_width=&#8221;none&#8221; column_border_style=&#8221;solid&#8221;][vc_column_text]<span style=\"color: #333300;\">Formentera, 27 juny 2024<\/span><\/p>\n<p><strong><span style=\"color: #084689;\">El dissabte 22 de maig passat, una llanxa de 18 metres d&#8217;eslora va xocar<\/span><\/strong> contra la costa de l&#8217;illot d&#8217;Espalmador, situat al nord de Formentera, sense que hagu\u00e9s ferits entre la tripulaci\u00f3 ni es vei\u00e9s afectat ning\u00fa que pogu\u00e9s estar en aquell moment a la platja .<\/p>\n<p>Al voltant de les 22.30 hores, segons va informar Salvament Mar\u00edtim, la potent llanxa, una Pershing 54, va quedar atrapada en una zona rocosa a prop de la duna.<\/p>\n<p>Salvament Mar\u00edtim va rebre l&#8217;av\u00eds de l&#8217;accident aquella mateixa nit des de l&#8217;embarcaci\u00f3 &#8216;H20&#8217; que era a la zona. Com a part del protocol, es van mobilitzar la &#8216;Salvamar Crux&#8217; i l&#8217;helic\u00f2pter &#8216;Helimer&#8217;, i es va notificar als vaixells propers per obtenir m\u00e9s informaci\u00f3.<\/p>\n<p>L&#8221;H20&#8242;, que va donar l&#8217;alarma, no tenia mitjans per acostar-se a terra, de manera que l&#8217;embarcaci\u00f3 &#8216;Zimit&#8217; que tamb\u00e9 era a la zona, va ser la primera a respondre.[\/vc_column_text][\/vc_column][\/vc_row][vc_row type=&#8221;in_container&#8221; full_screen_row_position=&#8221;middle&#8221; column_margin=&#8221;default&#8221; column_direction=&#8221;default&#8221; column_direction_tablet=&#8221;default&#8221; column_direction_phone=&#8221;default&#8221; scene_position=&#8221;center&#8221; text_color=&#8221;dark&#8221; text_align=&#8221;left&#8221; row_border_radius=&#8221;none&#8221; row_border_radius_applies=&#8221;bg&#8221; overlay_strength=&#8221;0.3&#8243; gradient_direction=&#8221;left_to_right&#8221; shape_divider_position=&#8221;bottom&#8221; bg_image_animation=&#8221;none&#8221;][vc_column column_padding=&#8221;no-extra-padding&#8221; column_padding_tablet=&#8221;inherit&#8221; column_padding_phone=&#8221;inherit&#8221; column_padding_position=&#8221;all&#8221; column_element_spacing=&#8221;default&#8221; background_color_opacity=&#8221;1&#8243; background_hover_color_opacity=&#8221;1&#8243; column_shadow=&#8221;none&#8221; column_border_radius=&#8221;none&#8221; column_link_target=&#8221;_self&#8221; gradient_direction=&#8221;left_to_right&#8221; overlay_strength=&#8221;0.3&#8243; width=&#8221;1\/1&#8243; tablet_width_inherit=&#8221;default&#8221; tablet_text_alignment=&#8221;default&#8221; phone_text_alignment=&#8221;default&#8221; bg_image_animation=&#8221;none&#8221; border_type=&#8221;simple&#8221; column_border_width=&#8221;none&#8221; column_border_style=&#8221;solid&#8221;][vc_column_text]El patr\u00f3 de la &#8216;Zimit&#8217; va arribar al lloc i va trobar els dos tripulants del &#8216;Sophia 1&#8217; en bon estat i sense lesions. Salvament Mar\u00edtim va decidir cancel\u00b7lar la intervenci\u00f3 de l&#8217;helic\u00f2pter Helimer, ja que no hi havia ferits.[\/vc_column_text][\/vc_column][\/vc_row][vc_row type=&#8221;full_width_content&#8221; full_screen_row_position=&#8221;middle&#8221; column_margin=&#8221;default&#8221; column_direction=&#8221;default&#8221; column_direction_tablet=&#8221;default&#8221; column_direction_phone=&#8221;default&#8221; scene_position=&#8221;center&#8221; text_color=&#8221;dark&#8221; text_align=&#8221;left&#8221; row_border_radius=&#8221;none&#8221; row_border_radius_applies=&#8221;bg&#8221; overlay_strength=&#8221;0.3&#8243; gradient_direction=&#8221;left_to_right&#8221; shape_divider_position=&#8221;bottom&#8221; bg_image_animation=&#8221;none&#8221; shape_type=&#8221;&#8221;][vc_column column_padding=&#8221;no-extra-padding&#8221; column_padding_tablet=&#8221;inherit&#8221; column_padding_phone=&#8221;inherit&#8221; column_padding_position=&#8221;all&#8221; column_element_spacing=&#8221;default&#8221; background_color_opacity=&#8221;1&#8243; background_hover_color_opacity=&#8221;1&#8243; column_shadow=&#8221;none&#8221; column_border_radius=&#8221;none&#8221; column_link_target=&#8221;_self&#8221; gradient_direction=&#8221;left_to_right&#8221; overlay_strength=&#8221;0.3&#8243; width=&#8221;1\/1&#8243; tablet_width_inherit=&#8221;default&#8221; tablet_text_alignment=&#8221;default&#8221; phone_text_alignment=&#8221;default&#8221; bg_image_animation=&#8221;none&#8221; border_type=&#8221;simple&#8221; column_border_width=&#8221;none&#8221; column_border_style=&#8221;solid&#8221;][divider line_type=&#8221;No Line&#8221;][image_with_animation image_url=&#8221;33729&#8243; animation=&#8221;None&#8221; hover_animation=&#8221;none&#8221; alignment=&#8221;center&#8221; img_link_target=&#8221;_blank&#8221; border_radius=&#8221;none&#8221; box_shadow=&#8221;none&#8221; image_loading=&#8221;default&#8221; max_width=&#8221;100%&#8221; max_width_mobile=&#8221;default&#8221; img_link=&#8221;https:\/\/www.trasmapi.com\/?origin=www.4mentera.com&amp;promo=4mentera&amp;lang=ca&#8221;][divider line_type=&#8221;No Line&#8221; custom_height=&#8221;30&#8243;][\/vc_column][\/vc_row][vc_row type=&#8221;in_container&#8221; full_screen_row_position=&#8221;middle&#8221; column_margin=&#8221;default&#8221; column_direction=&#8221;default&#8221; column_direction_tablet=&#8221;default&#8221; column_direction_phone=&#8221;default&#8221; scene_position=&#8221;center&#8221; text_color=&#8221;dark&#8221; text_align=&#8221;left&#8221; row_border_radius=&#8221;none&#8221; row_border_radius_applies=&#8221;bg&#8221; overlay_strength=&#8221;0.3&#8243; gradient_direction=&#8221;left_to_right&#8221; shape_divider_position=&#8221;bottom&#8221; bg_image_animation=&#8221;none&#8221;][vc_column column_padding=&#8221;no-extra-padding&#8221; column_padding_tablet=&#8221;inherit&#8221; column_padding_phone=&#8221;inherit&#8221; column_padding_position=&#8221;all&#8221; column_element_spacing=&#8221;default&#8221; background_color_opacity=&#8221;1&#8243; background_hover_color_opacity=&#8221;1&#8243; column_shadow=&#8221;none&#8221; column_border_radius=&#8221;none&#8221; column_link_target=&#8221;_self&#8221; gradient_direction=&#8221;left_to_right&#8221; overlay_strength=&#8221;0.3&#8243; width=&#8221;1\/1&#8243; tablet_width_inherit=&#8221;default&#8221; tablet_text_alignment=&#8221;default&#8221; phone_text_alignment=&#8221;default&#8221; bg_image_animation=&#8221;none&#8221; border_type=&#8221;simple&#8221; column_border_width=&#8221;none&#8221; column_border_style=&#8221;solid&#8221;][divider line_type=&#8221;No Line&#8221; custom_height=&#8221;10&#8243;][vc_column_text]\n<h2 style=\"text-align: center;\"><strong><span style=\"color: #084689;\">Accident a Espalmador: Salvament Mar\u00edtim<\/span><\/strong><\/h2>\n<p>A les 23:45, l&#8217;embarcaci\u00f3 de rescat &#8216;Salvamar Acrux&#8217; va arribar a Espalmador i va contactar amb els tripulants de la llanxa accidentada, que van decidir no ser traslladats a Eivissa, indicant que havien contractat una empresa privada per alliberar la motora tan aviat com fos possible.<\/p>\n<p>Experts suggereixen que el patr\u00f3 de la llanxa podria haver conf\u00f3s Es Pas des Trucadors amb Es Freus, provocant la col\u00b7lisi\u00f3. Tamb\u00e9 s&#8217;esmenta que <a href=\"https:\/\/www.4mentera.com\/ca\/formentera-news\/com-arribar-a-espalmador-illa-privada-formentera\/\">Espalmador<\/a>, per la seva escassa al\u00e7ada, \u00e9s dif\u00edcil de veure de nit.<br \/>\nNo \u00e9s la primera vegada que es produeix un succ\u00e9s d&#8217;aquestes caracter\u00edstiques a la zona, i molt probablement no sigui l&#8217;\u00faltim que es produeixi en els propers anys.[\/vc_column_text][divider line_type=&#8221;No Line&#8221; custom_height=&#8221;10&#8243;][\/vc_column][\/vc_row][vc_row type=&#8221;in_container&#8221; full_screen_row_position=&#8221;middle&#8221; column_margin=&#8221;default&#8221; column_direction=&#8221;default&#8221; column_direction_tablet=&#8221;default&#8221; column_direction_phone=&#8221;default&#8221; scene_position=&#8221;center&#8221; text_color=&#8221;dark&#8221; text_align=&#8221;left&#8221; row_border_radius=&#8221;none&#8221; row_border_radius_applies=&#8221;bg&#8221; overlay_strength=&#8221;0.3&#8243; gradient_direction=&#8221;left_to_right&#8221; shape_divider_position=&#8221;bottom&#8221; bg_image_animation=&#8221;none&#8221; shape_type=&#8221;&#8221;][vc_column column_padding=&#8221;no-extra-padding&#8221; column_padding_tablet=&#8221;inherit&#8221; column_padding_phone=&#8221;inherit&#8221; column_padding_position=&#8221;all&#8221; column_element_spacing=&#8221;default&#8221; background_color_opacity=&#8221;1&#8243; background_hover_color_opacity=&#8221;1&#8243; column_shadow=&#8221;none&#8221; column_border_radius=&#8221;none&#8221; column_link_target=&#8221;_self&#8221; gradient_direction=&#8221;left_to_right&#8221; overlay_strength=&#8221;0.3&#8243; width=&#8221;1\/2&#8243; tablet_width_inherit=&#8221;default&#8221; tablet_text_alignment=&#8221;default&#8221; phone_text_alignment=&#8221;default&#8221; bg_image_animation=&#8221;none&#8221; border_type=&#8221;simple&#8221; column_border_width=&#8221;none&#8221; column_border_style=&#8221;solid&#8221;][image_with_animation image_url=&#8221;34828&#8243; animation=&#8221;None&#8221; hover_animation=&#8221;none&#8221; alignment=&#8221;center&#8221; border_radius=&#8221;none&#8221; box_shadow=&#8221;none&#8221; image_loading=&#8221;default&#8221; max_width=&#8221;100%&#8221; max_width_mobile=&#8221;default&#8221; img_link=&#8221;https:\/\/www.4mentera.com\/ca\/descomptes-formentera\/allotjament\/&#8221;][\/vc_column][vc_column column_padding=&#8221;no-extra-padding&#8221; column_padding_tablet=&#8221;inherit&#8221; column_padding_phone=&#8221;inherit&#8221; column_padding_position=&#8221;all&#8221; column_element_spacing=&#8221;default&#8221; background_color_opacity=&#8221;1&#8243; background_hover_color_opacity=&#8221;1&#8243; column_shadow=&#8221;none&#8221; column_border_radius=&#8221;none&#8221; column_link_target=&#8221;_self&#8221; gradient_direction=&#8221;left_to_right&#8221; overlay_strength=&#8221;0.3&#8243; width=&#8221;1\/2&#8243; tablet_width_inherit=&#8221;default&#8221; tablet_text_alignment=&#8221;default&#8221; phone_text_alignment=&#8221;default&#8221; bg_image_animation=&#8221;none&#8221; border_type=&#8221;simple&#8221; column_border_width=&#8221;none&#8221; column_border_style=&#8221;solid&#8221;][image_with_animation image_url=&#8221;34858&#8243; animation=&#8221;None&#8221; hover_animation=&#8221;none&#8221; alignment=&#8221;center&#8221; border_radius=&#8221;none&#8221; box_shadow=&#8221;none&#8221; image_loading=&#8221;default&#8221; max_width=&#8221;100%&#8221; max_width_mobile=&#8221;default&#8221; img_link=&#8221;https:\/\/www.4mentera.com\/ca\/lloguer-cotxe-moto-formentera\/&#8221;][\/vc_column][\/vc_row][vc_row type=&#8221;in_container&#8221; full_screen_row_position=&#8221;middle&#8221; column_margin=&#8221;default&#8221; column_direction=&#8221;default&#8221; column_direction_tablet=&#8221;default&#8221; column_direction_phone=&#8221;default&#8221; scene_position=&#8221;center&#8221; text_color=&#8221;dark&#8221; text_align=&#8221;left&#8221; row_border_radius=&#8221;none&#8221; row_border_radius_applies=&#8221;bg&#8221; overlay_strength=&#8221;0.3&#8243; gradient_direction=&#8221;left_to_right&#8221; shape_divider_position=&#8221;bottom&#8221; bg_image_animation=&#8221;none&#8221;][vc_column column_padding=&#8221;no-extra-padding&#8221; column_padding_tablet=&#8221;inherit&#8221; column_padding_phone=&#8221;inherit&#8221; column_padding_position=&#8221;all&#8221; column_element_spacing=&#8221;default&#8221; background_color_opacity=&#8221;1&#8243; background_hover_color_opacity=&#8221;1&#8243; column_shadow=&#8221;none&#8221; column_border_radius=&#8221;none&#8221; column_link_target=&#8221;_self&#8221; gradient_direction=&#8221;left_to_right&#8221; overlay_strength=&#8221;0.3&#8243; width=&#8221;1\/1&#8243; tablet_width_inherit=&#8221;default&#8221; tablet_text_alignment=&#8221;default&#8221; phone_text_alignment=&#8221;default&#8221; bg_image_animation=&#8221;none&#8221; border_type=&#8221;simple&#8221; column_border_width=&#8221;none&#8221; column_border_style=&#8221;solid&#8221;][divider line_type=&#8221;No Line&#8221;][vc_column_text]\n<h2 style=\"text-align: center;\"><span style=\"color: #084689;\"><strong>Accident Espalmador: Precinte de la llanxa<\/strong><\/span><\/h2>\n<p>Dimarts 25 de maig, agents de la Conselleria Balear de Medi Natural van precintar la llanxa per intentar evitar l&#8217;acc\u00e9s dels molts turistes que s&#8217;acosten fins a la zona per fotografiar-se sobre l&#8217;embarcaci\u00f3 sinistrada, intentant aix\u00ed evitar possibles accidents.<\/p>\n<p>Segons la Conselleria de Medi Ambient del Consell Insular de Formentera, una empresa contractada pel propietari de la llanxa ja ha realitzat la descontaminaci\u00f3 i el buidatge de tancs de l&#8217;embarcaci\u00f3.<br \/>\nTot i que no s&#8217;han detectat abocaments de cap mena, l&#8217;impacte total a les dunes i el medi mar\u00ed no es coneixer\u00e0 fins que la llanxa sigui retirada i es faci un estudi complet a la zona.[\/vc_column_text][\/vc_column][\/vc_row][vc_row type=&#8221;in_container&#8221; full_screen_row_position=&#8221;middle&#8221; column_margin=&#8221;default&#8221; column_direction=&#8221;default&#8221; column_direction_tablet=&#8221;default&#8221; column_direction_phone=&#8221;default&#8221; scene_position=&#8221;center&#8221; text_color=&#8221;dark&#8221; text_align=&#8221;left&#8221; row_border_radius=&#8221;none&#8221; row_border_radius_applies=&#8221;bg&#8221; overlay_strength=&#8221;0.3&#8243; gradient_direction=&#8221;left_to_right&#8221; shape_divider_position=&#8221;bottom&#8221; bg_image_animation=&#8221;none&#8221;][vc_column column_padding=&#8221;no-extra-padding&#8221; column_padding_tablet=&#8221;inherit&#8221; column_padding_phone=&#8221;inherit&#8221; column_padding_position=&#8221;all&#8221; column_element_spacing=&#8221;default&#8221; background_color_opacity=&#8221;1&#8243; background_hover_color_opacity=&#8221;1&#8243; column_shadow=&#8221;none&#8221; column_border_radius=&#8221;none&#8221; column_link_target=&#8221;_self&#8221; gradient_direction=&#8221;left_to_right&#8221; overlay_strength=&#8221;0.3&#8243; width=&#8221;1\/1&#8243; tablet_width_inherit=&#8221;default&#8221; tablet_text_alignment=&#8221;default&#8221; phone_text_alignment=&#8221;default&#8221; bg_image_animation=&#8221;none&#8221; border_type=&#8221;simple&#8221; column_border_width=&#8221;none&#8221; column_border_style=&#8221;solid&#8221;][divider line_type=&#8221;No Line&#8221;][vc_row_inner column_margin=&#8221;default&#8221; column_direction=&#8221;default&#8221; column_direction_tablet=&#8221;default&#8221; column_direction_phone=&#8221;default&#8221; text_align=&#8221;left&#8221;][vc_column_inner column_padding=&#8221;no-extra-padding&#8221; column_padding_tablet=&#8221;inherit&#8221; column_padding_phone=&#8221;inherit&#8221; column_padding_position=&#8221;all&#8221; column_element_spacing=&#8221;default&#8221; background_color_opacity=&#8221;1&#8243; background_hover_color_opacity=&#8221;1&#8243; column_shadow=&#8221;none&#8221; column_border_radius=&#8221;none&#8221; column_link_target=&#8221;_self&#8221; gradient_direction=&#8221;left_to_right&#8221; overlay_strength=&#8221;0.3&#8243; width=&#8221;1\/5&#8243; tablet_width_inherit=&#8221;default&#8221; bg_image_animation=&#8221;none&#8221; border_type=&#8221;simple&#8221; column_border_width=&#8221;none&#8221; column_border_style=&#8221;solid&#8221;][image_with_animation image_url=&#8221;37680&#8243; animation=&#8221;Fade In&#8221; hover_animation=&#8221;none&#8221; alignment=&#8221;center&#8221; border_radius=&#8221;none&#8221; box_shadow=&#8221;none&#8221; image_loading=&#8221;default&#8221; max_width=&#8221;75%&#8221; max_width_mobile=&#8221;default&#8221;][\/vc_column_inner][vc_column_inner column_padding=&#8221;no-extra-padding&#8221; column_padding_tablet=&#8221;inherit&#8221; column_padding_phone=&#8221;inherit&#8221; column_padding_position=&#8221;all&#8221; column_element_spacing=&#8221;default&#8221; background_color_opacity=&#8221;1&#8243; background_hover_color_opacity=&#8221;1&#8243; font_color=&#8221;#333333&#8243; column_shadow=&#8221;none&#8221; column_border_radius=&#8221;none&#8221; column_link_target=&#8221;_self&#8221; gradient_direction=&#8221;left_to_right&#8221; overlay_strength=&#8221;0.3&#8243; width=&#8221;3\/5&#8243; tablet_width_inherit=&#8221;default&#8221; bg_image_animation=&#8221;none&#8221; border_type=&#8221;simple&#8221; column_border_width=&#8221;none&#8221; column_border_style=&#8221;solid&#8221;][divider line_type=&#8221;No Line&#8221; custom_height=&#8221;10&#8243;][vc_column_text]S\u00f3c <strong>Ram\u00f3n Tur<\/strong>, qui est\u00e0 al darrere de tot el que s&#8217;escriu i es fotografia en aquesta web sobre Formentera.<br \/>\nVaig descobrir l&#8217;illa el 1972 quan els meus pares, a bord de la m\u00edtica Joven Dolores, em van portar per primera vegada a passar uns dies de vacances des d&#8217;Eivissa i aquell va ser un amor a primera vista que, amb el pas del temps, s&#8217;ha refor\u00e7at fins a convertir Formentera en el meu lloc de resid\u00e8ncia des de fa molts anys.<\/p>\n<p>Si ho desitges, pots seguir-me al perfil d&#8217;<a href=\"https:\/\/www.instagram.com\/4mentera.com_\/\" target=\"_blank\" rel=\"noopener\">Instagram @4mentera.com_<\/a>[\/vc_column_text][\/vc_column_inner][\/vc_row_inner][\/vc_column][\/vc_row][vc_row type=&#8221;full_width_background&#8221; full_screen_row_position=&#8221;middle&#8221; column_margin=&#8221;default&#8221; equal_height=&#8221;yes&#8221; content_placement=&#8221;middle&#8221; column_direction=&#8221;default&#8221; column_direction_tablet=&#8221;default&#8221; column_direction_phone=&#8221;default&#8221; bg_color=&#8221;#ff8c00&#8243; scene_position=&#8221;center&#8221; top_padding=&#8221;30&#8243; bottom_padding=&#8221;30&#8243; text_color=&#8221;light&#8221; text_align=&#8221;left&#8221; row_border_radius=&#8221;none&#8221; row_border_radius_applies=&#8221;bg&#8221; overlay_strength=&#8221;0.95&#8243; gradient_direction=&#8221;left_to_right&#8221; shape_divider_position=&#8221;bottom&#8221; bg_image_animation=&#8221;none&#8221; shape_type=&#8221;&#8221;][vc_column column_padding=&#8221;no-extra-padding&#8221; column_padding_tablet=&#8221;inherit&#8221; column_padding_phone=&#8221;inherit&#8221; column_padding_position=&#8221;all&#8221; column_element_spacing=&#8221;default&#8221; background_color_opacity=&#8221;1&#8243; background_hover_color_opacity=&#8221;1&#8243; column_shadow=&#8221;none&#8221; column_border_radius=&#8221;none&#8221; column_link_target=&#8221;_self&#8221; gradient_direction=&#8221;left_to_right&#8221; overlay_strength=&#8221;0.3&#8243; width=&#8221;5\/12&#8243; tablet_width_inherit=&#8221;default&#8221; tablet_text_alignment=&#8221;center&#8221; phone_text_alignment=&#8221;center&#8221; bg_image_animation=&#8221;none&#8221; enable_animation=&#8221;true&#8221; animation=&#8221;flip-in-vertical&#8221; border_type=&#8221;simple&#8221; column_border_width=&#8221;none&#8221; column_border_style=&#8221;solid&#8221;][split_line_heading animation_type=&#8221;line-reveal-by-space&#8221; font_style=&#8221;h2&#8243; content_alignment=&#8221;default&#8221; mobile_content_alignment=&#8221;inherit&#8221; text_content=&#8221;Si planeges visitar Formentera&#8230; visita abans la nostra secci\u00f3 de codis de descompte !!&#8221;][\/split_line_heading][\/vc_column][vc_column column_padding=&#8221;no-extra-padding&#8221; column_padding_tablet=&#8221;inherit&#8221; column_padding_phone=&#8221;inherit&#8221; column_padding_position=&#8221;all&#8221; column_element_spacing=&#8221;default&#8221; background_color_opacity=&#8221;1&#8243; background_hover_color_opacity=&#8221;1&#8243; column_shadow=&#8221;none&#8221; column_border_radius=&#8221;none&#8221; column_link_target=&#8221;_self&#8221; gradient_direction=&#8221;left_to_right&#8221; overlay_strength=&#8221;0.3&#8243; width=&#8221;1\/12&#8243; tablet_width_inherit=&#8221;default&#8221; tablet_text_alignment=&#8221;center&#8221; phone_text_alignment=&#8221;center&#8221; bg_image_animation=&#8221;none&#8221; border_type=&#8221;simple&#8221; column_border_width=&#8221;none&#8221; column_border_style=&#8221;solid&#8221;][\/vc_column][vc_column column_padding=&#8221;no-extra-padding&#8221; column_padding_tablet=&#8221;inherit&#8221; column_padding_phone=&#8221;inherit&#8221; column_padding_position=&#8221;all&#8221; column_element_spacing=&#8221;default&#8221; background_color_opacity=&#8221;1&#8243; background_hover_color_opacity=&#8221;1&#8243; column_shadow=&#8221;none&#8221; column_border_radius=&#8221;none&#8221; column_link_target=&#8221;_self&#8221; gradient_direction=&#8221;left_to_right&#8221; overlay_strength=&#8221;0.3&#8243; width=&#8221;1\/2&#8243; tablet_width_inherit=&#8221;default&#8221; tablet_text_alignment=&#8221;center&#8221; phone_text_alignment=&#8221;center&#8221; bg_image_animation=&#8221;none&#8221; enable_animation=&#8221;true&#8221; animation=&#8221;flip-in-vertical&#8221; border_type=&#8221;simple&#8221; column_border_width=&#8221;none&#8221; column_border_style=&#8221;solid&#8221;][vc_row_inner column_margin=&#8221;default&#8221; column_direction=&#8221;default&#8221; column_direction_tablet=&#8221;default&#8221; column_direction_phone=&#8221;default&#8221; text_align=&#8221;right&#8221;][vc_column_inner column_padding=&#8221;no-extra-padding&#8221; column_padding_tablet=&#8221;inherit&#8221; column_padding_phone=&#8221;inherit&#8221; column_padding_position=&#8221;all&#8221; column_element_spacing=&#8221;default&#8221; background_color_opacity=&#8221;1&#8243; background_hover_color_opacity=&#8221;1&#8243; column_shadow=&#8221;none&#8221; column_border_radius=&#8221;5px&#8221; column_link_target=&#8221;_self&#8221; gradient_direction=&#8221;left_to_right&#8221; overlay_strength=&#8221;0.3&#8243; width=&#8221;1\/1&#8243; tablet_width_inherit=&#8221;default&#8221; bg_image_animation=&#8221;none&#8221; border_type=&#8221;simple&#8221; column_border_width=&#8221;none&#8221; column_border_style=&#8221;solid&#8221;][nectar_cta btn_style=&#8221;arrow-animation&#8221; heading_tag=&#8221;h4&#8243; text_color=&#8221;#ffffff&#8221; button_color=&#8221;accent-color&#8221; link_type=&#8221;regular&#8221; alignment=&#8221;left&#8221; alignment_tablet=&#8221;default&#8221; alignment_phone=&#8221;default&#8221; display=&#8221;inline&#8221; link_text=&#8221;Fes click aqui&#8221; url=&#8221;https:\/\/www.4mentera.com\/ca\/descomptes-formentera\/&#8221; padding_top=&#8221;20&#8243; padding_right=&#8221;40&#8243; padding_bottom=&#8221;20&#8243; padding_left=&#8221;40&#8243;][\/vc_column_inner][\/vc_row_inner][\/vc_column][\/vc_row][vc_row type=&#8221;full_width_background&#8221; full_screen_row_position=&#8221;middle&#8221; column_margin=&#8221;default&#8221; column_direction=&#8221;default&#8221; column_direction_tablet=&#8221;default&#8221; column_direction_phone=&#8221;default&#8221; scene_position=&#8221;center&#8221; text_color=&#8221;dark&#8221; text_align=&#8221;left&#8221; row_border_radius=&#8221;none&#8221; row_border_radius_applies=&#8221;bg&#8221; overlay_strength=&#8221;0.3&#8243; gradient_direction=&#8221;left_to_right&#8221; shape_divider_position=&#8221;bottom&#8221; bg_image_animation=&#8221;none&#8221; shape_type=&#8221;&#8221;][vc_column column_padding=&#8221;no-extra-padding&#8221; column_padding_tablet=&#8221;inherit&#8221; column_padding_phone=&#8221;inherit&#8221; column_padding_position=&#8221;all&#8221; column_element_spacing=&#8221;default&#8221; background_color_opacity=&#8221;1&#8243; background_hover_color_opacity=&#8221;1&#8243; font_color=&#8221;#ffffff&#8221; column_shadow=&#8221;none&#8221; column_border_radius=&#8221;none&#8221; column_link_target=&#8221;_self&#8221; gradient_direction=&#8221;left_to_right&#8221; overlay_strength=&#8221;0.3&#8243; width=&#8221;1\/1&#8243; tablet_width_inherit=&#8221;default&#8221; tablet_text_alignment=&#8221;default&#8221; phone_text_alignment=&#8221;default&#8221; bg_image_animation=&#8221;none&#8221; enable_animation=&#8221;true&#8221; animation=&#8221;grow-in&#8221; border_type=&#8221;simple&#8221; column_border_width=&#8221;none&#8221; column_border_style=&#8221;solid&#8221;][divider line_type=&#8221;No Line&#8221; custom_height=&#8221;2&#8243;][\/vc_column][\/vc_row]\n","protected":false},"excerpt":{"rendered":"<p>[vc_row type=&#8221;in_container&#8221; full_screen_row_position=&#8221;middle&#8221; column_margin=&#8221;default&#8221; column_direction=&#8221;default&#8221; column_direction_tablet=&#8221;default&#8221; column_direction_phone=&#8221;default&#8221; scene_position=&#8221;center&#8221; text_color=&#8221;dark&#8221; text_align=&#8221;left&#8221; row_border_radius=&#8221;none&#8221; row_border_radius_applies=&#8221;bg&#8221; overlay_strength=&#8221;0.3&#8243; gradient_direction=&#8221;left_to_right&#8221; shape_divider_position=&#8221;bottom&#8221; bg_image_animation=&#8221;none&#8221;][vc_column column_padding=&#8221;no-extra-padding&#8221; column_padding_tablet=&#8221;inherit&#8221; column_padding_phone=&#8221;inherit&#8221; column_padding_position=&#8221;all&#8221; column_element_spacing=&#8221;default&#8221; background_color_opacity=&#8221;1&#8243; background_hover_color_opacity=&#8221;1&#8243; column_shadow=&#8221;none&#8221; column_border_radius=&#8221;none&#8221; column_link_target=&#8221;_self&#8221; gradient_direction=&#8221;left_to_right&#8221; overlay_strength=&#8221;0.3&#8243; width=&#8221;1\/5&#8243; tablet_width_inherit=&#8221;default&#8221;&#8230;<\/p>\n","protected":false},"author":1,"featured_media":39477,"parent":34353,"menu_order":0,"comment_status":"closed","ping_status":"closed","template":"","meta":{"footnotes":""},"class_list":["post-39512","page","type-page","status-publish","has-post-thumbnail"],"yoast_head":"<!-- This site is optimized with the Yoast SEO plugin v26.8 - https:\/\/yoast.com\/product\/yoast-seo-wordpress\/ -->\n<title>Accident Llanxa a Espalmador, Formentera - Tots els detalls<\/title>\n<meta name=\"description\" content=\"Accident Llanxa a Espalmador. Una potent embarcaci\u00f3 va embarrancar el 22 de maig a l&#039;illot d&#039;Espalmador, al nord de Formentera.\" \/>\n<meta name=\"robots\" content=\"index, follow, max-snippet:-1, max-image-preview:large, max-video-preview:-1\" \/>\n<link rel=\"canonical\" href=\"https:\/\/www.4mentera.com\/ca\/formentera-news\/accident-llanxa-espalmador-formentera-2024\/\" \/>\n<meta property=\"og:locale\" content=\"ca_ES\" \/>\n<meta property=\"og:type\" content=\"article\" \/>\n<meta property=\"og:title\" content=\"Accident Llanxa a Espalmador, Formentera - Tots els detalls\" \/>\n<meta property=\"og:description\" content=\"Accident Llanxa a Espalmador. Una potent embarcaci\u00f3 va embarrancar el 22 de maig a l&#039;illot d&#039;Espalmador, al nord de Formentera.\" \/>\n<meta property=\"og:url\" content=\"https:\/\/www.4mentera.com\/ca\/formentera-news\/accident-llanxa-espalmador-formentera-2024\/\" \/>\n<meta property=\"og:site_name\" content=\"4mentera.com\" \/>\n<meta property=\"article:publisher\" content=\"https:\/\/www.facebook.com\/4mentera\/\" \/>\n<meta property=\"article:modified_time\" content=\"2024-06-27T15:23:17+00:00\" \/>\n<meta property=\"og:image\" content=\"https:\/\/www.4mentera.com\/wp-content\/uploads\/2024\/06\/espalmador-accidente-lancha-junio-2024.jpg\" \/>\n\t<meta property=\"og:image:width\" content=\"500\" \/>\n\t<meta property=\"og:image:height\" content=\"375\" \/>\n\t<meta property=\"og:image:type\" content=\"image\/jpeg\" \/>\n<meta name=\"twitter:card\" content=\"summary_large_image\" \/>\n<meta name=\"twitter:label1\" content=\"Temps estimat de lectura\" \/>\n\t<meta name=\"twitter:data1\" content=\"8 minuts\" \/>\n<script type=\"application\/ld+json\" class=\"yoast-schema-graph\">{\"@context\":\"https:\/\/schema.org\",\"@graph\":[{\"@type\":\"WebPage\",\"@id\":\"https:\/\/www.4mentera.com\/ca\/formentera-news\/accident-llanxa-espalmador-formentera-2024\/\",\"url\":\"https:\/\/www.4mentera.com\/ca\/formentera-news\/accident-llanxa-espalmador-formentera-2024\/\",\"name\":\"Accident Llanxa a Espalmador, Formentera - Tots els detalls\",\"isPartOf\":{\"@id\":\"https:\/\/www.4mentera.com\/ca\/#website\"},\"primaryImageOfPage\":{\"@id\":\"https:\/\/www.4mentera.com\/ca\/formentera-news\/accident-llanxa-espalmador-formentera-2024\/#primaryimage\"},\"image\":{\"@id\":\"https:\/\/www.4mentera.com\/ca\/formentera-news\/accident-llanxa-espalmador-formentera-2024\/#primaryimage\"},\"thumbnailUrl\":\"https:\/\/www.4mentera.com\/wp-content\/uploads\/2024\/06\/espalmador-accidente-lancha-junio-2024.jpg\",\"datePublished\":\"2024-06-27T10:59:41+00:00\",\"dateModified\":\"2024-06-27T15:23:17+00:00\",\"description\":\"Accident Llanxa a Espalmador. Una potent embarcaci\u00f3 va embarrancar el 22 de maig a l'illot d'Espalmador, al nord de Formentera.\",\"breadcrumb\":{\"@id\":\"https:\/\/www.4mentera.com\/ca\/formentera-news\/accident-llanxa-espalmador-formentera-2024\/#breadcrumb\"},\"inLanguage\":\"ca\",\"potentialAction\":[{\"@type\":\"ReadAction\",\"target\":[\"https:\/\/www.4mentera.com\/ca\/formentera-news\/accident-llanxa-espalmador-formentera-2024\/\"]}]},{\"@type\":\"ImageObject\",\"inLanguage\":\"ca\",\"@id\":\"https:\/\/www.4mentera.com\/ca\/formentera-news\/accident-llanxa-espalmador-formentera-2024\/#primaryimage\",\"url\":\"https:\/\/www.4mentera.com\/wp-content\/uploads\/2024\/06\/espalmador-accidente-lancha-junio-2024.jpg\",\"contentUrl\":\"https:\/\/www.4mentera.com\/wp-content\/uploads\/2024\/06\/espalmador-accidente-lancha-junio-2024.jpg\",\"width\":500,\"height\":375,\"caption\":\"Formentera News\"},{\"@type\":\"BreadcrumbList\",\"@id\":\"https:\/\/www.4mentera.com\/ca\/formentera-news\/accident-llanxa-espalmador-formentera-2024\/#breadcrumb\",\"itemListElement\":[{\"@type\":\"ListItem\",\"position\":1,\"name\":\"\",\"item\":\"https:\/\/www.4mentera.com\/ca\/\"},{\"@type\":\"ListItem\",\"position\":2,\"name\":\"Not\u00edcies de Formentera\",\"item\":\"https:\/\/www.4mentera.com\/ca\/formentera-news\/\"},{\"@type\":\"ListItem\",\"position\":3,\"name\":\"Accident de llanxa a Espalmador\"}]},{\"@type\":\"WebSite\",\"@id\":\"https:\/\/www.4mentera.com\/ca\/#website\",\"url\":\"https:\/\/www.4mentera.com\/ca\/\",\"name\":\"4mentera.com\",\"description\":\"Guia de Formentera\",\"publisher\":{\"@id\":\"https:\/\/www.4mentera.com\/ca\/#organization\"},\"potentialAction\":[{\"@type\":\"SearchAction\",\"target\":{\"@type\":\"EntryPoint\",\"urlTemplate\":\"https:\/\/www.4mentera.com\/ca\/?s={search_term_string}\"},\"query-input\":{\"@type\":\"PropertyValueSpecification\",\"valueRequired\":true,\"valueName\":\"search_term_string\"}}],\"inLanguage\":\"ca\"},{\"@type\":\"Organization\",\"@id\":\"https:\/\/www.4mentera.com\/ca\/#organization\",\"name\":\"4mentera\",\"url\":\"https:\/\/www.4mentera.com\/ca\/\",\"logo\":{\"@type\":\"ImageObject\",\"inLanguage\":\"ca\",\"@id\":\"https:\/\/www.4mentera.com\/ca\/#\/schema\/logo\/image\/\",\"url\":\"https:\/\/www.4mentera.com\/wp-content\/uploads\/2019\/06\/cropped-Logo-Negro-250x90.png\",\"contentUrl\":\"https:\/\/www.4mentera.com\/wp-content\/uploads\/2019\/06\/cropped-Logo-Negro-250x90.png\",\"width\":250,\"height\":91,\"caption\":\"4mentera\"},\"image\":{\"@id\":\"https:\/\/www.4mentera.com\/ca\/#\/schema\/logo\/image\/\"},\"sameAs\":[\"https:\/\/www.facebook.com\/4mentera\/\",\"https:\/\/www.instagram.com\/4mentera.com_\/\"]}]}<\/script>\n<!-- \/ Yoast SEO plugin. -->","yoast_head_json":{"title":"Accident Llanxa a Espalmador, Formentera - Tots els detalls","description":"Accident Llanxa a Espalmador. Una potent embarcaci\u00f3 va embarrancar el 22 de maig a l'illot d'Espalmador, al nord de Formentera.","robots":{"index":"index","follow":"follow","max-snippet":"max-snippet:-1","max-image-preview":"max-image-preview:large","max-video-preview":"max-video-preview:-1"},"canonical":"https:\/\/www.4mentera.com\/ca\/formentera-news\/accident-llanxa-espalmador-formentera-2024\/","og_locale":"ca_ES","og_type":"article","og_title":"Accident Llanxa a Espalmador, Formentera - Tots els detalls","og_description":"Accident Llanxa a Espalmador. Una potent embarcaci\u00f3 va embarrancar el 22 de maig a l'illot d'Espalmador, al nord de Formentera.","og_url":"https:\/\/www.4mentera.com\/ca\/formentera-news\/accident-llanxa-espalmador-formentera-2024\/","og_site_name":"4mentera.com","article_publisher":"https:\/\/www.facebook.com\/4mentera\/","article_modified_time":"2024-06-27T15:23:17+00:00","og_image":[{"width":500,"height":375,"url":"https:\/\/www.4mentera.com\/wp-content\/uploads\/2024\/06\/espalmador-accidente-lancha-junio-2024.jpg","type":"image\/jpeg"}],"twitter_card":"summary_large_image","twitter_misc":{"Temps estimat de lectura":"8 minuts"},"schema":{"@context":"https:\/\/schema.org","@graph":[{"@type":"WebPage","@id":"https:\/\/www.4mentera.com\/ca\/formentera-news\/accident-llanxa-espalmador-formentera-2024\/","url":"https:\/\/www.4mentera.com\/ca\/formentera-news\/accident-llanxa-espalmador-formentera-2024\/","name":"Accident Llanxa a Espalmador, Formentera - Tots els detalls","isPartOf":{"@id":"https:\/\/www.4mentera.com\/ca\/#website"},"primaryImageOfPage":{"@id":"https:\/\/www.4mentera.com\/ca\/formentera-news\/accident-llanxa-espalmador-formentera-2024\/#primaryimage"},"image":{"@id":"https:\/\/www.4mentera.com\/ca\/formentera-news\/accident-llanxa-espalmador-formentera-2024\/#primaryimage"},"thumbnailUrl":"https:\/\/www.4mentera.com\/wp-content\/uploads\/2024\/06\/espalmador-accidente-lancha-junio-2024.jpg","datePublished":"2024-06-27T10:59:41+00:00","dateModified":"2024-06-27T15:23:17+00:00","description":"Accident Llanxa a Espalmador. Una potent embarcaci\u00f3 va embarrancar el 22 de maig a l'illot d'Espalmador, al nord de Formentera.","breadcrumb":{"@id":"https:\/\/www.4mentera.com\/ca\/formentera-news\/accident-llanxa-espalmador-formentera-2024\/#breadcrumb"},"inLanguage":"ca","potentialAction":[{"@type":"ReadAction","target":["https:\/\/www.4mentera.com\/ca\/formentera-news\/accident-llanxa-espalmador-formentera-2024\/"]}]},{"@type":"ImageObject","inLanguage":"ca","@id":"https:\/\/www.4mentera.com\/ca\/formentera-news\/accident-llanxa-espalmador-formentera-2024\/#primaryimage","url":"https:\/\/www.4mentera.com\/wp-content\/uploads\/2024\/06\/espalmador-accidente-lancha-junio-2024.jpg","contentUrl":"https:\/\/www.4mentera.com\/wp-content\/uploads\/2024\/06\/espalmador-accidente-lancha-junio-2024.jpg","width":500,"height":375,"caption":"Formentera News"},{"@type":"BreadcrumbList","@id":"https:\/\/www.4mentera.com\/ca\/formentera-news\/accident-llanxa-espalmador-formentera-2024\/#breadcrumb","itemListElement":[{"@type":"ListItem","position":1,"name":"","item":"https:\/\/www.4mentera.com\/ca\/"},{"@type":"ListItem","position":2,"name":"Not\u00edcies de Formentera","item":"https:\/\/www.4mentera.com\/ca\/formentera-news\/"},{"@type":"ListItem","position":3,"name":"Accident de llanxa a Espalmador"}]},{"@type":"WebSite","@id":"https:\/\/www.4mentera.com\/ca\/#website","url":"https:\/\/www.4mentera.com\/ca\/","name":"4mentera.com","description":"Guia de Formentera","publisher":{"@id":"https:\/\/www.4mentera.com\/ca\/#organization"},"potentialAction":[{"@type":"SearchAction","target":{"@type":"EntryPoint","urlTemplate":"https:\/\/www.4mentera.com\/ca\/?s={search_term_string}"},"query-input":{"@type":"PropertyValueSpecification","valueRequired":true,"valueName":"search_term_string"}}],"inLanguage":"ca"},{"@type":"Organization","@id":"https:\/\/www.4mentera.com\/ca\/#organization","name":"4mentera","url":"https:\/\/www.4mentera.com\/ca\/","logo":{"@type":"ImageObject","inLanguage":"ca","@id":"https:\/\/www.4mentera.com\/ca\/#\/schema\/logo\/image\/","url":"https:\/\/www.4mentera.com\/wp-content\/uploads\/2019\/06\/cropped-Logo-Negro-250x90.png","contentUrl":"https:\/\/www.4mentera.com\/wp-content\/uploads\/2019\/06\/cropped-Logo-Negro-250x90.png","width":250,"height":91,"caption":"4mentera"},"image":{"@id":"https:\/\/www.4mentera.com\/ca\/#\/schema\/logo\/image\/"},"sameAs":["https:\/\/www.facebook.com\/4mentera\/","https:\/\/www.instagram.com\/4mentera.com_\/"]}]}},"_links":{"self":[{"href":"https:\/\/www.4mentera.com\/ca\/wp-json\/wp\/v2\/pages\/39512","targetHints":{"allow":["GET"]}}],"collection":[{"href":"https:\/\/www.4mentera.com\/ca\/wp-json\/wp\/v2\/pages"}],"about":[{"href":"https:\/\/www.4mentera.com\/ca\/wp-json\/wp\/v2\/types\/page"}],"author":[{"embeddable":true,"href":"https:\/\/www.4mentera.com\/ca\/wp-json\/wp\/v2\/users\/1"}],"replies":[{"embeddable":true,"href":"https:\/\/www.4mentera.com\/ca\/wp-json\/wp\/v2\/comments?post=39512"}],"version-history":[{"count":4,"href":"https:\/\/www.4mentera.com\/ca\/wp-json\/wp\/v2\/pages\/39512\/revisions"}],"predecessor-version":[{"id":39526,"href":"https:\/\/www.4mentera.com\/ca\/wp-json\/wp\/v2\/pages\/39512\/revisions\/39526"}],"up":[{"embeddable":true,"href":"https:\/\/www.4mentera.com\/ca\/wp-json\/wp\/v2\/pages\/34353"}],"wp:featuredmedia":[{"embeddable":true,"href":"https:\/\/www.4mentera.com\/ca\/wp-json\/wp\/v2\/media\/39477"}],"wp:attachment":[{"href":"https:\/\/www.4mentera.com\/ca\/wp-json\/wp\/v2\/media?parent=39512"}],"curies":[{"name":"wp","href":"https:\/\/api.w.org\/{rel}","templated":true}]}}