{"id":44852,"date":"2025-02-13T11:06:55","date_gmt":"2025-02-13T11:06:55","guid":{"rendered":"https:\/\/www.4mentera.com\/?page_id=44852"},"modified":"2025-02-13T11:10:42","modified_gmt":"2025-02-13T11:10:42","slug":"obertura-hotel-cala-saona-2025","status":"publish","type":"page","link":"https:\/\/www.4mentera.com\/ca\/formentera-news\/obertura-hotel-cala-saona-2025\/","title":{"rendered":"Obertura Hotel Cala Saona 2025"},"content":{"rendered":"[vc_row type=\u00bbin_container\u00bb full_screen_row_position=\u00bbmiddle\u00bb column_margin=\u00bbdefault\u00bb column_direction=\u00bbdefault\u00bb column_direction_tablet=\u00bbdefault\u00bb column_direction_phone=\u00bbdefault\u00bb scene_position=\u00bbcenter\u00bb text_color=\u00bbdark\u00bb text_align=\u00bbleft\u00bb row_border_radius=\u00bbnone\u00bb row_border_radius_applies=\u00bbbg\u00bb overlay_strength=\u00bb0.3&#8243; gradient_direction=\u00bbleft_to_right\u00bb shape_divider_position=\u00bbbottom\u00bb bg_image_animation=\u00bbnone\u00bb][vc_column column_padding=\u00bbno-extra-padding\u00bb column_padding_tablet=\u00bbinherit\u00bb column_padding_phone=\u00bbinherit\u00bb column_padding_position=\u00bball\u00bb column_element_spacing=\u00bbdefault\u00bb background_color_opacity=\u00bb1&#8243; background_hover_color_opacity=\u00bb1&#8243; column_shadow=\u00bbnone\u00bb column_border_radius=\u00bbnone\u00bb column_link_target=\u00bb_self\u00bb gradient_direction=\u00bbleft_to_right\u00bb overlay_strength=\u00bb0.3&#8243; width=\u00bb1\/5&#8243; tablet_width_inherit=\u00bbdefault\u00bb tablet_text_alignment=\u00bbdefault\u00bb phone_text_alignment=\u00bbdefault\u00bb bg_image_animation=\u00bbnone\u00bb border_type=\u00bbsimple\u00bb column_border_width=\u00bbnone\u00bb column_border_style=\u00bbsolid\u00bb][\/vc_column][vc_column column_padding=\u00bbno-extra-padding\u00bb column_padding_tablet=\u00bbinherit\u00bb column_padding_phone=\u00bbinherit\u00bb column_padding_position=\u00bball\u00bb column_element_spacing=\u00bbdefault\u00bb background_color_opacity=\u00bb1&#8243; background_hover_color_opacity=\u00bb1&#8243; column_shadow=\u00bbnone\u00bb column_border_radius=\u00bbnone\u00bb column_link_target=\u00bb_self\u00bb gradient_direction=\u00bbleft_to_right\u00bb overlay_strength=\u00bb0.3&#8243; width=\u00bb3\/5&#8243; tablet_width_inherit=\u00bbdefault\u00bb tablet_text_alignment=\u00bbdefault\u00bb phone_text_alignment=\u00bbdefault\u00bb bg_image_animation=\u00bbnone\u00bb border_type=\u00bbsimple\u00bb column_border_width=\u00bbnone\u00bb column_border_style=\u00bbsolid\u00bb][image_with_animation image_url=\u00bb34250&#8243; animation=\u00bbNone\u00bb hover_animation=\u00bbnone\u00bb alignment=\u00bbcenter\u00bb border_radius=\u00bbnone\u00bb box_shadow=\u00bbnone\u00bb image_loading=\u00bbdefault\u00bb max_width=\u00bb100%\u00bb max_width_mobile=\u00bbdefault\u00bb][\/vc_column][vc_column column_padding=\u00bbno-extra-padding\u00bb column_padding_tablet=\u00bbinherit\u00bb column_padding_phone=\u00bbinherit\u00bb column_padding_position=\u00bball\u00bb column_element_spacing=\u00bbdefault\u00bb background_color_opacity=\u00bb1&#8243; background_hover_color_opacity=\u00bb1&#8243; column_shadow=\u00bbnone\u00bb column_border_radius=\u00bbnone\u00bb column_link_target=\u00bb_self\u00bb gradient_direction=\u00bbleft_to_right\u00bb overlay_strength=\u00bb0.3&#8243; width=\u00bb1\/5&#8243; tablet_width_inherit=\u00bbdefault\u00bb tablet_text_alignment=\u00bbdefault\u00bb phone_text_alignment=\u00bbdefault\u00bb bg_image_animation=\u00bbnone\u00bb border_type=\u00bbsimple\u00bb column_border_width=\u00bbnone\u00bb column_border_style=\u00bbsolid\u00bb][\/vc_column][\/vc_row][vc_row type=\u00bbfull_width_background\u00bb full_screen_row_position=\u00bbmiddle\u00bb column_margin=\u00bbdefault\u00bb column_direction=\u00bbdefault\u00bb column_direction_tablet=\u00bbdefault\u00bb column_direction_phone=\u00bbdefault\u00bb scene_position=\u00bbcenter\u00bb text_color=\u00bbdark\u00bb text_align=\u00bbleft\u00bb row_border_radius=\u00bbnone\u00bb row_border_radius_applies=\u00bbbg\u00bb overlay_strength=\u00bb0.3&#8243; gradient_direction=\u00bbleft_to_right\u00bb shape_divider_position=\u00bbbottom\u00bb bg_image_animation=\u00bbnone\u00bb shape_type=\u00bb\u00bb][vc_column column_padding=\u00bbno-extra-padding\u00bb column_padding_tablet=\u00bbinherit\u00bb column_padding_phone=\u00bbinherit\u00bb column_padding_position=\u00bball\u00bb column_element_spacing=\u00bbdefault\u00bb background_color_opacity=\u00bb1&#8243; background_hover_color_opacity=\u00bb1&#8243; font_color=\u00bb#ffffff\u00bb column_shadow=\u00bbnone\u00bb column_border_radius=\u00bbnone\u00bb column_link_target=\u00bb_self\u00bb gradient_direction=\u00bbleft_to_right\u00bb overlay_strength=\u00bb0.3&#8243; width=\u00bb1\/1&#8243; tablet_width_inherit=\u00bbdefault\u00bb tablet_text_alignment=\u00bbdefault\u00bb phone_text_alignment=\u00bbdefault\u00bb bg_image_animation=\u00bbnone\u00bb enable_animation=\u00bbtrue\u00bb animation=\u00bbgrow-in\u00bb border_type=\u00bbsimple\u00bb column_border_width=\u00bbnone\u00bb column_border_style=\u00bbsolid\u00bb][divider line_type=\u00bbNo Line\u00bb custom_height=\u00bb2&#8243;][\/vc_column][\/vc_row][vc_row type=\u00bbin_container\u00bb full_screen_row_position=\u00bbmiddle\u00bb column_margin=\u00bbdefault\u00bb column_direction=\u00bbdefault\u00bb column_direction_tablet=\u00bbdefault\u00bb column_direction_phone=\u00bbdefault\u00bb scene_position=\u00bbcenter\u00bb text_color=\u00bbdark\u00bb text_align=\u00bbleft\u00bb row_border_radius=\u00bbnone\u00bb row_border_radius_applies=\u00bbbg\u00bb overlay_strength=\u00bb0.3&#8243; gradient_direction=\u00bbleft_to_right\u00bb shape_divider_position=\u00bbbottom\u00bb bg_image_animation=\u00bbnone\u00bb shape_type=\u00bb\u00bb][vc_column column_padding=\u00bbno-extra-padding\u00bb column_padding_tablet=\u00bbinherit\u00bb column_padding_phone=\u00bbinherit\u00bb column_padding_position=\u00bball\u00bb column_element_spacing=\u00bbdefault\u00bb background_color_opacity=\u00bb1&#8243; background_hover_color_opacity=\u00bb1&#8243; column_shadow=\u00bbnone\u00bb column_border_radius=\u00bbnone\u00bb column_link_target=\u00bb_self\u00bb gradient_direction=\u00bbleft_to_right\u00bb overlay_strength=\u00bb0.3&#8243; width=\u00bb1\/1&#8243; tablet_width_inherit=\u00bbdefault\u00bb tablet_text_alignment=\u00bbdefault\u00bb phone_text_alignment=\u00bbdefault\u00bb bg_image_animation=\u00bbnone\u00bb border_type=\u00bbsimple\u00bb column_border_width=\u00bbnone\u00bb column_border_style=\u00bbsolid\u00bb][vc_column_text]\n<h1 style=\"font-size: 30px; text-align: center;\"><strong><span style=\"color: #084689;\">Hotel Cala Sona Formentera<\/span><\/strong><\/h1>\n<p>&nbsp;<\/p>\n<h3 style=\"text-align: center;\"><strong><span style=\"color: #084689;\">Obertura 2025<\/span><\/strong><\/h3>\n[\/vc_column_text][divider line_type=\u00bbNo Line\u00bb][\/vc_column][\/vc_row][vc_row type=\u00bbin_container\u00bb full_screen_row_position=\u00bbmiddle\u00bb column_margin=\u00bbdefault\u00bb column_direction=\u00bbdefault\u00bb column_direction_tablet=\u00bbdefault\u00bb column_direction_phone=\u00bbdefault\u00bb scene_position=\u00bbcenter\u00bb text_color=\u00bbdark\u00bb text_align=\u00bbleft\u00bb row_border_radius=\u00bbnone\u00bb row_border_radius_applies=\u00bbbg\u00bb overlay_strength=\u00bb0.3&#8243; gradient_direction=\u00bbleft_to_right\u00bb shape_divider_position=\u00bbbottom\u00bb bg_image_animation=\u00bbnone\u00bb][vc_column column_padding=\u00bbno-extra-padding\u00bb column_padding_tablet=\u00bbinherit\u00bb column_padding_phone=\u00bbinherit\u00bb column_padding_position=\u00bball\u00bb column_element_spacing=\u00bbdefault\u00bb background_color_opacity=\u00bb1&#8243; background_hover_color_opacity=\u00bb1&#8243; column_shadow=\u00bbnone\u00bb column_border_radius=\u00bbnone\u00bb column_link_target=\u00bb_self\u00bb gradient_direction=\u00bbleft_to_right\u00bb overlay_strength=\u00bb0.3&#8243; width=\u00bb1\/2&#8243; tablet_width_inherit=\u00bbdefault\u00bb tablet_text_alignment=\u00bbdefault\u00bb phone_text_alignment=\u00bbdefault\u00bb bg_image_animation=\u00bbnone\u00bb border_type=\u00bbsimple\u00bb column_border_width=\u00bbnone\u00bb column_border_style=\u00bbsolid\u00bb][divider line_type=\u00bbNo Line\u00bb custom_height=\u00bb10&#8243;][image_with_animation image_url=\u00bb38525&#8243; animation=\u00bbNone\u00bb hover_animation=\u00bbnone\u00bb alignment=\u00bb\u00bb border_radius=\u00bbnone\u00bb box_shadow=\u00bbnone\u00bb image_loading=\u00bbdefault\u00bb max_width=\u00bb100%\u00bb max_width_mobile=\u00bbdefault\u00bb][\/vc_column][vc_column column_padding=\u00bbno-extra-padding\u00bb column_padding_tablet=\u00bbinherit\u00bb column_padding_phone=\u00bbinherit\u00bb column_padding_position=\u00bball\u00bb column_element_spacing=\u00bbdefault\u00bb background_color_opacity=\u00bb1&#8243; background_hover_color_opacity=\u00bb1&#8243; column_shadow=\u00bbnone\u00bb column_border_radius=\u00bbnone\u00bb column_link_target=\u00bb_self\u00bb gradient_direction=\u00bbleft_to_right\u00bb overlay_strength=\u00bb0.3&#8243; width=\u00bb1\/2&#8243; tablet_width_inherit=\u00bbdefault\u00bb tablet_text_alignment=\u00bbdefault\u00bb phone_text_alignment=\u00bbdefault\u00bb bg_image_animation=\u00bbnone\u00bb border_type=\u00bbsimple\u00bb column_border_width=\u00bbnone\u00bb column_border_style=\u00bbsolid\u00bb][vc_column_text]<span style=\"color: #333300;\">Formentera, 13 de febrer de 2025<\/span><\/p>\n<p><strong><span style=\"color: #084689;\">L&#8217;Hotel Cala Saona ja t\u00e9 data per a l&#8217;obertura de la temporada 2025<\/span><\/strong>. Si ets dels que gaudeixen de Formentera des del principi de la temporada \u2013i, en concret, d&#8217;aquest magn\u00edfic hotel de 4 estrelles amb spa\u2013, no deixis de llegir aquest article. A m\u00e9s, t&#8217;oferim la possibilitat d&#8217;utilitzar el codi de descompte <strong data-start=\"346\" data-end=\"358\">4MENTERA<\/strong> al web oficial de l&#8217;hotel.<\/p>\n<p>Envoltat de pins i s\u00e0vines, l&#8217;Hotel Cala Saona ofereix un entorn tranquil i relaxant, ideal per desconnectar del ritme fren\u00e8tic de la vida quotidiana. Les seves \u00e0mplies terrasses, amb vistes a la platja i al blau caracter\u00edstic de l&#8217;illa, converteixen l&#8217;hotel i els seus espais comuns en un lloc on gaudir de cada moment de la teva estada en aquest preci\u00f3s hotel.<\/p>\n<p>Amb una decoraci\u00f3 i integraci\u00f3 de grans finestrals que ens permeten gaudir permanentment de les vistes a Cala Saona, l&#8217;Hotel Cala Saona ofereix als seus hostes una experi\u00e8ncia permanentment vinculada a l&#8217;entorn elevat sobre el mar on es situa l&#8217;hotel.[\/vc_column_text][\/vc_column][\/vc_row][vc_row type=\u00bbin_container\u00bb full_screen_row_position=\u00bbmiddle\u00bb column_margin=\u00bbdefault\u00bb column_direction=\u00bbdefault\u00bb column_direction_tablet=\u00bbdefault\u00bb column_direction_phone=\u00bbdefault\u00bb scene_position=\u00bbcenter\u00bb text_color=\u00bbdark\u00bb text_align=\u00bbleft\u00bb row_border_radius=\u00bbnone\u00bb row_border_radius_applies=\u00bbbg\u00bb overlay_strength=\u00bb0.3&#8243; gradient_direction=\u00bbleft_to_right\u00bb shape_divider_position=\u00bbbottom\u00bb bg_image_animation=\u00bbnone\u00bb][vc_column column_padding=\u00bbno-extra-padding\u00bb column_padding_tablet=\u00bbinherit\u00bb column_padding_phone=\u00bbinherit\u00bb column_padding_position=\u00bball\u00bb column_element_spacing=\u00bbdefault\u00bb background_color_opacity=\u00bb1&#8243; background_hover_color_opacity=\u00bb1&#8243; column_shadow=\u00bbnone\u00bb column_border_radius=\u00bbnone\u00bb column_link_target=\u00bb_self\u00bb gradient_direction=\u00bbleft_to_right\u00bb overlay_strength=\u00bb0.3&#8243; width=\u00bb1\/1&#8243; tablet_width_inherit=\u00bbdefault\u00bb tablet_text_alignment=\u00bbdefault\u00bb phone_text_alignment=\u00bbdefault\u00bb bg_image_animation=\u00bbnone\u00bb border_type=\u00bbsimple\u00bb column_border_width=\u00bbnone\u00bb column_border_style=\u00bbsolid\u00bb][vc_column_text]La seva piscina i sol\u00e0rium s\u00f3n un espai de relaxaci\u00f3 on combinar la tranquil\u00b7litat del lloc, gaudint d&#8217;una c\u00f2moda tumbona sota l&#8217;ombra d&#8217;una para-sol, sense renunciar al contacte visual del mar i a aquells blaus que distingeixen les platges de Formentera.[\/vc_column_text][\/vc_column][\/vc_row][vc_row type=\u00bbin_container\u00bb full_screen_row_position=\u00bbmiddle\u00bb column_margin=\u00bbdefault\u00bb column_direction=\u00bbdefault\u00bb column_direction_tablet=\u00bbdefault\u00bb column_direction_phone=\u00bbdefault\u00bb scene_position=\u00bbcenter\u00bb text_color=\u00bbdark\u00bb text_align=\u00bbleft\u00bb row_border_radius=\u00bbnone\u00bb row_border_radius_applies=\u00bbbg\u00bb overlay_strength=\u00bb0.3&#8243; gradient_direction=\u00bbleft_to_right\u00bb shape_divider_position=\u00bbbottom\u00bb bg_image_animation=\u00bbnone\u00bb][vc_column column_padding=\u00bbno-extra-padding\u00bb column_padding_tablet=\u00bbinherit\u00bb column_padding_phone=\u00bbinherit\u00bb column_padding_position=\u00bball\u00bb column_element_spacing=\u00bbdefault\u00bb background_color_opacity=\u00bb1&#8243; background_hover_color_opacity=\u00bb1&#8243; column_shadow=\u00bbnone\u00bb column_border_radius=\u00bbnone\u00bb column_link_target=\u00bb_self\u00bb gradient_direction=\u00bbleft_to_right\u00bb overlay_strength=\u00bb0.3&#8243; width=\u00bb1\/1&#8243; tablet_width_inherit=\u00bbdefault\u00bb tablet_text_alignment=\u00bbdefault\u00bb phone_text_alignment=\u00bbdefault\u00bb bg_image_animation=\u00bbnone\u00bb border_type=\u00bbsimple\u00bb column_border_width=\u00bbnone\u00bb column_border_style=\u00bbsolid\u00bb][divider line_type=\u00bbNo Line\u00bb][vc_column_text]\n<h2 style=\"text-align: center;\"><span style=\"color: #084689;\"><strong><span style=\"color: #084689;\">Quand obre l\u00b4Hotel Cala Saona<\/span><\/strong><\/span><\/h2>\n<p>Amb la seva reobertura el <strong>8 de maig<\/strong>, l&#8217;Hotel Cala Saona iniciar\u00e0 la temporada d&#8217;estiu 2025.<\/p>\n<p>Les seves 96 habitacions, dividides en 12 categories diferents, ofereixen als seus hostes m\u00faltiples opcions de selecci\u00f3 perqu\u00e8 cadascun pugui triar segons les seves necessitats i pressupost.<br \/>\nSense cap mena de dubte, les habitacions millor valorades pels hostes de l&#8217;hotel s\u00f3n les habitacions amb vista al mar, que, com ja hem dit anteriorment, ofereixen una panor\u00e0mica impressionant sobre la platja, el mar i la posta de sol sobre l&#8217;horitz\u00f3.[\/vc_column_text][divider line_type=\u00bbNo Line\u00bb][\/vc_column][\/vc_row][vc_row type=\u00bbin_container\u00bb full_screen_row_position=\u00bbmiddle\u00bb column_margin=\u00bbdefault\u00bb column_direction=\u00bbdefault\u00bb column_direction_tablet=\u00bbdefault\u00bb column_direction_phone=\u00bbdefault\u00bb scene_position=\u00bbcenter\u00bb text_color=\u00bbdark\u00bb text_align=\u00bbcenter\u00bb row_border_radius=\u00bbnone\u00bb row_border_radius_applies=\u00bbbg\u00bb overlay_strength=\u00bb0.3&#8243; gradient_direction=\u00bbleft_to_right\u00bb shape_divider_position=\u00bbbottom\u00bb bg_image_animation=\u00bbnone\u00bb shape_type=\u00bb\u00bb][vc_column column_padding=\u00bbno-extra-padding\u00bb column_padding_tablet=\u00bbinherit\u00bb column_padding_phone=\u00bbinherit\u00bb column_padding_position=\u00bball\u00bb column_element_spacing=\u00bbdefault\u00bb centered_text=\u00bbtrue\u00bb background_color_opacity=\u00bb1&#8243; background_hover_color_opacity=\u00bb1&#8243; column_shadow=\u00bbnone\u00bb column_border_radius=\u00bbnone\u00bb column_link_target=\u00bb_self\u00bb gradient_direction=\u00bbleft_to_right\u00bb overlay_strength=\u00bb0.3&#8243; width=\u00bb1\/2&#8243; tablet_width_inherit=\u00bbdefault\u00bb tablet_text_alignment=\u00bbdefault\u00bb phone_text_alignment=\u00bbdefault\u00bb bg_image_animation=\u00bbnone\u00bb border_type=\u00bbsimple\u00bb column_border_width=\u00bbnone\u00bb column_border_style=\u00bbsolid\u00bb][image_with_animation image_url=\u00bb42333&#8243; animation=\u00bbNone\u00bb hover_animation=\u00bbnone\u00bb alignment=\u00bbcenter\u00bb img_link_target=\u00bb_blank\u00bb border_radius=\u00bbnone\u00bb box_shadow=\u00bbnone\u00bb image_loading=\u00bbdefault\u00bb max_width=\u00bb100%\u00bb max_width_mobile=\u00bbdefault\u00bb img_link=\u00bbhttps:\/\/www.trasmapi.com\/?origin=www.4mentera.com&#038;promo=4mentera&#038;lang=es\u00bb][\/vc_column][vc_column column_padding=\u00bbno-extra-padding\u00bb column_padding_tablet=\u00bbinherit\u00bb column_padding_phone=\u00bbinherit\u00bb column_padding_position=\u00bball\u00bb column_element_spacing=\u00bbdefault\u00bb background_color_opacity=\u00bb1&#8243; background_hover_color_opacity=\u00bb1&#8243; column_shadow=\u00bbnone\u00bb column_border_radius=\u00bbnone\u00bb column_link_target=\u00bb_self\u00bb gradient_direction=\u00bbleft_to_right\u00bb overlay_strength=\u00bb0.3&#8243; width=\u00bb1\/2&#8243; tablet_width_inherit=\u00bbdefault\u00bb tablet_text_alignment=\u00bbdefault\u00bb phone_text_alignment=\u00bbdefault\u00bb bg_image_animation=\u00bbnone\u00bb border_type=\u00bbsimple\u00bb column_border_width=\u00bbnone\u00bb column_border_style=\u00bbsolid\u00bb][image_with_animation image_url=\u00bb34858&#8243; animation=\u00bbNone\u00bb hover_animation=\u00bbnone\u00bb alignment=\u00bbcenter\u00bb border_radius=\u00bbnone\u00bb box_shadow=\u00bbnone\u00bb image_loading=\u00bbdefault\u00bb max_width=\u00bb100%\u00bb max_width_mobile=\u00bbdefault\u00bb img_link=\u00bbhttps:\/\/www.4mentera.com\/ca\/lloguer-cotxe-moto-formentera\/\u00bb][\/vc_column][\/vc_row][vc_row type=\u00bbin_container\u00bb full_screen_row_position=\u00bbmiddle\u00bb column_margin=\u00bbdefault\u00bb column_direction=\u00bbdefault\u00bb column_direction_tablet=\u00bbdefault\u00bb column_direction_phone=\u00bbdefault\u00bb scene_position=\u00bbcenter\u00bb text_color=\u00bbdark\u00bb text_align=\u00bbleft\u00bb row_border_radius=\u00bbnone\u00bb row_border_radius_applies=\u00bbbg\u00bb overlay_strength=\u00bb0.3&#8243; gradient_direction=\u00bbleft_to_right\u00bb shape_divider_position=\u00bbbottom\u00bb bg_image_animation=\u00bbnone\u00bb][vc_column column_padding=\u00bbno-extra-padding\u00bb column_padding_tablet=\u00bbinherit\u00bb column_padding_phone=\u00bbinherit\u00bb column_padding_position=\u00bball\u00bb column_element_spacing=\u00bbdefault\u00bb background_color_opacity=\u00bb1&#8243; background_hover_color_opacity=\u00bb1&#8243; column_shadow=\u00bbnone\u00bb column_border_radius=\u00bbnone\u00bb column_link_target=\u00bb_self\u00bb gradient_direction=\u00bbleft_to_right\u00bb overlay_strength=\u00bb0.3&#8243; width=\u00bb1\/1&#8243; tablet_width_inherit=\u00bbdefault\u00bb tablet_text_alignment=\u00bbdefault\u00bb phone_text_alignment=\u00bbdefault\u00bb bg_image_animation=\u00bbnone\u00bb border_type=\u00bbsimple\u00bb column_border_width=\u00bbnone\u00bb column_border_style=\u00bbsolid\u00bb][divider line_type=\u00bbNo Line\u00bb custom_height=\u00bb10&#8243;][vc_column_text]\n<h2 style=\"text-align: center;\"><strong><span style=\"color: #084689;\">Quan tanca <\/span><\/strong><strong><span style=\"color: #084689;\">l\u00b4Hotel Cala Saona Formentera<\/span><\/strong><\/h2>\n<p>La previsi\u00f3 inicial de tancament de l&#8217;Hotel Cala Saona per a la temporada 2025 \u00e9s el proper dia <strong>11 d&#8217;octubre<\/strong>, quan l&#8217;estiu comen\u00e7a a posar fi a la temporada a Formentera.<br \/>\n\u00c9s cert que en alguna temporada anterior la data de tancament ha sofert alguna modificaci\u00f3 respecte a la previsi\u00f3 inicial, retardant la seva data de tancament per m\u00e9s endavant, per\u00f2 en el moment d&#8217;escriure aquesta entrada del blog, la data prevista \u00e9s la del dia 11 d&#8217;octubre.[\/vc_column_text][divider line_type=\u00bbNo Line\u00bb custom_height=\u00bb10&#8243;][\/vc_column][\/vc_row][vc_row type=\u00bbin_container\u00bb full_screen_row_position=\u00bbmiddle\u00bb column_margin=\u00bbdefault\u00bb column_direction=\u00bbdefault\u00bb column_direction_tablet=\u00bbdefault\u00bb column_direction_phone=\u00bbdefault\u00bb scene_position=\u00bbcenter\u00bb text_color=\u00bbdark\u00bb text_align=\u00bbcenter\u00bb row_border_radius=\u00bbnone\u00bb row_border_radius_applies=\u00bbbg\u00bb overlay_strength=\u00bb0.3&#8243; gradient_direction=\u00bbleft_to_right\u00bb shape_divider_position=\u00bbbottom\u00bb bg_image_animation=\u00bbnone\u00bb shape_type=\u00bb\u00bb][vc_column column_padding=\u00bbno-extra-padding\u00bb column_padding_tablet=\u00bbinherit\u00bb column_padding_phone=\u00bbinherit\u00bb column_padding_position=\u00bball\u00bb column_element_spacing=\u00bbdefault\u00bb background_color_opacity=\u00bb1&#8243; background_hover_color_opacity=\u00bb1&#8243; column_shadow=\u00bbnone\u00bb column_border_radius=\u00bbnone\u00bb column_link_target=\u00bb_self\u00bb gradient_direction=\u00bbleft_to_right\u00bb overlay_strength=\u00bb0.3&#8243; width=\u00bb1\/2&#8243; tablet_width_inherit=\u00bbdefault\u00bb tablet_text_alignment=\u00bbdefault\u00bb phone_text_alignment=\u00bbdefault\u00bb bg_image_animation=\u00bbnone\u00bb border_type=\u00bbsimple\u00bb column_border_width=\u00bbnone\u00bb column_border_style=\u00bbsolid\u00bb][image_with_animation image_url=\u00bb34828&#8243; animation=\u00bbNone\u00bb hover_animation=\u00bbnone\u00bb alignment=\u00bbcenter\u00bb border_radius=\u00bbnone\u00bb box_shadow=\u00bbnone\u00bb image_loading=\u00bbdefault\u00bb max_width=\u00bb100%\u00bb max_width_mobile=\u00bbdefault\u00bb img_link=\u00bbhttps:\/\/www.4mentera.com\/ca\/descomptes-formentera\/allotjament\/\u00bb][\/vc_column][vc_column column_padding=\u00bbno-extra-padding\u00bb column_padding_tablet=\u00bbinherit\u00bb column_padding_phone=\u00bbinherit\u00bb column_padding_position=\u00bball\u00bb column_element_spacing=\u00bbdefault\u00bb background_color_opacity=\u00bb1&#8243; background_hover_color_opacity=\u00bb1&#8243; column_shadow=\u00bbnone\u00bb column_border_radius=\u00bbnone\u00bb column_link_target=\u00bb_self\u00bb gradient_direction=\u00bbleft_to_right\u00bb overlay_strength=\u00bb0.3&#8243; width=\u00bb1\/2&#8243; tablet_width_inherit=\u00bbdefault\u00bb tablet_text_alignment=\u00bbdefault\u00bb phone_text_alignment=\u00bbdefault\u00bb bg_image_animation=\u00bbnone\u00bb border_type=\u00bbsimple\u00bb column_border_width=\u00bbnone\u00bb column_border_style=\u00bbsolid\u00bb][image_with_animation image_url=\u00bb43048&#8243; animation=\u00bbFade In\u00bb hover_animation=\u00bbnone\u00bb alignment=\u00bbcenter\u00bb border_radius=\u00bbnone\u00bb box_shadow=\u00bbnone\u00bb image_loading=\u00bbdefault\u00bb max_width=\u00bb100%\u00bb max_width_mobile=\u00bbdefault\u00bb img_link=\u00bbhttps:\/\/www.4mentera.com\/ca\/descomptes-formentera\/\u00bb][\/vc_column][\/vc_row][vc_row type=\u00bbin_container\u00bb full_screen_row_position=\u00bbmiddle\u00bb column_margin=\u00bbdefault\u00bb column_direction=\u00bbdefault\u00bb column_direction_tablet=\u00bbdefault\u00bb column_direction_phone=\u00bbdefault\u00bb scene_position=\u00bbcenter\u00bb text_color=\u00bbdark\u00bb text_align=\u00bbleft\u00bb row_border_radius=\u00bbnone\u00bb row_border_radius_applies=\u00bbbg\u00bb overlay_strength=\u00bb0.3&#8243; gradient_direction=\u00bbleft_to_right\u00bb shape_divider_position=\u00bbbottom\u00bb bg_image_animation=\u00bbnone\u00bb][vc_column column_padding=\u00bbno-extra-padding\u00bb column_padding_tablet=\u00bbinherit\u00bb column_padding_phone=\u00bbinherit\u00bb column_padding_position=\u00bball\u00bb column_element_spacing=\u00bbdefault\u00bb background_color_opacity=\u00bb1&#8243; background_hover_color_opacity=\u00bb1&#8243; column_shadow=\u00bbnone\u00bb column_border_radius=\u00bbnone\u00bb column_link_target=\u00bb_self\u00bb gradient_direction=\u00bbleft_to_right\u00bb overlay_strength=\u00bb0.3&#8243; width=\u00bb1\/1&#8243; tablet_width_inherit=\u00bbdefault\u00bb tablet_text_alignment=\u00bbdefault\u00bb phone_text_alignment=\u00bbdefault\u00bb bg_image_animation=\u00bbnone\u00bb border_type=\u00bbsimple\u00bb column_border_width=\u00bbnone\u00bb column_border_style=\u00bbsolid\u00bb][divider line_type=\u00bbNo Line\u00bb][vc_column_text]\n<h2 style=\"text-align: center;\"><span style=\"color: #084689;\"><strong>Codi de descompte 4MENTERA al seu web oficial<\/strong><\/span><\/h2>\n<p>Volem recordar a tots els lectors que estiguin planejant allotjar-se en un hotel de luxe a Formentera durant les seves pr\u00f2ximes vacances, que gr\u00e0cies al nostre acord de col\u00b7laboraci\u00f3 amb l&#8217;Hotel Cala Saona, podran gaudir d&#8217;un descompte del 5% o m\u00e9s sobre el preu habitual a la web oficial de l&#8217;hotel <a href=\"https:\/\/bookings.hotelcalasaona.com\/ca\/step-1?id=bVopDSSyabpWoJGvar1lGg&amp;arrival=2026-09-27&amp;departure=2026-09-30&amp;adults=2&amp;children=0&amp;babies=0&amp;promo=4mentera&amp;nights=3\" target=\"_blank\" rel=\"noopener\">www.hotelcalasaona.com<\/a><\/p>\n<p>Aquest descompte s&#8217;aplica utilitzant el <strong>codi promocional 4MENTERA<\/strong> per a qualsevol data durant l&#8217;estiu del 2025.<\/p>\n<p>D&#8217;aquesta manera, garantiu el millor preu i feu la vostra reserva directament amb l&#8217;hotel, evitant intermediaris i possibles malentesos en el proc\u00e9s de reserva.[\/vc_column_text][divider line_type=\u00bbNo Line\u00bb custom_height=\u00bb10&#8243;][\/vc_column][\/vc_row][vc_row type=\u00bbin_container\u00bb full_screen_row_position=\u00bbmiddle\u00bb column_margin=\u00bbdefault\u00bb column_direction=\u00bbdefault\u00bb column_direction_tablet=\u00bbdefault\u00bb column_direction_phone=\u00bbdefault\u00bb scene_position=\u00bbcenter\u00bb text_color=\u00bbdark\u00bb text_align=\u00bbcenter\u00bb row_border_radius=\u00bbnone\u00bb row_border_radius_applies=\u00bbbg\u00bb overlay_strength=\u00bb0.3&#8243; gradient_direction=\u00bbleft_to_right\u00bb shape_divider_position=\u00bbbottom\u00bb bg_image_animation=\u00bbnone\u00bb shape_type=\u00bb\u00bb][vc_column column_padding=\u00bbno-extra-padding\u00bb column_padding_tablet=\u00bbinherit\u00bb column_padding_phone=\u00bbinherit\u00bb column_padding_position=\u00bball\u00bb column_element_spacing=\u00bbdefault\u00bb centered_text=\u00bbtrue\u00bb background_color_opacity=\u00bb1&#8243; background_hover_color_opacity=\u00bb1&#8243; column_shadow=\u00bbnone\u00bb column_border_radius=\u00bbnone\u00bb column_link_target=\u00bb_self\u00bb gradient_direction=\u00bbleft_to_right\u00bb overlay_strength=\u00bb0.3&#8243; width=\u00bb1\/2&#8243; tablet_width_inherit=\u00bbdefault\u00bb tablet_text_alignment=\u00bbdefault\u00bb phone_text_alignment=\u00bbdefault\u00bb bg_image_animation=\u00bbnone\u00bb border_type=\u00bbsimple\u00bb column_border_width=\u00bbnone\u00bb column_border_style=\u00bbsolid\u00bb][image_with_animation image_url=\u00bb42333&#8243; animation=\u00bbNone\u00bb hover_animation=\u00bbnone\u00bb alignment=\u00bbcenter\u00bb img_link_target=\u00bb_blank\u00bb border_radius=\u00bbnone\u00bb box_shadow=\u00bbnone\u00bb image_loading=\u00bbdefault\u00bb max_width=\u00bb100%\u00bb max_width_mobile=\u00bbdefault\u00bb img_link=\u00bbhttps:\/\/www.trasmapi.com\/?origin=www.4mentera.com&#038;promo=4mentera&#038;lang=es\u00bb][\/vc_column][vc_column column_padding=\u00bbno-extra-padding\u00bb column_padding_tablet=\u00bbinherit\u00bb column_padding_phone=\u00bbinherit\u00bb column_padding_position=\u00bball\u00bb column_element_spacing=\u00bbdefault\u00bb background_color_opacity=\u00bb1&#8243; background_hover_color_opacity=\u00bb1&#8243; column_shadow=\u00bbnone\u00bb column_border_radius=\u00bbnone\u00bb column_link_target=\u00bb_self\u00bb gradient_direction=\u00bbleft_to_right\u00bb overlay_strength=\u00bb0.3&#8243; width=\u00bb1\/2&#8243; tablet_width_inherit=\u00bbdefault\u00bb tablet_text_alignment=\u00bbdefault\u00bb phone_text_alignment=\u00bbdefault\u00bb bg_image_animation=\u00bbnone\u00bb border_type=\u00bbsimple\u00bb column_border_width=\u00bbnone\u00bb column_border_style=\u00bbsolid\u00bb][image_with_animation image_url=\u00bb34858&#8243; animation=\u00bbNone\u00bb hover_animation=\u00bbnone\u00bb alignment=\u00bbcenter\u00bb border_radius=\u00bbnone\u00bb box_shadow=\u00bbnone\u00bb image_loading=\u00bbdefault\u00bb max_width=\u00bb100%\u00bb max_width_mobile=\u00bbdefault\u00bb img_link=\u00bbhttps:\/\/www.4mentera.com\/ca\/lloguer-cotxe-moto-formentera\/\u00bb][\/vc_column][\/vc_row][vc_row type=\u00bbin_container\u00bb full_screen_row_position=\u00bbmiddle\u00bb column_margin=\u00bbdefault\u00bb column_direction=\u00bbdefault\u00bb column_direction_tablet=\u00bbdefault\u00bb column_direction_phone=\u00bbdefault\u00bb scene_position=\u00bbcenter\u00bb text_color=\u00bbdark\u00bb text_align=\u00bbleft\u00bb row_border_radius=\u00bbnone\u00bb row_border_radius_applies=\u00bbbg\u00bb overlay_strength=\u00bb0.3&#8243; gradient_direction=\u00bbleft_to_right\u00bb shape_divider_position=\u00bbbottom\u00bb bg_image_animation=\u00bbnone\u00bb][vc_column column_padding=\u00bbno-extra-padding\u00bb column_padding_tablet=\u00bbinherit\u00bb column_padding_phone=\u00bbinherit\u00bb column_padding_position=\u00bball\u00bb column_element_spacing=\u00bbdefault\u00bb background_color_opacity=\u00bb1&#8243; background_hover_color_opacity=\u00bb1&#8243; column_shadow=\u00bbnone\u00bb column_border_radius=\u00bbnone\u00bb column_link_target=\u00bb_self\u00bb gradient_direction=\u00bbleft_to_right\u00bb overlay_strength=\u00bb0.3&#8243; width=\u00bb1\/1&#8243; tablet_width_inherit=\u00bbdefault\u00bb tablet_text_alignment=\u00bbdefault\u00bb phone_text_alignment=\u00bbdefault\u00bb bg_image_animation=\u00bbnone\u00bb border_type=\u00bbsimple\u00bb column_border_width=\u00bbnone\u00bb column_border_style=\u00bbsolid\u00bb][divider line_type=\u00bbNo Line\u00bb][vc_column_text]\n<h2 style=\"text-align: center;\"><span style=\"color: #084689;\"><strong>Pistes de P\u00e0del a l&#8217;Hotel Cala Saona<\/strong><\/span><\/h2>\n<p>Si ets un apassionat del p\u00e0del i est\u00e0s buscant un lloc on seguir practicant el teu esport favorit en un entorn paradis\u00edac, l&#8217;Hotel Cala Saona et ofereix l&#8217;oportunitat perfecta. Aquest hotel de 4 estrelles, situat a la costa de Formentera, compta amb dues pistes de p\u00e0del d&#8217;\u00faltima generaci\u00f3, convertint-se en l&#8217;\u00fanic hotel de l&#8217;illa que ofereix aquest tipus d&#8217;instal\u00b7lacions esportives.<\/p>\n<p>Amb servei de lloguer de material per part de l&#8217;hotel, no haur\u00e0s de portar la teva pr\u00f2pia pala a Formentera si decideixes dedicar unes hores al p\u00e0del durant la teva estada a l&#8217;Hotel Cala Saona. A m\u00e9s, tenen monitors titulats per si vols iniciar-te en la pr\u00e0ctica d&#8217;aquest esport tan de moda en els \u00faltims anys.<\/p>\n<p>&nbsp;<\/p>\n<h2 style=\"text-align: center;\"><span style=\"color: #084689;\"><strong>Tiki Bar a l&#8217;Hotel Cala Saona<\/strong><\/span><\/h2>\n<p>Sense cap mena de dubte, la posta de sol des de les terrasses de l&#8217;Hotel Cala Saona \u00e9s un espectacle que no et pots perdre, tant si ets hoste de l&#8217;hotel com si no, ja que al capvespre estan obertes al p\u00fablic en general.<\/p>\n<p>Amb una barra de c\u00f2ctels d&#8217;estil hawai\u00e0 coneguda com a Tiki Bar, les tardes en aquesta zona de l&#8217;hotel es omplen de color, m\u00fasica i ambient festiu per gaudir al m\u00e0xim de l&#8217;espectacle diari que \u00e9s veure el sol desapar\u00e8ixer en el mar i amb la silueta de l&#8217;illot d&#8217;Es Vedr\u00e0 a l&#8217;horitz\u00f3.<\/p>\n<p>Andrio, cap de barres de l&#8217;Hotel Cala Saona, juntament amb el seu equip professional de bartenders, faran les del\u00edcies de qualsevol que tri\u00ef gaudir de la posta de sol i la seva carta de c\u00f2ctels que varia estiu rere estiu.[\/vc_column_text][divider line_type=\u00bbNo Line\u00bb custom_height=\u00bb10&#8243;][\/vc_column][\/vc_row][vc_row type=\u00bbin_container\u00bb full_screen_row_position=\u00bbmiddle\u00bb column_margin=\u00bbdefault\u00bb column_direction=\u00bbdefault\u00bb column_direction_tablet=\u00bbdefault\u00bb column_direction_phone=\u00bbdefault\u00bb scene_position=\u00bbcenter\u00bb text_color=\u00bbdark\u00bb text_align=\u00bbcenter\u00bb row_border_radius=\u00bbnone\u00bb row_border_radius_applies=\u00bbbg\u00bb overlay_strength=\u00bb0.3&#8243; gradient_direction=\u00bbleft_to_right\u00bb shape_divider_position=\u00bbbottom\u00bb bg_image_animation=\u00bbnone\u00bb shape_type=\u00bb\u00bb][vc_column column_padding=\u00bbno-extra-padding\u00bb column_padding_tablet=\u00bbinherit\u00bb column_padding_phone=\u00bbinherit\u00bb column_padding_position=\u00bball\u00bb column_element_spacing=\u00bbdefault\u00bb background_color_opacity=\u00bb1&#8243; background_hover_color_opacity=\u00bb1&#8243; column_shadow=\u00bbnone\u00bb column_border_radius=\u00bbnone\u00bb column_link_target=\u00bb_self\u00bb gradient_direction=\u00bbleft_to_right\u00bb overlay_strength=\u00bb0.3&#8243; width=\u00bb1\/2&#8243; tablet_width_inherit=\u00bbdefault\u00bb tablet_text_alignment=\u00bbdefault\u00bb phone_text_alignment=\u00bbdefault\u00bb bg_image_animation=\u00bbnone\u00bb border_type=\u00bbsimple\u00bb column_border_width=\u00bbnone\u00bb column_border_style=\u00bbsolid\u00bb][image_with_animation image_url=\u00bb34828&#8243; animation=\u00bbNone\u00bb hover_animation=\u00bbnone\u00bb alignment=\u00bbcenter\u00bb border_radius=\u00bbnone\u00bb box_shadow=\u00bbnone\u00bb image_loading=\u00bbdefault\u00bb max_width=\u00bb100%\u00bb max_width_mobile=\u00bbdefault\u00bb img_link=\u00bbhttps:\/\/www.4mentera.com\/ca\/descomptes-formentera\/allotjament\/\u00bb][\/vc_column][vc_column column_padding=\u00bbno-extra-padding\u00bb column_padding_tablet=\u00bbinherit\u00bb column_padding_phone=\u00bbinherit\u00bb column_padding_position=\u00bball\u00bb column_element_spacing=\u00bbdefault\u00bb background_color_opacity=\u00bb1&#8243; background_hover_color_opacity=\u00bb1&#8243; column_shadow=\u00bbnone\u00bb column_border_radius=\u00bbnone\u00bb column_link_target=\u00bb_self\u00bb gradient_direction=\u00bbleft_to_right\u00bb overlay_strength=\u00bb0.3&#8243; width=\u00bb1\/2&#8243; tablet_width_inherit=\u00bbdefault\u00bb tablet_text_alignment=\u00bbdefault\u00bb phone_text_alignment=\u00bbdefault\u00bb bg_image_animation=\u00bbnone\u00bb border_type=\u00bbsimple\u00bb column_border_width=\u00bbnone\u00bb column_border_style=\u00bbsolid\u00bb][image_with_animation image_url=\u00bb43048&#8243; animation=\u00bbFade In\u00bb hover_animation=\u00bbnone\u00bb alignment=\u00bbcenter\u00bb border_radius=\u00bbnone\u00bb box_shadow=\u00bbnone\u00bb image_loading=\u00bbdefault\u00bb max_width=\u00bb100%\u00bb max_width_mobile=\u00bbdefault\u00bb img_link=\u00bbhttps:\/\/www.4mentera.com\/ca\/descomptes-formentera\/\u00bb][\/vc_column][\/vc_row][vc_row type=\u00bbin_container\u00bb full_screen_row_position=\u00bbmiddle\u00bb column_margin=\u00bbdefault\u00bb column_direction=\u00bbdefault\u00bb column_direction_tablet=\u00bbdefault\u00bb column_direction_phone=\u00bbdefault\u00bb scene_position=\u00bbcenter\u00bb text_color=\u00bbdark\u00bb text_align=\u00bbleft\u00bb row_border_radius=\u00bbnone\u00bb row_border_radius_applies=\u00bbbg\u00bb overlay_strength=\u00bb0.3&#8243; gradient_direction=\u00bbleft_to_right\u00bb shape_divider_position=\u00bbbottom\u00bb bg_image_animation=\u00bbnone\u00bb][vc_column column_padding=\u00bbno-extra-padding\u00bb column_padding_tablet=\u00bbinherit\u00bb column_padding_phone=\u00bbinherit\u00bb column_padding_position=\u00bball\u00bb column_element_spacing=\u00bbdefault\u00bb background_color_opacity=\u00bb1&#8243; background_hover_color_opacity=\u00bb1&#8243; column_shadow=\u00bbnone\u00bb column_border_radius=\u00bbnone\u00bb column_link_target=\u00bb_self\u00bb gradient_direction=\u00bbleft_to_right\u00bb overlay_strength=\u00bb0.3&#8243; width=\u00bb1\/1&#8243; tablet_width_inherit=\u00bbdefault\u00bb tablet_text_alignment=\u00bbdefault\u00bb phone_text_alignment=\u00bbdefault\u00bb bg_image_animation=\u00bbnone\u00bb border_type=\u00bbsimple\u00bb column_border_width=\u00bbnone\u00bb column_border_style=\u00bbsolid\u00bb][divider line_type=\u00bbNo Line\u00bb][vc_column_text]\n<h2 style=\"text-align: center;\"><span style=\"color: #084689;\"><strong>Millor Preu a l&#8217;Hotel Cala Saona Formentera<\/strong><\/span><\/h2>\n<p>Somies amb una escapada a un parad\u00eds de luxe a l&#8217;illa de Formentera?<br \/>\nL&#8217;Hotel Cala Saona et convida a submergir-te en una experi\u00e8ncia \u00fanica de relaxaci\u00f3 i sofisticaci\u00f3 en un entorn incomparable.<\/p>\n<p>Desperta amb vistes al Mediterrani i imagina acomiadar el dia amb la posta de sol com a tel\u00f3 de fons des de les terrasses o habitacions de l&#8217;hotel.<\/p>\n<p>Reserva directament a la web oficial de l&#8217;hotel amb el codi promocional 4MENTERA i gaudeix de:<\/p>\n<p>El millor preu garantit<br \/>\nUn servei d&#8217;excel\u00b7l\u00e8ncia<br \/>\nUna experi\u00e8ncia inoblidable<\/p>\n<p>A l&#8217;Hotel Cala Saona, cada detall est\u00e0 cuidadosament dissenyat per superar les teves expectatives. Des de la c\u00e0lida benvinguda fins a l&#8217;exquisida gastronomia i els tractaments de bellesa a la zona Wellness, cada moment ser\u00e0 una experi\u00e8ncia \u00fanica a Formentera.<\/p>\n<p>I el millor de tot: el codi de descompte 4MENTERA t&#8217;ofereix flexibilitat total: v\u00e0lid per a qualsevol data de la temporada, sense restriccions.<\/p>\n<p>No esperis m\u00e9s, visita <a href=\"https:\/\/bookings.hotelcalasaona.com\/ca\/step-1?id=bVopDSSyabpWoJGvar1lGg&amp;arrival=2026-09-27&amp;departure=2026-09-30&amp;adults=2&amp;children=0&amp;babies=0&amp;promo=4mentera&amp;nights=3\" target=\"_blank\" rel=\"noopener\">www.hotelcalasaona.com<\/a> i reserva ara. La teva escapada de somni t&#8217;espera al cor de Formentera.<\/p>\n<p>No et perdis aquesta oportunitat \u00fanica![\/vc_column_text][\/vc_column][\/vc_row][vc_row type=\u00bbin_container\u00bb full_screen_row_position=\u00bbmiddle\u00bb column_margin=\u00bbdefault\u00bb column_direction=\u00bbdefault\u00bb column_direction_tablet=\u00bbdefault\u00bb column_direction_phone=\u00bbdefault\u00bb scene_position=\u00bbcenter\u00bb text_color=\u00bbdark\u00bb text_align=\u00bbleft\u00bb row_border_radius=\u00bbnone\u00bb row_border_radius_applies=\u00bbbg\u00bb overlay_strength=\u00bb0.3&#8243; gradient_direction=\u00bbleft_to_right\u00bb shape_divider_position=\u00bbbottom\u00bb bg_image_animation=\u00bbnone\u00bb][vc_column column_padding=\u00bbno-extra-padding\u00bb column_padding_tablet=\u00bbinherit\u00bb column_padding_phone=\u00bbinherit\u00bb column_padding_position=\u00bball\u00bb column_element_spacing=\u00bbdefault\u00bb background_color_opacity=\u00bb1&#8243; background_hover_color_opacity=\u00bb1&#8243; column_shadow=\u00bbnone\u00bb column_border_radius=\u00bbnone\u00bb column_link_target=\u00bb_self\u00bb gradient_direction=\u00bbleft_to_right\u00bb overlay_strength=\u00bb0.3&#8243; width=\u00bb1\/1&#8243; tablet_width_inherit=\u00bbdefault\u00bb tablet_text_alignment=\u00bbdefault\u00bb phone_text_alignment=\u00bbdefault\u00bb bg_image_animation=\u00bbnone\u00bb border_type=\u00bbsimple\u00bb column_border_width=\u00bbnone\u00bb column_border_style=\u00bbsolid\u00bb][divider line_type=\u00bbNo Line\u00bb][vc_row_inner column_margin=\u00bbdefault\u00bb column_direction=\u00bbdefault\u00bb column_direction_tablet=\u00bbdefault\u00bb column_direction_phone=\u00bbdefault\u00bb text_align=\u00bbleft\u00bb][vc_column_inner column_padding=\u00bbno-extra-padding\u00bb column_padding_tablet=\u00bbinherit\u00bb column_padding_phone=\u00bbinherit\u00bb column_padding_position=\u00bball\u00bb column_element_spacing=\u00bbdefault\u00bb background_color_opacity=\u00bb1&#8243; background_hover_color_opacity=\u00bb1&#8243; column_shadow=\u00bbnone\u00bb column_border_radius=\u00bbnone\u00bb column_link_target=\u00bb_self\u00bb gradient_direction=\u00bbleft_to_right\u00bb overlay_strength=\u00bb0.3&#8243; width=\u00bb1\/5&#8243; tablet_width_inherit=\u00bbdefault\u00bb bg_image_animation=\u00bbnone\u00bb border_type=\u00bbsimple\u00bb column_border_width=\u00bbnone\u00bb column_border_style=\u00bbsolid\u00bb][image_with_animation image_url=\u00bb37680&#8243; animation=\u00bbFade In\u00bb hover_animation=\u00bbnone\u00bb alignment=\u00bbcenter\u00bb border_radius=\u00bbnone\u00bb box_shadow=\u00bbnone\u00bb image_loading=\u00bbdefault\u00bb max_width=\u00bb75%\u00bb max_width_mobile=\u00bbdefault\u00bb][\/vc_column_inner][vc_column_inner column_padding=\u00bbno-extra-padding\u00bb column_padding_tablet=\u00bbinherit\u00bb column_padding_phone=\u00bbinherit\u00bb column_padding_position=\u00bball\u00bb column_element_spacing=\u00bbdefault\u00bb background_color_opacity=\u00bb1&#8243; background_hover_color_opacity=\u00bb1&#8243; font_color=\u00bb#333333&#8243; column_shadow=\u00bbnone\u00bb column_border_radius=\u00bbnone\u00bb column_link_target=\u00bb_self\u00bb gradient_direction=\u00bbleft_to_right\u00bb overlay_strength=\u00bb0.3&#8243; width=\u00bb3\/5&#8243; tablet_width_inherit=\u00bbdefault\u00bb bg_image_animation=\u00bbnone\u00bb border_type=\u00bbsimple\u00bb column_border_width=\u00bbnone\u00bb column_border_style=\u00bbsolid\u00bb][divider line_type=\u00bbNo Line\u00bb custom_height=\u00bb10&#8243;][vc_column_text]S\u00f3c <strong>Ram\u00f3n Tur<\/strong>, qui est\u00e0 al darrere de tot el que s&#8217;escriu i es fotografia en aquesta web sobre Formentera.<br \/>\nVaig descobrir l&#8217;illa el 1972 quan els meus pares, a bord de la m\u00edtica Joven Dolores, em van portar per primera vegada a passar uns dies de vacances des d&#8217;Eivissa i aquell va ser un amor a primera vista que, amb el pas del temps, s&#8217;ha refor\u00e7at fins a convertir Formentera en el meu lloc de resid\u00e8ncia des de fa molts anys.<\/p>\n<p>Si ho desitges, pots seguir-me al perfil d&#8217;<a href=\"https:\/\/www.instagram.com\/4mentera.com_\/\" target=\"_blank\" rel=\"noopener\">Instagram @4mentera.com_<\/a>[\/vc_column_text][\/vc_column_inner][\/vc_row_inner][\/vc_column][\/vc_row][vc_row type=\u00bbfull_width_background\u00bb full_screen_row_position=\u00bbmiddle\u00bb column_margin=\u00bbdefault\u00bb equal_height=\u00bbyes\u00bb content_placement=\u00bbmiddle\u00bb column_direction=\u00bbdefault\u00bb column_direction_tablet=\u00bbdefault\u00bb column_direction_phone=\u00bbdefault\u00bb bg_color=\u00bb#ff8c00&#8243; scene_position=\u00bbcenter\u00bb top_padding=\u00bb30&#8243; bottom_padding=\u00bb30&#8243; text_color=\u00bblight\u00bb text_align=\u00bbleft\u00bb row_border_radius=\u00bbnone\u00bb row_border_radius_applies=\u00bbbg\u00bb overlay_strength=\u00bb0.95&#8243; gradient_direction=\u00bbleft_to_right\u00bb shape_divider_position=\u00bbbottom\u00bb bg_image_animation=\u00bbnone\u00bb shape_type=\u00bb\u00bb][vc_column column_padding=\u00bbno-extra-padding\u00bb column_padding_tablet=\u00bbinherit\u00bb column_padding_phone=\u00bbinherit\u00bb column_padding_position=\u00bball\u00bb column_element_spacing=\u00bbdefault\u00bb background_color_opacity=\u00bb1&#8243; background_hover_color_opacity=\u00bb1&#8243; column_shadow=\u00bbnone\u00bb column_border_radius=\u00bbnone\u00bb column_link_target=\u00bb_self\u00bb gradient_direction=\u00bbleft_to_right\u00bb overlay_strength=\u00bb0.3&#8243; width=\u00bb5\/12&#8243; tablet_width_inherit=\u00bbdefault\u00bb tablet_text_alignment=\u00bbcenter\u00bb phone_text_alignment=\u00bbcenter\u00bb bg_image_animation=\u00bbnone\u00bb enable_animation=\u00bbtrue\u00bb animation=\u00bbflip-in-vertical\u00bb border_type=\u00bbsimple\u00bb column_border_width=\u00bbnone\u00bb column_border_style=\u00bbsolid\u00bb][split_line_heading animation_type=\u00bbline-reveal-by-space\u00bb font_style=\u00bbp\u00bb content_alignment=\u00bbdefault\u00bb mobile_content_alignment=\u00bbinherit\u00bb text_content=\u00bbSi planeges visitar Formentera, visita abans la nostra secci\u00f3 de codis de descompte.\u00bb font_size=\u00bb30&#8243;][\/split_line_heading][\/vc_column][vc_column column_padding=\u00bbno-extra-padding\u00bb column_padding_tablet=\u00bbinherit\u00bb column_padding_phone=\u00bbinherit\u00bb column_padding_position=\u00bball\u00bb column_element_spacing=\u00bbdefault\u00bb background_color_opacity=\u00bb1&#8243; background_hover_color_opacity=\u00bb1&#8243; column_shadow=\u00bbnone\u00bb column_border_radius=\u00bbnone\u00bb column_link_target=\u00bb_self\u00bb gradient_direction=\u00bbleft_to_right\u00bb overlay_strength=\u00bb0.3&#8243; width=\u00bb1\/12&#8243; tablet_width_inherit=\u00bbdefault\u00bb tablet_text_alignment=\u00bbcenter\u00bb phone_text_alignment=\u00bbcenter\u00bb bg_image_animation=\u00bbnone\u00bb border_type=\u00bbsimple\u00bb column_border_width=\u00bbnone\u00bb column_border_style=\u00bbsolid\u00bb][\/vc_column][vc_column column_padding=\u00bbno-extra-padding\u00bb column_padding_tablet=\u00bbinherit\u00bb column_padding_phone=\u00bbinherit\u00bb column_padding_position=\u00bball\u00bb column_element_spacing=\u00bbdefault\u00bb background_color_opacity=\u00bb1&#8243; background_hover_color_opacity=\u00bb1&#8243; column_shadow=\u00bbnone\u00bb column_border_radius=\u00bbnone\u00bb column_link_target=\u00bb_self\u00bb gradient_direction=\u00bbleft_to_right\u00bb overlay_strength=\u00bb0.3&#8243; width=\u00bb1\/2&#8243; tablet_width_inherit=\u00bbdefault\u00bb tablet_text_alignment=\u00bbcenter\u00bb phone_text_alignment=\u00bbcenter\u00bb bg_image_animation=\u00bbnone\u00bb enable_animation=\u00bbtrue\u00bb animation=\u00bbflip-in-vertical\u00bb border_type=\u00bbsimple\u00bb column_border_width=\u00bbnone\u00bb column_border_style=\u00bbsolid\u00bb][vc_row_inner column_margin=\u00bbdefault\u00bb column_direction=\u00bbdefault\u00bb column_direction_tablet=\u00bbdefault\u00bb column_direction_phone=\u00bbdefault\u00bb text_align=\u00bbright\u00bb][vc_column_inner column_padding=\u00bbno-extra-padding\u00bb column_padding_tablet=\u00bbinherit\u00bb column_padding_phone=\u00bbinherit\u00bb column_padding_position=\u00bball\u00bb column_element_spacing=\u00bbdefault\u00bb background_color_opacity=\u00bb1&#8243; background_hover_color_opacity=\u00bb1&#8243; column_shadow=\u00bbnone\u00bb column_border_radius=\u00bb5px\u00bb column_link_target=\u00bb_self\u00bb gradient_direction=\u00bbleft_to_right\u00bb overlay_strength=\u00bb0.3&#8243; width=\u00bb1\/1&#8243; tablet_width_inherit=\u00bbdefault\u00bb bg_image_animation=\u00bbnone\u00bb border_type=\u00bbsimple\u00bb column_border_width=\u00bbnone\u00bb column_border_style=\u00bbsolid\u00bb][nectar_cta btn_style=\u00bbarrow-animation\u00bb heading_tag=\u00bbp\u00bb text_color=\u00bb#ffffff\u00bb button_color=\u00bbaccent-color\u00bb link_type=\u00bbregular\u00bb alignment=\u00bbleft\u00bb alignment_tablet=\u00bbdefault\u00bb alignment_phone=\u00bbdefault\u00bb display=\u00bbinline\u00bb link_text=\u00bbFes click aqui\u00bb url=\u00bbhttps:\/\/www.4mentera.com\/ca\/descomptes-formentera\/\u00bb padding_top=\u00bb20&#8243; padding_right=\u00bb40&#8243; padding_bottom=\u00bb20&#8243; padding_left=\u00bb40&#8243;][\/vc_column_inner][\/vc_row_inner][\/vc_column][\/vc_row][vc_row type=\u00bbfull_width_content\u00bb full_screen_row_position=\u00bbmiddle\u00bb column_margin=\u00bbdefault\u00bb column_direction=\u00bbdefault\u00bb column_direction_tablet=\u00bbdefault\u00bb column_direction_phone=\u00bbdefault\u00bb scene_position=\u00bbcenter\u00bb text_color=\u00bbdark\u00bb text_align=\u00bbleft\u00bb row_border_radius=\u00bbnone\u00bb row_border_radius_applies=\u00bbbg\u00bb overlay_strength=\u00bb0.3&#8243; gradient_direction=\u00bbleft_to_right\u00bb shape_divider_position=\u00bbbottom\u00bb bg_image_animation=\u00bbnone\u00bb shape_type=\u00bb\u00bb][vc_column column_padding=\u00bbno-extra-padding\u00bb column_padding_tablet=\u00bbinherit\u00bb column_padding_phone=\u00bbinherit\u00bb column_padding_position=\u00bball\u00bb column_element_spacing=\u00bbdefault\u00bb background_color_opacity=\u00bb1&#8243; background_hover_color_opacity=\u00bb1&#8243; column_shadow=\u00bbnone\u00bb column_border_radius=\u00bbnone\u00bb column_link_target=\u00bb_self\u00bb gradient_direction=\u00bbleft_to_right\u00bb overlay_strength=\u00bb0.3&#8243; width=\u00bb1\/1&#8243; tablet_width_inherit=\u00bbdefault\u00bb tablet_text_alignment=\u00bbdefault\u00bb phone_text_alignment=\u00bbdefault\u00bb bg_image_animation=\u00bbnone\u00bb border_type=\u00bbsimple\u00bb column_border_width=\u00bbnone\u00bb column_border_style=\u00bbsolid\u00bb][divider line_type=\u00bbNo Line\u00bb custom_height=\u00bb2&#8243;][\/vc_column][\/vc_row]\n","protected":false},"excerpt":{"rendered":"<p>[vc_row type=\u00bbin_container\u00bb full_screen_row_position=\u00bbmiddle\u00bb column_margin=\u00bbdefault\u00bb column_direction=\u00bbdefault\u00bb column_direction_tablet=\u00bbdefault\u00bb column_direction_phone=\u00bbdefault\u00bb scene_position=\u00bbcenter\u00bb text_color=\u00bbdark\u00bb text_align=\u00bbleft\u00bb row_border_radius=\u00bbnone\u00bb row_border_radius_applies=\u00bbbg\u00bb overlay_strength=\u00bb0.3&#8243; gradient_direction=\u00bbleft_to_right\u00bb shape_divider_position=\u00bbbottom\u00bb bg_image_animation=\u00bbnone\u00bb][vc_column column_padding=\u00bbno-extra-padding\u00bb column_padding_tablet=\u00bbinherit\u00bb column_padding_phone=\u00bbinherit\u00bb column_padding_position=\u00bball\u00bb column_element_spacing=\u00bbdefault\u00bb background_color_opacity=\u00bb1&#8243; background_hover_color_opacity=\u00bb1&#8243; column_shadow=\u00bbnone\u00bb column_border_radius=\u00bbnone\u00bb column_link_target=\u00bb_self\u00bb gradient_direction=\u00bbleft_to_right\u00bb overlay_strength=\u00bb0.3&#8243; width=\u00bb1\/5&#8243; tablet_width_inherit=\u00bbdefault\u00bb&#8230;<\/p>\n","protected":false},"author":1,"featured_media":17751,"parent":34353,"menu_order":0,"comment_status":"closed","ping_status":"closed","template":"","meta":{"footnotes":""},"class_list":["post-44852","page","type-page","status-publish","has-post-thumbnail"],"yoast_head":"<!-- This site is optimized with the Yoast SEO plugin v28.1 - https:\/\/yoast.com\/product\/yoast-seo-wordpress\/ -->\n<title>Apertura i tancament 2025 Hotel Cala Saona Formentera<\/title>\n<meta name=\"description\" content=\"Dates d&#039;obertura i tancament de l&#039;Hotel Cala Saona a Formentera per a la temporada d&#039;estiu de 2025: Reserva ara al millor preu garantit!\" \/>\n<meta name=\"robots\" content=\"index, follow, max-snippet:-1, max-image-preview:large, max-video-preview:-1\" \/>\n<link rel=\"canonical\" href=\"https:\/\/www.4mentera.com\/ca\/formentera-news\/obertura-hotel-cala-saona-2025\/\" \/>\n<meta property=\"og:locale\" content=\"ca_ES\" \/>\n<meta property=\"og:type\" content=\"article\" \/>\n<meta property=\"og:title\" content=\"Apertura i tancament 2025 Hotel Cala Saona Formentera\" \/>\n<meta property=\"og:description\" content=\"Dates d&#039;obertura i tancament de l&#039;Hotel Cala Saona a Formentera per a la temporada d&#039;estiu de 2025: Reserva ara al millor preu garantit!\" \/>\n<meta property=\"og:url\" content=\"https:\/\/www.4mentera.com\/ca\/formentera-news\/obertura-hotel-cala-saona-2025\/\" \/>\n<meta property=\"og:site_name\" content=\"4mentera.com\" \/>\n<meta property=\"article:publisher\" content=\"https:\/\/www.facebook.com\/4mentera\/\" \/>\n<meta property=\"article:modified_time\" content=\"2025-02-13T11:10:42+00:00\" \/>\n<meta property=\"og:image\" content=\"https:\/\/www.4mentera.com\/wp-content\/uploads\/2022\/01\/Portada-Grid-Descuentos-Hotel-Cala-Saona.jpg\" \/>\n\t<meta property=\"og:image:width\" content=\"768\" \/>\n\t<meta property=\"og:image:height\" content=\"655\" \/>\n\t<meta property=\"og:image:type\" content=\"image\/jpeg\" \/>\n<meta name=\"twitter:card\" content=\"summary_large_image\" \/>\n<meta name=\"twitter:label1\" content=\"Temps estimat de lectura\" \/>\n\t<meta name=\"twitter:data1\" content=\"12 minuts\" \/>\n<script type=\"application\/ld+json\" class=\"yoast-schema-graph\">{\"@context\":\"https:\\\/\\\/schema.org\",\"@graph\":[{\"@type\":\"WebPage\",\"@id\":\"https:\\\/\\\/www.4mentera.com\\\/ca\\\/formentera-news\\\/obertura-hotel-cala-saona-2025\\\/\",\"url\":\"https:\\\/\\\/www.4mentera.com\\\/ca\\\/formentera-news\\\/obertura-hotel-cala-saona-2025\\\/\",\"name\":\"Apertura i tancament 2025 Hotel Cala Saona Formentera\",\"isPartOf\":{\"@id\":\"https:\\\/\\\/www.4mentera.com\\\/ca\\\/#website\"},\"primaryImageOfPage\":{\"@id\":\"https:\\\/\\\/www.4mentera.com\\\/ca\\\/formentera-news\\\/obertura-hotel-cala-saona-2025\\\/#primaryimage\"},\"image\":{\"@id\":\"https:\\\/\\\/www.4mentera.com\\\/ca\\\/formentera-news\\\/obertura-hotel-cala-saona-2025\\\/#primaryimage\"},\"thumbnailUrl\":\"https:\\\/\\\/www.4mentera.com\\\/wp-content\\\/uploads\\\/2022\\\/01\\\/Portada-Grid-Descuentos-Hotel-Cala-Saona.jpg\",\"datePublished\":\"2025-02-13T11:06:55+00:00\",\"dateModified\":\"2025-02-13T11:10:42+00:00\",\"description\":\"Dates d'obertura i tancament de l'Hotel Cala Saona a Formentera per a la temporada d'estiu de 2025: Reserva ara al millor preu garantit!\",\"breadcrumb\":{\"@id\":\"https:\\\/\\\/www.4mentera.com\\\/ca\\\/formentera-news\\\/obertura-hotel-cala-saona-2025\\\/#breadcrumb\"},\"inLanguage\":\"ca\",\"potentialAction\":[{\"@type\":\"ReadAction\",\"target\":[\"https:\\\/\\\/www.4mentera.com\\\/ca\\\/formentera-news\\\/obertura-hotel-cala-saona-2025\\\/\"]}]},{\"@type\":\"ImageObject\",\"inLanguage\":\"ca\",\"@id\":\"https:\\\/\\\/www.4mentera.com\\\/ca\\\/formentera-news\\\/obertura-hotel-cala-saona-2025\\\/#primaryimage\",\"url\":\"https:\\\/\\\/www.4mentera.com\\\/wp-content\\\/uploads\\\/2022\\\/01\\\/Portada-Grid-Descuentos-Hotel-Cala-Saona.jpg\",\"contentUrl\":\"https:\\\/\\\/www.4mentera.com\\\/wp-content\\\/uploads\\\/2022\\\/01\\\/Portada-Grid-Descuentos-Hotel-Cala-Saona.jpg\",\"width\":768,\"height\":655},{\"@type\":\"BreadcrumbList\",\"@id\":\"https:\\\/\\\/www.4mentera.com\\\/ca\\\/formentera-news\\\/obertura-hotel-cala-saona-2025\\\/#breadcrumb\",\"itemListElement\":[{\"@type\":\"ListItem\",\"position\":1,\"name\":\"\",\"item\":\"https:\\\/\\\/www.4mentera.com\\\/ca\\\/\"},{\"@type\":\"ListItem\",\"position\":2,\"name\":\"Not\u00edcies de Formentera\",\"item\":\"https:\\\/\\\/www.4mentera.com\\\/ca\\\/formentera-news\\\/\"},{\"@type\":\"ListItem\",\"position\":3,\"name\":\"Obertura Hotel Cala Saona 2025\"}]},{\"@type\":\"WebSite\",\"@id\":\"https:\\\/\\\/www.4mentera.com\\\/ca\\\/#website\",\"url\":\"https:\\\/\\\/www.4mentera.com\\\/ca\\\/\",\"name\":\"4mentera.com\",\"description\":\"Guia de Formentera\",\"publisher\":{\"@id\":\"https:\\\/\\\/www.4mentera.com\\\/ca\\\/#organization\"},\"potentialAction\":[{\"@type\":\"SearchAction\",\"target\":{\"@type\":\"EntryPoint\",\"urlTemplate\":\"https:\\\/\\\/www.4mentera.com\\\/ca\\\/?s={search_term_string}\"},\"query-input\":{\"@type\":\"PropertyValueSpecification\",\"valueRequired\":true,\"valueName\":\"search_term_string\"}}],\"inLanguage\":\"ca\"},{\"@type\":\"Organization\",\"@id\":\"https:\\\/\\\/www.4mentera.com\\\/ca\\\/#organization\",\"name\":\"4mentera\",\"url\":\"https:\\\/\\\/www.4mentera.com\\\/ca\\\/\",\"logo\":{\"@type\":\"ImageObject\",\"inLanguage\":\"ca\",\"@id\":\"https:\\\/\\\/www.4mentera.com\\\/ca\\\/#\\\/schema\\\/logo\\\/image\\\/\",\"url\":\"https:\\\/\\\/www.4mentera.com\\\/wp-content\\\/uploads\\\/2019\\\/06\\\/cropped-Logo-Negro-250x90.png\",\"contentUrl\":\"https:\\\/\\\/www.4mentera.com\\\/wp-content\\\/uploads\\\/2019\\\/06\\\/cropped-Logo-Negro-250x90.png\",\"width\":250,\"height\":91,\"caption\":\"4mentera\"},\"image\":{\"@id\":\"https:\\\/\\\/www.4mentera.com\\\/ca\\\/#\\\/schema\\\/logo\\\/image\\\/\"},\"sameAs\":[\"https:\\\/\\\/www.facebook.com\\\/4mentera\\\/\",\"https:\\\/\\\/www.instagram.com\\\/4mentera.com_\\\/\"]}]}<\/script>\n<!-- \/ Yoast SEO plugin. -->","yoast_head_json":{"title":"Apertura i tancament 2025 Hotel Cala Saona Formentera","description":"Dates d'obertura i tancament de l'Hotel Cala Saona a Formentera per a la temporada d'estiu de 2025: Reserva ara al millor preu garantit!","robots":{"index":"index","follow":"follow","max-snippet":"max-snippet:-1","max-image-preview":"max-image-preview:large","max-video-preview":"max-video-preview:-1"},"canonical":"https:\/\/www.4mentera.com\/ca\/formentera-news\/obertura-hotel-cala-saona-2025\/","og_locale":"ca_ES","og_type":"article","og_title":"Apertura i tancament 2025 Hotel Cala Saona Formentera","og_description":"Dates d'obertura i tancament de l'Hotel Cala Saona a Formentera per a la temporada d'estiu de 2025: Reserva ara al millor preu garantit!","og_url":"https:\/\/www.4mentera.com\/ca\/formentera-news\/obertura-hotel-cala-saona-2025\/","og_site_name":"4mentera.com","article_publisher":"https:\/\/www.facebook.com\/4mentera\/","article_modified_time":"2025-02-13T11:10:42+00:00","og_image":[{"width":768,"height":655,"url":"https:\/\/www.4mentera.com\/wp-content\/uploads\/2022\/01\/Portada-Grid-Descuentos-Hotel-Cala-Saona.jpg","type":"image\/jpeg"}],"twitter_card":"summary_large_image","twitter_misc":{"Temps estimat de lectura":"12 minuts"},"schema":{"@context":"https:\/\/schema.org","@graph":[{"@type":"WebPage","@id":"https:\/\/www.4mentera.com\/ca\/formentera-news\/obertura-hotel-cala-saona-2025\/","url":"https:\/\/www.4mentera.com\/ca\/formentera-news\/obertura-hotel-cala-saona-2025\/","name":"Apertura i tancament 2025 Hotel Cala Saona Formentera","isPartOf":{"@id":"https:\/\/www.4mentera.com\/ca\/#website"},"primaryImageOfPage":{"@id":"https:\/\/www.4mentera.com\/ca\/formentera-news\/obertura-hotel-cala-saona-2025\/#primaryimage"},"image":{"@id":"https:\/\/www.4mentera.com\/ca\/formentera-news\/obertura-hotel-cala-saona-2025\/#primaryimage"},"thumbnailUrl":"https:\/\/www.4mentera.com\/wp-content\/uploads\/2022\/01\/Portada-Grid-Descuentos-Hotel-Cala-Saona.jpg","datePublished":"2025-02-13T11:06:55+00:00","dateModified":"2025-02-13T11:10:42+00:00","description":"Dates d'obertura i tancament de l'Hotel Cala Saona a Formentera per a la temporada d'estiu de 2025: Reserva ara al millor preu garantit!","breadcrumb":{"@id":"https:\/\/www.4mentera.com\/ca\/formentera-news\/obertura-hotel-cala-saona-2025\/#breadcrumb"},"inLanguage":"ca","potentialAction":[{"@type":"ReadAction","target":["https:\/\/www.4mentera.com\/ca\/formentera-news\/obertura-hotel-cala-saona-2025\/"]}]},{"@type":"ImageObject","inLanguage":"ca","@id":"https:\/\/www.4mentera.com\/ca\/formentera-news\/obertura-hotel-cala-saona-2025\/#primaryimage","url":"https:\/\/www.4mentera.com\/wp-content\/uploads\/2022\/01\/Portada-Grid-Descuentos-Hotel-Cala-Saona.jpg","contentUrl":"https:\/\/www.4mentera.com\/wp-content\/uploads\/2022\/01\/Portada-Grid-Descuentos-Hotel-Cala-Saona.jpg","width":768,"height":655},{"@type":"BreadcrumbList","@id":"https:\/\/www.4mentera.com\/ca\/formentera-news\/obertura-hotel-cala-saona-2025\/#breadcrumb","itemListElement":[{"@type":"ListItem","position":1,"name":"","item":"https:\/\/www.4mentera.com\/ca\/"},{"@type":"ListItem","position":2,"name":"Not\u00edcies de Formentera","item":"https:\/\/www.4mentera.com\/ca\/formentera-news\/"},{"@type":"ListItem","position":3,"name":"Obertura Hotel Cala Saona 2025"}]},{"@type":"WebSite","@id":"https:\/\/www.4mentera.com\/ca\/#website","url":"https:\/\/www.4mentera.com\/ca\/","name":"4mentera.com","description":"Guia de Formentera","publisher":{"@id":"https:\/\/www.4mentera.com\/ca\/#organization"},"potentialAction":[{"@type":"SearchAction","target":{"@type":"EntryPoint","urlTemplate":"https:\/\/www.4mentera.com\/ca\/?s={search_term_string}"},"query-input":{"@type":"PropertyValueSpecification","valueRequired":true,"valueName":"search_term_string"}}],"inLanguage":"ca"},{"@type":"Organization","@id":"https:\/\/www.4mentera.com\/ca\/#organization","name":"4mentera","url":"https:\/\/www.4mentera.com\/ca\/","logo":{"@type":"ImageObject","inLanguage":"ca","@id":"https:\/\/www.4mentera.com\/ca\/#\/schema\/logo\/image\/","url":"https:\/\/www.4mentera.com\/wp-content\/uploads\/2019\/06\/cropped-Logo-Negro-250x90.png","contentUrl":"https:\/\/www.4mentera.com\/wp-content\/uploads\/2019\/06\/cropped-Logo-Negro-250x90.png","width":250,"height":91,"caption":"4mentera"},"image":{"@id":"https:\/\/www.4mentera.com\/ca\/#\/schema\/logo\/image\/"},"sameAs":["https:\/\/www.facebook.com\/4mentera\/","https:\/\/www.instagram.com\/4mentera.com_\/"]}]}},"_links":{"self":[{"href":"https:\/\/www.4mentera.com\/ca\/wp-json\/wp\/v2\/pages\/44852","targetHints":{"allow":["GET"]}}],"collection":[{"href":"https:\/\/www.4mentera.com\/ca\/wp-json\/wp\/v2\/pages"}],"about":[{"href":"https:\/\/www.4mentera.com\/ca\/wp-json\/wp\/v2\/types\/page"}],"author":[{"embeddable":true,"href":"https:\/\/www.4mentera.com\/ca\/wp-json\/wp\/v2\/users\/1"}],"replies":[{"embeddable":true,"href":"https:\/\/www.4mentera.com\/ca\/wp-json\/wp\/v2\/comments?post=44852"}],"version-history":[{"count":3,"href":"https:\/\/www.4mentera.com\/ca\/wp-json\/wp\/v2\/pages\/44852\/revisions"}],"predecessor-version":[{"id":44856,"href":"https:\/\/www.4mentera.com\/ca\/wp-json\/wp\/v2\/pages\/44852\/revisions\/44856"}],"up":[{"embeddable":true,"href":"https:\/\/www.4mentera.com\/ca\/wp-json\/wp\/v2\/pages\/34353"}],"wp:featuredmedia":[{"embeddable":true,"href":"https:\/\/www.4mentera.com\/ca\/wp-json\/wp\/v2\/media\/17751"}],"wp:attachment":[{"href":"https:\/\/www.4mentera.com\/ca\/wp-json\/wp\/v2\/media?parent=44852"}],"curies":[{"name":"wp","href":"https:\/\/api.w.org\/{rel}","templated":true}]}}