{"id":46731,"date":"2025-05-24T16:51:00","date_gmt":"2025-05-24T16:51:00","guid":{"rendered":"https:\/\/www.4mentera.com\/?page_id=46731"},"modified":"2025-05-24T17:02:35","modified_gmt":"2025-05-24T17:02:35","slug":"gerettete-schildkroete-freigelassen-formentera","status":"publish","type":"page","link":"https:\/\/www.4mentera.com\/de\/formentera-news\/gerettete-schildkroete-freigelassen-formentera\/","title":{"rendered":"Gerettete Schildkr\u00f6te freigelassen"},"content":{"rendered":"[vc_row type=&#8220;in_container&#8220; full_screen_row_position=&#8220;middle&#8220; column_margin=&#8220;default&#8220; column_direction=&#8220;default&#8220; column_direction_tablet=&#8220;default&#8220; column_direction_phone=&#8220;default&#8220; scene_position=&#8220;center&#8220; text_color=&#8220;dark&#8220; text_align=&#8220;left&#8220; row_border_radius=&#8220;none&#8220; row_border_radius_applies=&#8220;bg&#8220; overlay_strength=&#8220;0.3&#8243; gradient_direction=&#8220;left_to_right&#8220; shape_divider_position=&#8220;bottom&#8220; bg_image_animation=&#8220;none&#8220;][vc_column column_padding=&#8220;no-extra-padding&#8220; column_padding_tablet=&#8220;inherit&#8220; column_padding_phone=&#8220;inherit&#8220; column_padding_position=&#8220;all&#8220; column_element_spacing=&#8220;default&#8220; background_color_opacity=&#8220;1&#8243; background_hover_color_opacity=&#8220;1&#8243; column_shadow=&#8220;none&#8220; column_border_radius=&#8220;none&#8220; column_link_target=&#8220;_self&#8220; gradient_direction=&#8220;left_to_right&#8220; overlay_strength=&#8220;0.3&#8243; width=&#8220;1\/5&#8243; tablet_width_inherit=&#8220;default&#8220; tablet_text_alignment=&#8220;default&#8220; phone_text_alignment=&#8220;default&#8220; bg_image_animation=&#8220;none&#8220; border_type=&#8220;simple&#8220; column_border_width=&#8220;none&#8220; column_border_style=&#8220;solid&#8220;][\/vc_column][vc_column column_padding=&#8220;no-extra-padding&#8220; column_padding_tablet=&#8220;inherit&#8220; column_padding_phone=&#8220;inherit&#8220; column_padding_position=&#8220;all&#8220; column_element_spacing=&#8220;default&#8220; background_color_opacity=&#8220;1&#8243; background_hover_color_opacity=&#8220;1&#8243; column_shadow=&#8220;none&#8220; column_border_radius=&#8220;none&#8220; column_link_target=&#8220;_self&#8220; gradient_direction=&#8220;left_to_right&#8220; overlay_strength=&#8220;0.3&#8243; width=&#8220;3\/5&#8243; tablet_width_inherit=&#8220;default&#8220; tablet_text_alignment=&#8220;default&#8220; phone_text_alignment=&#8220;default&#8220; bg_image_animation=&#8220;none&#8220; border_type=&#8220;simple&#8220; column_border_width=&#8220;none&#8220; column_border_style=&#8220;solid&#8220;][image_with_animation image_url=&#8220;34250&#8243; animation=&#8220;None&#8220; hover_animation=&#8220;none&#8220; alignment=&#8220;center&#8220; border_radius=&#8220;none&#8220; box_shadow=&#8220;none&#8220; image_loading=&#8220;default&#8220; max_width=&#8220;100%&#8220; max_width_mobile=&#8220;default&#8220;][\/vc_column][vc_column column_padding=&#8220;no-extra-padding&#8220; column_padding_tablet=&#8220;inherit&#8220; column_padding_phone=&#8220;inherit&#8220; column_padding_position=&#8220;all&#8220; column_element_spacing=&#8220;default&#8220; background_color_opacity=&#8220;1&#8243; background_hover_color_opacity=&#8220;1&#8243; column_shadow=&#8220;none&#8220; column_border_radius=&#8220;none&#8220; column_link_target=&#8220;_self&#8220; gradient_direction=&#8220;left_to_right&#8220; overlay_strength=&#8220;0.3&#8243; width=&#8220;1\/5&#8243; tablet_width_inherit=&#8220;default&#8220; tablet_text_alignment=&#8220;default&#8220; phone_text_alignment=&#8220;default&#8220; bg_image_animation=&#8220;none&#8220; border_type=&#8220;simple&#8220; column_border_width=&#8220;none&#8220; column_border_style=&#8220;solid&#8220;][\/vc_column][\/vc_row][vc_row type=&#8220;full_width_background&#8220; full_screen_row_position=&#8220;middle&#8220; column_margin=&#8220;default&#8220; column_direction=&#8220;default&#8220; column_direction_tablet=&#8220;default&#8220; column_direction_phone=&#8220;default&#8220; scene_position=&#8220;center&#8220; text_color=&#8220;dark&#8220; text_align=&#8220;left&#8220; row_border_radius=&#8220;none&#8220; row_border_radius_applies=&#8220;bg&#8220; overlay_strength=&#8220;0.3&#8243; gradient_direction=&#8220;left_to_right&#8220; shape_divider_position=&#8220;bottom&#8220; bg_image_animation=&#8220;none&#8220; shape_type=&#8220;&#8220;][vc_column column_padding=&#8220;no-extra-padding&#8220; column_padding_tablet=&#8220;inherit&#8220; column_padding_phone=&#8220;inherit&#8220; column_padding_position=&#8220;all&#8220; column_element_spacing=&#8220;default&#8220; background_color_opacity=&#8220;1&#8243; background_hover_color_opacity=&#8220;1&#8243; font_color=&#8220;#ffffff&#8220; column_shadow=&#8220;none&#8220; column_border_radius=&#8220;none&#8220; column_link_target=&#8220;_self&#8220; gradient_direction=&#8220;left_to_right&#8220; overlay_strength=&#8220;0.3&#8243; width=&#8220;1\/1&#8243; tablet_width_inherit=&#8220;default&#8220; tablet_text_alignment=&#8220;default&#8220; phone_text_alignment=&#8220;default&#8220; bg_image_animation=&#8220;none&#8220; enable_animation=&#8220;true&#8220; animation=&#8220;grow-in&#8220; border_type=&#8220;simple&#8220; column_border_width=&#8220;none&#8220; column_border_style=&#8220;solid&#8220;][divider line_type=&#8220;No Line&#8220; custom_height=&#8220;2&#8243;][\/vc_column][\/vc_row][vc_row type=&#8220;in_container&#8220; full_screen_row_position=&#8220;middle&#8220; column_margin=&#8220;default&#8220; column_direction=&#8220;default&#8220; column_direction_tablet=&#8220;default&#8220; column_direction_phone=&#8220;default&#8220; scene_position=&#8220;center&#8220; text_color=&#8220;dark&#8220; text_align=&#8220;left&#8220; row_border_radius=&#8220;none&#8220; row_border_radius_applies=&#8220;bg&#8220; overlay_strength=&#8220;0.3&#8243; gradient_direction=&#8220;left_to_right&#8220; shape_divider_position=&#8220;bottom&#8220; bg_image_animation=&#8220;none&#8220; shape_type=&#8220;&#8220;][vc_column column_padding=&#8220;no-extra-padding&#8220; column_padding_tablet=&#8220;inherit&#8220; column_padding_phone=&#8220;inherit&#8220; column_padding_position=&#8220;all&#8220; column_element_spacing=&#8220;default&#8220; background_color_opacity=&#8220;1&#8243; background_hover_color_opacity=&#8220;1&#8243; column_shadow=&#8220;none&#8220; column_border_radius=&#8220;none&#8220; column_link_target=&#8220;_self&#8220; gradient_direction=&#8220;left_to_right&#8220; overlay_strength=&#8220;0.3&#8243; width=&#8220;1\/1&#8243; tablet_width_inherit=&#8220;default&#8220; tablet_text_alignment=&#8220;default&#8220; phone_text_alignment=&#8220;default&#8220; bg_image_animation=&#8220;none&#8220; border_type=&#8220;simple&#8220; column_border_width=&#8220;none&#8220; column_border_style=&#8220;solid&#8220;][vc_column_text]\n<h1 style=\"font-size: 30px; text-align: center;\"><strong><span style=\"color: #084689;\">Gerettete Schildkr\u00f6te freigelassen<\/span><\/strong><\/h1>\n<p>&nbsp;<\/p>\n<h3 style=\"text-align: center;\"><strong><span style=\"color: #084689;\">Monate der Genesung<\/span><\/strong><\/h3>\n[\/vc_column_text][divider line_type=&#8220;No Line&#8220; custom_height=&#8220;10&#8243;][\/vc_column][\/vc_row][vc_row type=&#8220;in_container&#8220; full_screen_row_position=&#8220;middle&#8220; column_margin=&#8220;default&#8220; column_direction=&#8220;default&#8220; column_direction_tablet=&#8220;default&#8220; column_direction_phone=&#8220;default&#8220; scene_position=&#8220;center&#8220; text_color=&#8220;dark&#8220; text_align=&#8220;left&#8220; row_border_radius=&#8220;none&#8220; row_border_radius_applies=&#8220;bg&#8220; overlay_strength=&#8220;0.3&#8243; gradient_direction=&#8220;left_to_right&#8220; shape_divider_position=&#8220;bottom&#8220; bg_image_animation=&#8220;none&#8220;][vc_column column_padding=&#8220;no-extra-padding&#8220; column_padding_tablet=&#8220;inherit&#8220; column_padding_phone=&#8220;inherit&#8220; column_padding_position=&#8220;all&#8220; column_element_spacing=&#8220;default&#8220; centered_text=&#8220;true&#8220; background_color_opacity=&#8220;1&#8243; background_hover_color_opacity=&#8220;1&#8243; column_shadow=&#8220;none&#8220; column_border_radius=&#8220;none&#8220; column_link_target=&#8220;_self&#8220; gradient_direction=&#8220;left_to_right&#8220; overlay_strength=&#8220;0.3&#8243; width=&#8220;1\/2&#8243; tablet_width_inherit=&#8220;default&#8220; tablet_text_alignment=&#8220;default&#8220; phone_text_alignment=&#8220;default&#8220; bg_image_animation=&#8220;none&#8220; border_type=&#8220;simple&#8220; column_border_width=&#8220;none&#8220; column_border_style=&#8220;solid&#8220;][image_with_animation image_url=&#8220;46711&#8243; animation=&#8220;None&#8220; hover_animation=&#8220;none&#8220; alignment=&#8220;&#8220; border_radius=&#8220;none&#8220; box_shadow=&#8220;none&#8220; image_loading=&#8220;default&#8220; max_width=&#8220;100%&#8220; max_width_mobile=&#8220;default&#8220;][\/vc_column][vc_column column_padding=&#8220;no-extra-padding&#8220; column_padding_tablet=&#8220;inherit&#8220; column_padding_phone=&#8220;inherit&#8220; column_padding_position=&#8220;all&#8220; column_element_spacing=&#8220;default&#8220; background_color_opacity=&#8220;1&#8243; background_hover_color_opacity=&#8220;1&#8243; column_shadow=&#8220;none&#8220; column_border_radius=&#8220;none&#8220; column_link_target=&#8220;_self&#8220; gradient_direction=&#8220;left_to_right&#8220; overlay_strength=&#8220;0.3&#8243; width=&#8220;1\/2&#8243; tablet_width_inherit=&#8220;default&#8220; tablet_text_alignment=&#8220;default&#8220; phone_text_alignment=&#8220;default&#8220; bg_image_animation=&#8220;none&#8220; border_type=&#8220;simple&#8220; column_border_width=&#8220;none&#8220; column_border_style=&#8220;solid&#8220;][vc_column_text]Formentera, 25. Mai 2025<\/p>\n<p><strong><span style=\"color: #084689;\">Oren, eine Meeresschildkr\u00f6te der Art <em data-start=\"150\" data-end=\"167\">Caretta caretta<\/em>, die vor etwas mehr<\/span><\/strong>\u00a0als einem Monat im Hafen von Sant Antoni auf Ibiza gerettet wurde, ist nach Abschluss ihrer Genesung wieder ins Meer entlassen worden. Die Freilassung fand am 22. Mai am Strand von Llevant auf Formentera statt, bei einer Veranstaltung mit Techniker<em data-start=\"436\" data-end=\"457\">innen und Vertreter<\/em>innen des Inselrats, der Stiftung Palma Aqu\u00e0rium und des Cofib.<\/p>\n<p>Das Tier war am 31. M\u00e4rz 2025 von Orencia entdeckt worden, die sie scheinbar in schlechtem Zustand im Wasser treiben sah. Ihr schneller Anruf bei der Notrufnummer 112 erm\u00f6glichte die Aktivierung des Rettungsprotokolls.<\/p>\n<p>Vom Inselrat hie\u00df es, dass \u201edies bereits die elfte Schildkr\u00f6te ist, die in diesem Jahr gerettet wurde\u201c, und dass es die Finderin selbst war, die dem Tier den Namen Oren gab.[\/vc_column_text][\/vc_column][\/vc_row][vc_row type=&#8220;in_container&#8220; full_screen_row_position=&#8220;middle&#8220; column_margin=&#8220;default&#8220; column_direction=&#8220;default&#8220; column_direction_tablet=&#8220;default&#8220; column_direction_phone=&#8220;default&#8220; scene_position=&#8220;center&#8220; text_color=&#8220;dark&#8220; text_align=&#8220;left&#8220; row_border_radius=&#8220;none&#8220; row_border_radius_applies=&#8220;bg&#8220; overlay_strength=&#8220;0.3&#8243; gradient_direction=&#8220;left_to_right&#8220; shape_divider_position=&#8220;bottom&#8220; bg_image_animation=&#8220;none&#8220;][vc_column column_padding=&#8220;no-extra-padding&#8220; column_padding_tablet=&#8220;inherit&#8220; column_padding_phone=&#8220;inherit&#8220; column_padding_position=&#8220;all&#8220; column_element_spacing=&#8220;default&#8220; background_color_opacity=&#8220;1&#8243; background_hover_color_opacity=&#8220;1&#8243; column_shadow=&#8220;none&#8220; column_border_radius=&#8220;none&#8220; column_link_target=&#8220;_self&#8220; gradient_direction=&#8220;left_to_right&#8220; overlay_strength=&#8220;0.3&#8243; width=&#8220;1\/1&#8243; tablet_width_inherit=&#8220;default&#8220; tablet_text_alignment=&#8220;default&#8220; phone_text_alignment=&#8220;default&#8220; bg_image_animation=&#8220;none&#8220; border_type=&#8220;simple&#8220; column_border_width=&#8220;none&#8220; column_border_style=&#8220;solid&#8220;][vc_column_text]Nach dem Hinweis wurde die Stiftung Palma Aqu\u00e0rium \u00fcber den Fund informiert, und der Cofib auf Ibiza \u00fcbernahm die Abholung der Schildkr\u00f6te sowie ihren Transport in eine Tierklinik, wo ihre Genesung beginnen konnte.[\/vc_column_text][divider line_type=&#8220;No Line&#8220; custom_height=&#8220;10&#8243;][\/vc_column][\/vc_row][vc_row type=&#8220;in_container&#8220; full_screen_row_position=&#8220;middle&#8220; column_margin=&#8220;default&#8220; column_direction=&#8220;default&#8220; column_direction_tablet=&#8220;default&#8220; column_direction_phone=&#8220;default&#8220; scene_position=&#8220;center&#8220; text_color=&#8220;dark&#8220; text_align=&#8220;center&#8220; row_border_radius=&#8220;none&#8220; row_border_radius_applies=&#8220;bg&#8220; overlay_strength=&#8220;0.3&#8243; gradient_direction=&#8220;left_to_right&#8220; shape_divider_position=&#8220;bottom&#8220; bg_image_animation=&#8220;none&#8220; shape_type=&#8220;&#8220;][vc_column column_padding=&#8220;no-extra-padding&#8220; column_padding_tablet=&#8220;inherit&#8220; column_padding_phone=&#8220;inherit&#8220; column_padding_position=&#8220;all&#8220; column_element_spacing=&#8220;default&#8220; background_color_opacity=&#8220;1&#8243; background_hover_color_opacity=&#8220;1&#8243; column_shadow=&#8220;none&#8220; column_border_radius=&#8220;none&#8220; column_link_target=&#8220;_self&#8220; gradient_direction=&#8220;left_to_right&#8220; overlay_strength=&#8220;0.3&#8243; width=&#8220;1\/2&#8243; tablet_width_inherit=&#8220;default&#8220; tablet_text_alignment=&#8220;default&#8220; phone_text_alignment=&#8220;default&#8220; bg_image_animation=&#8220;none&#8220; border_type=&#8220;simple&#8220; column_border_width=&#8220;none&#8220; column_border_style=&#8220;solid&#8220;][image_with_animation image_url=&#8220;42301&#8243; animation=&#8220;None&#8220; hover_animation=&#8220;none&#8220; alignment=&#8220;center&#8220; img_link_target=&#8220;_blank&#8220; border_radius=&#8220;none&#8220; box_shadow=&#8220;none&#8220; image_loading=&#8220;default&#8220; max_width=&#8220;100%&#8220; max_width_mobile=&#8220;default&#8220; img_link=&#8220;https:\/\/www.trasmapi.com\/?origin=www.4mentera.com&amp;promo=4mentera&amp;lang=de&#8220;][\/vc_column][vc_column column_padding=&#8220;no-extra-padding&#8220; column_padding_tablet=&#8220;inherit&#8220; column_padding_phone=&#8220;inherit&#8220; column_padding_position=&#8220;all&#8220; column_element_spacing=&#8220;default&#8220; centered_text=&#8220;true&#8220; background_color_opacity=&#8220;1&#8243; background_hover_color_opacity=&#8220;1&#8243; column_shadow=&#8220;none&#8220; column_border_radius=&#8220;none&#8220; column_link_target=&#8220;_self&#8220; gradient_direction=&#8220;left_to_right&#8220; overlay_strength=&#8220;0.3&#8243; width=&#8220;1\/2&#8243; tablet_width_inherit=&#8220;default&#8220; tablet_text_alignment=&#8220;default&#8220; phone_text_alignment=&#8220;default&#8220; bg_image_animation=&#8220;none&#8220; border_type=&#8220;simple&#8220; column_border_width=&#8220;none&#8220; column_border_style=&#8220;solid&#8220;][image_with_animation image_url=&#8220;37174&#8243; animation=&#8220;None&#8220; hover_animation=&#8220;none&#8220; alignment=&#8220;center&#8220; border_radius=&#8220;none&#8220; box_shadow=&#8220;none&#8220; image_loading=&#8220;default&#8220; max_width=&#8220;100%&#8220; max_width_mobile=&#8220;default&#8220; img_link=&#8220;https:\/\/www.4mentera.com\/de\/auto-moto-mietung-formentera\/&#8220;][\/vc_column][\/vc_row][vc_row type=&#8220;in_container&#8220; full_screen_row_position=&#8220;middle&#8220; column_margin=&#8220;default&#8220; column_direction=&#8220;default&#8220; column_direction_tablet=&#8220;default&#8220; column_direction_phone=&#8220;default&#8220; scene_position=&#8220;center&#8220; text_color=&#8220;dark&#8220; text_align=&#8220;left&#8220; row_border_radius=&#8220;none&#8220; row_border_radius_applies=&#8220;bg&#8220; overlay_strength=&#8220;0.3&#8243; gradient_direction=&#8220;left_to_right&#8220; shape_divider_position=&#8220;bottom&#8220; bg_image_animation=&#8220;none&#8220;][vc_column column_padding=&#8220;no-extra-padding&#8220; column_padding_tablet=&#8220;inherit&#8220; column_padding_phone=&#8220;inherit&#8220; column_padding_position=&#8220;all&#8220; column_element_spacing=&#8220;default&#8220; background_color_opacity=&#8220;1&#8243; background_hover_color_opacity=&#8220;1&#8243; column_shadow=&#8220;none&#8220; column_border_radius=&#8220;none&#8220; column_link_target=&#8220;_self&#8220; gradient_direction=&#8220;left_to_right&#8220; overlay_strength=&#8220;0.3&#8243; width=&#8220;1\/1&#8243; tablet_width_inherit=&#8220;default&#8220; tablet_text_alignment=&#8220;default&#8220; phone_text_alignment=&#8220;default&#8220; bg_image_animation=&#8220;none&#8220; border_type=&#8220;simple&#8220; column_border_width=&#8220;none&#8220; column_border_style=&#8220;solid&#8220;][divider line_type=&#8220;No Line&#8220; custom_height=&#8220;10&#8243;][vc_column_text]\n<h2 style=\"text-align: center;\"><span style=\"color: #084689;\"><strong><span style=\"color: #084689;\">Das Problem der Meeresverschmutzunga<\/span><\/strong><\/span><\/h2>\n<p>Anschlie\u00dfend wurde Oren von einem spezialisierten Team ins Rehabilitationszentrum des Palma Aqu\u00e0rium auf Mallorca gebracht. Dort stellten die Tier\u00e4rzte fest, dass das Tier an positiver Auftriebsst\u00f6rung litt, verursacht durch angesammelte Luft im K\u00f6rper. Zudem fanden sich Reste von Styropor und anderen Kunststoffen im Verdauungssystem.<\/p>\n<p>W\u00e4hrend ihres Aufenthalts im Zentrum wurde Oren so lange behandelt, bis sie alle R\u00fcckst\u00e4nde ausgeschieden hatte und sich ihr Gesundheitszustand stabilisierte. Schlie\u00dflich erhielt sie die tier\u00e4rztliche Freigabe, was eine geplante Freilassung in einer geeigneten und sicheren Umgebung erm\u00f6glichte.<\/p>\n<p>Die Genesung von Oren war dank des Projekts Ocemib m\u00f6glich, das sich f\u00fcr den Schutz bedrohter Meeresarten auf den Balearen einsetzt, darunter Schildkr\u00f6ten, Wale und Haie. Das Projekt wird von der Stiftung Biodiversidad des Ministeriums f\u00fcr den \u00f6kologischen Wandel unterst\u00fctzt und durch die Europ\u00e4ische Union im Rahmen des Plans f\u00fcr Wiederaufbau, Transformation und Resilienz (PRTR) finanziert. Der Dienst wird vom Cofib verwaltet.[\/vc_column_text][divider line_type=&#8220;No Line&#8220; custom_height=&#8220;10&#8243;][\/vc_column][\/vc_row][vc_row type=&#8220;in_container&#8220; full_screen_row_position=&#8220;middle&#8220; column_margin=&#8220;default&#8220; column_direction=&#8220;default&#8220; column_direction_tablet=&#8220;default&#8220; column_direction_phone=&#8220;default&#8220; scene_position=&#8220;center&#8220; text_color=&#8220;dark&#8220; text_align=&#8220;center&#8220; row_border_radius=&#8220;none&#8220; row_border_radius_applies=&#8220;bg&#8220; overlay_strength=&#8220;0.3&#8243; gradient_direction=&#8220;left_to_right&#8220; shape_divider_position=&#8220;bottom&#8220; bg_image_animation=&#8220;none&#8220; shape_type=&#8220;&#8220;][vc_column column_padding=&#8220;no-extra-padding&#8220; column_padding_tablet=&#8220;inherit&#8220; column_padding_phone=&#8220;inherit&#8220; column_padding_position=&#8220;all&#8220; column_element_spacing=&#8220;default&#8220; background_color_opacity=&#8220;1&#8243; background_hover_color_opacity=&#8220;1&#8243; column_shadow=&#8220;none&#8220; column_border_radius=&#8220;none&#8220; column_link_target=&#8220;_self&#8220; gradient_direction=&#8220;left_to_right&#8220; overlay_strength=&#8220;0.3&#8243; width=&#8220;1\/2&#8243; tablet_width_inherit=&#8220;default&#8220; tablet_text_alignment=&#8220;default&#8220; phone_text_alignment=&#8220;default&#8220; bg_image_animation=&#8220;none&#8220; border_type=&#8220;simple&#8220; column_border_width=&#8220;none&#8220; column_border_style=&#8220;solid&#8220;][image_with_animation image_url=&#8220;37176&#8243; animation=&#8220;None&#8220; hover_animation=&#8220;none&#8220; alignment=&#8220;center&#8220; border_radius=&#8220;none&#8220; box_shadow=&#8220;none&#8220; image_loading=&#8220;default&#8220; max_width=&#8220;100%&#8220; max_width_mobile=&#8220;default&#8220; img_link=&#8220;https:\/\/www.4mentera.com\/de\/rabatte-code-formentera\/unterkunft\/&#8220;][\/vc_column][vc_column column_padding=&#8220;no-extra-padding&#8220; column_padding_tablet=&#8220;inherit&#8220; column_padding_phone=&#8220;inherit&#8220; column_padding_position=&#8220;all&#8220; column_element_spacing=&#8220;default&#8220; background_color_opacity=&#8220;1&#8243; background_hover_color_opacity=&#8220;1&#8243; column_shadow=&#8220;none&#8220; column_border_radius=&#8220;none&#8220; column_link_target=&#8220;_self&#8220; gradient_direction=&#8220;left_to_right&#8220; overlay_strength=&#8220;0.3&#8243; width=&#8220;1\/2&#8243; tablet_width_inherit=&#8220;default&#8220; tablet_text_alignment=&#8220;default&#8220; phone_text_alignment=&#8220;default&#8220; bg_image_animation=&#8220;none&#8220; border_type=&#8220;simple&#8220; column_border_width=&#8220;none&#8220; column_border_style=&#8220;solid&#8220;][image_with_animation image_url=&#8220;43024&#8243; animation=&#8220;Fade In&#8220; hover_animation=&#8220;none&#8220; alignment=&#8220;center&#8220; border_radius=&#8220;none&#8220; box_shadow=&#8220;none&#8220; image_loading=&#8220;default&#8220; max_width=&#8220;100%&#8220; max_width_mobile=&#8220;default&#8220; img_link=&#8220;https:\/\/www.4mentera.com\/de\/rabatte-code-formentera\/&#8220;][\/vc_column][\/vc_row][vc_row type=&#8220;in_container&#8220; full_screen_row_position=&#8220;middle&#8220; column_margin=&#8220;default&#8220; column_direction=&#8220;default&#8220; column_direction_tablet=&#8220;default&#8220; column_direction_phone=&#8220;default&#8220; scene_position=&#8220;center&#8220; text_color=&#8220;dark&#8220; text_align=&#8220;left&#8220; row_border_radius=&#8220;none&#8220; row_border_radius_applies=&#8220;bg&#8220; overlay_strength=&#8220;0.3&#8243; gradient_direction=&#8220;left_to_right&#8220; shape_divider_position=&#8220;bottom&#8220; bg_image_animation=&#8220;none&#8220;][vc_column column_padding=&#8220;no-extra-padding&#8220; column_padding_tablet=&#8220;inherit&#8220; column_padding_phone=&#8220;inherit&#8220; column_padding_position=&#8220;all&#8220; column_element_spacing=&#8220;default&#8220; background_color_opacity=&#8220;1&#8243; background_hover_color_opacity=&#8220;1&#8243; column_shadow=&#8220;none&#8220; column_border_radius=&#8220;none&#8220; column_link_target=&#8220;_self&#8220; gradient_direction=&#8220;left_to_right&#8220; overlay_strength=&#8220;0.3&#8243; width=&#8220;1\/1&#8243; tablet_width_inherit=&#8220;default&#8220; tablet_text_alignment=&#8220;default&#8220; phone_text_alignment=&#8220;default&#8220; bg_image_animation=&#8220;none&#8220; border_type=&#8220;simple&#8220; column_border_width=&#8220;none&#8220; column_border_style=&#8220;solid&#8220;][divider line_type=&#8220;No Line&#8220;][vc_column_text]\n<h2 style=\"text-align: center;\"><span style=\"color: #084689;\"><strong>Eine noch offene Herausforderung:<br \/>\nDie Eiablage auf Formentera<\/strong><\/span><\/h2>\n<p><br data-start=\"2326\" data-end=\"2329\" \/>Neben den Rettungen war Formentera in den letzten Jahren auch Schauplatz von Eiablageversuchen durch Meeresschildkr\u00f6ten. Zwischen Ende Mai und Anfang August suchen einige <em data-start=\"2500\" data-end=\"2517\">Caretta caretta<\/em>-Weibchen an den Str\u00e4nden des westlichen Mittelmeers geeignete Orte zur Eiablage. Obwohl dieses Ph\u00e4nomen immer h\u00e4ufiger auftritt, wurde auf Formentera bisher keine erfolgreiche Eiablage registriert.<\/p>\n<p>Einer der bemerkenswertesten F\u00e4lle ereignete sich am 20. Juni 2021 in der Gegend von Ca Mar\u00ed, als eine Schildkr\u00f6te nachts dabei beobachtet wurde, wie sie in einer fortgeschrittenen Phase ein Nest vorbereitete. Allerdings f\u00fchrte das Einschalten einer Handytaschenlampe durch einen Touristen dazu, dass das Tier den Ort verlie\u00df, ohne die Eier abzulegen.<\/p>\n<p>Seitdem wurden jeden Sommer neue Eiablageversuche an verschiedenen Str\u00e4nden der Insel beobachtet, doch bisher ohne Erfolg. Dennoch arbeiten sowohl die Institutionen als auch die lokale Gemeinschaft weiter daran, die notwendigen Bedingungen f\u00fcr eine sichere Eiablage zu schaffen.[\/vc_column_text][divider line_type=&#8220;No Line&#8220; custom_height=&#8220;10&#8243;][\/vc_column][\/vc_row][vc_row type=&#8220;in_container&#8220; full_screen_row_position=&#8220;middle&#8220; column_margin=&#8220;default&#8220; column_direction=&#8220;default&#8220; column_direction_tablet=&#8220;default&#8220; column_direction_phone=&#8220;default&#8220; scene_position=&#8220;center&#8220; text_color=&#8220;dark&#8220; text_align=&#8220;left&#8220; row_border_radius=&#8220;none&#8220; row_border_radius_applies=&#8220;bg&#8220; overlay_strength=&#8220;0.3&#8243; gradient_direction=&#8220;left_to_right&#8220; shape_divider_position=&#8220;bottom&#8220; bg_image_animation=&#8220;none&#8220;][vc_column column_padding=&#8220;no-extra-padding&#8220; column_padding_tablet=&#8220;inherit&#8220; column_padding_phone=&#8220;inherit&#8220; column_padding_position=&#8220;all&#8220; column_element_spacing=&#8220;default&#8220; background_color_opacity=&#8220;1&#8243; background_hover_color_opacity=&#8220;1&#8243; column_shadow=&#8220;none&#8220; column_border_radius=&#8220;none&#8220; column_link_target=&#8220;_self&#8220; gradient_direction=&#8220;left_to_right&#8220; overlay_strength=&#8220;0.3&#8243; width=&#8220;1\/1&#8243; tablet_width_inherit=&#8220;default&#8220; tablet_text_alignment=&#8220;default&#8220; phone_text_alignment=&#8220;default&#8220; bg_image_animation=&#8220;none&#8220; border_type=&#8220;simple&#8220; column_border_width=&#8220;none&#8220; column_border_style=&#8220;solid&#8220;][divider line_type=&#8220;No Line&#8220;][vc_row_inner column_margin=&#8220;default&#8220; column_direction=&#8220;default&#8220; column_direction_tablet=&#8220;default&#8220; column_direction_phone=&#8220;default&#8220; text_align=&#8220;left&#8220;][vc_column_inner column_padding=&#8220;no-extra-padding&#8220; column_padding_tablet=&#8220;inherit&#8220; column_padding_phone=&#8220;inherit&#8220; column_padding_position=&#8220;all&#8220; column_element_spacing=&#8220;default&#8220; background_color_opacity=&#8220;1&#8243; background_hover_color_opacity=&#8220;1&#8243; column_shadow=&#8220;none&#8220; column_border_radius=&#8220;none&#8220; column_link_target=&#8220;_self&#8220; gradient_direction=&#8220;left_to_right&#8220; overlay_strength=&#8220;0.3&#8243; width=&#8220;1\/5&#8243; tablet_width_inherit=&#8220;default&#8220; bg_image_animation=&#8220;none&#8220; border_type=&#8220;simple&#8220; column_border_width=&#8220;none&#8220; column_border_style=&#8220;solid&#8220;][image_with_animation image_url=&#8220;37680&#8243; animation=&#8220;Fade In&#8220; hover_animation=&#8220;none&#8220; alignment=&#8220;center&#8220; border_radius=&#8220;none&#8220; box_shadow=&#8220;none&#8220; image_loading=&#8220;default&#8220; max_width=&#8220;75%&#8220; max_width_mobile=&#8220;default&#8220;][\/vc_column_inner][vc_column_inner column_padding=&#8220;no-extra-padding&#8220; column_padding_tablet=&#8220;inherit&#8220; column_padding_phone=&#8220;inherit&#8220; column_padding_position=&#8220;all&#8220; column_element_spacing=&#8220;default&#8220; background_color_opacity=&#8220;1&#8243; background_hover_color_opacity=&#8220;1&#8243; font_color=&#8220;#333333&#8243; column_shadow=&#8220;none&#8220; column_border_radius=&#8220;none&#8220; column_link_target=&#8220;_self&#8220; gradient_direction=&#8220;left_to_right&#8220; overlay_strength=&#8220;0.3&#8243; width=&#8220;3\/5&#8243; tablet_width_inherit=&#8220;default&#8220; bg_image_animation=&#8220;none&#8220; border_type=&#8220;simple&#8220; column_border_width=&#8220;none&#8220; column_border_style=&#8220;solid&#8220;][divider line_type=&#8220;No Line&#8220; custom_height=&#8220;10&#8243;][vc_column_text]\n<p class=\"nombre\">Ich bin <strong>Ram\u00f3n Tur<\/strong>, derjenige, der hinter allem steht, was auf dieser Website \u00fcber Formentera geschrieben und fotografiert wird.<br \/>\nIch entdeckte die Insel im Jahr 1972, als meine Eltern mich zum ersten Mal auf den Ferienort von Ibiza aus mit dem legend\u00e4ren Joven Dolores brachten, und das war Liebe auf den ersten Blick. Im Laufe der Zeit hat sich diese Liebe verst\u00e4rkt und Formentera seit vielen Jahren zu meinem Wohnort gemacht.<br \/>\nWenn Sie m\u00f6chten, k\u00f6nnen Sie mir auf dem <a href=\"https:\/\/www.instagram.com\/4mentera.com_\/\" target=\"_blank\" rel=\"noopener\">Instagram-Profil @4mentera.com_<\/a> folgen.<\/p>\n[\/vc_column_text][\/vc_column_inner][\/vc_row_inner][\/vc_column][\/vc_row][vc_row type=&#8220;full_width_background&#8220; full_screen_row_position=&#8220;middle&#8220; column_margin=&#8220;default&#8220; equal_height=&#8220;yes&#8220; content_placement=&#8220;middle&#8220; column_direction=&#8220;default&#8220; column_direction_tablet=&#8220;default&#8220; column_direction_phone=&#8220;default&#8220; bg_color=&#8220;#ff8c00&#8243; scene_position=&#8220;center&#8220; top_padding=&#8220;30&#8243; bottom_padding=&#8220;30&#8243; text_color=&#8220;light&#8220; text_align=&#8220;left&#8220; row_border_radius=&#8220;none&#8220; row_border_radius_applies=&#8220;bg&#8220; overlay_strength=&#8220;0.95&#8243; gradient_direction=&#8220;left_to_right&#8220; shape_divider_position=&#8220;bottom&#8220; bg_image_animation=&#8220;none&#8220; shape_type=&#8220;&#8220;][vc_column column_padding=&#8220;no-extra-padding&#8220; column_padding_tablet=&#8220;inherit&#8220; column_padding_phone=&#8220;inherit&#8220; column_padding_position=&#8220;all&#8220; column_element_spacing=&#8220;default&#8220; background_color_opacity=&#8220;1&#8243; background_hover_color_opacity=&#8220;1&#8243; column_shadow=&#8220;none&#8220; column_border_radius=&#8220;none&#8220; column_link_target=&#8220;_self&#8220; gradient_direction=&#8220;left_to_right&#8220; overlay_strength=&#8220;0.3&#8243; width=&#8220;5\/12&#8243; tablet_width_inherit=&#8220;default&#8220; tablet_text_alignment=&#8220;center&#8220; phone_text_alignment=&#8220;center&#8220; bg_image_animation=&#8220;none&#8220; enable_animation=&#8220;true&#8220; animation=&#8220;flip-in-vertical&#8220; border_type=&#8220;simple&#8220; column_border_width=&#8220;none&#8220; column_border_style=&#8220;solid&#8220;][split_line_heading animation_type=&#8220;line-reveal-by-space&#8220; font_style=&#8220;p&#8220; content_alignment=&#8220;default&#8220; mobile_content_alignment=&#8220;inherit&#8220; text_content=&#8220;Wenn Sie Formentera besuchen, schauen Sie vorher in unsere Promo-Code-Sektion.&#8220; font_size=&#8220;30&#8243;][\/split_line_heading][\/vc_column][vc_column column_padding=&#8220;no-extra-padding&#8220; column_padding_tablet=&#8220;inherit&#8220; column_padding_phone=&#8220;inherit&#8220; column_padding_position=&#8220;all&#8220; column_element_spacing=&#8220;default&#8220; background_color_opacity=&#8220;1&#8243; background_hover_color_opacity=&#8220;1&#8243; column_shadow=&#8220;none&#8220; column_border_radius=&#8220;none&#8220; column_link_target=&#8220;_self&#8220; gradient_direction=&#8220;left_to_right&#8220; overlay_strength=&#8220;0.3&#8243; width=&#8220;1\/12&#8243; tablet_width_inherit=&#8220;default&#8220; tablet_text_alignment=&#8220;center&#8220; phone_text_alignment=&#8220;center&#8220; bg_image_animation=&#8220;none&#8220; border_type=&#8220;simple&#8220; column_border_width=&#8220;none&#8220; column_border_style=&#8220;solid&#8220;][\/vc_column][vc_column column_padding=&#8220;no-extra-padding&#8220; column_padding_tablet=&#8220;inherit&#8220; column_padding_phone=&#8220;inherit&#8220; column_padding_position=&#8220;all&#8220; column_element_spacing=&#8220;default&#8220; background_color_opacity=&#8220;1&#8243; background_hover_color_opacity=&#8220;1&#8243; column_shadow=&#8220;none&#8220; column_border_radius=&#8220;none&#8220; column_link_target=&#8220;_self&#8220; gradient_direction=&#8220;left_to_right&#8220; overlay_strength=&#8220;0.3&#8243; width=&#8220;1\/2&#8243; tablet_width_inherit=&#8220;default&#8220; tablet_text_alignment=&#8220;center&#8220; phone_text_alignment=&#8220;center&#8220; bg_image_animation=&#8220;none&#8220; enable_animation=&#8220;true&#8220; animation=&#8220;flip-in-vertical&#8220; border_type=&#8220;simple&#8220; column_border_width=&#8220;none&#8220; column_border_style=&#8220;solid&#8220;][vc_row_inner column_margin=&#8220;default&#8220; column_direction=&#8220;default&#8220; column_direction_tablet=&#8220;default&#8220; column_direction_phone=&#8220;default&#8220; text_align=&#8220;right&#8220;][vc_column_inner column_padding=&#8220;no-extra-padding&#8220; column_padding_tablet=&#8220;inherit&#8220; column_padding_phone=&#8220;inherit&#8220; column_padding_position=&#8220;all&#8220; column_element_spacing=&#8220;default&#8220; background_color_opacity=&#8220;1&#8243; background_hover_color_opacity=&#8220;1&#8243; column_shadow=&#8220;none&#8220; column_border_radius=&#8220;5px&#8220; column_link_target=&#8220;_self&#8220; gradient_direction=&#8220;left_to_right&#8220; overlay_strength=&#8220;0.3&#8243; width=&#8220;1\/1&#8243; tablet_width_inherit=&#8220;default&#8220; bg_image_animation=&#8220;none&#8220; border_type=&#8220;simple&#8220; column_border_width=&#8220;none&#8220; column_border_style=&#8220;solid&#8220;][nectar_cta btn_style=&#8220;arrow-animation&#8220; heading_tag=&#8220;p&#8220; text_color=&#8220;#ffffff&#8220; button_color=&#8220;accent-color&#8220; link_type=&#8220;regular&#8220; alignment=&#8220;left&#8220; alignment_tablet=&#8220;default&#8220; alignment_phone=&#8220;default&#8220; display=&#8220;inline&#8220; link_text=&#8220;Klicken Sie hier&#8220; url=&#8220;https:\/\/www.4mentera.com\/de\/rabatte-code-formentera\/&#8220; padding_top=&#8220;20&#8243; padding_right=&#8220;40&#8243; padding_bottom=&#8220;20&#8243; padding_left=&#8220;40&#8243;][\/vc_column_inner][\/vc_row_inner][\/vc_column][\/vc_row][vc_row type=&#8220;full_width_content&#8220; full_screen_row_position=&#8220;middle&#8220; column_margin=&#8220;default&#8220; column_direction=&#8220;default&#8220; column_direction_tablet=&#8220;default&#8220; column_direction_phone=&#8220;default&#8220; scene_position=&#8220;center&#8220; text_color=&#8220;dark&#8220; text_align=&#8220;left&#8220; row_border_radius=&#8220;none&#8220; row_border_radius_applies=&#8220;bg&#8220; overlay_strength=&#8220;0.3&#8243; gradient_direction=&#8220;left_to_right&#8220; shape_divider_position=&#8220;bottom&#8220; bg_image_animation=&#8220;none&#8220; shape_type=&#8220;&#8220;][vc_column column_padding=&#8220;no-extra-padding&#8220; column_padding_tablet=&#8220;inherit&#8220; column_padding_phone=&#8220;inherit&#8220; column_padding_position=&#8220;all&#8220; column_element_spacing=&#8220;default&#8220; background_color_opacity=&#8220;1&#8243; background_hover_color_opacity=&#8220;1&#8243; column_shadow=&#8220;none&#8220; column_border_radius=&#8220;none&#8220; column_link_target=&#8220;_self&#8220; gradient_direction=&#8220;left_to_right&#8220; overlay_strength=&#8220;0.3&#8243; width=&#8220;1\/1&#8243; tablet_width_inherit=&#8220;default&#8220; tablet_text_alignment=&#8220;default&#8220; phone_text_alignment=&#8220;default&#8220; bg_image_animation=&#8220;none&#8220; border_type=&#8220;simple&#8220; column_border_width=&#8220;none&#8220; column_border_style=&#8220;solid&#8220;][divider line_type=&#8220;No Line&#8220; custom_height=&#8220;2&#8243;][\/vc_column][\/vc_row]\n","protected":false},"excerpt":{"rendered":"<p>[vc_row type=&#8220;in_container&#8220; full_screen_row_position=&#8220;middle&#8220; column_margin=&#8220;default&#8220; column_direction=&#8220;default&#8220; column_direction_tablet=&#8220;default&#8220; column_direction_phone=&#8220;default&#8220; scene_position=&#8220;center&#8220; text_color=&#8220;dark&#8220; text_align=&#8220;left&#8220; row_border_radius=&#8220;none&#8220; row_border_radius_applies=&#8220;bg&#8220; overlay_strength=&#8220;0.3&#8243; gradient_direction=&#8220;left_to_right&#8220; shape_divider_position=&#8220;bottom&#8220; bg_image_animation=&#8220;none&#8220;][vc_column column_padding=&#8220;no-extra-padding&#8220; column_padding_tablet=&#8220;inherit&#8220; column_padding_phone=&#8220;inherit&#8220; column_padding_position=&#8220;all&#8220; column_element_spacing=&#8220;default&#8220; background_color_opacity=&#8220;1&#8243; background_hover_color_opacity=&#8220;1&#8243; column_shadow=&#8220;none&#8220; column_border_radius=&#8220;none&#8220; column_link_target=&#8220;_self&#8220; gradient_direction=&#8220;left_to_right&#8220; overlay_strength=&#8220;0.3&#8243; width=&#8220;1\/5&#8243; tablet_width_inherit=&#8220;default&#8220;&#8230;<\/p>\n","protected":false},"author":1,"featured_media":46715,"parent":37105,"menu_order":0,"comment_status":"closed","ping_status":"closed","template":"","meta":{"footnotes":""},"class_list":["post-46731","page","type-page","status-publish","has-post-thumbnail"],"yoast_head":"<!-- This site is optimized with the Yoast SEO plugin v26.8 - https:\/\/yoast.com\/product\/yoast-seo-wordpress\/ -->\n<title>Meeresschildkr\u00f6te am Strand von Formentera freigelassen<\/title>\n<meta name=\"description\" content=\"Eine Meeresschildkr\u00f6te mit Plastikresten im Verdauungssystem wurde nach wochenlanger Pflege auf Formentera freigelassen.\" \/>\n<meta name=\"robots\" content=\"index, follow, max-snippet:-1, max-image-preview:large, max-video-preview:-1\" \/>\n<link rel=\"canonical\" href=\"https:\/\/www.4mentera.com\/de\/formentera-news\/gerettete-schildkroete-freigelassen-formentera\/\" \/>\n<meta property=\"og:locale\" content=\"de_DE\" \/>\n<meta property=\"og:type\" content=\"article\" \/>\n<meta property=\"og:title\" content=\"Meeresschildkr\u00f6te am Strand von Formentera freigelassen\" \/>\n<meta property=\"og:description\" content=\"Eine Meeresschildkr\u00f6te mit Plastikresten im Verdauungssystem wurde nach wochenlanger Pflege auf Formentera freigelassen.\" \/>\n<meta property=\"og:url\" content=\"https:\/\/www.4mentera.com\/de\/formentera-news\/gerettete-schildkroete-freigelassen-formentera\/\" \/>\n<meta property=\"og:site_name\" content=\"4mentera.com\" \/>\n<meta property=\"article:publisher\" content=\"https:\/\/www.facebook.com\/4mentera\/\" \/>\n<meta property=\"article:modified_time\" content=\"2025-05-24T17:02:35+00:00\" \/>\n<meta property=\"og:image\" content=\"https:\/\/www.4mentera.com\/wp-content\/uploads\/2025\/05\/liberacion-tortuga-marina-formentera.jpg\" \/>\n\t<meta property=\"og:image:width\" content=\"500\" \/>\n\t<meta property=\"og:image:height\" content=\"375\" \/>\n\t<meta property=\"og:image:type\" content=\"image\/jpeg\" \/>\n<meta name=\"twitter:card\" content=\"summary_large_image\" \/>\n<meta name=\"twitter:label1\" content=\"Gesch\u00e4tzte Lesezeit\" \/>\n\t<meta name=\"twitter:data1\" content=\"8\u00a0Minuten\" \/>\n<script type=\"application\/ld+json\" class=\"yoast-schema-graph\">{\"@context\":\"https:\/\/schema.org\",\"@graph\":[{\"@type\":\"WebPage\",\"@id\":\"https:\/\/www.4mentera.com\/de\/formentera-news\/gerettete-schildkroete-freigelassen-formentera\/\",\"url\":\"https:\/\/www.4mentera.com\/de\/formentera-news\/gerettete-schildkroete-freigelassen-formentera\/\",\"name\":\"Meeresschildkr\u00f6te am Strand von Formentera freigelassen\",\"isPartOf\":{\"@id\":\"https:\/\/www.4mentera.com\/de\/#website\"},\"primaryImageOfPage\":{\"@id\":\"https:\/\/www.4mentera.com\/de\/formentera-news\/gerettete-schildkroete-freigelassen-formentera\/#primaryimage\"},\"image\":{\"@id\":\"https:\/\/www.4mentera.com\/de\/formentera-news\/gerettete-schildkroete-freigelassen-formentera\/#primaryimage\"},\"thumbnailUrl\":\"https:\/\/www.4mentera.com\/wp-content\/uploads\/2025\/05\/liberacion-tortuga-marina-formentera.jpg\",\"datePublished\":\"2025-05-24T16:51:00+00:00\",\"dateModified\":\"2025-05-24T17:02:35+00:00\",\"description\":\"Eine Meeresschildkr\u00f6te mit Plastikresten im Verdauungssystem wurde nach wochenlanger Pflege auf Formentera freigelassen.\",\"breadcrumb\":{\"@id\":\"https:\/\/www.4mentera.com\/de\/formentera-news\/gerettete-schildkroete-freigelassen-formentera\/#breadcrumb\"},\"inLanguage\":\"de\",\"potentialAction\":[{\"@type\":\"ReadAction\",\"target\":[\"https:\/\/www.4mentera.com\/de\/formentera-news\/gerettete-schildkroete-freigelassen-formentera\/\"]}]},{\"@type\":\"ImageObject\",\"inLanguage\":\"de\",\"@id\":\"https:\/\/www.4mentera.com\/de\/formentera-news\/gerettete-schildkroete-freigelassen-formentera\/#primaryimage\",\"url\":\"https:\/\/www.4mentera.com\/wp-content\/uploads\/2025\/05\/liberacion-tortuga-marina-formentera.jpg\",\"contentUrl\":\"https:\/\/www.4mentera.com\/wp-content\/uploads\/2025\/05\/liberacion-tortuga-marina-formentera.jpg\",\"width\":500,\"height\":375,\"caption\":\"liberacion-tortuga-marina-formentera\"},{\"@type\":\"BreadcrumbList\",\"@id\":\"https:\/\/www.4mentera.com\/de\/formentera-news\/gerettete-schildkroete-freigelassen-formentera\/#breadcrumb\",\"itemListElement\":[{\"@type\":\"ListItem\",\"position\":1,\"name\":\"\",\"item\":\"https:\/\/www.4mentera.com\/de\/\"},{\"@type\":\"ListItem\",\"position\":2,\"name\":\"Formentera Nachrichten\",\"item\":\"https:\/\/www.4mentera.com\/de\/formentera-news\/\"},{\"@type\":\"ListItem\",\"position\":3,\"name\":\"Gerettete Schildkr\u00f6te freigelassen\"}]},{\"@type\":\"WebSite\",\"@id\":\"https:\/\/www.4mentera.com\/de\/#website\",\"url\":\"https:\/\/www.4mentera.com\/de\/\",\"name\":\"4mentera.com\",\"description\":\"Guia de Formentera\",\"publisher\":{\"@id\":\"https:\/\/www.4mentera.com\/de\/#organization\"},\"potentialAction\":[{\"@type\":\"SearchAction\",\"target\":{\"@type\":\"EntryPoint\",\"urlTemplate\":\"https:\/\/www.4mentera.com\/de\/?s={search_term_string}\"},\"query-input\":{\"@type\":\"PropertyValueSpecification\",\"valueRequired\":true,\"valueName\":\"search_term_string\"}}],\"inLanguage\":\"de\"},{\"@type\":\"Organization\",\"@id\":\"https:\/\/www.4mentera.com\/de\/#organization\",\"name\":\"4mentera\",\"url\":\"https:\/\/www.4mentera.com\/de\/\",\"logo\":{\"@type\":\"ImageObject\",\"inLanguage\":\"de\",\"@id\":\"https:\/\/www.4mentera.com\/de\/#\/schema\/logo\/image\/\",\"url\":\"https:\/\/www.4mentera.com\/wp-content\/uploads\/2019\/06\/cropped-Logo-Negro-250x90.png\",\"contentUrl\":\"https:\/\/www.4mentera.com\/wp-content\/uploads\/2019\/06\/cropped-Logo-Negro-250x90.png\",\"width\":250,\"height\":91,\"caption\":\"4mentera\"},\"image\":{\"@id\":\"https:\/\/www.4mentera.com\/de\/#\/schema\/logo\/image\/\"},\"sameAs\":[\"https:\/\/www.facebook.com\/4mentera\/\",\"https:\/\/www.instagram.com\/4mentera.com_\/\"]}]}<\/script>\n<!-- \/ Yoast SEO plugin. -->","yoast_head_json":{"title":"Meeresschildkr\u00f6te am Strand von Formentera freigelassen","description":"Eine Meeresschildkr\u00f6te mit Plastikresten im Verdauungssystem wurde nach wochenlanger Pflege auf Formentera freigelassen.","robots":{"index":"index","follow":"follow","max-snippet":"max-snippet:-1","max-image-preview":"max-image-preview:large","max-video-preview":"max-video-preview:-1"},"canonical":"https:\/\/www.4mentera.com\/de\/formentera-news\/gerettete-schildkroete-freigelassen-formentera\/","og_locale":"de_DE","og_type":"article","og_title":"Meeresschildkr\u00f6te am Strand von Formentera freigelassen","og_description":"Eine Meeresschildkr\u00f6te mit Plastikresten im Verdauungssystem wurde nach wochenlanger Pflege auf Formentera freigelassen.","og_url":"https:\/\/www.4mentera.com\/de\/formentera-news\/gerettete-schildkroete-freigelassen-formentera\/","og_site_name":"4mentera.com","article_publisher":"https:\/\/www.facebook.com\/4mentera\/","article_modified_time":"2025-05-24T17:02:35+00:00","og_image":[{"width":500,"height":375,"url":"https:\/\/www.4mentera.com\/wp-content\/uploads\/2025\/05\/liberacion-tortuga-marina-formentera.jpg","type":"image\/jpeg"}],"twitter_card":"summary_large_image","twitter_misc":{"Gesch\u00e4tzte Lesezeit":"8\u00a0Minuten"},"schema":{"@context":"https:\/\/schema.org","@graph":[{"@type":"WebPage","@id":"https:\/\/www.4mentera.com\/de\/formentera-news\/gerettete-schildkroete-freigelassen-formentera\/","url":"https:\/\/www.4mentera.com\/de\/formentera-news\/gerettete-schildkroete-freigelassen-formentera\/","name":"Meeresschildkr\u00f6te am Strand von Formentera freigelassen","isPartOf":{"@id":"https:\/\/www.4mentera.com\/de\/#website"},"primaryImageOfPage":{"@id":"https:\/\/www.4mentera.com\/de\/formentera-news\/gerettete-schildkroete-freigelassen-formentera\/#primaryimage"},"image":{"@id":"https:\/\/www.4mentera.com\/de\/formentera-news\/gerettete-schildkroete-freigelassen-formentera\/#primaryimage"},"thumbnailUrl":"https:\/\/www.4mentera.com\/wp-content\/uploads\/2025\/05\/liberacion-tortuga-marina-formentera.jpg","datePublished":"2025-05-24T16:51:00+00:00","dateModified":"2025-05-24T17:02:35+00:00","description":"Eine Meeresschildkr\u00f6te mit Plastikresten im Verdauungssystem wurde nach wochenlanger Pflege auf Formentera freigelassen.","breadcrumb":{"@id":"https:\/\/www.4mentera.com\/de\/formentera-news\/gerettete-schildkroete-freigelassen-formentera\/#breadcrumb"},"inLanguage":"de","potentialAction":[{"@type":"ReadAction","target":["https:\/\/www.4mentera.com\/de\/formentera-news\/gerettete-schildkroete-freigelassen-formentera\/"]}]},{"@type":"ImageObject","inLanguage":"de","@id":"https:\/\/www.4mentera.com\/de\/formentera-news\/gerettete-schildkroete-freigelassen-formentera\/#primaryimage","url":"https:\/\/www.4mentera.com\/wp-content\/uploads\/2025\/05\/liberacion-tortuga-marina-formentera.jpg","contentUrl":"https:\/\/www.4mentera.com\/wp-content\/uploads\/2025\/05\/liberacion-tortuga-marina-formentera.jpg","width":500,"height":375,"caption":"liberacion-tortuga-marina-formentera"},{"@type":"BreadcrumbList","@id":"https:\/\/www.4mentera.com\/de\/formentera-news\/gerettete-schildkroete-freigelassen-formentera\/#breadcrumb","itemListElement":[{"@type":"ListItem","position":1,"name":"","item":"https:\/\/www.4mentera.com\/de\/"},{"@type":"ListItem","position":2,"name":"Formentera Nachrichten","item":"https:\/\/www.4mentera.com\/de\/formentera-news\/"},{"@type":"ListItem","position":3,"name":"Gerettete Schildkr\u00f6te freigelassen"}]},{"@type":"WebSite","@id":"https:\/\/www.4mentera.com\/de\/#website","url":"https:\/\/www.4mentera.com\/de\/","name":"4mentera.com","description":"Guia de Formentera","publisher":{"@id":"https:\/\/www.4mentera.com\/de\/#organization"},"potentialAction":[{"@type":"SearchAction","target":{"@type":"EntryPoint","urlTemplate":"https:\/\/www.4mentera.com\/de\/?s={search_term_string}"},"query-input":{"@type":"PropertyValueSpecification","valueRequired":true,"valueName":"search_term_string"}}],"inLanguage":"de"},{"@type":"Organization","@id":"https:\/\/www.4mentera.com\/de\/#organization","name":"4mentera","url":"https:\/\/www.4mentera.com\/de\/","logo":{"@type":"ImageObject","inLanguage":"de","@id":"https:\/\/www.4mentera.com\/de\/#\/schema\/logo\/image\/","url":"https:\/\/www.4mentera.com\/wp-content\/uploads\/2019\/06\/cropped-Logo-Negro-250x90.png","contentUrl":"https:\/\/www.4mentera.com\/wp-content\/uploads\/2019\/06\/cropped-Logo-Negro-250x90.png","width":250,"height":91,"caption":"4mentera"},"image":{"@id":"https:\/\/www.4mentera.com\/de\/#\/schema\/logo\/image\/"},"sameAs":["https:\/\/www.facebook.com\/4mentera\/","https:\/\/www.instagram.com\/4mentera.com_\/"]}]}},"_links":{"self":[{"href":"https:\/\/www.4mentera.com\/de\/wp-json\/wp\/v2\/pages\/46731","targetHints":{"allow":["GET"]}}],"collection":[{"href":"https:\/\/www.4mentera.com\/de\/wp-json\/wp\/v2\/pages"}],"about":[{"href":"https:\/\/www.4mentera.com\/de\/wp-json\/wp\/v2\/types\/page"}],"author":[{"embeddable":true,"href":"https:\/\/www.4mentera.com\/de\/wp-json\/wp\/v2\/users\/1"}],"replies":[{"embeddable":true,"href":"https:\/\/www.4mentera.com\/de\/wp-json\/wp\/v2\/comments?post=46731"}],"version-history":[{"count":3,"href":"https:\/\/www.4mentera.com\/de\/wp-json\/wp\/v2\/pages\/46731\/revisions"}],"predecessor-version":[{"id":46735,"href":"https:\/\/www.4mentera.com\/de\/wp-json\/wp\/v2\/pages\/46731\/revisions\/46735"}],"up":[{"embeddable":true,"href":"https:\/\/www.4mentera.com\/de\/wp-json\/wp\/v2\/pages\/37105"}],"wp:featuredmedia":[{"embeddable":true,"href":"https:\/\/www.4mentera.com\/de\/wp-json\/wp\/v2\/media\/46715"}],"wp:attachment":[{"href":"https:\/\/www.4mentera.com\/de\/wp-json\/wp\/v2\/media?parent=46731"}],"curies":[{"name":"wp","href":"https:\/\/api.w.org\/{rel}","templated":true}]}}