{"id":47437,"date":"2025-07-01T17:32:01","date_gmt":"2025-07-01T17:32:01","guid":{"rendered":"https:\/\/www.4mentera.com\/?page_id=47437"},"modified":"2025-07-18T07:01:17","modified_gmt":"2025-07-18T07:01:17","slug":"yacht-attila-gestrandet-vor-formentera","status":"publish","type":"page","link":"https:\/\/www.4mentera.com\/de\/formentera-news\/yacht-attila-gestrandet-vor-formentera\/","title":{"rendered":"Yacht Attila gestrandet vor Formentera"},"content":{"rendered":"[vc_row type=&#8220;in_container&#8220; full_screen_row_position=&#8220;middle&#8220; column_margin=&#8220;default&#8220; column_direction=&#8220;default&#8220; column_direction_tablet=&#8220;default&#8220; column_direction_phone=&#8220;default&#8220; scene_position=&#8220;center&#8220; text_color=&#8220;dark&#8220; text_align=&#8220;left&#8220; row_border_radius=&#8220;none&#8220; row_border_radius_applies=&#8220;bg&#8220; overlay_strength=&#8220;0.3&#8243; gradient_direction=&#8220;left_to_right&#8220; shape_divider_position=&#8220;bottom&#8220; bg_image_animation=&#8220;none&#8220;][vc_column column_padding=&#8220;no-extra-padding&#8220; column_padding_tablet=&#8220;inherit&#8220; column_padding_phone=&#8220;inherit&#8220; column_padding_position=&#8220;all&#8220; column_element_spacing=&#8220;default&#8220; background_color_opacity=&#8220;1&#8243; background_hover_color_opacity=&#8220;1&#8243; column_shadow=&#8220;none&#8220; column_border_radius=&#8220;none&#8220; column_link_target=&#8220;_self&#8220; gradient_direction=&#8220;left_to_right&#8220; overlay_strength=&#8220;0.3&#8243; width=&#8220;1\/5&#8243; tablet_width_inherit=&#8220;default&#8220; tablet_text_alignment=&#8220;default&#8220; phone_text_alignment=&#8220;default&#8220; bg_image_animation=&#8220;none&#8220; border_type=&#8220;simple&#8220; column_border_width=&#8220;none&#8220; column_border_style=&#8220;solid&#8220;][\/vc_column][vc_column column_padding=&#8220;no-extra-padding&#8220; column_padding_tablet=&#8220;inherit&#8220; column_padding_phone=&#8220;inherit&#8220; column_padding_position=&#8220;all&#8220; column_element_spacing=&#8220;default&#8220; background_color_opacity=&#8220;1&#8243; background_hover_color_opacity=&#8220;1&#8243; column_shadow=&#8220;none&#8220; column_border_radius=&#8220;none&#8220; column_link_target=&#8220;_self&#8220; gradient_direction=&#8220;left_to_right&#8220; overlay_strength=&#8220;0.3&#8243; width=&#8220;3\/5&#8243; tablet_width_inherit=&#8220;default&#8220; tablet_text_alignment=&#8220;default&#8220; phone_text_alignment=&#8220;default&#8220; bg_image_animation=&#8220;none&#8220; border_type=&#8220;simple&#8220; column_border_width=&#8220;none&#8220; column_border_style=&#8220;solid&#8220;][image_with_animation image_url=&#8220;34250&#8243; animation=&#8220;None&#8220; hover_animation=&#8220;none&#8220; alignment=&#8220;center&#8220; border_radius=&#8220;none&#8220; box_shadow=&#8220;none&#8220; image_loading=&#8220;default&#8220; max_width=&#8220;100%&#8220; max_width_mobile=&#8220;default&#8220;][\/vc_column][vc_column column_padding=&#8220;no-extra-padding&#8220; column_padding_tablet=&#8220;inherit&#8220; column_padding_phone=&#8220;inherit&#8220; column_padding_position=&#8220;all&#8220; column_element_spacing=&#8220;default&#8220; background_color_opacity=&#8220;1&#8243; background_hover_color_opacity=&#8220;1&#8243; column_shadow=&#8220;none&#8220; column_border_radius=&#8220;none&#8220; column_link_target=&#8220;_self&#8220; gradient_direction=&#8220;left_to_right&#8220; overlay_strength=&#8220;0.3&#8243; width=&#8220;1\/5&#8243; tablet_width_inherit=&#8220;default&#8220; tablet_text_alignment=&#8220;default&#8220; phone_text_alignment=&#8220;default&#8220; bg_image_animation=&#8220;none&#8220; border_type=&#8220;simple&#8220; column_border_width=&#8220;none&#8220; column_border_style=&#8220;solid&#8220;][\/vc_column][\/vc_row][vc_row type=&#8220;full_width_background&#8220; full_screen_row_position=&#8220;middle&#8220; column_margin=&#8220;default&#8220; column_direction=&#8220;default&#8220; column_direction_tablet=&#8220;default&#8220; column_direction_phone=&#8220;default&#8220; scene_position=&#8220;center&#8220; text_color=&#8220;dark&#8220; text_align=&#8220;left&#8220; row_border_radius=&#8220;none&#8220; row_border_radius_applies=&#8220;bg&#8220; overlay_strength=&#8220;0.3&#8243; gradient_direction=&#8220;left_to_right&#8220; shape_divider_position=&#8220;bottom&#8220; bg_image_animation=&#8220;none&#8220; shape_type=&#8220;&#8220;][vc_column column_padding=&#8220;no-extra-padding&#8220; column_padding_tablet=&#8220;inherit&#8220; column_padding_phone=&#8220;inherit&#8220; column_padding_position=&#8220;all&#8220; column_element_spacing=&#8220;default&#8220; background_color_opacity=&#8220;1&#8243; background_hover_color_opacity=&#8220;1&#8243; font_color=&#8220;#ffffff&#8220; column_shadow=&#8220;none&#8220; column_border_radius=&#8220;none&#8220; column_link_target=&#8220;_self&#8220; gradient_direction=&#8220;left_to_right&#8220; overlay_strength=&#8220;0.3&#8243; width=&#8220;1\/1&#8243; tablet_width_inherit=&#8220;default&#8220; tablet_text_alignment=&#8220;default&#8220; phone_text_alignment=&#8220;default&#8220; bg_image_animation=&#8220;none&#8220; enable_animation=&#8220;true&#8220; animation=&#8220;grow-in&#8220; border_type=&#8220;simple&#8220; column_border_width=&#8220;none&#8220; column_border_style=&#8220;solid&#8220;][divider line_type=&#8220;No Line&#8220; custom_height=&#8220;2&#8243;][\/vc_column][\/vc_row][vc_row type=&#8220;in_container&#8220; full_screen_row_position=&#8220;middle&#8220; column_margin=&#8220;default&#8220; column_direction=&#8220;default&#8220; column_direction_tablet=&#8220;default&#8220; column_direction_phone=&#8220;default&#8220; scene_position=&#8220;center&#8220; text_color=&#8220;dark&#8220; text_align=&#8220;left&#8220; row_border_radius=&#8220;none&#8220; row_border_radius_applies=&#8220;bg&#8220; overlay_strength=&#8220;0.3&#8243; gradient_direction=&#8220;left_to_right&#8220; shape_divider_position=&#8220;bottom&#8220; bg_image_animation=&#8220;none&#8220; shape_type=&#8220;&#8220;][vc_column column_padding=&#8220;no-extra-padding&#8220; column_padding_tablet=&#8220;inherit&#8220; column_padding_phone=&#8220;inherit&#8220; column_padding_position=&#8220;all&#8220; column_element_spacing=&#8220;default&#8220; background_color_opacity=&#8220;1&#8243; background_hover_color_opacity=&#8220;1&#8243; column_shadow=&#8220;none&#8220; column_border_radius=&#8220;none&#8220; column_link_target=&#8220;_self&#8220; gradient_direction=&#8220;left_to_right&#8220; overlay_strength=&#8220;0.3&#8243; width=&#8220;1\/1&#8243; tablet_width_inherit=&#8220;default&#8220; tablet_text_alignment=&#8220;default&#8220; phone_text_alignment=&#8220;default&#8220; bg_image_animation=&#8220;none&#8220; border_type=&#8220;simple&#8220; column_border_width=&#8220;none&#8220; column_border_style=&#8220;solid&#8220;][vc_column_text]\n<h1 style=\"font-size: 30px; text-align: center;\"><strong><span style=\"color: #084689;\">Yacht Attila<\/span><\/strong><\/h1>\n<p>&nbsp;<\/p>\n<h3 style=\"text-align: center;\"><strong><span style=\"color: #084689;\">Gestrandet vor Formentera<\/span><\/strong><\/h3>\n[\/vc_column_text][divider line_type=&#8220;No Line&#8220; custom_height=&#8220;10&#8243;][\/vc_column][\/vc_row][vc_row type=&#8220;in_container&#8220; full_screen_row_position=&#8220;middle&#8220; column_margin=&#8220;default&#8220; column_direction=&#8220;default&#8220; column_direction_tablet=&#8220;default&#8220; column_direction_phone=&#8220;default&#8220; scene_position=&#8220;center&#8220; text_color=&#8220;dark&#8220; text_align=&#8220;left&#8220; row_border_radius=&#8220;none&#8220; row_border_radius_applies=&#8220;bg&#8220; overlay_strength=&#8220;0.3&#8243; gradient_direction=&#8220;left_to_right&#8220; shape_divider_position=&#8220;bottom&#8220; bg_image_animation=&#8220;none&#8220;][vc_column column_padding=&#8220;no-extra-padding&#8220; column_padding_tablet=&#8220;inherit&#8220; column_padding_phone=&#8220;inherit&#8220; column_padding_position=&#8220;all&#8220; column_element_spacing=&#8220;default&#8220; centered_text=&#8220;true&#8220; background_color_opacity=&#8220;1&#8243; background_hover_color_opacity=&#8220;1&#8243; column_shadow=&#8220;none&#8220; column_border_radius=&#8220;none&#8220; column_link_target=&#8220;_self&#8220; gradient_direction=&#8220;left_to_right&#8220; overlay_strength=&#8220;0.3&#8243; width=&#8220;1\/2&#8243; tablet_width_inherit=&#8220;default&#8220; tablet_text_alignment=&#8220;default&#8220; phone_text_alignment=&#8220;default&#8220; bg_image_animation=&#8220;none&#8220; border_type=&#8220;simple&#8220; column_border_width=&#8220;none&#8220; column_border_style=&#8220;solid&#8220;][divider line_type=&#8220;No Line&#8220; custom_height=&#8220;10&#8243;][image_with_animation image_url=&#8220;47864&#8243; animation=&#8220;None&#8220; hover_animation=&#8220;none&#8220; alignment=&#8220;&#8220; border_radius=&#8220;none&#8220; box_shadow=&#8220;none&#8220; image_loading=&#8220;default&#8220; max_width=&#8220;100%&#8220; max_width_mobile=&#8220;default&#8220;][\/vc_column][vc_column column_padding=&#8220;no-extra-padding&#8220; column_padding_tablet=&#8220;inherit&#8220; column_padding_phone=&#8220;inherit&#8220; column_padding_position=&#8220;all&#8220; column_element_spacing=&#8220;default&#8220; background_color_opacity=&#8220;1&#8243; background_hover_color_opacity=&#8220;1&#8243; column_shadow=&#8220;none&#8220; column_border_radius=&#8220;none&#8220; column_link_target=&#8220;_self&#8220; gradient_direction=&#8220;left_to_right&#8220; overlay_strength=&#8220;0.3&#8243; width=&#8220;1\/2&#8243; tablet_width_inherit=&#8220;default&#8220; tablet_text_alignment=&#8220;default&#8220; phone_text_alignment=&#8220;default&#8220; bg_image_animation=&#8220;none&#8220; border_type=&#8220;simple&#8220; column_border_width=&#8220;none&#8220; column_border_style=&#8220;solid&#8220;][vc_column_text]Formentera, 1. Juli 2025<\/p>\n<p><strong><span style=\"color: #084689;\">In den kristallklaren Gew\u00e4ssern rund um Formentera bringt der Sommer <\/span><\/strong>nicht nur Touristen auf der Suche nach Sonne und idyllischen Str\u00e4nden, sondern auch einen regen Verkehr von Freizeitschiffen, Luxusyachten und Schnellbooten, vor allem aus Ibiza.<\/p>\n<p>Dieses st\u00e4ndige Kommen und Gehen macht die Gegend zu einer der am st\u00e4rksten befahrenen im Mittelmeerraum, was das Risiko von Zwischenf\u00e4llen im maritimen Umfeld erheblich erh\u00f6ht. Die K\u00fcsten Formenteras mit ihren Sandb\u00e4nken und flachen Gew\u00e4ssern sind besonders anf\u00e4llig f\u00fcr Grundber\u00fchrungen, Pannen und andere Zwischenf\u00e4lle, die gelegentlich die Rettungsprotokolle der ohnehin sp\u00e4rlich ausgestatteten Einsatzkr\u00e4fte der Pityusen ausl\u00f6sen.<\/p>\n<p>Heute haben zwei Vorf\u00e4lle erneut gezeigt, wie heikel diese Situation ist: Einerseits ist die Luxusyacht <em data-start=\"868\" data-end=\"876\">Attila<\/em> nahe Es Pujols auf Grund gelaufen, andererseits sorgte Rauchentwicklung im Maschinenraum eines deutschen Motorbootes in der N\u00e4he von s\u2019Espalmador f\u00fcr Alarm.[\/vc_column_text][\/vc_column][\/vc_row][vc_row type=&#8220;in_container&#8220; full_screen_row_position=&#8220;middle&#8220; column_margin=&#8220;default&#8220; column_direction=&#8220;default&#8220; column_direction_tablet=&#8220;default&#8220; column_direction_phone=&#8220;default&#8220; scene_position=&#8220;center&#8220; text_color=&#8220;dark&#8220; text_align=&#8220;left&#8220; row_border_radius=&#8220;none&#8220; row_border_radius_applies=&#8220;bg&#8220; overlay_strength=&#8220;0.3&#8243; gradient_direction=&#8220;left_to_right&#8220; shape_divider_position=&#8220;bottom&#8220; bg_image_animation=&#8220;none&#8220;][vc_column column_padding=&#8220;no-extra-padding&#8220; column_padding_tablet=&#8220;inherit&#8220; column_padding_phone=&#8220;inherit&#8220; column_padding_position=&#8220;all&#8220; column_element_spacing=&#8220;default&#8220; background_color_opacity=&#8220;1&#8243; background_hover_color_opacity=&#8220;1&#8243; column_shadow=&#8220;none&#8220; column_border_radius=&#8220;none&#8220; column_link_target=&#8220;_self&#8220; gradient_direction=&#8220;left_to_right&#8220; overlay_strength=&#8220;0.3&#8243; width=&#8220;1\/1&#8243; tablet_width_inherit=&#8220;default&#8220; tablet_text_alignment=&#8220;default&#8220; phone_text_alignment=&#8220;default&#8220; bg_image_animation=&#8220;none&#8220; border_type=&#8220;simple&#8220; column_border_width=&#8220;none&#8220; column_border_style=&#8220;solid&#8220;][vc_column_text]Solche Vorf\u00e4lle, die immer h\u00e4ufiger auftreten, unterstreichen die Bedeutung von Umsicht, der Einhaltung nautischer Vorschriften und der technischen Vorbereitung der Besatzungen, die in diesen Gew\u00e4ssern unterwegs sind.[\/vc_column_text][divider line_type=&#8220;No Line&#8220; custom_height=&#8220;10&#8243;][\/vc_column][\/vc_row][vc_row type=&#8220;in_container&#8220; full_screen_row_position=&#8220;middle&#8220; column_margin=&#8220;default&#8220; column_direction=&#8220;default&#8220; column_direction_tablet=&#8220;default&#8220; column_direction_phone=&#8220;default&#8220; scene_position=&#8220;center&#8220; text_color=&#8220;dark&#8220; text_align=&#8220;center&#8220; row_border_radius=&#8220;none&#8220; row_border_radius_applies=&#8220;bg&#8220; overlay_strength=&#8220;0.3&#8243; gradient_direction=&#8220;left_to_right&#8220; shape_divider_position=&#8220;bottom&#8220; bg_image_animation=&#8220;none&#8220; shape_type=&#8220;&#8220;][vc_column column_padding=&#8220;no-extra-padding&#8220; column_padding_tablet=&#8220;inherit&#8220; column_padding_phone=&#8220;inherit&#8220; column_padding_position=&#8220;all&#8220; column_element_spacing=&#8220;default&#8220; background_color_opacity=&#8220;1&#8243; background_hover_color_opacity=&#8220;1&#8243; column_shadow=&#8220;none&#8220; column_border_radius=&#8220;none&#8220; column_link_target=&#8220;_self&#8220; gradient_direction=&#8220;left_to_right&#8220; overlay_strength=&#8220;0.3&#8243; width=&#8220;1\/2&#8243; tablet_width_inherit=&#8220;default&#8220; tablet_text_alignment=&#8220;default&#8220; phone_text_alignment=&#8220;default&#8220; bg_image_animation=&#8220;none&#8220; border_type=&#8220;simple&#8220; column_border_width=&#8220;none&#8220; column_border_style=&#8220;solid&#8220;][image_with_animation image_url=&#8220;42301&#8243; animation=&#8220;None&#8220; hover_animation=&#8220;none&#8220; alignment=&#8220;center&#8220; img_link_target=&#8220;_blank&#8220; border_radius=&#8220;none&#8220; box_shadow=&#8220;none&#8220; image_loading=&#8220;default&#8220; max_width=&#8220;100%&#8220; max_width_mobile=&#8220;default&#8220; img_link=&#8220;https:\/\/www.trasmapi.com\/?origin=www.4mentera.com&amp;promo=4mentera&amp;lang=de&#8220;][\/vc_column][vc_column column_padding=&#8220;no-extra-padding&#8220; column_padding_tablet=&#8220;inherit&#8220; column_padding_phone=&#8220;inherit&#8220; column_padding_position=&#8220;all&#8220; column_element_spacing=&#8220;default&#8220; centered_text=&#8220;true&#8220; background_color_opacity=&#8220;1&#8243; background_hover_color_opacity=&#8220;1&#8243; column_shadow=&#8220;none&#8220; column_border_radius=&#8220;none&#8220; column_link_target=&#8220;_self&#8220; gradient_direction=&#8220;left_to_right&#8220; overlay_strength=&#8220;0.3&#8243; width=&#8220;1\/2&#8243; tablet_width_inherit=&#8220;default&#8220; tablet_text_alignment=&#8220;default&#8220; phone_text_alignment=&#8220;default&#8220; bg_image_animation=&#8220;none&#8220; border_type=&#8220;simple&#8220; column_border_width=&#8220;none&#8220; column_border_style=&#8220;solid&#8220;][image_with_animation image_url=&#8220;37174&#8243; animation=&#8220;None&#8220; hover_animation=&#8220;none&#8220; alignment=&#8220;center&#8220; border_radius=&#8220;none&#8220; box_shadow=&#8220;none&#8220; image_loading=&#8220;default&#8220; max_width=&#8220;100%&#8220; max_width_mobile=&#8220;default&#8220; img_link=&#8220;https:\/\/www.4mentera.com\/de\/auto-moto-mietung-formentera\/&#8220;][\/vc_column][\/vc_row][vc_row type=&#8220;in_container&#8220; full_screen_row_position=&#8220;middle&#8220; column_margin=&#8220;default&#8220; column_direction=&#8220;default&#8220; column_direction_tablet=&#8220;default&#8220; column_direction_phone=&#8220;default&#8220; scene_position=&#8220;center&#8220; text_color=&#8220;dark&#8220; text_align=&#8220;left&#8220; row_border_radius=&#8220;none&#8220; row_border_radius_applies=&#8220;bg&#8220; overlay_strength=&#8220;0.3&#8243; gradient_direction=&#8220;left_to_right&#8220; shape_divider_position=&#8220;bottom&#8220; bg_image_animation=&#8220;none&#8220;][vc_column column_padding=&#8220;no-extra-padding&#8220; column_padding_tablet=&#8220;inherit&#8220; column_padding_phone=&#8220;inherit&#8220; column_padding_position=&#8220;all&#8220; column_element_spacing=&#8220;default&#8220; background_color_opacity=&#8220;1&#8243; background_hover_color_opacity=&#8220;1&#8243; column_shadow=&#8220;none&#8220; column_border_radius=&#8220;none&#8220; column_link_target=&#8220;_self&#8220; gradient_direction=&#8220;left_to_right&#8220; overlay_strength=&#8220;0.3&#8243; width=&#8220;1\/1&#8243; tablet_width_inherit=&#8220;default&#8220; tablet_text_alignment=&#8220;default&#8220; phone_text_alignment=&#8220;default&#8220; bg_image_animation=&#8220;none&#8220; border_type=&#8220;simple&#8220; column_border_width=&#8220;none&#8220; column_border_style=&#8220;solid&#8220;][divider line_type=&#8220;No Line&#8220; custom_height=&#8220;10&#8243;][vc_column_text]\n<h2 style=\"text-align: center;\"><span style=\"color: #084689;\"><strong><span style=\"color: #084689;\">Superyacht Attila<\/span><\/strong><\/span><\/h2>\n<p>Am vergangenen Dienstag gegen 14:30 Uhr lief die imposante Superyacht <em data-start=\"1373\" data-end=\"1381\">Attila<\/em> in einem flachen K\u00fcstenabschnitt bei Es Pujols auf Grund \u2013 genauer gesagt auf der Untiefe \u201eSa Roqueta\u201c vor dem Strand von Ses Canyes an der Ostk\u00fcste Formenteras.<br data-start=\"1543\" data-end=\"1546\" \/>Das in Italien gebaute und auf 70 Millionen Dollar gesch\u00e4tzte Schiff war in der Gegend unterwegs, als es aus bislang ungekl\u00e4rten Gr\u00fcnden festlief.<br data-start=\"1692\" data-end=\"1695\" \/>Die <em data-start=\"1699\" data-end=\"1707\">Attila<\/em> ist 64 Meter lang, verf\u00fcgt \u00fcber f\u00fcnf Decks, einen Hubschrauberlandeplatz, ein Schwimmbecken, ein Spa sowie Unterk\u00fcnfte f\u00fcr 12 G\u00e4ste und 18 Besatzungsmitglieder. Sie ist das gr\u00f6\u00dfte Schiff, das je von der italienischen Werft Sanlorenzo gebaut wurde, und wurde f\u00fcr ihr Innenraumdesign mehrfach international ausgezeichnet.<\/p>\n<p>Angetrieben von Caterpillar-Motoren erreicht sie bis zu 17 Knoten und kann 6.000 Seemeilen ohne Tankstopp zur\u00fccklegen.<br data-start=\"2148\" data-end=\"2151\" \/>Trotz des Ausma\u00dfes des Vorfalls wurden bisher keine Sch\u00e4den am Rumpf oder der Umwelt gemeldet. Dennoch handelt es sich um eine heikle Bergungsaktion, denn ein Schiff dieser Gr\u00f6\u00dfe aus flachem Wasser zu ziehen, birgt sowohl strukturelle als auch \u00f6kologische Risiken.<\/p>\n<h2><\/h2>\n<h2 style=\"text-align: center;\"><span style=\"color: #084689;\"><strong>Aktualisierung vom 2. Juli<\/strong><\/span><\/h2>\n<p data-start=\"1520\" data-end=\"1926\">Einen Tag nach dem Vorfall, bei dem die Superyacht <em data-start=\"1604\" data-end=\"1612\">Attila<\/em> auf einem felsigen Abschnitt vor dem Strand von Ses Canyes auf Grund gelaufen war, konnte sie sich aus eigener Kraft wieder befreien. Dies geschah, nachdem die Hafenbeh\u00f6rde den Eigner aufgefordert hatte, einen Bergungsplan vorzulegen und eine Inspektion des Rumpfes zur \u00dcberpr\u00fcfung der Sicherheit durchzuf\u00fchren.<\/p>\n<p data-start=\"1928\" data-end=\"2172\">Anschlie\u00dfend verlegte die Yacht auf Anordnung des Hafenmeisters in den Hafen Marina Ibiza auf der Nachbarinsel. Dort wird sie einer MOU-Inspektion unterzogen, einem Sicherheitsverfahren, das die Hafenbeh\u00f6rde bei ausl\u00e4ndischen Schiffen anwendet.<\/p>\n[\/vc_column_text][divider line_type=&#8220;No Line&#8220; custom_height=&#8220;10&#8243;][\/vc_column][\/vc_row][vc_row type=&#8220;in_container&#8220; full_screen_row_position=&#8220;middle&#8220; column_margin=&#8220;default&#8220; column_direction=&#8220;default&#8220; column_direction_tablet=&#8220;default&#8220; column_direction_phone=&#8220;default&#8220; scene_position=&#8220;center&#8220; text_color=&#8220;dark&#8220; text_align=&#8220;center&#8220; row_border_radius=&#8220;none&#8220; row_border_radius_applies=&#8220;bg&#8220; overlay_strength=&#8220;0.3&#8243; gradient_direction=&#8220;left_to_right&#8220; shape_divider_position=&#8220;bottom&#8220; bg_image_animation=&#8220;none&#8220; shape_type=&#8220;&#8220;][vc_column column_padding=&#8220;no-extra-padding&#8220; column_padding_tablet=&#8220;inherit&#8220; column_padding_phone=&#8220;inherit&#8220; column_padding_position=&#8220;all&#8220; column_element_spacing=&#8220;default&#8220; background_color_opacity=&#8220;1&#8243; background_hover_color_opacity=&#8220;1&#8243; column_shadow=&#8220;none&#8220; column_border_radius=&#8220;none&#8220; column_link_target=&#8220;_self&#8220; gradient_direction=&#8220;left_to_right&#8220; overlay_strength=&#8220;0.3&#8243; width=&#8220;1\/2&#8243; tablet_width_inherit=&#8220;default&#8220; tablet_text_alignment=&#8220;default&#8220; phone_text_alignment=&#8220;default&#8220; bg_image_animation=&#8220;none&#8220; border_type=&#8220;simple&#8220; column_border_width=&#8220;none&#8220; column_border_style=&#8220;solid&#8220;][image_with_animation image_url=&#8220;37176&#8243; animation=&#8220;None&#8220; hover_animation=&#8220;none&#8220; alignment=&#8220;center&#8220; border_radius=&#8220;none&#8220; box_shadow=&#8220;none&#8220; image_loading=&#8220;default&#8220; max_width=&#8220;100%&#8220; max_width_mobile=&#8220;default&#8220; img_link=&#8220;https:\/\/www.4mentera.com\/de\/rabatte-code-formentera\/unterkunft\/&#8220;][\/vc_column][vc_column column_padding=&#8220;no-extra-padding&#8220; column_padding_tablet=&#8220;inherit&#8220; column_padding_phone=&#8220;inherit&#8220; column_padding_position=&#8220;all&#8220; column_element_spacing=&#8220;default&#8220; background_color_opacity=&#8220;1&#8243; background_hover_color_opacity=&#8220;1&#8243; column_shadow=&#8220;none&#8220; column_border_radius=&#8220;none&#8220; column_link_target=&#8220;_self&#8220; gradient_direction=&#8220;left_to_right&#8220; overlay_strength=&#8220;0.3&#8243; width=&#8220;1\/2&#8243; tablet_width_inherit=&#8220;default&#8220; tablet_text_alignment=&#8220;default&#8220; phone_text_alignment=&#8220;default&#8220; bg_image_animation=&#8220;none&#8220; border_type=&#8220;simple&#8220; column_border_width=&#8220;none&#8220; column_border_style=&#8220;solid&#8220;][image_with_animation image_url=&#8220;43024&#8243; animation=&#8220;Fade In&#8220; hover_animation=&#8220;none&#8220; alignment=&#8220;center&#8220; border_radius=&#8220;none&#8220; box_shadow=&#8220;none&#8220; image_loading=&#8220;default&#8220; max_width=&#8220;100%&#8220; max_width_mobile=&#8220;default&#8220; img_link=&#8220;https:\/\/www.4mentera.com\/de\/rabatte-code-formentera\/&#8220;][\/vc_column][\/vc_row][vc_row type=&#8220;in_container&#8220; full_screen_row_position=&#8220;middle&#8220; column_margin=&#8220;default&#8220; column_direction=&#8220;default&#8220; column_direction_tablet=&#8220;default&#8220; column_direction_phone=&#8220;default&#8220; scene_position=&#8220;center&#8220; text_color=&#8220;dark&#8220; text_align=&#8220;left&#8220; row_border_radius=&#8220;none&#8220; row_border_radius_applies=&#8220;bg&#8220; overlay_strength=&#8220;0.3&#8243; gradient_direction=&#8220;left_to_right&#8220; shape_divider_position=&#8220;bottom&#8220; bg_image_animation=&#8220;none&#8220;][vc_column column_padding=&#8220;no-extra-padding&#8220; column_padding_tablet=&#8220;inherit&#8220; column_padding_phone=&#8220;inherit&#8220; column_padding_position=&#8220;all&#8220; column_element_spacing=&#8220;default&#8220; background_color_opacity=&#8220;1&#8243; background_hover_color_opacity=&#8220;1&#8243; column_shadow=&#8220;none&#8220; column_border_radius=&#8220;none&#8220; column_link_target=&#8220;_self&#8220; gradient_direction=&#8220;left_to_right&#8220; overlay_strength=&#8220;0.3&#8243; width=&#8220;1\/1&#8243; tablet_width_inherit=&#8220;default&#8220; tablet_text_alignment=&#8220;default&#8220; phone_text_alignment=&#8220;default&#8220; bg_image_animation=&#8220;none&#8220; border_type=&#8220;simple&#8220; column_border_width=&#8220;none&#8220; column_border_style=&#8220;solid&#8220;][divider line_type=&#8220;No Line&#8220;][vc_column_text]\n<h2 style=\"text-align: center;\"><span style=\"color: #084689;\"><strong>Schreckmoment bei s\u2019Espalmador<\/strong><\/span><\/h2>\n<p>Am selben Tag erlitt ein deutsches Motorboot eine mechanische Panne, w\u00e4hrend es vor der K\u00fcste von s\u2019Espalmador vor Anker lag.<br data-start=\"2584\" data-end=\"2587\" \/>Aus dem Maschinenraum stieg eine dichte schwarze Rauchwolke auf, die die umliegenden Boote alarmierte.<br data-start=\"2689\" data-end=\"2692\" \/>Mehrere Schlauchboote eilten sofort zur Hilfe, w\u00e4hrend das Seenotrettungszentrum in Palma das Rettungsboot <em data-start=\"2799\" data-end=\"2814\">Salvamar Naos<\/em> in Bereitschaft versetzte.<br data-start=\"2841\" data-end=\"2844\" \/>Gl\u00fccklicherweise konnte die Besatzung die Panne eigenst\u00e4ndig beheben, bevor sich die Situation versch\u00e4rfen konnte.<\/p>\n<h2><\/h2>\n<h2 style=\"text-align: center;\"><span style=\"color: #084689;\"><strong>Hausverstand und Verantwortung<\/strong><\/span><\/h2>\n<p>Diese Vorf\u00e4lle, die immer h\u00e4ufiger auftreten, unterstreichen die Bedeutung von Umsicht, der Einhaltung nautischer Vorschriften und der technischen Vorbereitung der Besatzungen, die in diesen Gew\u00e4ssern unterwegs sind.<br data-start=\"3218\" data-end=\"3221\" \/>Die Vorf\u00e4lle der <em data-start=\"3238\" data-end=\"3246\">Attila<\/em> und des Motorboots bei s\u2019Espalmador sind Mahnungen, dass selbst in idyllischen Szenarien Risiken allgegenw\u00e4rtig sind. Aufmerksamkeit, Koordination und das Einhalten maritimer Regeln sind unerl\u00e4sslich, damit ein scheinbar unbeschwerter Tag auf See nicht in einem Sicherheits- oder Umweltproblem endet.<\/p>\n<p>Und ganz pers\u00f6nlich m\u00f6chte ich hinzuf\u00fcgen, dass ich mir w\u00fcnschen w\u00fcrde, dass f\u00fcr Boote, die nahe der K\u00fcste ankern, ein striktes Verbot gilt, laute Musik zu spielen \u2013 aus R\u00fccksicht auf jene von uns, die einfach entspannt am Strand liegen m\u00f6chten.<br data-start=\"3795\" data-end=\"3798\" \/>Wenig regt mich mehr auf als eine Gruppe r\u00fccksichtsloser Menschen auf ihrem Boot, die mit voller Lautst\u00e4rke Musik aufdrehen \u2013 meistens Techno \u2013 und denen es v\u00f6llig egal ist, dass sie den Rest der Menschen, die das Meer und die Ruhe genie\u00dfen wollen, regelrecht vertreiben mit dem, was ihre Lautsprecher von sich geben.[\/vc_column_text][\/vc_column][\/vc_row][vc_row type=&#8220;in_container&#8220; full_screen_row_position=&#8220;middle&#8220; column_margin=&#8220;default&#8220; column_direction=&#8220;default&#8220; column_direction_tablet=&#8220;default&#8220; column_direction_phone=&#8220;default&#8220; scene_position=&#8220;center&#8220; text_color=&#8220;dark&#8220; text_align=&#8220;left&#8220; row_border_radius=&#8220;none&#8220; row_border_radius_applies=&#8220;bg&#8220; overlay_strength=&#8220;0.3&#8243; gradient_direction=&#8220;left_to_right&#8220; shape_divider_position=&#8220;bottom&#8220; bg_image_animation=&#8220;none&#8220;][vc_column column_padding=&#8220;no-extra-padding&#8220; column_padding_tablet=&#8220;inherit&#8220; column_padding_phone=&#8220;inherit&#8220; column_padding_position=&#8220;all&#8220; column_element_spacing=&#8220;default&#8220; background_color_opacity=&#8220;1&#8243; background_hover_color_opacity=&#8220;1&#8243; column_shadow=&#8220;none&#8220; column_border_radius=&#8220;none&#8220; column_link_target=&#8220;_self&#8220; gradient_direction=&#8220;left_to_right&#8220; overlay_strength=&#8220;0.3&#8243; width=&#8220;1\/1&#8243; tablet_width_inherit=&#8220;default&#8220; tablet_text_alignment=&#8220;default&#8220; phone_text_alignment=&#8220;default&#8220; bg_image_animation=&#8220;none&#8220; border_type=&#8220;simple&#8220; column_border_width=&#8220;none&#8220; column_border_style=&#8220;solid&#8220;][divider line_type=&#8220;No Line&#8220;][vc_row_inner column_margin=&#8220;default&#8220; column_direction=&#8220;default&#8220; column_direction_tablet=&#8220;default&#8220; column_direction_phone=&#8220;default&#8220; text_align=&#8220;left&#8220;][vc_column_inner column_padding=&#8220;no-extra-padding&#8220; column_padding_tablet=&#8220;inherit&#8220; column_padding_phone=&#8220;inherit&#8220; column_padding_position=&#8220;all&#8220; column_element_spacing=&#8220;default&#8220; background_color_opacity=&#8220;1&#8243; background_hover_color_opacity=&#8220;1&#8243; column_shadow=&#8220;none&#8220; column_border_radius=&#8220;none&#8220; column_link_target=&#8220;_self&#8220; gradient_direction=&#8220;left_to_right&#8220; overlay_strength=&#8220;0.3&#8243; width=&#8220;1\/5&#8243; tablet_width_inherit=&#8220;default&#8220; bg_image_animation=&#8220;none&#8220; border_type=&#8220;simple&#8220; column_border_width=&#8220;none&#8220; column_border_style=&#8220;solid&#8220;][image_with_animation image_url=&#8220;37680&#8243; animation=&#8220;Fade In&#8220; hover_animation=&#8220;none&#8220; alignment=&#8220;center&#8220; border_radius=&#8220;none&#8220; box_shadow=&#8220;none&#8220; image_loading=&#8220;default&#8220; max_width=&#8220;75%&#8220; max_width_mobile=&#8220;default&#8220;][\/vc_column_inner][vc_column_inner column_padding=&#8220;no-extra-padding&#8220; column_padding_tablet=&#8220;inherit&#8220; column_padding_phone=&#8220;inherit&#8220; column_padding_position=&#8220;all&#8220; column_element_spacing=&#8220;default&#8220; background_color_opacity=&#8220;1&#8243; background_hover_color_opacity=&#8220;1&#8243; font_color=&#8220;#333333&#8243; column_shadow=&#8220;none&#8220; column_border_radius=&#8220;none&#8220; column_link_target=&#8220;_self&#8220; gradient_direction=&#8220;left_to_right&#8220; overlay_strength=&#8220;0.3&#8243; width=&#8220;3\/5&#8243; tablet_width_inherit=&#8220;default&#8220; bg_image_animation=&#8220;none&#8220; border_type=&#8220;simple&#8220; column_border_width=&#8220;none&#8220; column_border_style=&#8220;solid&#8220;][divider line_type=&#8220;No Line&#8220; custom_height=&#8220;10&#8243;][vc_column_text]\n<p class=\"nombre\">Ich bin <strong>Ram\u00f3n Tur<\/strong>, derjenige, der hinter allem steht, was auf dieser Website \u00fcber Formentera geschrieben und fotografiert wird.<br \/>\nIch entdeckte die Insel im Jahr 1972, als meine Eltern mich zum ersten Mal auf den Ferienort von Ibiza aus mit dem legend\u00e4ren Joven Dolores brachten, und das war Liebe auf den ersten Blick. Im Laufe der Zeit hat sich diese Liebe verst\u00e4rkt und Formentera seit vielen Jahren zu meinem Wohnort gemacht.<br \/>\nWenn Sie m\u00f6chten, k\u00f6nnen Sie mir auf dem <a href=\"https:\/\/www.instagram.com\/4mentera.com_\/\" target=\"_blank\" rel=\"noopener\">Instagram-Profil @4mentera.com_<\/a> folgen.<\/p>\n[\/vc_column_text][\/vc_column_inner][\/vc_row_inner][\/vc_column][\/vc_row][vc_row type=&#8220;full_width_background&#8220; full_screen_row_position=&#8220;middle&#8220; column_margin=&#8220;default&#8220; equal_height=&#8220;yes&#8220; content_placement=&#8220;middle&#8220; column_direction=&#8220;default&#8220; column_direction_tablet=&#8220;default&#8220; column_direction_phone=&#8220;default&#8220; bg_color=&#8220;#ff8c00&#8243; scene_position=&#8220;center&#8220; top_padding=&#8220;30&#8243; bottom_padding=&#8220;30&#8243; text_color=&#8220;light&#8220; text_align=&#8220;left&#8220; row_border_radius=&#8220;none&#8220; row_border_radius_applies=&#8220;bg&#8220; overlay_strength=&#8220;0.95&#8243; gradient_direction=&#8220;left_to_right&#8220; shape_divider_position=&#8220;bottom&#8220; bg_image_animation=&#8220;none&#8220; shape_type=&#8220;&#8220;][vc_column column_padding=&#8220;no-extra-padding&#8220; column_padding_tablet=&#8220;inherit&#8220; column_padding_phone=&#8220;inherit&#8220; column_padding_position=&#8220;all&#8220; column_element_spacing=&#8220;default&#8220; background_color_opacity=&#8220;1&#8243; background_hover_color_opacity=&#8220;1&#8243; column_shadow=&#8220;none&#8220; column_border_radius=&#8220;none&#8220; column_link_target=&#8220;_self&#8220; gradient_direction=&#8220;left_to_right&#8220; overlay_strength=&#8220;0.3&#8243; width=&#8220;5\/12&#8243; tablet_width_inherit=&#8220;default&#8220; tablet_text_alignment=&#8220;center&#8220; phone_text_alignment=&#8220;center&#8220; bg_image_animation=&#8220;none&#8220; enable_animation=&#8220;true&#8220; animation=&#8220;flip-in-vertical&#8220; border_type=&#8220;simple&#8220; column_border_width=&#8220;none&#8220; column_border_style=&#8220;solid&#8220;][split_line_heading animation_type=&#8220;line-reveal-by-space&#8220; font_style=&#8220;p&#8220; content_alignment=&#8220;default&#8220; mobile_content_alignment=&#8220;inherit&#8220; text_content=&#8220;Wenn Sie Formentera besuchen, schauen Sie vorher in unsere Promo-Code-Sektion.&#8220; font_size=&#8220;30&#8243;][\/split_line_heading][\/vc_column][vc_column column_padding=&#8220;no-extra-padding&#8220; column_padding_tablet=&#8220;inherit&#8220; column_padding_phone=&#8220;inherit&#8220; column_padding_position=&#8220;all&#8220; column_element_spacing=&#8220;default&#8220; background_color_opacity=&#8220;1&#8243; background_hover_color_opacity=&#8220;1&#8243; column_shadow=&#8220;none&#8220; column_border_radius=&#8220;none&#8220; column_link_target=&#8220;_self&#8220; gradient_direction=&#8220;left_to_right&#8220; overlay_strength=&#8220;0.3&#8243; width=&#8220;1\/12&#8243; tablet_width_inherit=&#8220;default&#8220; tablet_text_alignment=&#8220;center&#8220; phone_text_alignment=&#8220;center&#8220; bg_image_animation=&#8220;none&#8220; border_type=&#8220;simple&#8220; column_border_width=&#8220;none&#8220; column_border_style=&#8220;solid&#8220;][\/vc_column][vc_column column_padding=&#8220;no-extra-padding&#8220; column_padding_tablet=&#8220;inherit&#8220; column_padding_phone=&#8220;inherit&#8220; column_padding_position=&#8220;all&#8220; column_element_spacing=&#8220;default&#8220; background_color_opacity=&#8220;1&#8243; background_hover_color_opacity=&#8220;1&#8243; column_shadow=&#8220;none&#8220; column_border_radius=&#8220;none&#8220; column_link_target=&#8220;_self&#8220; gradient_direction=&#8220;left_to_right&#8220; overlay_strength=&#8220;0.3&#8243; width=&#8220;1\/2&#8243; tablet_width_inherit=&#8220;default&#8220; tablet_text_alignment=&#8220;center&#8220; phone_text_alignment=&#8220;center&#8220; bg_image_animation=&#8220;none&#8220; enable_animation=&#8220;true&#8220; animation=&#8220;flip-in-vertical&#8220; border_type=&#8220;simple&#8220; column_border_width=&#8220;none&#8220; column_border_style=&#8220;solid&#8220;][vc_row_inner column_margin=&#8220;default&#8220; column_direction=&#8220;default&#8220; column_direction_tablet=&#8220;default&#8220; column_direction_phone=&#8220;default&#8220; text_align=&#8220;right&#8220;][vc_column_inner column_padding=&#8220;no-extra-padding&#8220; column_padding_tablet=&#8220;inherit&#8220; column_padding_phone=&#8220;inherit&#8220; column_padding_position=&#8220;all&#8220; column_element_spacing=&#8220;default&#8220; background_color_opacity=&#8220;1&#8243; background_hover_color_opacity=&#8220;1&#8243; column_shadow=&#8220;none&#8220; column_border_radius=&#8220;5px&#8220; column_link_target=&#8220;_self&#8220; gradient_direction=&#8220;left_to_right&#8220; overlay_strength=&#8220;0.3&#8243; width=&#8220;1\/1&#8243; tablet_width_inherit=&#8220;default&#8220; bg_image_animation=&#8220;none&#8220; border_type=&#8220;simple&#8220; column_border_width=&#8220;none&#8220; column_border_style=&#8220;solid&#8220;][nectar_cta btn_style=&#8220;arrow-animation&#8220; heading_tag=&#8220;p&#8220; text_color=&#8220;#ffffff&#8220; button_color=&#8220;accent-color&#8220; link_type=&#8220;regular&#8220; alignment=&#8220;left&#8220; alignment_tablet=&#8220;default&#8220; alignment_phone=&#8220;default&#8220; display=&#8220;inline&#8220; link_text=&#8220;Klicken Sie hier&#8220; url=&#8220;https:\/\/www.4mentera.com\/de\/rabatte-code-formentera\/&#8220; padding_top=&#8220;20&#8243; padding_right=&#8220;40&#8243; padding_bottom=&#8220;20&#8243; padding_left=&#8220;40&#8243;][\/vc_column_inner][\/vc_row_inner][\/vc_column][\/vc_row][vc_row type=&#8220;full_width_content&#8220; full_screen_row_position=&#8220;middle&#8220; column_margin=&#8220;default&#8220; column_direction=&#8220;default&#8220; column_direction_tablet=&#8220;default&#8220; column_direction_phone=&#8220;default&#8220; scene_position=&#8220;center&#8220; text_color=&#8220;dark&#8220; text_align=&#8220;left&#8220; row_border_radius=&#8220;none&#8220; row_border_radius_applies=&#8220;bg&#8220; overlay_strength=&#8220;0.3&#8243; gradient_direction=&#8220;left_to_right&#8220; shape_divider_position=&#8220;bottom&#8220; bg_image_animation=&#8220;none&#8220; shape_type=&#8220;&#8220;][vc_column column_padding=&#8220;no-extra-padding&#8220; column_padding_tablet=&#8220;inherit&#8220; column_padding_phone=&#8220;inherit&#8220; column_padding_position=&#8220;all&#8220; column_element_spacing=&#8220;default&#8220; background_color_opacity=&#8220;1&#8243; background_hover_color_opacity=&#8220;1&#8243; column_shadow=&#8220;none&#8220; column_border_radius=&#8220;none&#8220; column_link_target=&#8220;_self&#8220; gradient_direction=&#8220;left_to_right&#8220; overlay_strength=&#8220;0.3&#8243; width=&#8220;1\/1&#8243; tablet_width_inherit=&#8220;default&#8220; tablet_text_alignment=&#8220;default&#8220; phone_text_alignment=&#8220;default&#8220; bg_image_animation=&#8220;none&#8220; border_type=&#8220;simple&#8220; column_border_width=&#8220;none&#8220; column_border_style=&#8220;solid&#8220;][divider line_type=&#8220;No Line&#8220; custom_height=&#8220;2&#8243;][\/vc_column][\/vc_row]\n","protected":false},"excerpt":{"rendered":"<p>[vc_row type=&#8220;in_container&#8220; full_screen_row_position=&#8220;middle&#8220; column_margin=&#8220;default&#8220; column_direction=&#8220;default&#8220; column_direction_tablet=&#8220;default&#8220; column_direction_phone=&#8220;default&#8220; scene_position=&#8220;center&#8220; text_color=&#8220;dark&#8220; text_align=&#8220;left&#8220; row_border_radius=&#8220;none&#8220; row_border_radius_applies=&#8220;bg&#8220; overlay_strength=&#8220;0.3&#8243; gradient_direction=&#8220;left_to_right&#8220; shape_divider_position=&#8220;bottom&#8220; bg_image_animation=&#8220;none&#8220;][vc_column column_padding=&#8220;no-extra-padding&#8220; column_padding_tablet=&#8220;inherit&#8220; column_padding_phone=&#8220;inherit&#8220; column_padding_position=&#8220;all&#8220; column_element_spacing=&#8220;default&#8220; background_color_opacity=&#8220;1&#8243; background_hover_color_opacity=&#8220;1&#8243; column_shadow=&#8220;none&#8220; column_border_radius=&#8220;none&#8220; column_link_target=&#8220;_self&#8220; gradient_direction=&#8220;left_to_right&#8220; overlay_strength=&#8220;0.3&#8243; width=&#8220;1\/5&#8243; tablet_width_inherit=&#8220;default&#8220;&#8230;<\/p>\n","protected":false},"author":1,"featured_media":47415,"parent":37105,"menu_order":0,"comment_status":"closed","ping_status":"closed","template":"","meta":{"footnotes":""},"class_list":["post-47437","page","type-page","status-publish","has-post-thumbnail"],"yoast_head":"<!-- This site is optimized with the Yoast SEO plugin v26.8 - https:\/\/yoast.com\/product\/yoast-seo-wordpress\/ -->\n<title>Yacht Attila vor der K\u00fcste von Formentera gestrandet<\/title>\n<meta name=\"description\" content=\"Die italienische Luxusyacht Attila lief am 1. Juli vor der K\u00fcste von Formentera in der N\u00e4he von Es Pujols auf Grund.\" \/>\n<meta name=\"robots\" content=\"index, follow, max-snippet:-1, max-image-preview:large, max-video-preview:-1\" \/>\n<link rel=\"canonical\" href=\"https:\/\/www.4mentera.com\/de\/formentera-news\/yacht-attila-gestrandet-vor-formentera\/\" \/>\n<meta property=\"og:locale\" content=\"de_DE\" \/>\n<meta property=\"og:type\" content=\"article\" \/>\n<meta property=\"og:title\" content=\"Yacht Attila vor der K\u00fcste von Formentera gestrandet\" \/>\n<meta property=\"og:description\" content=\"Die italienische Luxusyacht Attila lief am 1. Juli vor der K\u00fcste von Formentera in der N\u00e4he von Es Pujols auf Grund.\" \/>\n<meta property=\"og:url\" content=\"https:\/\/www.4mentera.com\/de\/formentera-news\/yacht-attila-gestrandet-vor-formentera\/\" \/>\n<meta property=\"og:site_name\" content=\"4mentera.com\" \/>\n<meta property=\"article:publisher\" content=\"https:\/\/www.facebook.com\/4mentera\/\" \/>\n<meta property=\"article:modified_time\" content=\"2025-07-18T07:01:17+00:00\" \/>\n<meta property=\"og:image\" content=\"https:\/\/www.4mentera.com\/wp-content\/uploads\/2025\/07\/yate-attila-embarrancado-formentera.jpg\" \/>\n\t<meta property=\"og:image:width\" content=\"500\" \/>\n\t<meta property=\"og:image:height\" content=\"375\" \/>\n\t<meta property=\"og:image:type\" content=\"image\/jpeg\" \/>\n<meta name=\"twitter:card\" content=\"summary_large_image\" \/>\n<meta name=\"twitter:label1\" content=\"Gesch\u00e4tzte Lesezeit\" \/>\n\t<meta name=\"twitter:data1\" content=\"9\u00a0Minuten\" \/>\n<script type=\"application\/ld+json\" class=\"yoast-schema-graph\">{\"@context\":\"https:\/\/schema.org\",\"@graph\":[{\"@type\":\"WebPage\",\"@id\":\"https:\/\/www.4mentera.com\/de\/formentera-news\/yacht-attila-gestrandet-vor-formentera\/\",\"url\":\"https:\/\/www.4mentera.com\/de\/formentera-news\/yacht-attila-gestrandet-vor-formentera\/\",\"name\":\"Yacht Attila vor der K\u00fcste von Formentera gestrandet\",\"isPartOf\":{\"@id\":\"https:\/\/www.4mentera.com\/de\/#website\"},\"primaryImageOfPage\":{\"@id\":\"https:\/\/www.4mentera.com\/de\/formentera-news\/yacht-attila-gestrandet-vor-formentera\/#primaryimage\"},\"image\":{\"@id\":\"https:\/\/www.4mentera.com\/de\/formentera-news\/yacht-attila-gestrandet-vor-formentera\/#primaryimage\"},\"thumbnailUrl\":\"https:\/\/www.4mentera.com\/wp-content\/uploads\/2025\/07\/yate-attila-embarrancado-formentera.jpg\",\"datePublished\":\"2025-07-01T17:32:01+00:00\",\"dateModified\":\"2025-07-18T07:01:17+00:00\",\"description\":\"Die italienische Luxusyacht Attila lief am 1. Juli vor der K\u00fcste von Formentera in der N\u00e4he von Es Pujols auf Grund.\",\"breadcrumb\":{\"@id\":\"https:\/\/www.4mentera.com\/de\/formentera-news\/yacht-attila-gestrandet-vor-formentera\/#breadcrumb\"},\"inLanguage\":\"de\",\"potentialAction\":[{\"@type\":\"ReadAction\",\"target\":[\"https:\/\/www.4mentera.com\/de\/formentera-news\/yacht-attila-gestrandet-vor-formentera\/\"]}]},{\"@type\":\"ImageObject\",\"inLanguage\":\"de\",\"@id\":\"https:\/\/www.4mentera.com\/de\/formentera-news\/yacht-attila-gestrandet-vor-formentera\/#primaryimage\",\"url\":\"https:\/\/www.4mentera.com\/wp-content\/uploads\/2025\/07\/yate-attila-embarrancado-formentera.jpg\",\"contentUrl\":\"https:\/\/www.4mentera.com\/wp-content\/uploads\/2025\/07\/yate-attila-embarrancado-formentera.jpg\",\"width\":500,\"height\":375,\"caption\":\"yate-attila-embarrancado-formentera\"},{\"@type\":\"BreadcrumbList\",\"@id\":\"https:\/\/www.4mentera.com\/de\/formentera-news\/yacht-attila-gestrandet-vor-formentera\/#breadcrumb\",\"itemListElement\":[{\"@type\":\"ListItem\",\"position\":1,\"name\":\"\",\"item\":\"https:\/\/www.4mentera.com\/de\/\"},{\"@type\":\"ListItem\",\"position\":2,\"name\":\"Formentera Nachrichten\",\"item\":\"https:\/\/www.4mentera.com\/de\/formentera-news\/\"},{\"@type\":\"ListItem\",\"position\":3,\"name\":\"Yacht Attila gestrandet vor Formentera\"}]},{\"@type\":\"WebSite\",\"@id\":\"https:\/\/www.4mentera.com\/de\/#website\",\"url\":\"https:\/\/www.4mentera.com\/de\/\",\"name\":\"4mentera.com\",\"description\":\"Guia de Formentera\",\"publisher\":{\"@id\":\"https:\/\/www.4mentera.com\/de\/#organization\"},\"potentialAction\":[{\"@type\":\"SearchAction\",\"target\":{\"@type\":\"EntryPoint\",\"urlTemplate\":\"https:\/\/www.4mentera.com\/de\/?s={search_term_string}\"},\"query-input\":{\"@type\":\"PropertyValueSpecification\",\"valueRequired\":true,\"valueName\":\"search_term_string\"}}],\"inLanguage\":\"de\"},{\"@type\":\"Organization\",\"@id\":\"https:\/\/www.4mentera.com\/de\/#organization\",\"name\":\"4mentera\",\"url\":\"https:\/\/www.4mentera.com\/de\/\",\"logo\":{\"@type\":\"ImageObject\",\"inLanguage\":\"de\",\"@id\":\"https:\/\/www.4mentera.com\/de\/#\/schema\/logo\/image\/\",\"url\":\"https:\/\/www.4mentera.com\/wp-content\/uploads\/2019\/06\/cropped-Logo-Negro-250x90.png\",\"contentUrl\":\"https:\/\/www.4mentera.com\/wp-content\/uploads\/2019\/06\/cropped-Logo-Negro-250x90.png\",\"width\":250,\"height\":91,\"caption\":\"4mentera\"},\"image\":{\"@id\":\"https:\/\/www.4mentera.com\/de\/#\/schema\/logo\/image\/\"},\"sameAs\":[\"https:\/\/www.facebook.com\/4mentera\/\",\"https:\/\/www.instagram.com\/4mentera.com_\/\"]}]}<\/script>\n<!-- \/ Yoast SEO plugin. -->","yoast_head_json":{"title":"Yacht Attila vor der K\u00fcste von Formentera gestrandet","description":"Die italienische Luxusyacht Attila lief am 1. Juli vor der K\u00fcste von Formentera in der N\u00e4he von Es Pujols auf Grund.","robots":{"index":"index","follow":"follow","max-snippet":"max-snippet:-1","max-image-preview":"max-image-preview:large","max-video-preview":"max-video-preview:-1"},"canonical":"https:\/\/www.4mentera.com\/de\/formentera-news\/yacht-attila-gestrandet-vor-formentera\/","og_locale":"de_DE","og_type":"article","og_title":"Yacht Attila vor der K\u00fcste von Formentera gestrandet","og_description":"Die italienische Luxusyacht Attila lief am 1. Juli vor der K\u00fcste von Formentera in der N\u00e4he von Es Pujols auf Grund.","og_url":"https:\/\/www.4mentera.com\/de\/formentera-news\/yacht-attila-gestrandet-vor-formentera\/","og_site_name":"4mentera.com","article_publisher":"https:\/\/www.facebook.com\/4mentera\/","article_modified_time":"2025-07-18T07:01:17+00:00","og_image":[{"width":500,"height":375,"url":"https:\/\/www.4mentera.com\/wp-content\/uploads\/2025\/07\/yate-attila-embarrancado-formentera.jpg","type":"image\/jpeg"}],"twitter_card":"summary_large_image","twitter_misc":{"Gesch\u00e4tzte Lesezeit":"9\u00a0Minuten"},"schema":{"@context":"https:\/\/schema.org","@graph":[{"@type":"WebPage","@id":"https:\/\/www.4mentera.com\/de\/formentera-news\/yacht-attila-gestrandet-vor-formentera\/","url":"https:\/\/www.4mentera.com\/de\/formentera-news\/yacht-attila-gestrandet-vor-formentera\/","name":"Yacht Attila vor der K\u00fcste von Formentera gestrandet","isPartOf":{"@id":"https:\/\/www.4mentera.com\/de\/#website"},"primaryImageOfPage":{"@id":"https:\/\/www.4mentera.com\/de\/formentera-news\/yacht-attila-gestrandet-vor-formentera\/#primaryimage"},"image":{"@id":"https:\/\/www.4mentera.com\/de\/formentera-news\/yacht-attila-gestrandet-vor-formentera\/#primaryimage"},"thumbnailUrl":"https:\/\/www.4mentera.com\/wp-content\/uploads\/2025\/07\/yate-attila-embarrancado-formentera.jpg","datePublished":"2025-07-01T17:32:01+00:00","dateModified":"2025-07-18T07:01:17+00:00","description":"Die italienische Luxusyacht Attila lief am 1. Juli vor der K\u00fcste von Formentera in der N\u00e4he von Es Pujols auf Grund.","breadcrumb":{"@id":"https:\/\/www.4mentera.com\/de\/formentera-news\/yacht-attila-gestrandet-vor-formentera\/#breadcrumb"},"inLanguage":"de","potentialAction":[{"@type":"ReadAction","target":["https:\/\/www.4mentera.com\/de\/formentera-news\/yacht-attila-gestrandet-vor-formentera\/"]}]},{"@type":"ImageObject","inLanguage":"de","@id":"https:\/\/www.4mentera.com\/de\/formentera-news\/yacht-attila-gestrandet-vor-formentera\/#primaryimage","url":"https:\/\/www.4mentera.com\/wp-content\/uploads\/2025\/07\/yate-attila-embarrancado-formentera.jpg","contentUrl":"https:\/\/www.4mentera.com\/wp-content\/uploads\/2025\/07\/yate-attila-embarrancado-formentera.jpg","width":500,"height":375,"caption":"yate-attila-embarrancado-formentera"},{"@type":"BreadcrumbList","@id":"https:\/\/www.4mentera.com\/de\/formentera-news\/yacht-attila-gestrandet-vor-formentera\/#breadcrumb","itemListElement":[{"@type":"ListItem","position":1,"name":"","item":"https:\/\/www.4mentera.com\/de\/"},{"@type":"ListItem","position":2,"name":"Formentera Nachrichten","item":"https:\/\/www.4mentera.com\/de\/formentera-news\/"},{"@type":"ListItem","position":3,"name":"Yacht Attila gestrandet vor Formentera"}]},{"@type":"WebSite","@id":"https:\/\/www.4mentera.com\/de\/#website","url":"https:\/\/www.4mentera.com\/de\/","name":"4mentera.com","description":"Guia de Formentera","publisher":{"@id":"https:\/\/www.4mentera.com\/de\/#organization"},"potentialAction":[{"@type":"SearchAction","target":{"@type":"EntryPoint","urlTemplate":"https:\/\/www.4mentera.com\/de\/?s={search_term_string}"},"query-input":{"@type":"PropertyValueSpecification","valueRequired":true,"valueName":"search_term_string"}}],"inLanguage":"de"},{"@type":"Organization","@id":"https:\/\/www.4mentera.com\/de\/#organization","name":"4mentera","url":"https:\/\/www.4mentera.com\/de\/","logo":{"@type":"ImageObject","inLanguage":"de","@id":"https:\/\/www.4mentera.com\/de\/#\/schema\/logo\/image\/","url":"https:\/\/www.4mentera.com\/wp-content\/uploads\/2019\/06\/cropped-Logo-Negro-250x90.png","contentUrl":"https:\/\/www.4mentera.com\/wp-content\/uploads\/2019\/06\/cropped-Logo-Negro-250x90.png","width":250,"height":91,"caption":"4mentera"},"image":{"@id":"https:\/\/www.4mentera.com\/de\/#\/schema\/logo\/image\/"},"sameAs":["https:\/\/www.facebook.com\/4mentera\/","https:\/\/www.instagram.com\/4mentera.com_\/"]}]}},"_links":{"self":[{"href":"https:\/\/www.4mentera.com\/de\/wp-json\/wp\/v2\/pages\/47437","targetHints":{"allow":["GET"]}}],"collection":[{"href":"https:\/\/www.4mentera.com\/de\/wp-json\/wp\/v2\/pages"}],"about":[{"href":"https:\/\/www.4mentera.com\/de\/wp-json\/wp\/v2\/types\/page"}],"author":[{"embeddable":true,"href":"https:\/\/www.4mentera.com\/de\/wp-json\/wp\/v2\/users\/1"}],"replies":[{"embeddable":true,"href":"https:\/\/www.4mentera.com\/de\/wp-json\/wp\/v2\/comments?post=47437"}],"version-history":[{"count":6,"href":"https:\/\/www.4mentera.com\/de\/wp-json\/wp\/v2\/pages\/47437\/revisions"}],"predecessor-version":[{"id":47870,"href":"https:\/\/www.4mentera.com\/de\/wp-json\/wp\/v2\/pages\/47437\/revisions\/47870"}],"up":[{"embeddable":true,"href":"https:\/\/www.4mentera.com\/de\/wp-json\/wp\/v2\/pages\/37105"}],"wp:featuredmedia":[{"embeddable":true,"href":"https:\/\/www.4mentera.com\/de\/wp-json\/wp\/v2\/media\/47415"}],"wp:attachment":[{"href":"https:\/\/www.4mentera.com\/de\/wp-json\/wp\/v2\/media?parent=47437"}],"curies":[{"name":"wp","href":"https:\/\/api.w.org\/{rel}","templated":true}]}}