{"id":54126,"date":"2026-08-26T08:49:17","date_gmt":"2026-08-26T08:49:17","guid":{"rendered":"https:\/\/www.4mentera.com\/?page_id=54126"},"modified":"2026-08-26T08:53:50","modified_gmt":"2026-08-26T08:53:50","slug":"fiestas-es-calo-2026","status":"publish","type":"page","link":"https:\/\/www.4mentera.com\/de\/formentera-news\/fiestas-es-calo-2026\/","title":{"rendered":"Fiestas Es Cal\u00f3 2026"},"content":{"rendered":"[vc_row type=&#8220;in_container&#8220; full_screen_row_position=&#8220;middle&#8220; column_margin=&#8220;default&#8220; column_direction=&#8220;default&#8220; column_direction_tablet=&#8220;default&#8220; column_direction_phone=&#8220;default&#8220; scene_position=&#8220;center&#8220; text_color=&#8220;dark&#8220; text_align=&#8220;left&#8220; row_border_radius=&#8220;none&#8220; row_border_radius_applies=&#8220;bg&#8220; overlay_strength=&#8220;0.3&#8243; gradient_direction=&#8220;left_to_right&#8220; shape_divider_position=&#8220;bottom&#8220; bg_image_animation=&#8220;none&#8220;][vc_column column_padding=&#8220;no-extra-padding&#8220; column_padding_tablet=&#8220;inherit&#8220; column_padding_phone=&#8220;inherit&#8220; column_padding_position=&#8220;all&#8220; column_element_spacing=&#8220;default&#8220; background_color_opacity=&#8220;1&#8243; background_hover_color_opacity=&#8220;1&#8243; column_shadow=&#8220;none&#8220; column_border_radius=&#8220;none&#8220; column_link_target=&#8220;_self&#8220; gradient_direction=&#8220;left_to_right&#8220; overlay_strength=&#8220;0.3&#8243; width=&#8220;1\/5&#8243; tablet_width_inherit=&#8220;default&#8220; tablet_text_alignment=&#8220;default&#8220; phone_text_alignment=&#8220;default&#8220; bg_image_animation=&#8220;none&#8220; border_type=&#8220;simple&#8220; column_border_width=&#8220;none&#8220; column_border_style=&#8220;solid&#8220;][\/vc_column][vc_column column_padding=&#8220;no-extra-padding&#8220; column_padding_tablet=&#8220;inherit&#8220; column_padding_phone=&#8220;inherit&#8220; column_padding_position=&#8220;all&#8220; column_element_spacing=&#8220;default&#8220; background_color_opacity=&#8220;1&#8243; background_hover_color_opacity=&#8220;1&#8243; column_shadow=&#8220;none&#8220; column_border_radius=&#8220;none&#8220; column_link_target=&#8220;_self&#8220; gradient_direction=&#8220;left_to_right&#8220; overlay_strength=&#8220;0.3&#8243; width=&#8220;3\/5&#8243; tablet_width_inherit=&#8220;default&#8220; tablet_text_alignment=&#8220;default&#8220; phone_text_alignment=&#8220;default&#8220; bg_image_animation=&#8220;none&#8220; border_type=&#8220;simple&#8220; column_border_width=&#8220;none&#8220; column_border_style=&#8220;solid&#8220;][image_with_animation image_url=&#8220;34250&#8243; animation=&#8220;None&#8220; hover_animation=&#8220;none&#8220; alignment=&#8220;center&#8220; border_radius=&#8220;none&#8220; box_shadow=&#8220;none&#8220; image_loading=&#8220;default&#8220; max_width=&#8220;100%&#8220; max_width_mobile=&#8220;default&#8220;][\/vc_column][vc_column column_padding=&#8220;no-extra-padding&#8220; column_padding_tablet=&#8220;inherit&#8220; column_padding_phone=&#8220;inherit&#8220; column_padding_position=&#8220;all&#8220; column_element_spacing=&#8220;default&#8220; background_color_opacity=&#8220;1&#8243; background_hover_color_opacity=&#8220;1&#8243; column_shadow=&#8220;none&#8220; column_border_radius=&#8220;none&#8220; column_link_target=&#8220;_self&#8220; gradient_direction=&#8220;left_to_right&#8220; overlay_strength=&#8220;0.3&#8243; width=&#8220;1\/5&#8243; tablet_width_inherit=&#8220;default&#8220; tablet_text_alignment=&#8220;default&#8220; phone_text_alignment=&#8220;default&#8220; bg_image_animation=&#8220;none&#8220; border_type=&#8220;simple&#8220; column_border_width=&#8220;none&#8220; column_border_style=&#8220;solid&#8220;][\/vc_column][\/vc_row][vc_row type=&#8220;full_width_background&#8220; full_screen_row_position=&#8220;middle&#8220; column_margin=&#8220;default&#8220; column_direction=&#8220;default&#8220; column_direction_tablet=&#8220;default&#8220; column_direction_phone=&#8220;default&#8220; scene_position=&#8220;center&#8220; text_color=&#8220;dark&#8220; text_align=&#8220;left&#8220; row_border_radius=&#8220;none&#8220; row_border_radius_applies=&#8220;bg&#8220; overlay_strength=&#8220;0.3&#8243; gradient_direction=&#8220;left_to_right&#8220; shape_divider_position=&#8220;bottom&#8220; bg_image_animation=&#8220;none&#8220; shape_type=&#8220;&#8220;][vc_column column_padding=&#8220;no-extra-padding&#8220; column_padding_tablet=&#8220;inherit&#8220; column_padding_phone=&#8220;inherit&#8220; column_padding_position=&#8220;all&#8220; column_element_spacing=&#8220;default&#8220; background_color_opacity=&#8220;1&#8243; background_hover_color_opacity=&#8220;1&#8243; font_color=&#8220;#ffffff&#8220; column_shadow=&#8220;none&#8220; column_border_radius=&#8220;none&#8220; column_link_target=&#8220;_self&#8220; gradient_direction=&#8220;left_to_right&#8220; overlay_strength=&#8220;0.3&#8243; width=&#8220;1\/1&#8243; tablet_width_inherit=&#8220;default&#8220; tablet_text_alignment=&#8220;default&#8220; phone_text_alignment=&#8220;default&#8220; bg_image_animation=&#8220;none&#8220; enable_animation=&#8220;true&#8220; animation=&#8220;grow-in&#8220; border_type=&#8220;simple&#8220; column_border_width=&#8220;none&#8220; column_border_style=&#8220;solid&#8220;][divider line_type=&#8220;No Line&#8220; custom_height=&#8220;2&#8243;][\/vc_column][\/vc_row][vc_row type=&#8220;in_container&#8220; full_screen_row_position=&#8220;middle&#8220; column_margin=&#8220;default&#8220; column_direction=&#8220;default&#8220; column_direction_tablet=&#8220;default&#8220; column_direction_phone=&#8220;default&#8220; scene_position=&#8220;center&#8220; text_color=&#8220;dark&#8220; text_align=&#8220;left&#8220; row_border_radius=&#8220;none&#8220; row_border_radius_applies=&#8220;bg&#8220; overlay_strength=&#8220;0.3&#8243; gradient_direction=&#8220;left_to_right&#8220; shape_divider_position=&#8220;bottom&#8220; bg_image_animation=&#8220;none&#8220; shape_type=&#8220;&#8220;][vc_column column_padding=&#8220;no-extra-padding&#8220; column_padding_tablet=&#8220;inherit&#8220; column_padding_phone=&#8220;inherit&#8220; column_padding_position=&#8220;all&#8220; column_element_spacing=&#8220;default&#8220; background_color_opacity=&#8220;1&#8243; background_hover_color_opacity=&#8220;1&#8243; column_shadow=&#8220;none&#8220; column_border_radius=&#8220;none&#8220; column_link_target=&#8220;_self&#8220; gradient_direction=&#8220;left_to_right&#8220; overlay_strength=&#8220;0.3&#8243; width=&#8220;1\/1&#8243; tablet_width_inherit=&#8220;default&#8220; tablet_text_alignment=&#8220;default&#8220; phone_text_alignment=&#8220;default&#8220; bg_image_animation=&#8220;none&#8220; border_type=&#8220;simple&#8220; column_border_width=&#8220;none&#8220; column_border_style=&#8220;solid&#8220;][vc_column_text]\n<h1 style=\"font-size: 30px; text-align: center;\"><span style=\"color: #084689;\"><strong>Fiestas de Es Cal\u00f3<\/strong><\/span><\/h1>\n<h3 style=\"font-size: 20px; text-align: center;\"><span style=\"color: #084689;\"><strong>Letzter Samstag im August<\/strong><\/span><\/h3>\n[\/vc_column_text][divider line_type=&#8220;No Line&#8220;][\/vc_column][\/vc_row][vc_row type=&#8220;in_container&#8220; full_screen_row_position=&#8220;middle&#8220; column_margin=&#8220;default&#8220; column_direction=&#8220;default&#8220; column_direction_tablet=&#8220;default&#8220; column_direction_phone=&#8220;default&#8220; scene_position=&#8220;center&#8220; text_color=&#8220;dark&#8220; text_align=&#8220;left&#8220; row_border_radius=&#8220;none&#8220; row_border_radius_applies=&#8220;bg&#8220; overlay_strength=&#8220;0.3&#8243; gradient_direction=&#8220;left_to_right&#8220; shape_divider_position=&#8220;bottom&#8220; bg_image_animation=&#8220;none&#8220;][vc_column column_padding=&#8220;no-extra-padding&#8220; column_padding_tablet=&#8220;inherit&#8220; column_padding_phone=&#8220;inherit&#8220; column_padding_position=&#8220;all&#8220; column_element_spacing=&#8220;default&#8220; background_color_opacity=&#8220;1&#8243; background_hover_color_opacity=&#8220;1&#8243; column_shadow=&#8220;none&#8220; column_border_radius=&#8220;none&#8220; column_link_target=&#8220;_self&#8220; gradient_direction=&#8220;left_to_right&#8220; overlay_strength=&#8220;0.3&#8243; width=&#8220;1\/2&#8243; tablet_width_inherit=&#8220;default&#8220; tablet_text_alignment=&#8220;default&#8220; phone_text_alignment=&#8220;default&#8220; bg_image_animation=&#8220;none&#8220; border_type=&#8220;simple&#8220; column_border_width=&#8220;none&#8220; column_border_style=&#8220;solid&#8220;][divider line_type=&#8220;No Line&#8220;][image_with_animation image_url=&#8220;54110&#8243; animation=&#8220;None&#8220; hover_animation=&#8220;none&#8220; alignment=&#8220;&#8220; border_radius=&#8220;none&#8220; box_shadow=&#8220;none&#8220; image_loading=&#8220;default&#8220; max_width=&#8220;100%&#8220; max_width_mobile=&#8220;default&#8220;][\/vc_column][vc_column column_padding=&#8220;no-extra-padding&#8220; column_padding_tablet=&#8220;inherit&#8220; column_padding_phone=&#8220;inherit&#8220; column_padding_position=&#8220;all&#8220; column_element_spacing=&#8220;default&#8220; background_color_opacity=&#8220;1&#8243; background_hover_color_opacity=&#8220;1&#8243; column_shadow=&#8220;none&#8220; column_border_radius=&#8220;none&#8220; column_link_target=&#8220;_self&#8220; gradient_direction=&#8220;left_to_right&#8220; overlay_strength=&#8220;0.3&#8243; width=&#8220;1\/2&#8243; tablet_width_inherit=&#8220;default&#8220; tablet_text_alignment=&#8220;default&#8220; phone_text_alignment=&#8220;default&#8220; bg_image_animation=&#8220;none&#8220; border_type=&#8220;simple&#8220; column_border_width=&#8220;none&#8220; column_border_style=&#8220;solid&#8220;][vc_column_text]Formentera, 26. August 2026<\/p>\n<p><strong><span style=\"color: #084689;\">Es Cal\u00f3 de Sant Agust\u00ed feiert an diesem Samstag<\/span><\/strong>\u00a0wieder sein traditionelles Fest. Am 29. August findet einer der beliebtesten Termine im Festkalender des Ortes statt. Das kleine Dorf auf Formentera feiert seinen Schutzpatron Sant Agust\u00ed und f\u00fchrt damit eine Tradition fort, bei der Einheimische und Besucher zusammenkommen, um gemeinsam Volkskultur, Musik und geselliges Beisammensein zu genie\u00dfen.<\/p>\n<p data-start=\"491\" data-end=\"773\">Wie gewohnt findet das Fest am letzten Samstag im August statt, unabh\u00e4ngig davon, ob dieser mit dem eigentlichen Gedenktag des Heiligen zusammenf\u00e4llt oder nicht. Es Cal\u00f3 h\u00e4lt damit an einer Tradition fest, die es erm\u00f6glicht, alle Programmpunkte an einem einzigen Festtag zu erleben.<\/p>\n<p data-start=\"775\" data-end=\"1070\">In diesem Jahr \u00fcbernimmt die <strong data-start=\"804\" data-end=\"841\">Associaci\u00f3 Cultural Es Pastorells<\/strong> die Organisation der Veranstaltungen. Das Programm verbindet den religi\u00f6sen Teil des Festes mit Ball Pag\u00e8s, traditioneller Gastronomie und Live-Musik \u2013 und das alles vor der einzigartigen, vom Meer gepr\u00e4gten Kulisse von Es Cal\u00f3.<\/p>\n[\/vc_column_text][\/vc_column][\/vc_row][vc_row type=&#8220;in_container&#8220; full_screen_row_position=&#8220;middle&#8220; column_margin=&#8220;default&#8220; column_direction=&#8220;default&#8220; column_direction_tablet=&#8220;default&#8220; column_direction_phone=&#8220;default&#8220; scene_position=&#8220;center&#8220; text_color=&#8220;dark&#8220; text_align=&#8220;left&#8220; row_border_radius=&#8220;none&#8220; row_border_radius_applies=&#8220;bg&#8220; overlay_strength=&#8220;0.3&#8243; gradient_direction=&#8220;left_to_right&#8220; shape_divider_position=&#8220;bottom&#8220; bg_image_animation=&#8220;none&#8220;][vc_column column_padding=&#8220;no-extra-padding&#8220; column_padding_tablet=&#8220;inherit&#8220; column_padding_phone=&#8220;inherit&#8220; column_padding_position=&#8220;all&#8220; column_element_spacing=&#8220;default&#8220; background_color_opacity=&#8220;1&#8243; background_hover_color_opacity=&#8220;1&#8243; column_shadow=&#8220;none&#8220; column_border_radius=&#8220;none&#8220; column_link_target=&#8220;_self&#8220; gradient_direction=&#8220;left_to_right&#8220; overlay_strength=&#8220;0.3&#8243; width=&#8220;1\/1&#8243; tablet_width_inherit=&#8220;default&#8220; tablet_text_alignment=&#8220;default&#8220; phone_text_alignment=&#8220;default&#8220; bg_image_animation=&#8220;none&#8220; border_type=&#8220;simple&#8220; column_border_width=&#8220;none&#8220; column_border_style=&#8220;solid&#8220;][vc_column_text]Das Fest dient au\u00dferdem der Unterst\u00fctzung der traditionellen Kultur. W\u00e4hrend der Feierlichkeiten gibt es einen Stand mit Getr\u00e4nken und belegten Br\u00f6tchen. Die Einnahmen aus dem Verkauf kommen Es Pastorells zugute und tragen dazu bei, die Aktivit\u00e4ten des Vereins finanziell zu unterst\u00fctzen.[\/vc_column_text][divider line_type=&#8220;No Line&#8220;][\/vc_column][\/vc_row][vc_row type=&#8220;in_container&#8220; full_screen_row_position=&#8220;middle&#8220; column_margin=&#8220;default&#8220; column_direction=&#8220;default&#8220; column_direction_tablet=&#8220;default&#8220; column_direction_phone=&#8220;default&#8220; scene_position=&#8220;center&#8220; text_color=&#8220;dark&#8220; text_align=&#8220;center&#8220; row_border_radius=&#8220;none&#8220; row_border_radius_applies=&#8220;bg&#8220; overlay_strength=&#8220;0.3&#8243; gradient_direction=&#8220;left_to_right&#8220; shape_divider_position=&#8220;bottom&#8220; bg_image_animation=&#8220;none&#8220; shape_type=&#8220;&#8220;][vc_column column_padding=&#8220;no-extra-padding&#8220; column_padding_tablet=&#8220;inherit&#8220; column_padding_phone=&#8220;inherit&#8220; column_padding_position=&#8220;all&#8220; column_element_spacing=&#8220;default&#8220; background_color_opacity=&#8220;1&#8243; background_hover_color_opacity=&#8220;1&#8243; column_shadow=&#8220;none&#8220; column_border_radius=&#8220;none&#8220; column_link_target=&#8220;_self&#8220; gradient_direction=&#8220;left_to_right&#8220; overlay_strength=&#8220;0.3&#8243; width=&#8220;1\/2&#8243; tablet_width_inherit=&#8220;default&#8220; tablet_text_alignment=&#8220;default&#8220; phone_text_alignment=&#8220;default&#8220; bg_image_animation=&#8220;none&#8220; border_type=&#8220;simple&#8220; column_border_width=&#8220;none&#8220; column_border_style=&#8220;solid&#8220;][image_with_animation image_url=&#8220;42301&#8243; animation=&#8220;None&#8220; hover_animation=&#8220;none&#8220; alignment=&#8220;center&#8220; img_link_target=&#8220;_blank&#8220; border_radius=&#8220;none&#8220; box_shadow=&#8220;none&#8220; image_loading=&#8220;default&#8220; max_width=&#8220;100%&#8220; max_width_mobile=&#8220;default&#8220; img_link=&#8220;https:\/\/www.trasmapi.com\/?origin=www.4mentera.com&amp;promo=4mentera&amp;lang=de&#8220;][\/vc_column][vc_column column_padding=&#8220;no-extra-padding&#8220; column_padding_tablet=&#8220;inherit&#8220; column_padding_phone=&#8220;inherit&#8220; column_padding_position=&#8220;all&#8220; column_element_spacing=&#8220;default&#8220; centered_text=&#8220;true&#8220; background_color_opacity=&#8220;1&#8243; background_hover_color_opacity=&#8220;1&#8243; column_shadow=&#8220;none&#8220; column_border_radius=&#8220;none&#8220; column_link_target=&#8220;_self&#8220; gradient_direction=&#8220;left_to_right&#8220; overlay_strength=&#8220;0.3&#8243; width=&#8220;1\/2&#8243; tablet_width_inherit=&#8220;default&#8220; tablet_text_alignment=&#8220;default&#8220; phone_text_alignment=&#8220;default&#8220; bg_image_animation=&#8220;none&#8220; border_type=&#8220;simple&#8220; column_border_width=&#8220;none&#8220; column_border_style=&#8220;solid&#8220;][image_with_animation image_url=&#8220;37174&#8243; animation=&#8220;None&#8220; hover_animation=&#8220;none&#8220; alignment=&#8220;center&#8220; border_radius=&#8220;none&#8220; box_shadow=&#8220;none&#8220; image_loading=&#8220;default&#8220; max_width=&#8220;100%&#8220; max_width_mobile=&#8220;default&#8220; img_link=&#8220;https:\/\/www.4mentera.com\/de\/auto-moto-mietung-formentera\/&#8220;][\/vc_column][\/vc_row][vc_row type=&#8220;in_container&#8220; full_screen_row_position=&#8220;middle&#8220; column_margin=&#8220;default&#8220; column_direction=&#8220;default&#8220; column_direction_tablet=&#8220;default&#8220; column_direction_phone=&#8220;default&#8220; scene_position=&#8220;center&#8220; text_color=&#8220;dark&#8220; text_align=&#8220;left&#8220; row_border_radius=&#8220;none&#8220; row_border_radius_applies=&#8220;bg&#8220; overlay_strength=&#8220;0.3&#8243; gradient_direction=&#8220;left_to_right&#8220; shape_divider_position=&#8220;bottom&#8220; bg_image_animation=&#8220;none&#8220;][vc_column column_padding=&#8220;no-extra-padding&#8220; column_padding_tablet=&#8220;inherit&#8220; column_padding_phone=&#8220;inherit&#8220; column_padding_position=&#8220;all&#8220; column_element_spacing=&#8220;default&#8220; background_color_opacity=&#8220;1&#8243; background_hover_color_opacity=&#8220;1&#8243; column_shadow=&#8220;none&#8220; column_border_radius=&#8220;none&#8220; column_link_target=&#8220;_self&#8220; gradient_direction=&#8220;left_to_right&#8220; overlay_strength=&#8220;0.3&#8243; width=&#8220;1\/1&#8243; tablet_width_inherit=&#8220;default&#8220; tablet_text_alignment=&#8220;default&#8220; phone_text_alignment=&#8220;default&#8220; bg_image_animation=&#8220;none&#8220; border_type=&#8220;simple&#8220; column_border_width=&#8220;none&#8220; column_border_style=&#8220;solid&#8220;][divider line_type=&#8220;No Line&#8220; custom_height=&#8220;10&#8243;][vc_column_text]\n<h2 style=\"text-align: center;\"><span style=\"color: #084689;\"><strong>Festprogramm<\/strong><\/span><\/h2>\n<p data-start=\"1392\" data-end=\"1585\">Das Programm beginnt um <strong data-start=\"1416\" data-end=\"1429\">19.00 Uhr<\/strong> mit einer musikalisch begleiteten Messe, die vom Chor der Pfarrgemeinde El Pilar gesungen wird und den religi\u00f6sen Charakter dieses Patronatsfestes bewahrt.<br \/>\nUm <strong data-start=\"1590\" data-end=\"1603\">20.00 Uhr<\/strong> pr\u00e4sentieren die Colles <strong data-start=\"1628\" data-end=\"1661\">Es Xacoters und Es Pastorells<\/strong> traditionelle T\u00e4nze. Ball Pag\u00e8s und die traditionelle Musik Formenteras stehen damit im Mittelpunkt eines der typischsten Momente des Festtages.<\/p>\n<p data-start=\"1808\" data-end=\"2022\">Um <strong data-start=\"1811\" data-end=\"1824\">20.30 Uhr<\/strong> d\u00fcrfen sich die Besucher auf <strong data-start=\"1854\" data-end=\"1897\">Bunyols, Orelletes, S\u00fc\u00dfwein und Hierbas<\/strong> freuen, die kostenlos angeboten werden und auch die traditionelle Gastronomie zu einem festen Bestandteil des Festes machen.<br \/>\nUm <strong data-start=\"2027\" data-end=\"2040\">21.30 Uhr<\/strong> beginnt schlie\u00dflich das Konzert von <strong data-start=\"2077\" data-end=\"2094\">Esta me la s\u00e9<\/strong>, das f\u00fcr ausgelassene Stimmung am Abend sorgen wird. W\u00e4hrend der gesamten Feier ist au\u00dferdem der Getr\u00e4nke- und Imbissstand ge\u00f6ffnet, dessen Einnahmen Es Pastorells zugutekommen.<\/p>\n[\/vc_column_text][divider line_type=&#8220;No Line&#8220; custom_height=&#8220;10&#8243;][\/vc_column][\/vc_row][vc_row type=&#8220;in_container&#8220; full_screen_row_position=&#8220;middle&#8220; column_margin=&#8220;default&#8220; column_direction=&#8220;default&#8220; column_direction_tablet=&#8220;default&#8220; column_direction_phone=&#8220;default&#8220; scene_position=&#8220;center&#8220; text_color=&#8220;dark&#8220; text_align=&#8220;center&#8220; row_border_radius=&#8220;none&#8220; row_border_radius_applies=&#8220;bg&#8220; overlay_strength=&#8220;0.3&#8243; gradient_direction=&#8220;left_to_right&#8220; shape_divider_position=&#8220;bottom&#8220; bg_image_animation=&#8220;none&#8220; shape_type=&#8220;&#8220;][vc_column column_padding=&#8220;no-extra-padding&#8220; column_padding_tablet=&#8220;inherit&#8220; column_padding_phone=&#8220;inherit&#8220; column_padding_position=&#8220;all&#8220; column_element_spacing=&#8220;default&#8220; background_color_opacity=&#8220;1&#8243; background_hover_color_opacity=&#8220;1&#8243; column_shadow=&#8220;none&#8220; column_border_radius=&#8220;none&#8220; column_link_target=&#8220;_self&#8220; gradient_direction=&#8220;left_to_right&#8220; overlay_strength=&#8220;0.3&#8243; width=&#8220;1\/2&#8243; tablet_width_inherit=&#8220;default&#8220; tablet_text_alignment=&#8220;default&#8220; phone_text_alignment=&#8220;default&#8220; bg_image_animation=&#8220;none&#8220; border_type=&#8220;simple&#8220; column_border_width=&#8220;none&#8220; column_border_style=&#8220;solid&#8220;][image_with_animation image_url=&#8220;37176&#8243; animation=&#8220;None&#8220; hover_animation=&#8220;none&#8220; alignment=&#8220;center&#8220; border_radius=&#8220;none&#8220; box_shadow=&#8220;none&#8220; image_loading=&#8220;default&#8220; max_width=&#8220;100%&#8220; max_width_mobile=&#8220;default&#8220; img_link=&#8220;https:\/\/www.4mentera.com\/de\/rabatte-code-formentera\/unterkunft\/&#8220;][\/vc_column][vc_column column_padding=&#8220;no-extra-padding&#8220; column_padding_tablet=&#8220;inherit&#8220; column_padding_phone=&#8220;inherit&#8220; column_padding_position=&#8220;all&#8220; column_element_spacing=&#8220;default&#8220; background_color_opacity=&#8220;1&#8243; background_hover_color_opacity=&#8220;1&#8243; column_shadow=&#8220;none&#8220; column_border_radius=&#8220;none&#8220; column_link_target=&#8220;_self&#8220; gradient_direction=&#8220;left_to_right&#8220; overlay_strength=&#8220;0.3&#8243; width=&#8220;1\/2&#8243; tablet_width_inherit=&#8220;default&#8220; tablet_text_alignment=&#8220;default&#8220; phone_text_alignment=&#8220;default&#8220; bg_image_animation=&#8220;none&#8220; border_type=&#8220;simple&#8220; column_border_width=&#8220;none&#8220; column_border_style=&#8220;solid&#8220;][image_with_animation image_url=&#8220;43024&#8243; animation=&#8220;None&#8220; hover_animation=&#8220;none&#8220; alignment=&#8220;center&#8220; border_radius=&#8220;none&#8220; box_shadow=&#8220;none&#8220; image_loading=&#8220;default&#8220; max_width=&#8220;100%&#8220; max_width_mobile=&#8220;default&#8220; img_link=&#8220;https:\/\/www.4mentera.com\/de\/rabatte-code-formentera\/&#8220;][\/vc_column][\/vc_row][vc_row type=&#8220;in_container&#8220; full_screen_row_position=&#8220;middle&#8220; column_margin=&#8220;default&#8220; column_direction=&#8220;default&#8220; column_direction_tablet=&#8220;default&#8220; column_direction_phone=&#8220;default&#8220; scene_position=&#8220;center&#8220; text_color=&#8220;dark&#8220; text_align=&#8220;left&#8220; row_border_radius=&#8220;none&#8220; row_border_radius_applies=&#8220;bg&#8220; overlay_strength=&#8220;0.3&#8243; gradient_direction=&#8220;left_to_right&#8220; shape_divider_position=&#8220;bottom&#8220; bg_image_animation=&#8220;none&#8220;][vc_column column_padding=&#8220;no-extra-padding&#8220; column_padding_tablet=&#8220;inherit&#8220; column_padding_phone=&#8220;inherit&#8220; column_padding_position=&#8220;all&#8220; column_element_spacing=&#8220;default&#8220; background_color_opacity=&#8220;1&#8243; background_hover_color_opacity=&#8220;1&#8243; column_shadow=&#8220;none&#8220; column_border_radius=&#8220;none&#8220; column_link_target=&#8220;_self&#8220; gradient_direction=&#8220;left_to_right&#8220; overlay_strength=&#8220;0.3&#8243; width=&#8220;1\/1&#8243; tablet_width_inherit=&#8220;default&#8220; tablet_text_alignment=&#8220;default&#8220; phone_text_alignment=&#8220;default&#8220; bg_image_animation=&#8220;none&#8220; border_type=&#8220;simple&#8220; column_border_width=&#8220;none&#8220; column_border_style=&#8220;solid&#8220;][divider line_type=&#8220;No Line&#8220; custom_height=&#8220;10&#8243;][vc_column_text]\n<h2 style=\"text-align: center;\"><span style=\"color: #084689;\"><strong>Es Pastorells \u2013 50 Jahre Geschichte<\/strong><\/span><\/h2>\n<p data-start=\"2323\" data-end=\"2623\">Die <strong data-start=\"2327\" data-end=\"2364\">Associaci\u00f3 Cultural Es Pastorells<\/strong> geh\u00f6rt zu den Gruppen, die sich besonders f\u00fcr die Bewahrung und Verbreitung des traditionellen Kulturerbes Formenteras einsetzen. Ihre Balladors und Sonadors nehmen regelm\u00e4\u00dfig an den Volksfesten der Insel teil und treten h\u00e4ufig gemeinsam mit Es Xacoters auf.<br \/>\nDer Verein bringt verschiedene Generationen zusammen und h\u00e4lt traditionelle T\u00e4nze, Musik, Trachten und Instrumente lebendig. Seine Geschichte begann <strong data-start=\"2774\" data-end=\"2782\">1976<\/strong> an der Schule Mestre Llu\u00eds Andreu in Sant Francesc mit einer Initiative, die jungen Menschen die Traditionen der \u00e4lteren Generationen n\u00e4herbringen sollte.<\/p>\n<p data-start=\"2939\" data-end=\"3351\">Anl\u00e4sslich seines <strong data-start=\"2957\" data-end=\"2982\">50-j\u00e4hrigen Bestehens<\/strong> wurde Es Pastorells am vergangenen 24. Juli mit der <strong data-start=\"3035\" data-end=\"3066\">Goldmedaille von Formentera<\/strong> ausgezeichnet, der h\u00f6chsten Ehrung der Insel. Mit dieser Auszeichnung, die im Rahmen der offiziellen Feierlichkeiten zur Diada de Formentera verliehen wurde, w\u00fcrdigte man f\u00fcnf Jahrzehnte engagierter Arbeit f\u00fcr die Bewahrung, Verbreitung und Weitergabe des kulturellen Erbes der Insel.<br \/>\nDas Fest zu Sant Agust\u00ed bietet eine weitere Gelegenheit, diese Arbeit zu unterst\u00fctzen, denn die Einnahmen aus dem Verkauf von Getr\u00e4nken und belegten Br\u00f6tchen tragen finanziell dazu bei, den Fortbestand des Vereins zu sichern.<\/p>\n<h2 style=\"text-align: center;\"><span style=\"color: #084689;\"><strong>Musik zum Mitsingen und Tanzen<\/strong><\/span><\/h2>\n<p data-start=\"3616\" data-end=\"3922\"><strong data-start=\"3616\" data-end=\"3633\">Esta me la s\u00e9<\/strong> ist eine 2010 auf Ibiza gegr\u00fcndete Band, die unterschiedliche Musikstile miteinander verbindet. Ihr Sound ist von Pop, Rock, elektronischer Musik und Reggae beeinflusst. Ein gro\u00dfer Teil ihrer Beliebtheit beruht jedoch darauf, dass sie Songs spielt, die beim Publikum bestens bekannt sind.<br \/>\nIhr Repertoire umfasst vor allem spanische Musik von den 2000er-Jahren bis heute und beinhaltet Coverversionen von Bands und K\u00fcnstlern wie La Oreja de Van Gogh, Estopa, El Canto del Loco oder Fito y Fitipaldis.<\/p>\n<p data-start=\"4136\" data-end=\"4370\">In Es Cal\u00f3 erwartet das Publikum ein Konzert zum Mitsingen und Tanzen. Die Band verbindet eigene Songs mit bekannten Hits aus der spanischen Musikszene und sorgt damit im letzten Teil des Festes f\u00fcr die passende musikalische Stimmung.<\/p>\n[\/vc_column_text][divider line_type=&#8220;No Line&#8220; custom_height=&#8220;10&#8243;][\/vc_column][\/vc_row][vc_row type=&#8220;in_container&#8220; full_screen_row_position=&#8220;middle&#8220; column_margin=&#8220;default&#8220; column_direction=&#8220;default&#8220; column_direction_tablet=&#8220;default&#8220; column_direction_phone=&#8220;default&#8220; scene_position=&#8220;center&#8220; text_color=&#8220;dark&#8220; text_align=&#8220;center&#8220; row_border_radius=&#8220;none&#8220; row_border_radius_applies=&#8220;bg&#8220; overlay_strength=&#8220;0.3&#8243; gradient_direction=&#8220;left_to_right&#8220; shape_divider_position=&#8220;bottom&#8220; bg_image_animation=&#8220;none&#8220; shape_type=&#8220;&#8220;][vc_column column_padding=&#8220;no-extra-padding&#8220; column_padding_tablet=&#8220;inherit&#8220; column_padding_phone=&#8220;inherit&#8220; column_padding_position=&#8220;all&#8220; column_element_spacing=&#8220;default&#8220; background_color_opacity=&#8220;1&#8243; background_hover_color_opacity=&#8220;1&#8243; column_shadow=&#8220;none&#8220; column_border_radius=&#8220;none&#8220; column_link_target=&#8220;_self&#8220; gradient_direction=&#8220;left_to_right&#8220; overlay_strength=&#8220;0.3&#8243; width=&#8220;1\/2&#8243; tablet_width_inherit=&#8220;default&#8220; tablet_text_alignment=&#8220;default&#8220; phone_text_alignment=&#8220;default&#8220; bg_image_animation=&#8220;none&#8220; border_type=&#8220;simple&#8220; column_border_width=&#8220;none&#8220; column_border_style=&#8220;solid&#8220;][image_with_animation image_url=&#8220;42301&#8243; animation=&#8220;None&#8220; hover_animation=&#8220;none&#8220; alignment=&#8220;center&#8220; img_link_target=&#8220;_blank&#8220; border_radius=&#8220;none&#8220; box_shadow=&#8220;none&#8220; image_loading=&#8220;default&#8220; max_width=&#8220;100%&#8220; max_width_mobile=&#8220;default&#8220; img_link=&#8220;https:\/\/www.trasmapi.com\/?origin=www.4mentera.com&amp;promo=4mentera&amp;lang=de&#8220;][\/vc_column][vc_column column_padding=&#8220;no-extra-padding&#8220; column_padding_tablet=&#8220;inherit&#8220; column_padding_phone=&#8220;inherit&#8220; column_padding_position=&#8220;all&#8220; column_element_spacing=&#8220;default&#8220; centered_text=&#8220;true&#8220; background_color_opacity=&#8220;1&#8243; background_hover_color_opacity=&#8220;1&#8243; column_shadow=&#8220;none&#8220; column_border_radius=&#8220;none&#8220; column_link_target=&#8220;_self&#8220; gradient_direction=&#8220;left_to_right&#8220; overlay_strength=&#8220;0.3&#8243; width=&#8220;1\/2&#8243; tablet_width_inherit=&#8220;default&#8220; tablet_text_alignment=&#8220;default&#8220; phone_text_alignment=&#8220;default&#8220; bg_image_animation=&#8220;none&#8220; border_type=&#8220;simple&#8220; column_border_width=&#8220;none&#8220; column_border_style=&#8220;solid&#8220;][image_with_animation image_url=&#8220;37174&#8243; animation=&#8220;None&#8220; hover_animation=&#8220;none&#8220; alignment=&#8220;center&#8220; border_radius=&#8220;none&#8220; box_shadow=&#8220;none&#8220; image_loading=&#8220;default&#8220; max_width=&#8220;100%&#8220; max_width_mobile=&#8220;default&#8220; img_link=&#8220;https:\/\/www.4mentera.com\/de\/auto-moto-mietung-formentera\/&#8220;][\/vc_column][\/vc_row][vc_row type=&#8220;in_container&#8220; full_screen_row_position=&#8220;middle&#8220; column_margin=&#8220;default&#8220; column_direction=&#8220;default&#8220; column_direction_tablet=&#8220;default&#8220; column_direction_phone=&#8220;default&#8220; scene_position=&#8220;center&#8220; text_color=&#8220;dark&#8220; text_align=&#8220;left&#8220; row_border_radius=&#8220;none&#8220; row_border_radius_applies=&#8220;bg&#8220; overlay_strength=&#8220;0.3&#8243; gradient_direction=&#8220;left_to_right&#8220; shape_divider_position=&#8220;bottom&#8220; bg_image_animation=&#8220;none&#8220;][vc_column column_padding=&#8220;no-extra-padding&#8220; column_padding_tablet=&#8220;inherit&#8220; column_padding_phone=&#8220;inherit&#8220; column_padding_position=&#8220;all&#8220; column_element_spacing=&#8220;default&#8220; background_color_opacity=&#8220;1&#8243; background_hover_color_opacity=&#8220;1&#8243; column_shadow=&#8220;none&#8220; column_border_radius=&#8220;none&#8220; column_link_target=&#8220;_self&#8220; gradient_direction=&#8220;left_to_right&#8220; overlay_strength=&#8220;0.3&#8243; width=&#8220;1\/1&#8243; tablet_width_inherit=&#8220;default&#8220; tablet_text_alignment=&#8220;default&#8220; phone_text_alignment=&#8220;default&#8220; bg_image_animation=&#8220;none&#8220; border_type=&#8220;simple&#8220; column_border_width=&#8220;none&#8220; column_border_style=&#8220;solid&#8220;][divider line_type=&#8220;No Line&#8220;][vc_column_text]\n<h2 style=\"text-align: center;\"><span style=\"color: #084689;\"><strong>Ein Fest, das man erleben sollte<\/strong><\/span><\/h2>\n<p data-start=\"4418\" data-end=\"4718\">Meiner Meinung nach spiegelt das Fest zu Sant Agust\u00ed in Es Cal\u00f3 den Charakter der traditionellen Volksfeste Formenteras besonders gut wider. Sein Reiz liegt gerade in seiner \u00fcberschaubaren Gr\u00f6\u00dfe, der famili\u00e4ren Atmosph\u00e4re und der gelungenen Verbindung von Tradition, Gastronomie, Musik und Dorfleben.<br \/>\nHinzu kommt eine Kulisse, die kaum sch\u00f6ner sein k\u00f6nnte. <strong data-start=\"4776\" data-end=\"4879\">Es Cal\u00f3 de Sant Agust\u00ed mit seinem maritimen Charakter und seiner privilegierten Lage direkt am Meer<\/strong> bietet eine wundersch\u00f6ne Umgebung, um nur wenige Meter vom Mittelmeer entfernt ein Fest in famili\u00e4rer Atmosph\u00e4re zu genie\u00dfen.<\/p>\n<p data-start=\"5007\" data-end=\"5332\">Der letzte Samstag im August ist Jahr f\u00fcr Jahr eine wunderbare Gelegenheit, nach Es Cal\u00f3 zu kommen und an einem unkomplizierten, traditionellen und authentischen Fest teilzunehmen. 2026 bietet sich dabei zus\u00e4tzlich die M\u00f6glichkeit, Es Pastorells zu unterst\u00fctzen und so zum Fortbestand der Volkskultur Formenteras beizutragen.<\/p>\n[\/vc_column_text][\/vc_column][\/vc_row][vc_row type=&#8220;in_container&#8220; full_screen_row_position=&#8220;middle&#8220; column_margin=&#8220;default&#8220; column_direction=&#8220;default&#8220; column_direction_tablet=&#8220;default&#8220; column_direction_phone=&#8220;default&#8220; scene_position=&#8220;center&#8220; text_color=&#8220;dark&#8220; text_align=&#8220;left&#8220; row_border_radius=&#8220;none&#8220; row_border_radius_applies=&#8220;bg&#8220; overlay_strength=&#8220;0.3&#8243; gradient_direction=&#8220;left_to_right&#8220; shape_divider_position=&#8220;bottom&#8220; bg_image_animation=&#8220;none&#8220;][vc_column column_padding=&#8220;no-extra-padding&#8220; column_padding_tablet=&#8220;inherit&#8220; column_padding_phone=&#8220;inherit&#8220; column_padding_position=&#8220;all&#8220; column_element_spacing=&#8220;default&#8220; background_color_opacity=&#8220;1&#8243; background_hover_color_opacity=&#8220;1&#8243; column_shadow=&#8220;none&#8220; column_border_radius=&#8220;none&#8220; column_link_target=&#8220;_self&#8220; gradient_direction=&#8220;left_to_right&#8220; overlay_strength=&#8220;0.3&#8243; width=&#8220;1\/1&#8243; tablet_width_inherit=&#8220;default&#8220; tablet_text_alignment=&#8220;default&#8220; phone_text_alignment=&#8220;default&#8220; bg_image_animation=&#8220;none&#8220; border_type=&#8220;simple&#8220; column_border_width=&#8220;none&#8220; column_border_style=&#8220;solid&#8220;][divider line_type=&#8220;No Line&#8220;][vc_row_inner column_margin=&#8220;default&#8220; column_direction=&#8220;default&#8220; column_direction_tablet=&#8220;default&#8220; column_direction_phone=&#8220;default&#8220; text_align=&#8220;left&#8220;][vc_column_inner column_padding=&#8220;no-extra-padding&#8220; column_padding_tablet=&#8220;inherit&#8220; column_padding_phone=&#8220;inherit&#8220; column_padding_position=&#8220;all&#8220; column_element_spacing=&#8220;default&#8220; background_color_opacity=&#8220;1&#8243; background_hover_color_opacity=&#8220;1&#8243; column_shadow=&#8220;none&#8220; column_border_radius=&#8220;none&#8220; column_link_target=&#8220;_self&#8220; gradient_direction=&#8220;left_to_right&#8220; overlay_strength=&#8220;0.3&#8243; width=&#8220;1\/5&#8243; tablet_width_inherit=&#8220;default&#8220; bg_image_animation=&#8220;none&#8220; border_type=&#8220;simple&#8220; column_border_width=&#8220;none&#8220; column_border_style=&#8220;solid&#8220;][image_with_animation image_url=&#8220;37680&#8243; animation=&#8220;Fade In&#8220; hover_animation=&#8220;none&#8220; alignment=&#8220;center&#8220; border_radius=&#8220;none&#8220; box_shadow=&#8220;none&#8220; image_loading=&#8220;default&#8220; max_width=&#8220;75%&#8220; max_width_mobile=&#8220;default&#8220;][\/vc_column_inner][vc_column_inner column_padding=&#8220;no-extra-padding&#8220; column_padding_tablet=&#8220;inherit&#8220; column_padding_phone=&#8220;inherit&#8220; column_padding_position=&#8220;all&#8220; column_element_spacing=&#8220;default&#8220; background_color_opacity=&#8220;1&#8243; background_hover_color_opacity=&#8220;1&#8243; font_color=&#8220;#333333&#8243; column_shadow=&#8220;none&#8220; column_border_radius=&#8220;none&#8220; column_link_target=&#8220;_self&#8220; gradient_direction=&#8220;left_to_right&#8220; overlay_strength=&#8220;0.3&#8243; width=&#8220;3\/5&#8243; tablet_width_inherit=&#8220;default&#8220; bg_image_animation=&#8220;none&#8220; border_type=&#8220;simple&#8220; column_border_width=&#8220;none&#8220; column_border_style=&#8220;solid&#8220;][divider line_type=&#8220;No Line&#8220; custom_height=&#8220;10&#8243;][vc_column_text]\n<p class=\"nombre\">Ich bin <strong>Ram\u00f3n Tur<\/strong>, derjenige, der hinter allem steht, was auf dieser Website \u00fcber Formentera geschrieben und fotografiert wird.<br \/>\nIch entdeckte die Insel im Jahr 1972, als meine Eltern mich zum ersten Mal auf den Ferienort von Ibiza aus mit dem legend\u00e4ren Joven Dolores brachten, und das war Liebe auf den ersten Blick. Im Laufe der Zeit hat sich diese Liebe verst\u00e4rkt und Formentera seit vielen Jahren zu meinem Wohnort gemacht.<br \/>\nWenn Sie m\u00f6chten, k\u00f6nnen Sie mir auf dem <a href=\"https:\/\/www.instagram.com\/4mentera.com_\/\" target=\"_blank\" rel=\"noopener\">Instagram-Profil @4mentera.com_<\/a> folgen.<\/p>\n[\/vc_column_text][\/vc_column_inner][\/vc_row_inner][\/vc_column][\/vc_row][vc_row type=&#8220;full_width_background&#8220; full_screen_row_position=&#8220;middle&#8220; column_margin=&#8220;default&#8220; equal_height=&#8220;yes&#8220; content_placement=&#8220;middle&#8220; column_direction=&#8220;default&#8220; column_direction_tablet=&#8220;default&#8220; column_direction_phone=&#8220;default&#8220; bg_color=&#8220;#ff8c00&#8243; scene_position=&#8220;center&#8220; top_padding=&#8220;30&#8243; bottom_padding=&#8220;30&#8243; text_color=&#8220;light&#8220; text_align=&#8220;left&#8220; row_border_radius=&#8220;none&#8220; row_border_radius_applies=&#8220;bg&#8220; overlay_strength=&#8220;0.95&#8243; gradient_direction=&#8220;left_to_right&#8220; shape_divider_position=&#8220;bottom&#8220; bg_image_animation=&#8220;none&#8220; shape_type=&#8220;&#8220;][vc_column column_padding=&#8220;no-extra-padding&#8220; column_padding_tablet=&#8220;inherit&#8220; column_padding_phone=&#8220;inherit&#8220; column_padding_position=&#8220;all&#8220; column_element_spacing=&#8220;default&#8220; background_color_opacity=&#8220;1&#8243; background_hover_color_opacity=&#8220;1&#8243; column_shadow=&#8220;none&#8220; column_border_radius=&#8220;none&#8220; column_link_target=&#8220;_self&#8220; gradient_direction=&#8220;left_to_right&#8220; overlay_strength=&#8220;0.3&#8243; width=&#8220;5\/12&#8243; tablet_width_inherit=&#8220;default&#8220; tablet_text_alignment=&#8220;center&#8220; phone_text_alignment=&#8220;center&#8220; bg_image_animation=&#8220;none&#8220; enable_animation=&#8220;true&#8220; animation=&#8220;flip-in-vertical&#8220; border_type=&#8220;simple&#8220; column_border_width=&#8220;none&#8220; column_border_style=&#8220;solid&#8220;][split_line_heading animation_type=&#8220;line-reveal-by-space&#8220; font_style=&#8220;p&#8220; content_alignment=&#8220;default&#8220; mobile_content_alignment=&#8220;inherit&#8220; text_content=&#8220;Wenn Sie Formentera besuchen, schauen Sie vorher in unsere Promo-Code-Sektion.&#8220; font_size=&#8220;30&#8243;][\/split_line_heading][\/vc_column][vc_column column_padding=&#8220;no-extra-padding&#8220; column_padding_tablet=&#8220;inherit&#8220; column_padding_phone=&#8220;inherit&#8220; column_padding_position=&#8220;all&#8220; column_element_spacing=&#8220;default&#8220; background_color_opacity=&#8220;1&#8243; background_hover_color_opacity=&#8220;1&#8243; column_shadow=&#8220;none&#8220; column_border_radius=&#8220;none&#8220; column_link_target=&#8220;_self&#8220; gradient_direction=&#8220;left_to_right&#8220; overlay_strength=&#8220;0.3&#8243; width=&#8220;1\/12&#8243; tablet_width_inherit=&#8220;default&#8220; tablet_text_alignment=&#8220;center&#8220; phone_text_alignment=&#8220;center&#8220; bg_image_animation=&#8220;none&#8220; border_type=&#8220;simple&#8220; column_border_width=&#8220;none&#8220; column_border_style=&#8220;solid&#8220;][\/vc_column][vc_column column_padding=&#8220;no-extra-padding&#8220; column_padding_tablet=&#8220;inherit&#8220; column_padding_phone=&#8220;inherit&#8220; column_padding_position=&#8220;all&#8220; column_element_spacing=&#8220;default&#8220; background_color_opacity=&#8220;1&#8243; background_hover_color_opacity=&#8220;1&#8243; column_shadow=&#8220;none&#8220; column_border_radius=&#8220;none&#8220; column_link_target=&#8220;_self&#8220; gradient_direction=&#8220;left_to_right&#8220; overlay_strength=&#8220;0.3&#8243; width=&#8220;1\/2&#8243; tablet_width_inherit=&#8220;default&#8220; tablet_text_alignment=&#8220;center&#8220; phone_text_alignment=&#8220;center&#8220; bg_image_animation=&#8220;none&#8220; enable_animation=&#8220;true&#8220; animation=&#8220;flip-in-vertical&#8220; border_type=&#8220;simple&#8220; column_border_width=&#8220;none&#8220; column_border_style=&#8220;solid&#8220;][vc_row_inner column_margin=&#8220;default&#8220; column_direction=&#8220;default&#8220; column_direction_tablet=&#8220;default&#8220; column_direction_phone=&#8220;default&#8220; text_align=&#8220;right&#8220;][vc_column_inner column_padding=&#8220;no-extra-padding&#8220; column_padding_tablet=&#8220;inherit&#8220; column_padding_phone=&#8220;inherit&#8220; column_padding_position=&#8220;all&#8220; column_element_spacing=&#8220;default&#8220; background_color_opacity=&#8220;1&#8243; background_hover_color_opacity=&#8220;1&#8243; column_shadow=&#8220;none&#8220; column_border_radius=&#8220;5px&#8220; column_link_target=&#8220;_self&#8220; gradient_direction=&#8220;left_to_right&#8220; overlay_strength=&#8220;0.3&#8243; width=&#8220;1\/1&#8243; tablet_width_inherit=&#8220;default&#8220; bg_image_animation=&#8220;none&#8220; border_type=&#8220;simple&#8220; column_border_width=&#8220;none&#8220; column_border_style=&#8220;solid&#8220;][nectar_cta btn_style=&#8220;arrow-animation&#8220; heading_tag=&#8220;p&#8220; text_color=&#8220;#ffffff&#8220; button_color=&#8220;accent-color&#8220; link_type=&#8220;regular&#8220; alignment=&#8220;left&#8220; alignment_tablet=&#8220;default&#8220; alignment_phone=&#8220;default&#8220; display=&#8220;inline&#8220; link_text=&#8220;Klicken Sie hier&#8220; url=&#8220;https:\/\/www.4mentera.com\/de\/rabatte-code-formentera\/&#8220; padding_top=&#8220;20&#8243; padding_right=&#8220;40&#8243; padding_bottom=&#8220;20&#8243; padding_left=&#8220;40&#8243;][\/vc_column_inner][\/vc_row_inner][\/vc_column][\/vc_row][vc_row type=&#8220;full_width_content&#8220; full_screen_row_position=&#8220;middle&#8220; column_margin=&#8220;default&#8220; column_direction=&#8220;default&#8220; column_direction_tablet=&#8220;default&#8220; column_direction_phone=&#8220;default&#8220; scene_position=&#8220;center&#8220; text_color=&#8220;dark&#8220; text_align=&#8220;left&#8220; row_border_radius=&#8220;none&#8220; row_border_radius_applies=&#8220;bg&#8220; overlay_strength=&#8220;0.3&#8243; gradient_direction=&#8220;left_to_right&#8220; shape_divider_position=&#8220;bottom&#8220; bg_image_animation=&#8220;none&#8220; shape_type=&#8220;&#8220;][vc_column column_padding=&#8220;no-extra-padding&#8220; column_padding_tablet=&#8220;inherit&#8220; column_padding_phone=&#8220;inherit&#8220; column_padding_position=&#8220;all&#8220; column_element_spacing=&#8220;default&#8220; background_color_opacity=&#8220;1&#8243; background_hover_color_opacity=&#8220;1&#8243; column_shadow=&#8220;none&#8220; column_border_radius=&#8220;none&#8220; column_link_target=&#8220;_self&#8220; gradient_direction=&#8220;left_to_right&#8220; overlay_strength=&#8220;0.3&#8243; width=&#8220;1\/1&#8243; tablet_width_inherit=&#8220;default&#8220; tablet_text_alignment=&#8220;default&#8220; phone_text_alignment=&#8220;default&#8220; bg_image_animation=&#8220;none&#8220; border_type=&#8220;simple&#8220; column_border_width=&#8220;none&#8220; column_border_style=&#8220;solid&#8220;][divider line_type=&#8220;No Line&#8220; custom_height=&#8220;2&#8243;][\/vc_column][\/vc_row]\n","protected":false},"excerpt":{"rendered":"<p>[vc_row type=&#8220;in_container&#8220; full_screen_row_position=&#8220;middle&#8220; column_margin=&#8220;default&#8220; column_direction=&#8220;default&#8220; column_direction_tablet=&#8220;default&#8220; column_direction_phone=&#8220;default&#8220; scene_position=&#8220;center&#8220; text_color=&#8220;dark&#8220; text_align=&#8220;left&#8220; row_border_radius=&#8220;none&#8220; row_border_radius_applies=&#8220;bg&#8220; overlay_strength=&#8220;0.3&#8243; gradient_direction=&#8220;left_to_right&#8220; shape_divider_position=&#8220;bottom&#8220; bg_image_animation=&#8220;none&#8220;][vc_column column_padding=&#8220;no-extra-padding&#8220; column_padding_tablet=&#8220;inherit&#8220; column_padding_phone=&#8220;inherit&#8220; column_padding_position=&#8220;all&#8220; column_element_spacing=&#8220;default&#8220; background_color_opacity=&#8220;1&#8243; background_hover_color_opacity=&#8220;1&#8243; column_shadow=&#8220;none&#8220; column_border_radius=&#8220;none&#8220; column_link_target=&#8220;_self&#8220; gradient_direction=&#8220;left_to_right&#8220; overlay_strength=&#8220;0.3&#8243; width=&#8220;1\/5&#8243; tablet_width_inherit=&#8220;default&#8220;&#8230;<\/p>\n","protected":false},"author":1,"featured_media":54110,"parent":37105,"menu_order":0,"comment_status":"closed","ping_status":"closed","template":"","meta":{"footnotes":""},"class_list":["post-54126","page","type-page","status-publish","has-post-thumbnail"],"yoast_head":"<!-- This site is optimized with the Yoast SEO plugin v28.1 - https:\/\/yoast.com\/product\/yoast-seo-wordpress\/ -->\n<title>Fiestas de Es Cal\u00f3 de Sant Agust\u00ed 2026: Programm und Uhrzeiten<\/title>\n<meta name=\"description\" content=\"Es Cal\u00f3 feiert Sant Agust\u00ed am 29. August mit traditionellen T\u00e4nzen, Gastronomie und einem Konzert von Esta me la s\u00e9. Programm und Uhrzeiten.\" \/>\n<meta name=\"robots\" content=\"index, follow, max-snippet:-1, max-image-preview:large, max-video-preview:-1\" \/>\n<link rel=\"canonical\" href=\"https:\/\/www.4mentera.com\/de\/formentera-news\/fiestas-es-calo-2026\/\" \/>\n<meta property=\"og:locale\" content=\"de_DE\" \/>\n<meta property=\"og:type\" content=\"article\" \/>\n<meta property=\"og:title\" content=\"Fiestas de Es Cal\u00f3 de Sant Agust\u00ed 2026: Programm und Uhrzeiten\" \/>\n<meta property=\"og:description\" content=\"Es Cal\u00f3 feiert Sant Agust\u00ed am 29. August mit traditionellen T\u00e4nzen, Gastronomie und einem Konzert von Esta me la s\u00e9. Programm und Uhrzeiten.\" \/>\n<meta property=\"og:url\" content=\"https:\/\/www.4mentera.com\/de\/formentera-news\/fiestas-es-calo-2026\/\" \/>\n<meta property=\"og:site_name\" content=\"4mentera.com\" \/>\n<meta property=\"article:publisher\" content=\"https:\/\/www.facebook.com\/4mentera\/\" \/>\n<meta property=\"article:modified_time\" content=\"2026-08-26T08:53:50+00:00\" \/>\n<meta property=\"og:image\" content=\"https:\/\/www.4mentera.com\/wp-content\/uploads\/2026\/08\/festes-es-calo-formentera-2026.webp\" \/>\n\t<meta property=\"og:image:width\" content=\"500\" \/>\n\t<meta property=\"og:image:height\" content=\"375\" \/>\n\t<meta property=\"og:image:type\" content=\"image\/webp\" \/>\n<meta name=\"twitter:card\" content=\"summary_large_image\" \/>\n<meta name=\"twitter:label1\" content=\"Gesch\u00e4tzte Lesezeit\" \/>\n\t<meta name=\"twitter:data1\" content=\"10\u00a0Minuten\" \/>\n<script type=\"application\/ld+json\" class=\"yoast-schema-graph\">{\"@context\":\"https:\\\/\\\/schema.org\",\"@graph\":[{\"@type\":\"WebPage\",\"@id\":\"https:\\\/\\\/www.4mentera.com\\\/de\\\/formentera-news\\\/fiestas-es-calo-2026\\\/\",\"url\":\"https:\\\/\\\/www.4mentera.com\\\/de\\\/formentera-news\\\/fiestas-es-calo-2026\\\/\",\"name\":\"Fiestas de Es Cal\u00f3 de Sant Agust\u00ed 2026: Programm und Uhrzeiten\",\"isPartOf\":{\"@id\":\"https:\\\/\\\/www.4mentera.com\\\/de\\\/#website\"},\"primaryImageOfPage\":{\"@id\":\"https:\\\/\\\/www.4mentera.com\\\/de\\\/formentera-news\\\/fiestas-es-calo-2026\\\/#primaryimage\"},\"image\":{\"@id\":\"https:\\\/\\\/www.4mentera.com\\\/de\\\/formentera-news\\\/fiestas-es-calo-2026\\\/#primaryimage\"},\"thumbnailUrl\":\"https:\\\/\\\/www.4mentera.com\\\/wp-content\\\/uploads\\\/2026\\\/08\\\/festes-es-calo-formentera-2026.webp\",\"datePublished\":\"2026-08-26T08:49:17+00:00\",\"dateModified\":\"2026-08-26T08:53:50+00:00\",\"description\":\"Es Cal\u00f3 feiert Sant Agust\u00ed am 29. August mit traditionellen T\u00e4nzen, Gastronomie und einem Konzert von Esta me la s\u00e9. Programm und Uhrzeiten.\",\"breadcrumb\":{\"@id\":\"https:\\\/\\\/www.4mentera.com\\\/de\\\/formentera-news\\\/fiestas-es-calo-2026\\\/#breadcrumb\"},\"inLanguage\":\"de\",\"potentialAction\":[{\"@type\":\"ReadAction\",\"target\":[\"https:\\\/\\\/www.4mentera.com\\\/de\\\/formentera-news\\\/fiestas-es-calo-2026\\\/\"]}]},{\"@type\":\"ImageObject\",\"inLanguage\":\"de\",\"@id\":\"https:\\\/\\\/www.4mentera.com\\\/de\\\/formentera-news\\\/fiestas-es-calo-2026\\\/#primaryimage\",\"url\":\"https:\\\/\\\/www.4mentera.com\\\/wp-content\\\/uploads\\\/2026\\\/08\\\/festes-es-calo-formentera-2026.webp\",\"contentUrl\":\"https:\\\/\\\/www.4mentera.com\\\/wp-content\\\/uploads\\\/2026\\\/08\\\/festes-es-calo-formentera-2026.webp\",\"width\":500,\"height\":375},{\"@type\":\"BreadcrumbList\",\"@id\":\"https:\\\/\\\/www.4mentera.com\\\/de\\\/formentera-news\\\/fiestas-es-calo-2026\\\/#breadcrumb\",\"itemListElement\":[{\"@type\":\"ListItem\",\"position\":1,\"name\":\"\",\"item\":\"https:\\\/\\\/www.4mentera.com\\\/de\\\/\"},{\"@type\":\"ListItem\",\"position\":2,\"name\":\"Formentera Nachrichten\",\"item\":\"https:\\\/\\\/www.4mentera.com\\\/de\\\/formentera-news\\\/\"},{\"@type\":\"ListItem\",\"position\":3,\"name\":\"Fiestas Es Cal\u00f3 2026\"}]},{\"@type\":\"WebSite\",\"@id\":\"https:\\\/\\\/www.4mentera.com\\\/de\\\/#website\",\"url\":\"https:\\\/\\\/www.4mentera.com\\\/de\\\/\",\"name\":\"4mentera.com\",\"description\":\"Guia de Formentera\",\"publisher\":{\"@id\":\"https:\\\/\\\/www.4mentera.com\\\/de\\\/#organization\"},\"potentialAction\":[{\"@type\":\"SearchAction\",\"target\":{\"@type\":\"EntryPoint\",\"urlTemplate\":\"https:\\\/\\\/www.4mentera.com\\\/de\\\/?s={search_term_string}\"},\"query-input\":{\"@type\":\"PropertyValueSpecification\",\"valueRequired\":true,\"valueName\":\"search_term_string\"}}],\"inLanguage\":\"de\"},{\"@type\":\"Organization\",\"@id\":\"https:\\\/\\\/www.4mentera.com\\\/de\\\/#organization\",\"name\":\"4mentera\",\"url\":\"https:\\\/\\\/www.4mentera.com\\\/de\\\/\",\"logo\":{\"@type\":\"ImageObject\",\"inLanguage\":\"de\",\"@id\":\"https:\\\/\\\/www.4mentera.com\\\/de\\\/#\\\/schema\\\/logo\\\/image\\\/\",\"url\":\"https:\\\/\\\/www.4mentera.com\\\/wp-content\\\/uploads\\\/2019\\\/06\\\/cropped-Logo-Negro-250x90.png\",\"contentUrl\":\"https:\\\/\\\/www.4mentera.com\\\/wp-content\\\/uploads\\\/2019\\\/06\\\/cropped-Logo-Negro-250x90.png\",\"width\":250,\"height\":91,\"caption\":\"4mentera\"},\"image\":{\"@id\":\"https:\\\/\\\/www.4mentera.com\\\/de\\\/#\\\/schema\\\/logo\\\/image\\\/\"},\"sameAs\":[\"https:\\\/\\\/www.facebook.com\\\/4mentera\\\/\",\"https:\\\/\\\/www.instagram.com\\\/4mentera.com_\\\/\"]}]}<\/script>\n<!-- \/ Yoast SEO plugin. -->","yoast_head_json":{"title":"Fiestas de Es Cal\u00f3 de Sant Agust\u00ed 2026: Programm und Uhrzeiten","description":"Es Cal\u00f3 feiert Sant Agust\u00ed am 29. August mit traditionellen T\u00e4nzen, Gastronomie und einem Konzert von Esta me la s\u00e9. Programm und Uhrzeiten.","robots":{"index":"index","follow":"follow","max-snippet":"max-snippet:-1","max-image-preview":"max-image-preview:large","max-video-preview":"max-video-preview:-1"},"canonical":"https:\/\/www.4mentera.com\/de\/formentera-news\/fiestas-es-calo-2026\/","og_locale":"de_DE","og_type":"article","og_title":"Fiestas de Es Cal\u00f3 de Sant Agust\u00ed 2026: Programm und Uhrzeiten","og_description":"Es Cal\u00f3 feiert Sant Agust\u00ed am 29. August mit traditionellen T\u00e4nzen, Gastronomie und einem Konzert von Esta me la s\u00e9. Programm und Uhrzeiten.","og_url":"https:\/\/www.4mentera.com\/de\/formentera-news\/fiestas-es-calo-2026\/","og_site_name":"4mentera.com","article_publisher":"https:\/\/www.facebook.com\/4mentera\/","article_modified_time":"2026-08-26T08:53:50+00:00","og_image":[{"width":500,"height":375,"url":"https:\/\/www.4mentera.com\/wp-content\/uploads\/2026\/08\/festes-es-calo-formentera-2026.webp","type":"image\/webp"}],"twitter_card":"summary_large_image","twitter_misc":{"Gesch\u00e4tzte Lesezeit":"10\u00a0Minuten"},"schema":{"@context":"https:\/\/schema.org","@graph":[{"@type":"WebPage","@id":"https:\/\/www.4mentera.com\/de\/formentera-news\/fiestas-es-calo-2026\/","url":"https:\/\/www.4mentera.com\/de\/formentera-news\/fiestas-es-calo-2026\/","name":"Fiestas de Es Cal\u00f3 de Sant Agust\u00ed 2026: Programm und Uhrzeiten","isPartOf":{"@id":"https:\/\/www.4mentera.com\/de\/#website"},"primaryImageOfPage":{"@id":"https:\/\/www.4mentera.com\/de\/formentera-news\/fiestas-es-calo-2026\/#primaryimage"},"image":{"@id":"https:\/\/www.4mentera.com\/de\/formentera-news\/fiestas-es-calo-2026\/#primaryimage"},"thumbnailUrl":"https:\/\/www.4mentera.com\/wp-content\/uploads\/2026\/08\/festes-es-calo-formentera-2026.webp","datePublished":"2026-08-26T08:49:17+00:00","dateModified":"2026-08-26T08:53:50+00:00","description":"Es Cal\u00f3 feiert Sant Agust\u00ed am 29. August mit traditionellen T\u00e4nzen, Gastronomie und einem Konzert von Esta me la s\u00e9. Programm und Uhrzeiten.","breadcrumb":{"@id":"https:\/\/www.4mentera.com\/de\/formentera-news\/fiestas-es-calo-2026\/#breadcrumb"},"inLanguage":"de","potentialAction":[{"@type":"ReadAction","target":["https:\/\/www.4mentera.com\/de\/formentera-news\/fiestas-es-calo-2026\/"]}]},{"@type":"ImageObject","inLanguage":"de","@id":"https:\/\/www.4mentera.com\/de\/formentera-news\/fiestas-es-calo-2026\/#primaryimage","url":"https:\/\/www.4mentera.com\/wp-content\/uploads\/2026\/08\/festes-es-calo-formentera-2026.webp","contentUrl":"https:\/\/www.4mentera.com\/wp-content\/uploads\/2026\/08\/festes-es-calo-formentera-2026.webp","width":500,"height":375},{"@type":"BreadcrumbList","@id":"https:\/\/www.4mentera.com\/de\/formentera-news\/fiestas-es-calo-2026\/#breadcrumb","itemListElement":[{"@type":"ListItem","position":1,"name":"","item":"https:\/\/www.4mentera.com\/de\/"},{"@type":"ListItem","position":2,"name":"Formentera Nachrichten","item":"https:\/\/www.4mentera.com\/de\/formentera-news\/"},{"@type":"ListItem","position":3,"name":"Fiestas Es Cal\u00f3 2026"}]},{"@type":"WebSite","@id":"https:\/\/www.4mentera.com\/de\/#website","url":"https:\/\/www.4mentera.com\/de\/","name":"4mentera.com","description":"Guia de Formentera","publisher":{"@id":"https:\/\/www.4mentera.com\/de\/#organization"},"potentialAction":[{"@type":"SearchAction","target":{"@type":"EntryPoint","urlTemplate":"https:\/\/www.4mentera.com\/de\/?s={search_term_string}"},"query-input":{"@type":"PropertyValueSpecification","valueRequired":true,"valueName":"search_term_string"}}],"inLanguage":"de"},{"@type":"Organization","@id":"https:\/\/www.4mentera.com\/de\/#organization","name":"4mentera","url":"https:\/\/www.4mentera.com\/de\/","logo":{"@type":"ImageObject","inLanguage":"de","@id":"https:\/\/www.4mentera.com\/de\/#\/schema\/logo\/image\/","url":"https:\/\/www.4mentera.com\/wp-content\/uploads\/2019\/06\/cropped-Logo-Negro-250x90.png","contentUrl":"https:\/\/www.4mentera.com\/wp-content\/uploads\/2019\/06\/cropped-Logo-Negro-250x90.png","width":250,"height":91,"caption":"4mentera"},"image":{"@id":"https:\/\/www.4mentera.com\/de\/#\/schema\/logo\/image\/"},"sameAs":["https:\/\/www.facebook.com\/4mentera\/","https:\/\/www.instagram.com\/4mentera.com_\/"]}]}},"_links":{"self":[{"href":"https:\/\/www.4mentera.com\/de\/wp-json\/wp\/v2\/pages\/54126","targetHints":{"allow":["GET"]}}],"collection":[{"href":"https:\/\/www.4mentera.com\/de\/wp-json\/wp\/v2\/pages"}],"about":[{"href":"https:\/\/www.4mentera.com\/de\/wp-json\/wp\/v2\/types\/page"}],"author":[{"embeddable":true,"href":"https:\/\/www.4mentera.com\/de\/wp-json\/wp\/v2\/users\/1"}],"replies":[{"embeddable":true,"href":"https:\/\/www.4mentera.com\/de\/wp-json\/wp\/v2\/comments?post=54126"}],"version-history":[{"count":3,"href":"https:\/\/www.4mentera.com\/de\/wp-json\/wp\/v2\/pages\/54126\/revisions"}],"predecessor-version":[{"id":54129,"href":"https:\/\/www.4mentera.com\/de\/wp-json\/wp\/v2\/pages\/54126\/revisions\/54129"}],"up":[{"embeddable":true,"href":"https:\/\/www.4mentera.com\/de\/wp-json\/wp\/v2\/pages\/37105"}],"wp:featuredmedia":[{"embeddable":true,"href":"https:\/\/www.4mentera.com\/de\/wp-json\/wp\/v2\/media\/54110"}],"wp:attachment":[{"href":"https:\/\/www.4mentera.com\/de\/wp-json\/wp\/v2\/media?parent=54126"}],"curies":[{"name":"wp","href":"https:\/\/api.w.org\/{rel}","templated":true}]}}