{"id":13495,"date":"2020-02-21T19:29:20","date_gmt":"2020-02-21T19:29:20","guid":{"rendered":"https:\/\/www.4mentera.com\/flower-power-formentera-2020\/"},"modified":"2020-07-07T16:49:30","modified_gmt":"2020-07-07T16:49:30","slug":"flower-power-formentera-2020","status":"publish","type":"page","link":"https:\/\/www.4mentera.com\/it\/flower-power-formentera-2020\/","title":{"rendered":"Formentera Flower Power 2020"},"content":{"rendered":"[vc_row type=&#8221;full_width_background&#8221; full_screen_row_position=&#8221;middle&#8221; bg_image=&#8221;13261&#8243; bg_position=&#8221;center top&#8221; bg_repeat=&#8221;no-repeat&#8221; bg_color=&#8221;#3170a0&#8243; scene_position=&#8221;center&#8221; text_color=&#8221;light&#8221; text_align=&#8221;left&#8221; top_padding=&#8221;8%&#8221; bottom_padding=&#8221;22%&#8221; enable_gradient=&#8221;true&#8221; color_overlay=&#8221;#477ca5&#8243; color_overlay_2=&#8221;#61ace6&#8243; gradient_direction=&#8221;top_to_bottom&#8221; overlay_strength=&#8221;0.8&#8243; enable_shape_divider=&#8221;true&#8221; shape_divider_position=&#8221;bottom&#8221; shape_divider_height=&#8221;350&#8243; bg_image_animation=&#8221;none&#8221; parallax_bg=&#8221;true&#8221; parallax_bg_speed=&#8221;fast&#8221; shape_type=&#8221;waves_opacity_alt&#8221;][vc_column column_padding=&#8221;no-extra-padding&#8221; column_padding_position=&#8221;all&#8221; background_color_opacity=&#8221;1&#8243; background_hover_color_opacity=&#8221;1&#8243; column_link_target=&#8221;_self&#8221; column_shadow=&#8221;none&#8221; column_border_radius=&#8221;none&#8221; width=&#8221;1\/2&#8243; tablet_width_inherit=&#8221;default&#8221; tablet_text_alignment=&#8221;default&#8221; phone_text_alignment=&#8221;default&#8221; column_border_width=&#8221;none&#8221; column_border_style=&#8221;solid&#8221; bg_image_animation=&#8221;none&#8221;][split_line_heading]\n<h1>Flower Power Formentera 2020<\/h1>\n[\/split_line_heading][vc_row_inner column_margin=&#8221;default&#8221; text_align=&#8221;left&#8221;][vc_column_inner column_padding=&#8221;no-extra-padding&#8221; column_padding_position=&#8221;all&#8221; background_color_opacity=&#8221;1&#8243; background_hover_color_opacity=&#8221;1&#8243; column_shadow=&#8221;none&#8221; column_border_radius=&#8221;none&#8221; column_link_target=&#8221;_self&#8221; width=&#8221;3\/4&#8243; tablet_width_inherit=&#8221;default&#8221; column_border_width=&#8221;none&#8221; column_border_style=&#8221;solid&#8221; bg_image_animation=&#8221;none&#8221; enable_animation=&#8221;true&#8221; animation=&#8221;fade-in-from-bottom&#8221; delay=&#8221;200&#8243;][vc_custom_heading text=&#8221;Annullata la festa estiva pi\u00f9 famosa di Formentera.<br \/>\nVieni a ballare con la musica degli anni &#8217;60 e &#8217;70.<br \/>\nLasciati trasportare dallo spirito pi\u00f9 hippy.&#8221; font_container=&#8221;tag:h4|font_size:20|text_align:left|color:rgba(255%2C255%2C255%2C0.7)|line_height:36px&#8221; google_fonts=&#8221;font_family:Roboto%3A100%2C100italic%2C300%2C300italic%2Cregular%2Citalic%2C500%2C500italic%2C700%2C700italic%2C900%2C900italic|font_style:400%20regular%3A400%3Anormal&#8221;][\/vc_column_inner][vc_column_inner column_padding=&#8221;no-extra-padding&#8221; column_padding_position=&#8221;all&#8221; background_color_opacity=&#8221;1&#8243; background_hover_color_opacity=&#8221;1&#8243; column_shadow=&#8221;none&#8221; column_border_radius=&#8221;none&#8221; column_link_target=&#8221;_self&#8221; width=&#8221;1\/4&#8243; tablet_width_inherit=&#8221;default&#8221; column_border_width=&#8221;none&#8221; column_border_style=&#8221;solid&#8221; bg_image_animation=&#8221;none&#8221; enable_animation=&#8221;true&#8221; animation=&#8221;fade-in-from-bottom&#8221; delay=&#8221;300&#8243;][\/vc_column_inner][\/vc_row_inner][divider line_type=&#8221;No Line&#8221; custom_height=&#8221;10&#8243;][\/vc_column][vc_column column_padding=&#8221;no-extra-padding&#8221; column_padding_position=&#8221;all&#8221; background_color_opacity=&#8221;1&#8243; background_hover_color_opacity=&#8221;1&#8243; column_link_target=&#8221;_self&#8221; column_shadow=&#8221;none&#8221; column_border_radius=&#8221;none&#8221; width=&#8221;1\/2&#8243; tablet_width_inherit=&#8221;default&#8221; tablet_text_alignment=&#8221;default&#8221; phone_text_alignment=&#8221;default&#8221; column_border_width=&#8221;none&#8221; column_border_style=&#8221;solid&#8221; bg_image_animation=&#8221;none&#8221;][\/vc_column][\/vc_row][vc_row type=&#8221;in_container&#8221; full_screen_row_position=&#8221;middle&#8221; scene_position=&#8221;center&#8221; text_color=&#8221;dark&#8221; text_align=&#8221;center&#8221; overlay_strength=&#8221;0.3&#8243; shape_divider_position=&#8221;bottom&#8221; bg_image_animation=&#8221;none&#8221; shape_type=&#8221;&#8221;][vc_column column_padding=&#8221;no-extra-padding&#8221; column_padding_position=&#8221;all&#8221; background_color_opacity=&#8221;1&#8243; background_hover_color_opacity=&#8221;1&#8243; column_link_target=&#8221;_self&#8221; column_shadow=&#8221;none&#8221; column_border_radius=&#8221;none&#8221; width=&#8221;1\/4&#8243; tablet_width_inherit=&#8221;default&#8221; tablet_text_alignment=&#8221;default&#8221; phone_text_alignment=&#8221;default&#8221; column_border_width=&#8221;none&#8221; column_border_style=&#8221;solid&#8221; bg_image_animation=&#8221;none&#8221;][\/vc_column][vc_column column_padding=&#8221;no-extra-padding&#8221; column_padding_position=&#8221;all&#8221; background_color_opacity=&#8221;1&#8243; background_hover_color_opacity=&#8221;1&#8243; column_link_target=&#8221;_self&#8221; column_shadow=&#8221;none&#8221; column_border_radius=&#8221;none&#8221; width=&#8221;2\/4&#8243; tablet_width_inherit=&#8221;default&#8221; tablet_text_alignment=&#8221;default&#8221; phone_text_alignment=&#8221;default&#8221; column_border_width=&#8221;none&#8221; column_border_style=&#8221;solid&#8221; bg_image_animation=&#8221;none&#8221;][divider line_type=&#8221;No Line&#8221; custom_height=&#8221;10&#8243;][vc_column_text]\n<h2 style=\"text-align: center;\">&#8220;<span style=\"color: #ff0000;\"><strong>Annullata:<\/strong><\/span> Flower Power Formentera, la festa estiva pi\u00f9 famosa del 2020&#8243;<\/h2>\n[\/vc_column_text][divider line_type=&#8221;No Line&#8221; custom_height=&#8221;10&#8243;][\/vc_column][vc_column column_padding=&#8221;no-extra-padding&#8221; column_padding_position=&#8221;all&#8221; background_color_opacity=&#8221;1&#8243; background_hover_color_opacity=&#8221;1&#8243; column_link_target=&#8221;_self&#8221; column_shadow=&#8221;none&#8221; column_border_radius=&#8221;none&#8221; width=&#8221;1\/4&#8243; tablet_width_inherit=&#8221;default&#8221; tablet_text_alignment=&#8221;default&#8221; phone_text_alignment=&#8221;default&#8221; column_border_width=&#8221;none&#8221; column_border_style=&#8221;solid&#8221; bg_image_animation=&#8221;none&#8221;][\/vc_column][\/vc_row][vc_row type=&#8221;in_container&#8221; full_screen_row_position=&#8221;middle&#8221; scene_position=&#8221;center&#8221; text_color=&#8221;dark&#8221; text_align=&#8221;left&#8221; overlay_strength=&#8221;0.3&#8243; shape_divider_position=&#8221;bottom&#8221; bg_image_animation=&#8221;none&#8221; shape_type=&#8221;&#8221;][vc_column centered_text=&#8221;true&#8221; column_padding=&#8221;no-extra-padding&#8221; column_padding_position=&#8221;all&#8221; background_color_opacity=&#8221;1&#8243; background_hover_color_opacity=&#8221;1&#8243; column_link_target=&#8221;_self&#8221; column_shadow=&#8221;none&#8221; column_border_radius=&#8221;none&#8221; width=&#8221;3\/5&#8243; tablet_width_inherit=&#8221;default&#8221; tablet_text_alignment=&#8221;default&#8221; phone_text_alignment=&#8221;default&#8221; column_border_width=&#8221;none&#8221; column_border_style=&#8221;solid&#8221; bg_image_animation=&#8221;none&#8221;][vc_gallery type=&#8221;flexslider_style&#8221; images=&#8221;13222,13198,13202,13206,13210,13230,13214,13218,13194,13226,13190&#8243; onclick=&#8221;link_image&#8221; img_size=&#8221;full&#8221;][\/vc_column][vc_column centered_text=&#8221;true&#8221; column_padding=&#8221;no-extra-padding&#8221; column_padding_position=&#8221;all&#8221; background_color_opacity=&#8221;1&#8243; background_hover_color_opacity=&#8221;1&#8243; column_link_target=&#8221;_self&#8221; column_shadow=&#8221;none&#8221; column_border_radius=&#8221;none&#8221; width=&#8221;2\/5&#8243; tablet_width_inherit=&#8221;default&#8221; tablet_text_alignment=&#8221;default&#8221; phone_text_alignment=&#8221;default&#8221; column_border_width=&#8221;none&#8221; column_border_style=&#8221;solid&#8221; bg_image_animation=&#8221;none&#8221;][vc_column_text]\n<h5>Party Location:<\/h5>\n[\/vc_column_text][divider line_type=&#8221;Small Line&#8221; line_alignment=&#8221;default&#8221; line_thickness=&#8221;3&#8243; divider_color=&#8221;default&#8221;][image_with_animation image_url=&#8221;323&#8243; alignment=&#8221;center&#8221; animation=&#8221;Fade In&#8221; img_link_target=&#8221;_blank&#8221; border_radius=&#8221;none&#8221; box_shadow=&#8221;none&#8221; max_width=&#8221;50%&#8221; img_link=&#8221;https:\/\/goo.gl\/maps\/SWG4EiZULq6beXoZ9&#8243; margin_top=&#8221;30&#8243;][\/vc_column][\/vc_row][vc_row type=&#8221;in_container&#8221; full_screen_row_position=&#8221;middle&#8221; scene_position=&#8221;center&#8221; text_color=&#8221;dark&#8221; text_align=&#8221;left&#8221; overlay_strength=&#8221;0.3&#8243; shape_divider_position=&#8221;bottom&#8221; bg_image_animation=&#8221;none&#8221;][vc_column column_padding=&#8221;no-extra-padding&#8221; column_padding_position=&#8221;all&#8221; background_color_opacity=&#8221;1&#8243; background_hover_color_opacity=&#8221;1&#8243; column_link_target=&#8221;_self&#8221; column_shadow=&#8221;none&#8221; column_border_radius=&#8221;none&#8221; width=&#8221;1\/6&#8243; tablet_width_inherit=&#8221;default&#8221; tablet_text_alignment=&#8221;default&#8221; phone_text_alignment=&#8221;default&#8221; column_border_width=&#8221;none&#8221; column_border_style=&#8221;solid&#8221; bg_image_animation=&#8221;none&#8221;][\/vc_column][vc_column column_padding=&#8221;no-extra-padding&#8221; column_padding_position=&#8221;all&#8221; background_color_opacity=&#8221;1&#8243; background_hover_color_opacity=&#8221;1&#8243; column_link_target=&#8221;_self&#8221; column_shadow=&#8221;none&#8221; column_border_radius=&#8221;none&#8221; width=&#8221;4\/6&#8243; tablet_width_inherit=&#8221;default&#8221; tablet_text_alignment=&#8221;default&#8221; phone_text_alignment=&#8221;default&#8221; column_border_width=&#8221;none&#8221; column_border_style=&#8221;solid&#8221; bg_image_animation=&#8221;none&#8221;][divider line_type=&#8221;Small Line&#8221; line_alignment=&#8221;center&#8221; line_thickness=&#8221;3&#8243; divider_color=&#8221;default&#8221;][vc_column_text css=&#8221;.vc_custom_1594140362158{margin-right: px !important;margin-left: px !important;padding-top: 40px !important;padding-bottom: 10px !important;}&#8221;]\n<h2 style=\"text-align: center;\"><span style=\"color: #5585ab;\"><strong>Flower Power Formentera 2020<\/strong><\/span><\/h2>\n<p style=\"text-align: center;\">&#x2705; <span style=\"color: #ff0000;\">Annullata da misure Anti-Covid 19<\/span>.<br \/>\n&#x2705; Musica degli anni &#8217;60 e &#8217;70 per ballare tutta la notte.<br \/>\n&#x2705; La festa estiva per eccellenza di Formentera.<\/p>\n[\/vc_column_text][\/vc_column][vc_column column_padding=&#8221;no-extra-padding&#8221; column_padding_position=&#8221;all&#8221; background_color_opacity=&#8221;1&#8243; background_hover_color_opacity=&#8221;1&#8243; column_link_target=&#8221;_self&#8221; column_shadow=&#8221;none&#8221; column_border_radius=&#8221;none&#8221; width=&#8221;1\/6&#8243; tablet_width_inherit=&#8221;default&#8221; tablet_text_alignment=&#8221;default&#8221; phone_text_alignment=&#8221;default&#8221; column_border_width=&#8221;none&#8221; column_border_style=&#8221;solid&#8221; bg_image_animation=&#8221;none&#8221;][\/vc_column][\/vc_row][vc_row type=&#8221;in_container&#8221; full_screen_row_position=&#8221;middle&#8221; scene_position=&#8221;center&#8221; text_color=&#8221;dark&#8221; text_align=&#8221;left&#8221; overlay_strength=&#8221;0.3&#8243; shape_divider_position=&#8221;bottom&#8221; bg_image_animation=&#8221;none&#8221;][vc_column centered_text=&#8221;true&#8221; column_padding=&#8221;no-extra-padding&#8221; column_padding_position=&#8221;all&#8221; background_color_opacity=&#8221;1&#8243; background_hover_color_opacity=&#8221;1&#8243; column_link_target=&#8221;_self&#8221; column_shadow=&#8221;none&#8221; column_border_radius=&#8221;none&#8221; width=&#8221;1\/1&#8243; tablet_width_inherit=&#8221;default&#8221; tablet_text_alignment=&#8221;default&#8221; phone_text_alignment=&#8221;default&#8221; column_border_width=&#8221;none&#8221; column_border_style=&#8221;solid&#8221; bg_image_animation=&#8221;none&#8221;][vc_column_text]\n<p style=\"text-align: center;\"><span style=\"color: #ff0000;\"><strong>Per motivi di sicurezza sanitaria, il Flower Power che si sarebbe tenuto l&#8217;11 luglio a Es Pujols, \u00e8 stato cancellato.<\/strong><\/span><\/p>\n<p style=\"text-align: left;\"><del><strong>Abbiamo gi\u00e0 la conferma ufficiale della data del prossimo Flower Power a Formentera per l&#8217;estate del 2020!<\/strong><\/del><\/p>\n<p style=\"text-align: left;\"><del>Dalla Conselleria de Cultura della Consell Insular de Formentera \u00e8 stato annunciato che la celebrazione della festa pi\u00f9 famosa e attesa da parte dei turisti e dei residenti di Formentera, sar\u00e0 ospitata nella Plaza Europa di Es Pujols l&#8217;11 luglio durante le celebrazioni di Sant Jaume.<\/del><\/p>\n<h2 style=\"text-align: center;\"><span style=\"color: #5585ab;\"><strong>Flower Power Formentera 2020<\/strong><\/span><\/h2>\n<p style=\"text-align: left;\"><del>A differenza di altri anni, la sede della festa cambia luogo e non si terr\u00e0 in Plaza de la Iglesia de Sant Francesc come era consuetudine dall&#8217;inizio di questo Flower Power a luglio, ma invece si \u00e8 spostata dal luogo di celebrazione.<\/del><\/p>\n<p style=\"text-align: left;\"><del>La festa presenter\u00e0, come ogni anno, un gruppo di DJ locali che mescoleranno le canzoni degli anni &#8217;60 e &#8217;70 per riempire la notte di Formentera con la musica, quest&#8217;anno, in Plaza Europa di <a href=\"https:\/\/www.4mentera.com\/it\/formentera\/paesi-di-formentera\/es-pujols\/\">Es Pujols<\/a>.<\/del><\/p>\n<p style=\"text-align: left;\"><del>Una notte piena di colori, buona atmosfera e voglia di ballare e divertirsi tra tutto il pubblico presente a questa gi\u00e0 mitica festa estiva di Formentera.<\/del><br \/>\n<del>Non dimenticare i tuoi abiti pi\u00f9 colorati e allegri se hai intenzione di trascorrere la notte dell&#8217;11 luglio a Formentera.<\/del><br \/>\n<del>Nastro e fiori tra i capelli, occhiali da sole con cristalli colorati e voglia di ballare e divertirsi \u00e8 tutto ci\u00f2 che serve per godersi il Fiore a luglio.<\/del><\/p>\n<p><del>Una festa indimenticabile che ricorderai con nostalgia quando l&#8217;inverno torner\u00e0 ai nostri giorni e stai sognando di tornare di nuovo a Formentera per goderti il \u200b\u200bcaldo, il sole e la spiaggia.<\/del><\/p>\n<h2 style=\"text-align: center;\"><span style=\"color: #5585ab;\"><strong>Sconti speciali per i biglietti del traghetto<\/strong><\/span><\/h2>\n<p style=\"text-align: left;\">E se sai gi\u00e0 che non puoi perderti questa serata di festa a Formentera, ricorda che possiamo offrirti una serie di sconti per i tuoi biglietti del traghetto da Ibiza con la compagnia Trasmapi, usando il nostro codice promozionale: 4<strong>MENTERA<\/strong> quando effettui l&#8217;acquisto dal loro sito Web &#8230;&#8230; o anche pi\u00f9 facilmente, fai clic sul seguente logo:<\/p>\n<p><a href=\"https:\/\/www.trasmapi.com\/?origin=www.4mentera.com&amp;promo=4mentera&amp;lang=it\"><img loading=\"lazy\" decoding=\"async\" class=\"aligncenter wp-image-761 size-medium\" src=\"https:\/\/www.4mentera.com\/wp-content\/uploads\/2019\/07\/Trasmapi-web-alquiler-vehiculos-300x229.jpg\" alt=\"Ferry de Trasmapi saliendo del puerto de Ibiza direcci\u00f3n a Formentera d\" width=\"300\" height=\"229\" srcset=\"https:\/\/www.4mentera.com\/wp-content\/uploads\/2019\/07\/Trasmapi-web-alquiler-vehiculos-300x229.jpg 300w, https:\/\/www.4mentera.com\/wp-content\/uploads\/2019\/07\/Trasmapi-web-alquiler-vehiculos.jpg 768w\" sizes=\"auto, (max-width: 300px) 100vw, 300px\" \/><\/a><\/p>\n<p>&nbsp;<\/p>\n<h2 style=\"text-align: center;\"><span style=\"color: #5585ab;\"><strong>Sconti speciali per noleggio auto e scooter<\/strong><\/span><\/h2>\n<p style=\"text-align: left;\">Come per il biglietto del traghetto, possiamo offrirti un codice promozionale con diverse compagnie di autonoleggio a Formentera, sempre utilizzando il codice promozionale: <strong>4MENTERA<\/strong><\/p>\n<p style=\"text-align: left;\">Basta fare clic sui seguenti loghi e verrai reindirizzato al sito Web di ciascuno di essi:<\/p>\n<p><a href=\"https:\/\/www.proautorentacar.com\/it\/?promo=4mentera\"><img loading=\"lazy\" decoding=\"async\" class=\"aligncenter wp-image-738\" src=\"https:\/\/www.4mentera.com\/wp-content\/uploads\/2019\/07\/Proauto-web-alquiler-vehiculos-300x229.jpg\" alt=\"Logotipo Proautorentacar con un coche rojo sobre fondo blanco\" width=\"262\" height=\"200\" srcset=\"https:\/\/www.4mentera.com\/wp-content\/uploads\/2019\/07\/Proauto-web-alquiler-vehiculos-300x229.jpg 300w, https:\/\/www.4mentera.com\/wp-content\/uploads\/2019\/07\/Proauto-web-alquiler-vehiculos.jpg 768w\" sizes=\"auto, (max-width: 262px) 100vw, 262px\" \/><\/a> <a href=\"http:\/\/autoscamariformentera.com\/it\/?promo=4mentera\"><img loading=\"lazy\" decoding=\"async\" class=\"aligncenter wp-image-713\" src=\"https:\/\/www.4mentera.com\/wp-content\/uploads\/2019\/07\/Ca-Mari-web-alquiler-vehiculos-1-300x229.jpg\" alt=\"\" width=\"265\" height=\"202\" srcset=\"https:\/\/www.4mentera.com\/wp-content\/uploads\/2019\/07\/Ca-Mari-web-alquiler-vehiculos-1-300x229.jpg 300w, https:\/\/www.4mentera.com\/wp-content\/uploads\/2019\/07\/Ca-Mari-web-alquiler-vehiculos-1.jpg 768w\" sizes=\"auto, (max-width: 265px) 100vw, 265px\" \/><\/a><a href=\"https:\/\/www.motorentpujols.com\/?lang=it&amp;promo=4mentera\"><img loading=\"lazy\" decoding=\"async\" class=\"aligncenter wp-image-693\" src=\"https:\/\/www.4mentera.com\/wp-content\/uploads\/2019\/07\/Motorent-Pujols-web-alquiler-vehiculos-300x229.jpg\" alt=\"\" width=\"259\" height=\"198\" srcset=\"https:\/\/www.4mentera.com\/wp-content\/uploads\/2019\/07\/Motorent-Pujols-web-alquiler-vehiculos-300x229.jpg 300w, https:\/\/www.4mentera.com\/wp-content\/uploads\/2019\/07\/Motorent-Pujols-web-alquiler-vehiculos.jpg 768w\" sizes=\"auto, (max-width: 259px) 100vw, 259px\" \/><\/a><\/p>\n<h2 style=\"text-align: center;\"><span style=\"color: #5585ab;\"><strong>Flower Power Formentera 2020<\/strong><\/span><\/h2>\n<p style=\"text-align: center;\">Non puoi perderti la festa !<\/p>\n<p><img loading=\"lazy\" decoding=\"async\" class=\"size-medium wp-image-13264 aligncenter\" src=\"https:\/\/www.4mentera.com\/wp-content\/uploads\/2020\/02\/Flower-Power-2020-WEB-1-300x219.jpg\" alt=\"Formentera Flower Power 2020 Es Pujols\" width=\"300\" height=\"219\" srcset=\"https:\/\/www.4mentera.com\/wp-content\/uploads\/2020\/02\/Flower-Power-2020-WEB-1-300x219.jpg 300w, https:\/\/www.4mentera.com\/wp-content\/uploads\/2020\/02\/Flower-Power-2020-WEB-1-768x560.jpg 768w, https:\/\/www.4mentera.com\/wp-content\/uploads\/2020\/02\/Flower-Power-2020-WEB-1-1024x747.jpg 1024w, https:\/\/www.4mentera.com\/wp-content\/uploads\/2020\/02\/Flower-Power-2020-WEB-1.jpg 1200w\" sizes=\"auto, (max-width: 300px) 100vw, 300px\" \/>[\/vc_column_text][\/vc_column][\/vc_row][vc_row type=&#8221;in_container&#8221; full_screen_row_position=&#8221;middle&#8221; scene_position=&#8221;center&#8221; text_color=&#8221;dark&#8221; text_align=&#8221;left&#8221; overlay_strength=&#8221;0.3&#8243; shape_divider_position=&#8221;bottom&#8221; bg_image_animation=&#8221;none&#8221;][vc_column column_padding=&#8221;no-extra-padding&#8221; column_padding_position=&#8221;all&#8221; background_color_opacity=&#8221;1&#8243; background_hover_color_opacity=&#8221;1&#8243; column_link_target=&#8221;_self&#8221; column_shadow=&#8221;none&#8221; column_border_radius=&#8221;none&#8221; width=&#8221;1\/1&#8243; tablet_width_inherit=&#8221;default&#8221; tablet_text_alignment=&#8221;default&#8221; phone_text_alignment=&#8221;default&#8221; column_border_width=&#8221;none&#8221; column_border_style=&#8221;solid&#8221; bg_image_animation=&#8221;none&#8221;][image_with_animation image_url=&#8221;13261&#8243; alignment=&#8221;center&#8221; animation=&#8221;Fade In&#8221; border_radius=&#8221;none&#8221; box_shadow=&#8221;none&#8221; max_width=&#8221;100%&#8221; margin_top=&#8221;30&#8243;][\/vc_column][\/vc_row]\n","protected":false},"excerpt":{"rendered":"<p>[vc_row type=&#8221;full_width_background&#8221; full_screen_row_position=&#8221;middle&#8221; bg_image=&#8221;13261&#8243; bg_position=&#8221;center top&#8221; bg_repeat=&#8221;no-repeat&#8221; bg_color=&#8221;#3170a0&#8243; scene_position=&#8221;center&#8221; text_color=&#8221;light&#8221; text_align=&#8221;left&#8221; top_padding=&#8221;8%&#8221; bottom_padding=&#8221;22%&#8221; enable_gradient=&#8221;true&#8221; color_overlay=&#8221;#477ca5&#8243; color_overlay_2=&#8221;#61ace6&#8243; gradient_direction=&#8221;top_to_bottom&#8221; overlay_strength=&#8221;0.8&#8243; enable_shape_divider=&#8221;true&#8221; shape_divider_position=&#8221;bottom&#8221; shape_divider_height=&#8221;350&#8243; bg_image_animation=&#8221;none&#8221; parallax_bg=&#8221;true&#8221; parallax_bg_speed=&#8221;fast&#8221; shape_type=&#8221;waves_opacity_alt&#8221;][vc_column column_padding=&#8221;no-extra-padding&#8221; column_padding_position=&#8221;all&#8221; background_color_opacity=&#8221;1&#8243; background_hover_color_opacity=&#8221;1&#8243; column_link_target=&#8221;_self&#8221;&#8230;<\/p>\n","protected":false},"author":1,"featured_media":14141,"parent":0,"menu_order":0,"comment_status":"closed","ping_status":"closed","template":"","meta":{"footnotes":""},"class_list":["post-13495","page","type-page","status-publish","has-post-thumbnail"],"yoast_head":"<!-- This site is optimized with the Yoast SEO plugin v26.8 - https:\/\/yoast.com\/product\/yoast-seo-wordpress\/ -->\n<title>Flower Power Formentera 2020 - Lo spirito pi\u00f9 hippy -<\/title>\n<meta name=\"description\" content=\"Flower Power Formentera 2020 - Vieni a ballare i ritmi degli anni &#039;60 e &#039;70 nella festa pi\u00f9 famosa di tutta l&#039;estate sull&#039;isola. Non puoi perderlo!\" \/>\n<meta name=\"robots\" content=\"index, follow, max-snippet:-1, max-image-preview:large, max-video-preview:-1\" \/>\n<link rel=\"canonical\" href=\"https:\/\/www.4mentera.com\/it\/flower-power-formentera-2020\/\" \/>\n<meta property=\"og:locale\" content=\"it_IT\" \/>\n<meta property=\"og:type\" content=\"article\" \/>\n<meta property=\"og:title\" content=\"Flower Power Formentera 2020 - Lo spirito pi\u00f9 hippy -\" \/>\n<meta property=\"og:description\" content=\"Flower Power Formentera 2020 - Vieni a ballare i ritmi degli anni &#039;60 e &#039;70 nella festa pi\u00f9 famosa di tutta l&#039;estate sull&#039;isola. Non puoi perderlo!\" \/>\n<meta property=\"og:url\" content=\"https:\/\/www.4mentera.com\/it\/flower-power-formentera-2020\/\" \/>\n<meta property=\"og:site_name\" content=\"4mentera.com\" \/>\n<meta property=\"article:publisher\" content=\"https:\/\/www.facebook.com\/4mentera\/\" \/>\n<meta property=\"article:modified_time\" content=\"2020-07-07T16:49:30+00:00\" \/>\n<meta property=\"og:image\" content=\"https:\/\/www.4mentera.com\/wp-content\/uploads\/2020\/07\/Flower-Cancelada.jpg\" \/>\n\t<meta property=\"og:image:width\" content=\"1200\" \/>\n\t<meta property=\"og:image:height\" content=\"875\" \/>\n\t<meta property=\"og:image:type\" content=\"image\/jpeg\" \/>\n<meta name=\"twitter:card\" content=\"summary_large_image\" \/>\n<meta name=\"twitter:label1\" content=\"Tempo di lettura stimato\" \/>\n\t<meta name=\"twitter:data1\" content=\"8 minuti\" \/>\n<script type=\"application\/ld+json\" class=\"yoast-schema-graph\">{\"@context\":\"https:\/\/schema.org\",\"@graph\":[{\"@type\":\"WebPage\",\"@id\":\"https:\/\/www.4mentera.com\/it\/flower-power-formentera-2020\/\",\"url\":\"https:\/\/www.4mentera.com\/it\/flower-power-formentera-2020\/\",\"name\":\"Flower Power Formentera 2020 - Lo spirito pi\u00f9 hippy -\",\"isPartOf\":{\"@id\":\"https:\/\/www.4mentera.com\/it\/#website\"},\"primaryImageOfPage\":{\"@id\":\"https:\/\/www.4mentera.com\/it\/flower-power-formentera-2020\/#primaryimage\"},\"image\":{\"@id\":\"https:\/\/www.4mentera.com\/it\/flower-power-formentera-2020\/#primaryimage\"},\"thumbnailUrl\":\"https:\/\/www.4mentera.com\/wp-content\/uploads\/2020\/07\/Flower-Cancelada.jpg\",\"datePublished\":\"2020-02-21T19:29:20+00:00\",\"dateModified\":\"2020-07-07T16:49:30+00:00\",\"description\":\"Flower Power Formentera 2020 - Vieni a ballare i ritmi degli anni '60 e '70 nella festa pi\u00f9 famosa di tutta l'estate sull'isola. Non puoi perderlo!\",\"breadcrumb\":{\"@id\":\"https:\/\/www.4mentera.com\/it\/flower-power-formentera-2020\/#breadcrumb\"},\"inLanguage\":\"it-IT\",\"potentialAction\":[{\"@type\":\"ReadAction\",\"target\":[\"https:\/\/www.4mentera.com\/it\/flower-power-formentera-2020\/\"]}]},{\"@type\":\"ImageObject\",\"inLanguage\":\"it-IT\",\"@id\":\"https:\/\/www.4mentera.com\/it\/flower-power-formentera-2020\/#primaryimage\",\"url\":\"https:\/\/www.4mentera.com\/wp-content\/uploads\/2020\/07\/Flower-Cancelada.jpg\",\"contentUrl\":\"https:\/\/www.4mentera.com\/wp-content\/uploads\/2020\/07\/Flower-Cancelada.jpg\",\"width\":1200,\"height\":875},{\"@type\":\"BreadcrumbList\",\"@id\":\"https:\/\/www.4mentera.com\/it\/flower-power-formentera-2020\/#breadcrumb\",\"itemListElement\":[{\"@type\":\"ListItem\",\"position\":1,\"name\":\"\",\"item\":\"https:\/\/www.4mentera.com\/it\/\"},{\"@type\":\"ListItem\",\"position\":2,\"name\":\"Formentera Flower Power 2020\"}]},{\"@type\":\"WebSite\",\"@id\":\"https:\/\/www.4mentera.com\/it\/#website\",\"url\":\"https:\/\/www.4mentera.com\/it\/\",\"name\":\"4mentera.com\",\"description\":\"Guia de Formentera\",\"publisher\":{\"@id\":\"https:\/\/www.4mentera.com\/it\/#organization\"},\"potentialAction\":[{\"@type\":\"SearchAction\",\"target\":{\"@type\":\"EntryPoint\",\"urlTemplate\":\"https:\/\/www.4mentera.com\/it\/?s={search_term_string}\"},\"query-input\":{\"@type\":\"PropertyValueSpecification\",\"valueRequired\":true,\"valueName\":\"search_term_string\"}}],\"inLanguage\":\"it-IT\"},{\"@type\":\"Organization\",\"@id\":\"https:\/\/www.4mentera.com\/it\/#organization\",\"name\":\"4mentera\",\"url\":\"https:\/\/www.4mentera.com\/it\/\",\"logo\":{\"@type\":\"ImageObject\",\"inLanguage\":\"it-IT\",\"@id\":\"https:\/\/www.4mentera.com\/it\/#\/schema\/logo\/image\/\",\"url\":\"https:\/\/www.4mentera.com\/wp-content\/uploads\/2019\/06\/cropped-Logo-Negro-250x90.png\",\"contentUrl\":\"https:\/\/www.4mentera.com\/wp-content\/uploads\/2019\/06\/cropped-Logo-Negro-250x90.png\",\"width\":250,\"height\":91,\"caption\":\"4mentera\"},\"image\":{\"@id\":\"https:\/\/www.4mentera.com\/it\/#\/schema\/logo\/image\/\"},\"sameAs\":[\"https:\/\/www.facebook.com\/4mentera\/\",\"https:\/\/www.instagram.com\/4mentera.com_\/\"]}]}<\/script>\n<!-- \/ Yoast SEO plugin. -->","yoast_head_json":{"title":"Flower Power Formentera 2020 - Lo spirito pi\u00f9 hippy -","description":"Flower Power Formentera 2020 - Vieni a ballare i ritmi degli anni '60 e '70 nella festa pi\u00f9 famosa di tutta l'estate sull'isola. Non puoi perderlo!","robots":{"index":"index","follow":"follow","max-snippet":"max-snippet:-1","max-image-preview":"max-image-preview:large","max-video-preview":"max-video-preview:-1"},"canonical":"https:\/\/www.4mentera.com\/it\/flower-power-formentera-2020\/","og_locale":"it_IT","og_type":"article","og_title":"Flower Power Formentera 2020 - Lo spirito pi\u00f9 hippy -","og_description":"Flower Power Formentera 2020 - Vieni a ballare i ritmi degli anni '60 e '70 nella festa pi\u00f9 famosa di tutta l'estate sull'isola. Non puoi perderlo!","og_url":"https:\/\/www.4mentera.com\/it\/flower-power-formentera-2020\/","og_site_name":"4mentera.com","article_publisher":"https:\/\/www.facebook.com\/4mentera\/","article_modified_time":"2020-07-07T16:49:30+00:00","og_image":[{"width":1200,"height":875,"url":"https:\/\/www.4mentera.com\/wp-content\/uploads\/2020\/07\/Flower-Cancelada.jpg","type":"image\/jpeg"}],"twitter_card":"summary_large_image","twitter_misc":{"Tempo di lettura stimato":"8 minuti"},"schema":{"@context":"https:\/\/schema.org","@graph":[{"@type":"WebPage","@id":"https:\/\/www.4mentera.com\/it\/flower-power-formentera-2020\/","url":"https:\/\/www.4mentera.com\/it\/flower-power-formentera-2020\/","name":"Flower Power Formentera 2020 - Lo spirito pi\u00f9 hippy -","isPartOf":{"@id":"https:\/\/www.4mentera.com\/it\/#website"},"primaryImageOfPage":{"@id":"https:\/\/www.4mentera.com\/it\/flower-power-formentera-2020\/#primaryimage"},"image":{"@id":"https:\/\/www.4mentera.com\/it\/flower-power-formentera-2020\/#primaryimage"},"thumbnailUrl":"https:\/\/www.4mentera.com\/wp-content\/uploads\/2020\/07\/Flower-Cancelada.jpg","datePublished":"2020-02-21T19:29:20+00:00","dateModified":"2020-07-07T16:49:30+00:00","description":"Flower Power Formentera 2020 - Vieni a ballare i ritmi degli anni '60 e '70 nella festa pi\u00f9 famosa di tutta l'estate sull'isola. Non puoi perderlo!","breadcrumb":{"@id":"https:\/\/www.4mentera.com\/it\/flower-power-formentera-2020\/#breadcrumb"},"inLanguage":"it-IT","potentialAction":[{"@type":"ReadAction","target":["https:\/\/www.4mentera.com\/it\/flower-power-formentera-2020\/"]}]},{"@type":"ImageObject","inLanguage":"it-IT","@id":"https:\/\/www.4mentera.com\/it\/flower-power-formentera-2020\/#primaryimage","url":"https:\/\/www.4mentera.com\/wp-content\/uploads\/2020\/07\/Flower-Cancelada.jpg","contentUrl":"https:\/\/www.4mentera.com\/wp-content\/uploads\/2020\/07\/Flower-Cancelada.jpg","width":1200,"height":875},{"@type":"BreadcrumbList","@id":"https:\/\/www.4mentera.com\/it\/flower-power-formentera-2020\/#breadcrumb","itemListElement":[{"@type":"ListItem","position":1,"name":"","item":"https:\/\/www.4mentera.com\/it\/"},{"@type":"ListItem","position":2,"name":"Formentera Flower Power 2020"}]},{"@type":"WebSite","@id":"https:\/\/www.4mentera.com\/it\/#website","url":"https:\/\/www.4mentera.com\/it\/","name":"4mentera.com","description":"Guia de Formentera","publisher":{"@id":"https:\/\/www.4mentera.com\/it\/#organization"},"potentialAction":[{"@type":"SearchAction","target":{"@type":"EntryPoint","urlTemplate":"https:\/\/www.4mentera.com\/it\/?s={search_term_string}"},"query-input":{"@type":"PropertyValueSpecification","valueRequired":true,"valueName":"search_term_string"}}],"inLanguage":"it-IT"},{"@type":"Organization","@id":"https:\/\/www.4mentera.com\/it\/#organization","name":"4mentera","url":"https:\/\/www.4mentera.com\/it\/","logo":{"@type":"ImageObject","inLanguage":"it-IT","@id":"https:\/\/www.4mentera.com\/it\/#\/schema\/logo\/image\/","url":"https:\/\/www.4mentera.com\/wp-content\/uploads\/2019\/06\/cropped-Logo-Negro-250x90.png","contentUrl":"https:\/\/www.4mentera.com\/wp-content\/uploads\/2019\/06\/cropped-Logo-Negro-250x90.png","width":250,"height":91,"caption":"4mentera"},"image":{"@id":"https:\/\/www.4mentera.com\/it\/#\/schema\/logo\/image\/"},"sameAs":["https:\/\/www.facebook.com\/4mentera\/","https:\/\/www.instagram.com\/4mentera.com_\/"]}]}},"_links":{"self":[{"href":"https:\/\/www.4mentera.com\/it\/wp-json\/wp\/v2\/pages\/13495","targetHints":{"allow":["GET"]}}],"collection":[{"href":"https:\/\/www.4mentera.com\/it\/wp-json\/wp\/v2\/pages"}],"about":[{"href":"https:\/\/www.4mentera.com\/it\/wp-json\/wp\/v2\/types\/page"}],"author":[{"embeddable":true,"href":"https:\/\/www.4mentera.com\/it\/wp-json\/wp\/v2\/users\/1"}],"replies":[{"embeddable":true,"href":"https:\/\/www.4mentera.com\/it\/wp-json\/wp\/v2\/comments?post=13495"}],"version-history":[{"count":0,"href":"https:\/\/www.4mentera.com\/it\/wp-json\/wp\/v2\/pages\/13495\/revisions"}],"wp:featuredmedia":[{"embeddable":true,"href":"https:\/\/www.4mentera.com\/it\/wp-json\/wp\/v2\/media\/14141"}],"wp:attachment":[{"href":"https:\/\/www.4mentera.com\/it\/wp-json\/wp\/v2\/media?parent=13495"}],"curies":[{"name":"wp","href":"https:\/\/api.w.org\/{rel}","templated":true}]}}