{"id":34479,"date":"2023-12-12T17:04:30","date_gmt":"2023-12-12T17:04:30","guid":{"rendered":"https:\/\/www.4mentera.com\/?page_id=34479"},"modified":"2024-04-19T15:51:21","modified_gmt":"2024-04-19T15:51:21","slug":"crise-politica-em-formentera-cordoba-pede-demeticoes","status":"publish","type":"page","link":"https:\/\/www.4mentera.com\/pt-pt\/formentera-news\/crise-politica-em-formentera-cordoba-pede-demeticoes\/","title":{"rendered":"Crise Pol\u00edtica em Formentera: C\u00f3rdoba pede a demiss\u00e3o de dois dos seus vice-presidentes"},"content":{"rendered":"[vc_row type=&#8221;in_container&#8221; full_screen_row_position=&#8221;middle&#8221; column_margin=&#8221;default&#8221; column_direction=&#8221;default&#8221; column_direction_tablet=&#8221;default&#8221; column_direction_phone=&#8221;default&#8221; scene_position=&#8221;center&#8221; text_color=&#8221;dark&#8221; text_align=&#8221;left&#8221; row_border_radius=&#8221;none&#8221; row_border_radius_applies=&#8221;bg&#8221; overlay_strength=&#8221;0.3&#8243; gradient_direction=&#8221;left_to_right&#8221; shape_divider_position=&#8221;bottom&#8221; bg_image_animation=&#8221;none&#8221;][vc_column column_padding=&#8221;no-extra-padding&#8221; column_padding_tablet=&#8221;inherit&#8221; column_padding_phone=&#8221;inherit&#8221; column_padding_position=&#8221;all&#8221; column_element_spacing=&#8221;default&#8221; background_color_opacity=&#8221;1&#8243; background_hover_color_opacity=&#8221;1&#8243; column_shadow=&#8221;none&#8221; column_border_radius=&#8221;none&#8221; column_link_target=&#8221;_self&#8221; gradient_direction=&#8221;left_to_right&#8221; overlay_strength=&#8221;0.3&#8243; width=&#8221;1\/5&#8243; tablet_width_inherit=&#8221;default&#8221; tablet_text_alignment=&#8221;default&#8221; phone_text_alignment=&#8221;default&#8221; bg_image_animation=&#8221;none&#8221; border_type=&#8221;simple&#8221; column_border_width=&#8221;none&#8221; column_border_style=&#8221;solid&#8221;][\/vc_column][vc_column column_padding=&#8221;no-extra-padding&#8221; column_padding_tablet=&#8221;inherit&#8221; column_padding_phone=&#8221;inherit&#8221; column_padding_position=&#8221;all&#8221; column_element_spacing=&#8221;default&#8221; background_color_opacity=&#8221;1&#8243; background_hover_color_opacity=&#8221;1&#8243; column_shadow=&#8221;none&#8221; column_border_radius=&#8221;none&#8221; column_link_target=&#8221;_self&#8221; gradient_direction=&#8221;left_to_right&#8221; overlay_strength=&#8221;0.3&#8243; width=&#8221;3\/5&#8243; tablet_width_inherit=&#8221;default&#8221; tablet_text_alignment=&#8221;default&#8221; phone_text_alignment=&#8221;default&#8221; bg_image_animation=&#8221;none&#8221; border_type=&#8221;simple&#8221; column_border_width=&#8221;none&#8221; column_border_style=&#8221;solid&#8221;][image_with_animation image_url=&#8221;34250&#8243; animation=&#8221;None&#8221; hover_animation=&#8221;none&#8221; alignment=&#8221;center&#8221; border_radius=&#8221;none&#8221; box_shadow=&#8221;none&#8221; image_loading=&#8221;default&#8221; max_width=&#8221;100%&#8221; max_width_mobile=&#8221;default&#8221;][\/vc_column][vc_column column_padding=&#8221;no-extra-padding&#8221; column_padding_tablet=&#8221;inherit&#8221; column_padding_phone=&#8221;inherit&#8221; column_padding_position=&#8221;all&#8221; column_element_spacing=&#8221;default&#8221; background_color_opacity=&#8221;1&#8243; background_hover_color_opacity=&#8221;1&#8243; column_shadow=&#8221;none&#8221; column_border_radius=&#8221;none&#8221; column_link_target=&#8221;_self&#8221; gradient_direction=&#8221;left_to_right&#8221; overlay_strength=&#8221;0.3&#8243; width=&#8221;1\/5&#8243; tablet_width_inherit=&#8221;default&#8221; tablet_text_alignment=&#8221;default&#8221; phone_text_alignment=&#8221;default&#8221; bg_image_animation=&#8221;none&#8221; border_type=&#8221;simple&#8221; column_border_width=&#8221;none&#8221; column_border_style=&#8221;solid&#8221;][\/vc_column][\/vc_row][vc_row type=&#8221;full_width_background&#8221; full_screen_row_position=&#8221;middle&#8221; column_margin=&#8221;default&#8221; column_direction=&#8221;default&#8221; column_direction_tablet=&#8221;default&#8221; column_direction_phone=&#8221;default&#8221; scene_position=&#8221;center&#8221; text_color=&#8221;dark&#8221; text_align=&#8221;left&#8221; row_border_radius=&#8221;none&#8221; row_border_radius_applies=&#8221;bg&#8221; overlay_strength=&#8221;0.3&#8243; gradient_direction=&#8221;left_to_right&#8221; shape_divider_position=&#8221;bottom&#8221; bg_image_animation=&#8221;none&#8221; shape_type=&#8221;&#8221;][vc_column column_padding=&#8221;no-extra-padding&#8221; column_padding_tablet=&#8221;inherit&#8221; column_padding_phone=&#8221;inherit&#8221; column_padding_position=&#8221;all&#8221; column_element_spacing=&#8221;default&#8221; background_color_opacity=&#8221;1&#8243; background_hover_color_opacity=&#8221;1&#8243; font_color=&#8221;#ffffff&#8221; column_shadow=&#8221;none&#8221; column_border_radius=&#8221;none&#8221; column_link_target=&#8221;_self&#8221; gradient_direction=&#8221;left_to_right&#8221; overlay_strength=&#8221;0.3&#8243; width=&#8221;1\/1&#8243; tablet_width_inherit=&#8221;default&#8221; tablet_text_alignment=&#8221;default&#8221; phone_text_alignment=&#8221;default&#8221; bg_image_animation=&#8221;none&#8221; enable_animation=&#8221;true&#8221; animation=&#8221;grow-in&#8221; border_type=&#8221;simple&#8221; column_border_width=&#8221;none&#8221; column_border_style=&#8221;solid&#8221;][divider line_type=&#8221;No Line&#8221; custom_height=&#8221;2&#8243;][\/vc_column][\/vc_row][vc_row type=&#8221;in_container&#8221; full_screen_row_position=&#8221;middle&#8221; column_margin=&#8221;default&#8221; column_direction=&#8221;default&#8221; column_direction_tablet=&#8221;default&#8221; column_direction_phone=&#8221;default&#8221; scene_position=&#8221;center&#8221; text_color=&#8221;dark&#8221; text_align=&#8221;left&#8221; row_border_radius=&#8221;none&#8221; row_border_radius_applies=&#8221;bg&#8221; overlay_strength=&#8221;0.3&#8243; gradient_direction=&#8221;left_to_right&#8221; shape_divider_position=&#8221;bottom&#8221; bg_image_animation=&#8221;none&#8221; shape_type=&#8221;&#8221;][vc_column column_padding=&#8221;no-extra-padding&#8221; column_padding_tablet=&#8221;inherit&#8221; column_padding_phone=&#8221;inherit&#8221; column_padding_position=&#8221;all&#8221; column_element_spacing=&#8221;default&#8221; background_color_opacity=&#8221;1&#8243; background_hover_color_opacity=&#8221;1&#8243; column_shadow=&#8221;none&#8221; column_border_radius=&#8221;none&#8221; column_link_target=&#8221;_self&#8221; gradient_direction=&#8221;left_to_right&#8221; overlay_strength=&#8221;0.3&#8243; width=&#8221;1\/1&#8243; tablet_width_inherit=&#8221;default&#8221; tablet_text_alignment=&#8221;default&#8221; phone_text_alignment=&#8221;default&#8221; bg_image_animation=&#8221;none&#8221; border_type=&#8221;simple&#8221; column_border_width=&#8221;none&#8221; column_border_style=&#8221;solid&#8221;][vc_column_text]\n<h1 style=\"font-size: 30px; text-align: center;\"><span style=\"color: #084689;\"><strong>Crise Pol\u00edtica em Formentera<\/strong><\/span><\/h1>\n<p>&nbsp;<\/p>\n<h3 style=\"font-size: 20px; text-align: center;\"><span style=\"color: #084689;\">C\u00f3rdoba acusa dois de seus vice-presidentes e pede a demiss\u00e3o deles<\/span><\/h3>\n[\/vc_column_text][divider line_type=&#8221;No Line&#8221;][\/vc_column][\/vc_row][vc_row type=&#8221;in_container&#8221; full_screen_row_position=&#8221;middle&#8221; column_margin=&#8221;default&#8221; column_direction=&#8221;default&#8221; column_direction_tablet=&#8221;default&#8221; column_direction_phone=&#8221;default&#8221; scene_position=&#8221;center&#8221; text_color=&#8221;dark&#8221; text_align=&#8221;left&#8221; row_border_radius=&#8221;none&#8221; row_border_radius_applies=&#8221;bg&#8221; overlay_strength=&#8221;0.3&#8243; gradient_direction=&#8221;left_to_right&#8221; shape_divider_position=&#8221;bottom&#8221; bg_image_animation=&#8221;none&#8221;][vc_column column_padding=&#8221;no-extra-padding&#8221; column_padding_tablet=&#8221;inherit&#8221; column_padding_phone=&#8221;inherit&#8221; column_padding_position=&#8221;all&#8221; column_element_spacing=&#8221;default&#8221; background_color_opacity=&#8221;1&#8243; background_hover_color_opacity=&#8221;1&#8243; column_shadow=&#8221;none&#8221; column_border_radius=&#8221;none&#8221; column_link_target=&#8221;_self&#8221; gradient_direction=&#8221;left_to_right&#8221; overlay_strength=&#8221;0.3&#8243; width=&#8221;1\/2&#8243; tablet_width_inherit=&#8221;default&#8221; tablet_text_alignment=&#8221;default&#8221; phone_text_alignment=&#8221;default&#8221; bg_image_animation=&#8221;none&#8221; border_type=&#8221;simple&#8221; column_border_width=&#8221;none&#8221; column_border_style=&#8221;solid&#8221;][image_with_animation image_url=&#8221;34405&#8243; animation=&#8221;None&#8221; hover_animation=&#8221;none&#8221; alignment=&#8221;&#8221; border_radius=&#8221;none&#8221; box_shadow=&#8221;none&#8221; image_loading=&#8221;default&#8221; max_width=&#8221;100%&#8221; max_width_mobile=&#8221;default&#8221;][\/vc_column][vc_column column_padding=&#8221;no-extra-padding&#8221; column_padding_tablet=&#8221;inherit&#8221; column_padding_phone=&#8221;inherit&#8221; column_padding_position=&#8221;all&#8221; column_element_spacing=&#8221;default&#8221; background_color_opacity=&#8221;1&#8243; background_hover_color_opacity=&#8221;1&#8243; column_shadow=&#8221;none&#8221; column_border_radius=&#8221;none&#8221; column_link_target=&#8221;_self&#8221; gradient_direction=&#8221;left_to_right&#8221; overlay_strength=&#8221;0.3&#8243; width=&#8221;1\/2&#8243; tablet_width_inherit=&#8221;default&#8221; tablet_text_alignment=&#8221;default&#8221; phone_text_alignment=&#8221;default&#8221; bg_image_animation=&#8221;none&#8221; border_type=&#8221;simple&#8221; column_border_width=&#8221;none&#8221; column_border_style=&#8221;solid&#8221;][vc_column_text]Formentera, 12 de dezembro de 2023<\/p>\n<p><strong>O presidente do Consell de Formentera, Lloren\u00e7 C\u00f3rdoba<\/strong>, saiu ontem para a Pra\u00e7a da Constituci\u00f3 de Sant Francesc, por volta das 18:00, ap\u00f3s uma reuni\u00e3o com os 16 consellers da institui\u00e7\u00e3o, tanto os que fazem parte da equipe de governo quanto os que est\u00e3o na oposi\u00e7\u00e3o, para refutar as acusa\u00e7\u00f5es da Sa Uni\u00f3, coaliz\u00e3o formada pelo PP e Compr\u00eds, da qual C\u00f3rdoba foi o candidato nas \u00faltimas elei\u00e7\u00f5es.<br \/>\nO atual presidente reafirmou sua decis\u00e3o de n\u00e3o renunciar apesar dos pedidos de sua pr\u00f3pria equipe e acusou diretamente o terceiro vice-presidente, Jos\u00e9 Manuel Alcaraz, e Ver\u00f3nica Castell\u00f3, primeira vice-presidenta, ambos do PP, de orquestrar um plano para destitu\u00ed-lo e tentar um &#8220;assalto ao poder&#8221;.<\/p>\n<p>Apesar da situa\u00e7\u00e3o complicada, C\u00f3rdoba afirmou ter apresentado provas aos 16 consellers para respaldar sua inoc\u00eancia.[\/vc_column_text][\/vc_column][\/vc_row][vc_row type=&#8221;in_container&#8221; full_screen_row_position=&#8221;middle&#8221; column_margin=&#8221;default&#8221; column_direction=&#8221;default&#8221; column_direction_tablet=&#8221;default&#8221; column_direction_phone=&#8221;default&#8221; scene_position=&#8221;center&#8221; text_color=&#8221;dark&#8221; text_align=&#8221;left&#8221; row_border_radius=&#8221;none&#8221; row_border_radius_applies=&#8221;bg&#8221; overlay_strength=&#8221;0.3&#8243; gradient_direction=&#8221;left_to_right&#8221; shape_divider_position=&#8221;bottom&#8221; bg_image_animation=&#8221;none&#8221;][vc_column column_padding=&#8221;no-extra-padding&#8221; column_padding_tablet=&#8221;inherit&#8221; column_padding_phone=&#8221;inherit&#8221; column_padding_position=&#8221;all&#8221; column_element_spacing=&#8221;default&#8221; background_color_opacity=&#8221;1&#8243; background_hover_color_opacity=&#8221;1&#8243; column_shadow=&#8221;none&#8221; column_border_radius=&#8221;none&#8221; column_link_target=&#8221;_self&#8221; gradient_direction=&#8221;left_to_right&#8221; overlay_strength=&#8221;0.3&#8243; width=&#8221;1\/1&#8243; tablet_width_inherit=&#8221;default&#8221; tablet_text_alignment=&#8221;default&#8221; phone_text_alignment=&#8221;default&#8221; bg_image_animation=&#8221;none&#8221; border_type=&#8221;simple&#8221; column_border_width=&#8221;none&#8221; column_border_style=&#8221;solid&#8221;][vc_column_text]C\u00f3rdoba sublinhou o seu compromisso com o programa da Sa Uni\u00f3 e mencionou a possibilidade de um bloqueio institucional se ceder \u00e0s pretens\u00f5es do partido que representa. Destacou a import\u00e2ncia da estabilidade e expressou seu agradecimento \u00e0 oposi\u00e7\u00e3o pela qualidade humana e lealdade institucional.<br \/>\nQuanto \u00e0 aprova\u00e7\u00e3o do or\u00e7amento do Consell de Formentera para 2024, C\u00f3rdoba indicou que a aprova\u00e7\u00e3o depender\u00e1 da estabilidade institucional e da resolu\u00e7\u00e3o da crise atual.[\/vc_column_text][\/vc_column][\/vc_row][vc_row type=&#8221;full_width_content&#8221; full_screen_row_position=&#8221;middle&#8221; column_margin=&#8221;default&#8221; column_direction=&#8221;default&#8221; column_direction_tablet=&#8221;default&#8221; column_direction_phone=&#8221;default&#8221; scene_position=&#8221;center&#8221; text_color=&#8221;dark&#8221; text_align=&#8221;left&#8221; row_border_radius=&#8221;none&#8221; row_border_radius_applies=&#8221;bg&#8221; overlay_strength=&#8221;0.3&#8243; gradient_direction=&#8221;left_to_right&#8221; shape_divider_position=&#8221;bottom&#8221; bg_image_animation=&#8221;none&#8221; shape_type=&#8221;&#8221;][vc_column column_padding=&#8221;no-extra-padding&#8221; column_padding_tablet=&#8221;inherit&#8221; column_padding_phone=&#8221;inherit&#8221; column_padding_position=&#8221;all&#8221; column_element_spacing=&#8221;default&#8221; background_color_opacity=&#8221;1&#8243; background_hover_color_opacity=&#8221;1&#8243; column_shadow=&#8221;none&#8221; column_border_radius=&#8221;none&#8221; column_link_target=&#8221;_self&#8221; gradient_direction=&#8221;left_to_right&#8221; overlay_strength=&#8221;0.3&#8243; width=&#8221;1\/1&#8243; tablet_width_inherit=&#8221;default&#8221; tablet_text_alignment=&#8221;default&#8221; phone_text_alignment=&#8221;default&#8221; bg_image_animation=&#8221;none&#8221; border_type=&#8221;simple&#8221; column_border_width=&#8221;none&#8221; column_border_style=&#8221;solid&#8221;][image_with_animation image_url=&#8221;33729&#8243; animation=&#8221;None&#8221; hover_animation=&#8221;none&#8221; alignment=&#8221;center&#8221; img_link_target=&#8221;_blank&#8221; border_radius=&#8221;none&#8221; box_shadow=&#8221;none&#8221; image_loading=&#8221;default&#8221; max_width=&#8221;100%&#8221; max_width_mobile=&#8221;default&#8221; img_link=&#8221;https:\/\/www.trasmapi.com\/?origin=www.4mentera.com&amp;promo=4mentera&amp;lang=es&#8221;][divider line_type=&#8221;No Line&#8221;][\/vc_column][\/vc_row][vc_row type=&#8221;in_container&#8221; full_screen_row_position=&#8221;middle&#8221; column_margin=&#8221;default&#8221; column_direction=&#8221;default&#8221; column_direction_tablet=&#8221;default&#8221; column_direction_phone=&#8221;default&#8221; scene_position=&#8221;center&#8221; text_color=&#8221;dark&#8221; text_align=&#8221;left&#8221; row_border_radius=&#8221;none&#8221; row_border_radius_applies=&#8221;bg&#8221; overlay_strength=&#8221;0.3&#8243; gradient_direction=&#8221;left_to_right&#8221; shape_divider_position=&#8221;bottom&#8221; bg_image_animation=&#8221;none&#8221;][vc_column column_padding=&#8221;no-extra-padding&#8221; column_padding_tablet=&#8221;inherit&#8221; column_padding_phone=&#8221;inherit&#8221; column_padding_position=&#8221;all&#8221; column_element_spacing=&#8221;default&#8221; background_color_opacity=&#8221;1&#8243; background_hover_color_opacity=&#8221;1&#8243; column_shadow=&#8221;none&#8221; column_border_radius=&#8221;none&#8221; column_link_target=&#8221;_self&#8221; gradient_direction=&#8221;left_to_right&#8221; overlay_strength=&#8221;0.3&#8243; width=&#8221;1\/1&#8243; tablet_width_inherit=&#8221;default&#8221; tablet_text_alignment=&#8221;default&#8221; phone_text_alignment=&#8221;default&#8221; bg_image_animation=&#8221;none&#8221; border_type=&#8221;simple&#8221; column_border_width=&#8221;none&#8221; column_border_style=&#8221;solid&#8221;][divider line_type=&#8221;No Line&#8221;][vc_column_text]Declaraciones por parte dos Consellers<\/p>\n<p>Ap\u00f3s o encontro convocado pelo presidente, os membros da Sa Uni\u00f3 revelaram que C\u00f3rdoba deu uma hora a dois de seus vice-presidentes, Jos\u00e9 Manuel Alcaraz e Ver\u00f3nica Castell\u00f3, ambos do PP, para apresentarem a sua demiss\u00e3o, acusando-os de tentar um &#8220;assalto ao poder&#8221;. Se n\u00e3o renunciassem, C\u00f3rdoba amea\u00e7ou destitu\u00ed-los.<br \/>\nO porta-voz da Sa Uni\u00f3, \u00d3scar Portas, classificou a situa\u00e7\u00e3o como irrespons\u00e1vel e n\u00e3o descartou apresentar uma mo\u00e7\u00e3o de censura.<\/p>\n<p>Por sua vez, a porta-voz da Gent per Formentera (GxF), Alejandra Ferrer, e o porta-voz do PSOE, Rafael Ram\u00edrez, expressaram que precisam de tempo para analisar as explica\u00e7\u00f5es de C\u00f3rdoba. Ferrer destacou a complexidade do cen\u00e1rio e a falta de provas para as acusa\u00e7\u00f5es. Quanto \u00e0 demiss\u00e3o ou continuidade de C\u00f3rdoba, declararam que era uma decis\u00e3o pessoal que ele, pessoalmente, deveria explicar aos meios de comunica\u00e7\u00e3o.<br \/>\nRafael Ram\u00edrez, por sua vez, esclareceu que n\u00e3o se havia solicitado o apoio das for\u00e7as de esquerda para aprovar o or\u00e7amento e afirmou que C\u00f3rdoba apenas relatou os factos sem oferecer provas.[\/vc_column_text][\/vc_column][\/vc_row][vc_row type=&#8221;full_width_content&#8221; full_screen_row_position=&#8221;middle&#8221; column_margin=&#8221;default&#8221; column_direction=&#8221;default&#8221; column_direction_tablet=&#8221;default&#8221; column_direction_phone=&#8221;default&#8221; scene_position=&#8221;center&#8221; text_color=&#8221;dark&#8221; text_align=&#8221;left&#8221; row_border_radius=&#8221;none&#8221; row_border_radius_applies=&#8221;bg&#8221; overlay_strength=&#8221;0.3&#8243; gradient_direction=&#8221;left_to_right&#8221; shape_divider_position=&#8221;bottom&#8221; bg_image_animation=&#8221;none&#8221; shape_type=&#8221;&#8221;][vc_column column_padding=&#8221;no-extra-padding&#8221; column_padding_tablet=&#8221;inherit&#8221; column_padding_phone=&#8221;inherit&#8221; column_padding_position=&#8221;all&#8221; column_element_spacing=&#8221;default&#8221; background_color_opacity=&#8221;1&#8243; background_hover_color_opacity=&#8221;1&#8243; column_shadow=&#8221;none&#8221; column_border_radius=&#8221;none&#8221; column_link_target=&#8221;_self&#8221; gradient_direction=&#8221;left_to_right&#8221; overlay_strength=&#8221;0.3&#8243; width=&#8221;1\/1&#8243; tablet_width_inherit=&#8221;default&#8221; tablet_text_alignment=&#8221;default&#8221; phone_text_alignment=&#8221;default&#8221; bg_image_animation=&#8221;none&#8221; border_type=&#8221;simple&#8221; column_border_width=&#8221;none&#8221; column_border_style=&#8221;solid&#8221;][image_with_animation image_url=&#8221;33729&#8243; animation=&#8221;None&#8221; hover_animation=&#8221;none&#8221; alignment=&#8221;center&#8221; img_link_target=&#8221;_blank&#8221; border_radius=&#8221;none&#8221; box_shadow=&#8221;none&#8221; image_loading=&#8221;default&#8221; max_width=&#8221;100%&#8221; max_width_mobile=&#8221;default&#8221; img_link=&#8221;https:\/\/www.trasmapi.com\/?origin=www.4mentera.com&amp;promo=4mentera&amp;lang=es&#8221;][divider line_type=&#8221;No Line&#8221;][\/vc_column][\/vc_row][vc_row type=&#8221;in_container&#8221; full_screen_row_position=&#8221;middle&#8221; column_margin=&#8221;default&#8221; column_direction=&#8221;default&#8221; column_direction_tablet=&#8221;default&#8221; column_direction_phone=&#8221;default&#8221; scene_position=&#8221;center&#8221; text_color=&#8221;dark&#8221; text_align=&#8221;left&#8221; row_border_radius=&#8221;none&#8221; row_border_radius_applies=&#8221;bg&#8221; overlay_strength=&#8221;0.3&#8243; gradient_direction=&#8221;left_to_right&#8221; shape_divider_position=&#8221;bottom&#8221; bg_image_animation=&#8221;none&#8221;][vc_column column_padding=&#8221;no-extra-padding&#8221; column_padding_tablet=&#8221;inherit&#8221; column_padding_phone=&#8221;inherit&#8221; column_padding_position=&#8221;all&#8221; column_element_spacing=&#8221;default&#8221; background_color_opacity=&#8221;1&#8243; background_hover_color_opacity=&#8221;1&#8243; column_shadow=&#8221;none&#8221; column_border_radius=&#8221;none&#8221; column_link_target=&#8221;_self&#8221; gradient_direction=&#8221;left_to_right&#8221; overlay_strength=&#8221;0.3&#8243; width=&#8221;1\/1&#8243; tablet_width_inherit=&#8221;default&#8221; tablet_text_alignment=&#8221;default&#8221; phone_text_alignment=&#8221;default&#8221; bg_image_animation=&#8221;none&#8221; border_type=&#8221;simple&#8221; column_border_width=&#8221;none&#8221; column_border_style=&#8221;solid&#8221;][vc_column_text]A crise institucional que o Consell de Formentera est\u00e1 a enfrentar est\u00e1 longe de ser resolvida, e a falta de um governo est\u00e1vel pode afetar v\u00e1rios setores da gest\u00e3o da ilha. Desde a aprova\u00e7\u00e3o dos or\u00e7amentos para 2024 at\u00e9 a decis\u00e3o sobre as concess\u00f5es dos quiosques de praia para 2024.<\/p>\n<p>Veremos como a situa\u00e7\u00e3o evolui, sem d\u00favida, causando grande apreens\u00e3o entre os cidad\u00e3os de Formentera.[\/vc_column_text][\/vc_column][\/vc_row][vc_row type=&#8221;in_container&#8221; full_screen_row_position=&#8221;middle&#8221; column_margin=&#8221;default&#8221; column_direction=&#8221;default&#8221; column_direction_tablet=&#8221;default&#8221; column_direction_phone=&#8221;default&#8221; scene_position=&#8221;center&#8221; text_color=&#8221;dark&#8221; text_align=&#8221;left&#8221; row_border_radius=&#8221;none&#8221; row_border_radius_applies=&#8221;bg&#8221; overlay_strength=&#8221;0.3&#8243; gradient_direction=&#8221;left_to_right&#8221; shape_divider_position=&#8221;bottom&#8221; bg_image_animation=&#8221;none&#8221;][vc_column column_padding=&#8221;no-extra-padding&#8221; column_padding_tablet=&#8221;inherit&#8221; column_padding_phone=&#8221;inherit&#8221; column_padding_position=&#8221;all&#8221; column_element_spacing=&#8221;default&#8221; background_color_opacity=&#8221;1&#8243; background_hover_color_opacity=&#8221;1&#8243; column_shadow=&#8221;none&#8221; column_border_radius=&#8221;none&#8221; column_link_target=&#8221;_self&#8221; gradient_direction=&#8221;left_to_right&#8221; overlay_strength=&#8221;0.3&#8243; width=&#8221;1\/1&#8243; tablet_width_inherit=&#8221;default&#8221; tablet_text_alignment=&#8221;default&#8221; phone_text_alignment=&#8221;default&#8221; bg_image_animation=&#8221;none&#8221; border_type=&#8221;simple&#8221; column_border_width=&#8221;none&#8221; column_border_style=&#8221;solid&#8221;][divider line_type=&#8221;No Line&#8221;][vc_row_inner column_margin=&#8221;default&#8221; column_direction=&#8221;default&#8221; column_direction_tablet=&#8221;default&#8221; column_direction_phone=&#8221;default&#8221; text_align=&#8221;left&#8221;][vc_column_inner column_padding=&#8221;no-extra-padding&#8221; column_padding_tablet=&#8221;inherit&#8221; column_padding_phone=&#8221;inherit&#8221; column_padding_position=&#8221;all&#8221; column_element_spacing=&#8221;default&#8221; background_color_opacity=&#8221;1&#8243; background_hover_color_opacity=&#8221;1&#8243; column_shadow=&#8221;none&#8221; column_border_radius=&#8221;none&#8221; column_link_target=&#8221;_self&#8221; gradient_direction=&#8221;left_to_right&#8221; overlay_strength=&#8221;0.3&#8243; width=&#8221;1\/5&#8243; tablet_width_inherit=&#8221;default&#8221; bg_image_animation=&#8221;none&#8221; border_type=&#8221;simple&#8221; column_border_width=&#8221;none&#8221; column_border_style=&#8221;solid&#8221;][image_with_animation image_url=&#8221;37680&#8243; animation=&#8221;Fade In&#8221; hover_animation=&#8221;none&#8221; alignment=&#8221;center&#8221; border_radius=&#8221;none&#8221; box_shadow=&#8221;none&#8221; image_loading=&#8221;default&#8221; max_width=&#8221;75%&#8221; max_width_mobile=&#8221;default&#8221;][\/vc_column_inner][vc_column_inner column_padding=&#8221;no-extra-padding&#8221; column_padding_tablet=&#8221;inherit&#8221; column_padding_phone=&#8221;inherit&#8221; column_padding_position=&#8221;all&#8221; column_element_spacing=&#8221;default&#8221; background_color_opacity=&#8221;1&#8243; background_hover_color_opacity=&#8221;1&#8243; font_color=&#8221;#333333&#8243; column_shadow=&#8221;none&#8221; column_border_radius=&#8221;none&#8221; column_link_target=&#8221;_self&#8221; gradient_direction=&#8221;left_to_right&#8221; overlay_strength=&#8221;0.3&#8243; width=&#8221;3\/5&#8243; tablet_width_inherit=&#8221;default&#8221; bg_image_animation=&#8221;none&#8221; border_type=&#8221;simple&#8221; column_border_width=&#8221;none&#8221; column_border_style=&#8221;solid&#8221;][divider line_type=&#8221;No Line&#8221; custom_height=&#8221;10&#8243;][vc_column_text]\n<p class=\"nombre\">Sou o <strong>Ram\u00f3n Tur<\/strong>, o respons\u00e1vel por tudo o que \u00e9 escrito e fotografado neste site sobre Formentera.<br \/>\nDescobri a ilha em 1972 quando os meus pais, a bordo do m\u00edtico Joven Dolores, me levaram pela primeira vez para passar alguns dias de f\u00e9rias desde Ibiza e foi amor \u00e0 primeira vista, que ao longo do tempo, se fortaleceu at\u00e9 tornar Formentera no meu lugar de resid\u00eancia h\u00e1 muitos anos.<br \/>\nSe quiseres, podes seguir-me no perfil do <a href=\"https:\/\/www.instagram.com\/4mentera.com_\/\" target=\"_blank\" rel=\"noopener\">Instagram: @4mentera.com_<\/a><\/p>\n[\/vc_column_text][\/vc_column_inner][\/vc_row_inner][\/vc_column][\/vc_row][vc_row type=&#8221;full_width_background&#8221; full_screen_row_position=&#8221;middle&#8221; column_margin=&#8221;default&#8221; equal_height=&#8221;yes&#8221; content_placement=&#8221;middle&#8221; column_direction=&#8221;default&#8221; column_direction_tablet=&#8221;default&#8221; column_direction_phone=&#8221;default&#8221; bg_color=&#8221;#ff8c00&#8243; scene_position=&#8221;center&#8221; top_padding=&#8221;30&#8243; bottom_padding=&#8221;30&#8243; text_color=&#8221;light&#8221; text_align=&#8221;left&#8221; row_border_radius=&#8221;none&#8221; row_border_radius_applies=&#8221;bg&#8221; overlay_strength=&#8221;0.95&#8243; gradient_direction=&#8221;left_to_right&#8221; shape_divider_position=&#8221;bottom&#8221; bg_image_animation=&#8221;none&#8221; shape_type=&#8221;&#8221;][vc_column column_padding=&#8221;no-extra-padding&#8221; column_padding_tablet=&#8221;inherit&#8221; column_padding_phone=&#8221;inherit&#8221; column_padding_position=&#8221;all&#8221; column_element_spacing=&#8221;default&#8221; background_color_opacity=&#8221;1&#8243; background_hover_color_opacity=&#8221;1&#8243; column_shadow=&#8221;none&#8221; column_border_radius=&#8221;none&#8221; column_link_target=&#8221;_self&#8221; gradient_direction=&#8221;left_to_right&#8221; overlay_strength=&#8221;0.3&#8243; width=&#8221;5\/12&#8243; tablet_width_inherit=&#8221;default&#8221; tablet_text_alignment=&#8221;center&#8221; phone_text_alignment=&#8221;center&#8221; bg_image_animation=&#8221;none&#8221; enable_animation=&#8221;true&#8221; animation=&#8221;flip-in-vertical&#8221; border_type=&#8221;simple&#8221; column_border_width=&#8221;none&#8221; column_border_style=&#8221;solid&#8221;][split_line_heading animation_type=&#8221;line-reveal-by-space&#8221; font_style=&#8221;h2&#8243; content_alignment=&#8221;default&#8221; mobile_content_alignment=&#8221;inherit&#8221; text_content=&#8221;Se est\u00e1s a planear visitar Formentera&#8230;<br \/>\nd\u00e1 uma olhada antes na nossa sec\u00e7\u00e3o de c\u00f3digos promocionais !&#8221;][\/split_line_heading][\/vc_column][vc_column column_padding=&#8221;no-extra-padding&#8221; column_padding_tablet=&#8221;inherit&#8221; column_padding_phone=&#8221;inherit&#8221; column_padding_position=&#8221;all&#8221; column_element_spacing=&#8221;default&#8221; background_color_opacity=&#8221;1&#8243; background_hover_color_opacity=&#8221;1&#8243; column_shadow=&#8221;none&#8221; column_border_radius=&#8221;none&#8221; column_link_target=&#8221;_self&#8221; gradient_direction=&#8221;left_to_right&#8221; overlay_strength=&#8221;0.3&#8243; width=&#8221;1\/12&#8243; tablet_width_inherit=&#8221;default&#8221; tablet_text_alignment=&#8221;center&#8221; phone_text_alignment=&#8221;center&#8221; bg_image_animation=&#8221;none&#8221; border_type=&#8221;simple&#8221; column_border_width=&#8221;none&#8221; column_border_style=&#8221;solid&#8221;][\/vc_column][vc_column column_padding=&#8221;no-extra-padding&#8221; column_padding_tablet=&#8221;inherit&#8221; column_padding_phone=&#8221;inherit&#8221; column_padding_position=&#8221;all&#8221; column_element_spacing=&#8221;default&#8221; background_color_opacity=&#8221;1&#8243; background_hover_color_opacity=&#8221;1&#8243; column_shadow=&#8221;none&#8221; column_border_radius=&#8221;none&#8221; column_link_target=&#8221;_self&#8221; gradient_direction=&#8221;left_to_right&#8221; overlay_strength=&#8221;0.3&#8243; width=&#8221;1\/2&#8243; tablet_width_inherit=&#8221;default&#8221; tablet_text_alignment=&#8221;center&#8221; phone_text_alignment=&#8221;center&#8221; bg_image_animation=&#8221;none&#8221; enable_animation=&#8221;true&#8221; animation=&#8221;flip-in-vertical&#8221; border_type=&#8221;simple&#8221; column_border_width=&#8221;none&#8221; column_border_style=&#8221;solid&#8221;][vc_row_inner column_margin=&#8221;default&#8221; column_direction=&#8221;default&#8221; column_direction_tablet=&#8221;default&#8221; column_direction_phone=&#8221;default&#8221; text_align=&#8221;right&#8221;][vc_column_inner column_padding=&#8221;no-extra-padding&#8221; column_padding_tablet=&#8221;inherit&#8221; column_padding_phone=&#8221;inherit&#8221; column_padding_position=&#8221;all&#8221; column_element_spacing=&#8221;default&#8221; background_color_opacity=&#8221;1&#8243; background_hover_color_opacity=&#8221;1&#8243; column_shadow=&#8221;none&#8221; column_border_radius=&#8221;5px&#8221; column_link_target=&#8221;_self&#8221; gradient_direction=&#8221;left_to_right&#8221; overlay_strength=&#8221;0.3&#8243; width=&#8221;1\/1&#8243; tablet_width_inherit=&#8221;default&#8221; bg_image_animation=&#8221;none&#8221; border_type=&#8221;simple&#8221; column_border_width=&#8221;none&#8221; column_border_style=&#8221;solid&#8221;][nectar_cta btn_style=&#8221;arrow-animation&#8221; heading_tag=&#8221;h4&#8243; text_color=&#8221;#ffffff&#8221; button_color=&#8221;accent-color&#8221; link_type=&#8221;regular&#8221; alignment=&#8221;left&#8221; alignment_tablet=&#8221;default&#8221; alignment_phone=&#8221;default&#8221; display=&#8221;inline&#8221; link_text=&#8221;Fai clic qui&#8221; url=&#8221;https:\/\/www.4mentera.com\/pt-pt\/codigo-desconto-formentera\/&#8221; padding_top=&#8221;20&#8243; padding_right=&#8221;40&#8243; padding_bottom=&#8221;20&#8243; padding_left=&#8221;40&#8243;][\/vc_column_inner][\/vc_row_inner][\/vc_column][\/vc_row][vc_row type=&#8221;full_width_background&#8221; full_screen_row_position=&#8221;middle&#8221; column_margin=&#8221;default&#8221; column_direction=&#8221;default&#8221; column_direction_tablet=&#8221;default&#8221; column_direction_phone=&#8221;default&#8221; scene_position=&#8221;center&#8221; text_color=&#8221;dark&#8221; text_align=&#8221;left&#8221; row_border_radius=&#8221;none&#8221; row_border_radius_applies=&#8221;bg&#8221; overlay_strength=&#8221;0.3&#8243; gradient_direction=&#8221;left_to_right&#8221; shape_divider_position=&#8221;bottom&#8221; bg_image_animation=&#8221;none&#8221; shape_type=&#8221;&#8221;][vc_column column_padding=&#8221;no-extra-padding&#8221; column_padding_tablet=&#8221;inherit&#8221; column_padding_phone=&#8221;inherit&#8221; column_padding_position=&#8221;all&#8221; column_element_spacing=&#8221;default&#8221; background_color_opacity=&#8221;1&#8243; background_hover_color_opacity=&#8221;1&#8243; font_color=&#8221;#ffffff&#8221; column_shadow=&#8221;none&#8221; column_border_radius=&#8221;none&#8221; column_link_target=&#8221;_self&#8221; gradient_direction=&#8221;left_to_right&#8221; overlay_strength=&#8221;0.3&#8243; width=&#8221;1\/1&#8243; tablet_width_inherit=&#8221;default&#8221; tablet_text_alignment=&#8221;default&#8221; phone_text_alignment=&#8221;default&#8221; bg_image_animation=&#8221;none&#8221; enable_animation=&#8221;true&#8221; animation=&#8221;grow-in&#8221; border_type=&#8221;simple&#8221; column_border_width=&#8221;none&#8221; column_border_style=&#8221;solid&#8221;][divider line_type=&#8221;No Line&#8221; custom_height=&#8221;2&#8243;][\/vc_column][\/vc_row]\n","protected":false},"excerpt":{"rendered":"<p>[vc_row type=&#8221;in_container&#8221; full_screen_row_position=&#8221;middle&#8221; column_margin=&#8221;default&#8221; column_direction=&#8221;default&#8221; column_direction_tablet=&#8221;default&#8221; column_direction_phone=&#8221;default&#8221; scene_position=&#8221;center&#8221; text_color=&#8221;dark&#8221; text_align=&#8221;left&#8221; row_border_radius=&#8221;none&#8221; row_border_radius_applies=&#8221;bg&#8221; overlay_strength=&#8221;0.3&#8243; gradient_direction=&#8221;left_to_right&#8221; shape_divider_position=&#8221;bottom&#8221; bg_image_animation=&#8221;none&#8221;][vc_column column_padding=&#8221;no-extra-padding&#8221; column_padding_tablet=&#8221;inherit&#8221; column_padding_phone=&#8221;inherit&#8221; column_padding_position=&#8221;all&#8221; column_element_spacing=&#8221;default&#8221; background_color_opacity=&#8221;1&#8243; background_hover_color_opacity=&#8221;1&#8243; column_shadow=&#8221;none&#8221; column_border_radius=&#8221;none&#8221; column_link_target=&#8221;_self&#8221; gradient_direction=&#8221;left_to_right&#8221; overlay_strength=&#8221;0.3&#8243; width=&#8221;1\/5&#8243; tablet_width_inherit=&#8221;default&#8221;&#8230;<\/p>\n","protected":false},"author":1,"featured_media":34410,"parent":34370,"menu_order":0,"comment_status":"closed","ping_status":"closed","template":"","meta":{"footnotes":""},"class_list":["post-34479","page","type-page","status-publish","has-post-thumbnail"],"yoast_head":"<!-- This site is optimized with the Yoast SEO plugin v26.8 - https:\/\/yoast.com\/product\/yoast-seo-wordpress\/ -->\n<title>Crise pol\u00edtica em Formentera: Lloren\u00e7 C\u00f3rdoba pede demiss\u00f5es<\/title>\n<meta name=\"description\" content=\"O presidente do Consell de Formentera, Lloren\u00e7 C\u00f3rdoba, acusa dois dos seus vice-presidentes e pede a sua demiss\u00e3o por dignidade pol\u00edtica.\" \/>\n<meta name=\"robots\" content=\"index, follow, max-snippet:-1, max-image-preview:large, max-video-preview:-1\" \/>\n<link rel=\"canonical\" href=\"https:\/\/www.4mentera.com\/pt-pt\/formentera-news\/crise-politica-em-formentera-cordoba-pede-demeticoes\/\" \/>\n<meta property=\"og:locale\" content=\"pt_PT\" \/>\n<meta property=\"og:type\" content=\"article\" \/>\n<meta property=\"og:title\" content=\"Crise pol\u00edtica em Formentera: Lloren\u00e7 C\u00f3rdoba pede demiss\u00f5es\" \/>\n<meta property=\"og:description\" content=\"O presidente do Consell de Formentera, Lloren\u00e7 C\u00f3rdoba, acusa dois dos seus vice-presidentes e pede a sua demiss\u00e3o por dignidade pol\u00edtica.\" \/>\n<meta property=\"og:url\" content=\"https:\/\/www.4mentera.com\/pt-pt\/formentera-news\/crise-politica-em-formentera-cordoba-pede-demeticoes\/\" \/>\n<meta property=\"og:site_name\" content=\"4mentera.com\" \/>\n<meta property=\"article:publisher\" content=\"https:\/\/www.facebook.com\/4mentera\/\" \/>\n<meta property=\"article:modified_time\" content=\"2024-04-19T15:51:21+00:00\" \/>\n<meta property=\"og:image\" content=\"https:\/\/www.4mentera.com\/wp-content\/uploads\/2023\/12\/llorenc-cordoba-2-web.jpg\" \/>\n\t<meta property=\"og:image:width\" content=\"500\" \/>\n\t<meta property=\"og:image:height\" content=\"375\" \/>\n\t<meta property=\"og:image:type\" content=\"image\/jpeg\" \/>\n<meta name=\"twitter:card\" content=\"summary_large_image\" \/>\n<meta name=\"twitter:label1\" content=\"Tempo estimado de leitura\" \/>\n\t<meta name=\"twitter:data1\" content=\"7 minutos\" \/>\n<script type=\"application\/ld+json\" class=\"yoast-schema-graph\">{\"@context\":\"https:\/\/schema.org\",\"@graph\":[{\"@type\":\"WebPage\",\"@id\":\"https:\/\/www.4mentera.com\/pt-pt\/formentera-news\/crise-politica-em-formentera-cordoba-pede-demeticoes\/\",\"url\":\"https:\/\/www.4mentera.com\/pt-pt\/formentera-news\/crise-politica-em-formentera-cordoba-pede-demeticoes\/\",\"name\":\"Crise pol\u00edtica em Formentera: Lloren\u00e7 C\u00f3rdoba pede demiss\u00f5es\",\"isPartOf\":{\"@id\":\"https:\/\/www.4mentera.com\/pt-pt\/#website\"},\"primaryImageOfPage\":{\"@id\":\"https:\/\/www.4mentera.com\/pt-pt\/formentera-news\/crise-politica-em-formentera-cordoba-pede-demeticoes\/#primaryimage\"},\"image\":{\"@id\":\"https:\/\/www.4mentera.com\/pt-pt\/formentera-news\/crise-politica-em-formentera-cordoba-pede-demeticoes\/#primaryimage\"},\"thumbnailUrl\":\"https:\/\/www.4mentera.com\/wp-content\/uploads\/2023\/12\/llorenc-cordoba-2-web.jpg\",\"datePublished\":\"2023-12-12T17:04:30+00:00\",\"dateModified\":\"2024-04-19T15:51:21+00:00\",\"description\":\"O presidente do Consell de Formentera, Lloren\u00e7 C\u00f3rdoba, acusa dois dos seus vice-presidentes e pede a sua demiss\u00e3o por dignidade pol\u00edtica.\",\"breadcrumb\":{\"@id\":\"https:\/\/www.4mentera.com\/pt-pt\/formentera-news\/crise-politica-em-formentera-cordoba-pede-demeticoes\/#breadcrumb\"},\"inLanguage\":\"pt-PT\",\"potentialAction\":[{\"@type\":\"ReadAction\",\"target\":[\"https:\/\/www.4mentera.com\/pt-pt\/formentera-news\/crise-politica-em-formentera-cordoba-pede-demeticoes\/\"]}]},{\"@type\":\"ImageObject\",\"inLanguage\":\"pt-PT\",\"@id\":\"https:\/\/www.4mentera.com\/pt-pt\/formentera-news\/crise-politica-em-formentera-cordoba-pede-demeticoes\/#primaryimage\",\"url\":\"https:\/\/www.4mentera.com\/wp-content\/uploads\/2023\/12\/llorenc-cordoba-2-web.jpg\",\"contentUrl\":\"https:\/\/www.4mentera.com\/wp-content\/uploads\/2023\/12\/llorenc-cordoba-2-web.jpg\",\"width\":500,\"height\":375},{\"@type\":\"BreadcrumbList\",\"@id\":\"https:\/\/www.4mentera.com\/pt-pt\/formentera-news\/crise-politica-em-formentera-cordoba-pede-demeticoes\/#breadcrumb\",\"itemListElement\":[{\"@type\":\"ListItem\",\"position\":1,\"name\":\"\",\"item\":\"https:\/\/www.4mentera.com\/pt-pt\/\"},{\"@type\":\"ListItem\",\"position\":2,\"name\":\"Not\u00edcias de Formentera\",\"item\":\"https:\/\/www.4mentera.com\/pt-pt\/formentera-news\/\"},{\"@type\":\"ListItem\",\"position\":3,\"name\":\"C\u00f3rdoba pede demeticoes\"}]},{\"@type\":\"WebSite\",\"@id\":\"https:\/\/www.4mentera.com\/pt-pt\/#website\",\"url\":\"https:\/\/www.4mentera.com\/pt-pt\/\",\"name\":\"4mentera.com\",\"description\":\"Guia de Formentera\",\"publisher\":{\"@id\":\"https:\/\/www.4mentera.com\/pt-pt\/#organization\"},\"potentialAction\":[{\"@type\":\"SearchAction\",\"target\":{\"@type\":\"EntryPoint\",\"urlTemplate\":\"https:\/\/www.4mentera.com\/pt-pt\/?s={search_term_string}\"},\"query-input\":{\"@type\":\"PropertyValueSpecification\",\"valueRequired\":true,\"valueName\":\"search_term_string\"}}],\"inLanguage\":\"pt-PT\"},{\"@type\":\"Organization\",\"@id\":\"https:\/\/www.4mentera.com\/pt-pt\/#organization\",\"name\":\"4mentera\",\"url\":\"https:\/\/www.4mentera.com\/pt-pt\/\",\"logo\":{\"@type\":\"ImageObject\",\"inLanguage\":\"pt-PT\",\"@id\":\"https:\/\/www.4mentera.com\/pt-pt\/#\/schema\/logo\/image\/\",\"url\":\"https:\/\/www.4mentera.com\/wp-content\/uploads\/2019\/06\/cropped-Logo-Negro-250x90.png\",\"contentUrl\":\"https:\/\/www.4mentera.com\/wp-content\/uploads\/2019\/06\/cropped-Logo-Negro-250x90.png\",\"width\":250,\"height\":91,\"caption\":\"4mentera\"},\"image\":{\"@id\":\"https:\/\/www.4mentera.com\/pt-pt\/#\/schema\/logo\/image\/\"},\"sameAs\":[\"https:\/\/www.facebook.com\/4mentera\/\",\"https:\/\/www.instagram.com\/4mentera.com_\/\"]}]}<\/script>\n<!-- \/ Yoast SEO plugin. -->","yoast_head_json":{"title":"Crise pol\u00edtica em Formentera: Lloren\u00e7 C\u00f3rdoba pede demiss\u00f5es","description":"O presidente do Consell de Formentera, Lloren\u00e7 C\u00f3rdoba, acusa dois dos seus vice-presidentes e pede a sua demiss\u00e3o por dignidade pol\u00edtica.","robots":{"index":"index","follow":"follow","max-snippet":"max-snippet:-1","max-image-preview":"max-image-preview:large","max-video-preview":"max-video-preview:-1"},"canonical":"https:\/\/www.4mentera.com\/pt-pt\/formentera-news\/crise-politica-em-formentera-cordoba-pede-demeticoes\/","og_locale":"pt_PT","og_type":"article","og_title":"Crise pol\u00edtica em Formentera: Lloren\u00e7 C\u00f3rdoba pede demiss\u00f5es","og_description":"O presidente do Consell de Formentera, Lloren\u00e7 C\u00f3rdoba, acusa dois dos seus vice-presidentes e pede a sua demiss\u00e3o por dignidade pol\u00edtica.","og_url":"https:\/\/www.4mentera.com\/pt-pt\/formentera-news\/crise-politica-em-formentera-cordoba-pede-demeticoes\/","og_site_name":"4mentera.com","article_publisher":"https:\/\/www.facebook.com\/4mentera\/","article_modified_time":"2024-04-19T15:51:21+00:00","og_image":[{"width":500,"height":375,"url":"https:\/\/www.4mentera.com\/wp-content\/uploads\/2023\/12\/llorenc-cordoba-2-web.jpg","type":"image\/jpeg"}],"twitter_card":"summary_large_image","twitter_misc":{"Tempo estimado de leitura":"7 minutos"},"schema":{"@context":"https:\/\/schema.org","@graph":[{"@type":"WebPage","@id":"https:\/\/www.4mentera.com\/pt-pt\/formentera-news\/crise-politica-em-formentera-cordoba-pede-demeticoes\/","url":"https:\/\/www.4mentera.com\/pt-pt\/formentera-news\/crise-politica-em-formentera-cordoba-pede-demeticoes\/","name":"Crise pol\u00edtica em Formentera: Lloren\u00e7 C\u00f3rdoba pede demiss\u00f5es","isPartOf":{"@id":"https:\/\/www.4mentera.com\/pt-pt\/#website"},"primaryImageOfPage":{"@id":"https:\/\/www.4mentera.com\/pt-pt\/formentera-news\/crise-politica-em-formentera-cordoba-pede-demeticoes\/#primaryimage"},"image":{"@id":"https:\/\/www.4mentera.com\/pt-pt\/formentera-news\/crise-politica-em-formentera-cordoba-pede-demeticoes\/#primaryimage"},"thumbnailUrl":"https:\/\/www.4mentera.com\/wp-content\/uploads\/2023\/12\/llorenc-cordoba-2-web.jpg","datePublished":"2023-12-12T17:04:30+00:00","dateModified":"2024-04-19T15:51:21+00:00","description":"O presidente do Consell de Formentera, Lloren\u00e7 C\u00f3rdoba, acusa dois dos seus vice-presidentes e pede a sua demiss\u00e3o por dignidade pol\u00edtica.","breadcrumb":{"@id":"https:\/\/www.4mentera.com\/pt-pt\/formentera-news\/crise-politica-em-formentera-cordoba-pede-demeticoes\/#breadcrumb"},"inLanguage":"pt-PT","potentialAction":[{"@type":"ReadAction","target":["https:\/\/www.4mentera.com\/pt-pt\/formentera-news\/crise-politica-em-formentera-cordoba-pede-demeticoes\/"]}]},{"@type":"ImageObject","inLanguage":"pt-PT","@id":"https:\/\/www.4mentera.com\/pt-pt\/formentera-news\/crise-politica-em-formentera-cordoba-pede-demeticoes\/#primaryimage","url":"https:\/\/www.4mentera.com\/wp-content\/uploads\/2023\/12\/llorenc-cordoba-2-web.jpg","contentUrl":"https:\/\/www.4mentera.com\/wp-content\/uploads\/2023\/12\/llorenc-cordoba-2-web.jpg","width":500,"height":375},{"@type":"BreadcrumbList","@id":"https:\/\/www.4mentera.com\/pt-pt\/formentera-news\/crise-politica-em-formentera-cordoba-pede-demeticoes\/#breadcrumb","itemListElement":[{"@type":"ListItem","position":1,"name":"","item":"https:\/\/www.4mentera.com\/pt-pt\/"},{"@type":"ListItem","position":2,"name":"Not\u00edcias de Formentera","item":"https:\/\/www.4mentera.com\/pt-pt\/formentera-news\/"},{"@type":"ListItem","position":3,"name":"C\u00f3rdoba pede demeticoes"}]},{"@type":"WebSite","@id":"https:\/\/www.4mentera.com\/pt-pt\/#website","url":"https:\/\/www.4mentera.com\/pt-pt\/","name":"4mentera.com","description":"Guia de Formentera","publisher":{"@id":"https:\/\/www.4mentera.com\/pt-pt\/#organization"},"potentialAction":[{"@type":"SearchAction","target":{"@type":"EntryPoint","urlTemplate":"https:\/\/www.4mentera.com\/pt-pt\/?s={search_term_string}"},"query-input":{"@type":"PropertyValueSpecification","valueRequired":true,"valueName":"search_term_string"}}],"inLanguage":"pt-PT"},{"@type":"Organization","@id":"https:\/\/www.4mentera.com\/pt-pt\/#organization","name":"4mentera","url":"https:\/\/www.4mentera.com\/pt-pt\/","logo":{"@type":"ImageObject","inLanguage":"pt-PT","@id":"https:\/\/www.4mentera.com\/pt-pt\/#\/schema\/logo\/image\/","url":"https:\/\/www.4mentera.com\/wp-content\/uploads\/2019\/06\/cropped-Logo-Negro-250x90.png","contentUrl":"https:\/\/www.4mentera.com\/wp-content\/uploads\/2019\/06\/cropped-Logo-Negro-250x90.png","width":250,"height":91,"caption":"4mentera"},"image":{"@id":"https:\/\/www.4mentera.com\/pt-pt\/#\/schema\/logo\/image\/"},"sameAs":["https:\/\/www.facebook.com\/4mentera\/","https:\/\/www.instagram.com\/4mentera.com_\/"]}]}},"_links":{"self":[{"href":"https:\/\/www.4mentera.com\/pt-pt\/wp-json\/wp\/v2\/pages\/34479","targetHints":{"allow":["GET"]}}],"collection":[{"href":"https:\/\/www.4mentera.com\/pt-pt\/wp-json\/wp\/v2\/pages"}],"about":[{"href":"https:\/\/www.4mentera.com\/pt-pt\/wp-json\/wp\/v2\/types\/page"}],"author":[{"embeddable":true,"href":"https:\/\/www.4mentera.com\/pt-pt\/wp-json\/wp\/v2\/users\/1"}],"replies":[{"embeddable":true,"href":"https:\/\/www.4mentera.com\/pt-pt\/wp-json\/wp\/v2\/comments?post=34479"}],"version-history":[{"count":1,"href":"https:\/\/www.4mentera.com\/pt-pt\/wp-json\/wp\/v2\/pages\/34479\/revisions"}],"predecessor-version":[{"id":38291,"href":"https:\/\/www.4mentera.com\/pt-pt\/wp-json\/wp\/v2\/pages\/34479\/revisions\/38291"}],"up":[{"embeddable":true,"href":"https:\/\/www.4mentera.com\/pt-pt\/wp-json\/wp\/v2\/pages\/34370"}],"wp:featuredmedia":[{"embeddable":true,"href":"https:\/\/www.4mentera.com\/pt-pt\/wp-json\/wp\/v2\/media\/34410"}],"wp:attachment":[{"href":"https:\/\/www.4mentera.com\/pt-pt\/wp-json\/wp\/v2\/media?parent=34479"}],"curies":[{"name":"wp","href":"https:\/\/api.w.org\/{rel}","templated":true}]}}