{"id":47010,"date":"2025-06-07T08:09:43","date_gmt":"2025-06-07T08:09:43","guid":{"rendered":"https:\/\/www.4mentera.com\/?page_id=47010"},"modified":"2025-06-08T07:44:51","modified_gmt":"2025-06-08T07:44:51","slug":"projecto-protecao-lagartixas","status":"publish","type":"page","link":"https:\/\/www.4mentera.com\/pt-pt\/formentera-news\/projecto-protecao-lagartixas\/","title":{"rendered":"Projecto de prote\u00e7\u00e3o das lagartixas"},"content":{"rendered":"[vc_row type=&#8221;in_container&#8221; full_screen_row_position=&#8221;middle&#8221; column_margin=&#8221;default&#8221; column_direction=&#8221;default&#8221; column_direction_tablet=&#8221;default&#8221; column_direction_phone=&#8221;default&#8221; scene_position=&#8221;center&#8221; text_color=&#8221;dark&#8221; text_align=&#8221;left&#8221; row_border_radius=&#8221;none&#8221; row_border_radius_applies=&#8221;bg&#8221; overlay_strength=&#8221;0.3&#8243; gradient_direction=&#8221;left_to_right&#8221; shape_divider_position=&#8221;bottom&#8221; bg_image_animation=&#8221;none&#8221;][vc_column column_padding=&#8221;no-extra-padding&#8221; column_padding_tablet=&#8221;inherit&#8221; column_padding_phone=&#8221;inherit&#8221; column_padding_position=&#8221;all&#8221; column_element_spacing=&#8221;default&#8221; background_color_opacity=&#8221;1&#8243; background_hover_color_opacity=&#8221;1&#8243; column_shadow=&#8221;none&#8221; column_border_radius=&#8221;none&#8221; column_link_target=&#8221;_self&#8221; gradient_direction=&#8221;left_to_right&#8221; overlay_strength=&#8221;0.3&#8243; width=&#8221;1\/5&#8243; tablet_width_inherit=&#8221;default&#8221; tablet_text_alignment=&#8221;default&#8221; phone_text_alignment=&#8221;default&#8221; bg_image_animation=&#8221;none&#8221; border_type=&#8221;simple&#8221; column_border_width=&#8221;none&#8221; column_border_style=&#8221;solid&#8221;][\/vc_column][vc_column column_padding=&#8221;no-extra-padding&#8221; column_padding_tablet=&#8221;inherit&#8221; column_padding_phone=&#8221;inherit&#8221; column_padding_position=&#8221;all&#8221; column_element_spacing=&#8221;default&#8221; background_color_opacity=&#8221;1&#8243; background_hover_color_opacity=&#8221;1&#8243; column_shadow=&#8221;none&#8221; column_border_radius=&#8221;none&#8221; column_link_target=&#8221;_self&#8221; gradient_direction=&#8221;left_to_right&#8221; overlay_strength=&#8221;0.3&#8243; width=&#8221;3\/5&#8243; tablet_width_inherit=&#8221;default&#8221; tablet_text_alignment=&#8221;default&#8221; phone_text_alignment=&#8221;default&#8221; bg_image_animation=&#8221;none&#8221; border_type=&#8221;simple&#8221; column_border_width=&#8221;none&#8221; column_border_style=&#8221;solid&#8221;][image_with_animation image_url=&#8221;34250&#8243; animation=&#8221;None&#8221; hover_animation=&#8221;none&#8221; alignment=&#8221;center&#8221; border_radius=&#8221;none&#8221; box_shadow=&#8221;none&#8221; image_loading=&#8221;default&#8221; max_width=&#8221;100%&#8221; max_width_mobile=&#8221;default&#8221;][\/vc_column][vc_column column_padding=&#8221;no-extra-padding&#8221; column_padding_tablet=&#8221;inherit&#8221; column_padding_phone=&#8221;inherit&#8221; column_padding_position=&#8221;all&#8221; column_element_spacing=&#8221;default&#8221; background_color_opacity=&#8221;1&#8243; background_hover_color_opacity=&#8221;1&#8243; column_shadow=&#8221;none&#8221; column_border_radius=&#8221;none&#8221; column_link_target=&#8221;_self&#8221; gradient_direction=&#8221;left_to_right&#8221; overlay_strength=&#8221;0.3&#8243; width=&#8221;1\/5&#8243; tablet_width_inherit=&#8221;default&#8221; tablet_text_alignment=&#8221;default&#8221; phone_text_alignment=&#8221;default&#8221; bg_image_animation=&#8221;none&#8221; border_type=&#8221;simple&#8221; column_border_width=&#8221;none&#8221; column_border_style=&#8221;solid&#8221;][\/vc_column][\/vc_row][vc_row type=&#8221;full_width_background&#8221; full_screen_row_position=&#8221;middle&#8221; column_margin=&#8221;default&#8221; column_direction=&#8221;default&#8221; column_direction_tablet=&#8221;default&#8221; column_direction_phone=&#8221;default&#8221; scene_position=&#8221;center&#8221; text_color=&#8221;dark&#8221; text_align=&#8221;left&#8221; row_border_radius=&#8221;none&#8221; row_border_radius_applies=&#8221;bg&#8221; overlay_strength=&#8221;0.3&#8243; gradient_direction=&#8221;left_to_right&#8221; shape_divider_position=&#8221;bottom&#8221; bg_image_animation=&#8221;none&#8221; shape_type=&#8221;&#8221;][vc_column column_padding=&#8221;no-extra-padding&#8221; column_padding_tablet=&#8221;inherit&#8221; column_padding_phone=&#8221;inherit&#8221; column_padding_position=&#8221;all&#8221; column_element_spacing=&#8221;default&#8221; background_color_opacity=&#8221;1&#8243; background_hover_color_opacity=&#8221;1&#8243; font_color=&#8221;#ffffff&#8221; column_shadow=&#8221;none&#8221; column_border_radius=&#8221;none&#8221; column_link_target=&#8221;_self&#8221; gradient_direction=&#8221;left_to_right&#8221; overlay_strength=&#8221;0.3&#8243; width=&#8221;1\/1&#8243; tablet_width_inherit=&#8221;default&#8221; tablet_text_alignment=&#8221;default&#8221; phone_text_alignment=&#8221;default&#8221; bg_image_animation=&#8221;none&#8221; enable_animation=&#8221;true&#8221; animation=&#8221;grow-in&#8221; border_type=&#8221;simple&#8221; column_border_width=&#8221;none&#8221; column_border_style=&#8221;solid&#8221;][divider line_type=&#8221;No Line&#8221; custom_height=&#8221;2&#8243;][\/vc_column][\/vc_row][vc_row type=&#8221;in_container&#8221; full_screen_row_position=&#8221;middle&#8221; column_margin=&#8221;default&#8221; column_direction=&#8221;default&#8221; column_direction_tablet=&#8221;default&#8221; column_direction_phone=&#8221;default&#8221; scene_position=&#8221;center&#8221; text_color=&#8221;dark&#8221; text_align=&#8221;left&#8221; row_border_radius=&#8221;none&#8221; row_border_radius_applies=&#8221;bg&#8221; overlay_strength=&#8221;0.3&#8243; gradient_direction=&#8221;left_to_right&#8221; shape_divider_position=&#8221;bottom&#8221; bg_image_animation=&#8221;none&#8221; shape_type=&#8221;&#8221;][vc_column column_padding=&#8221;no-extra-padding&#8221; column_padding_tablet=&#8221;inherit&#8221; column_padding_phone=&#8221;inherit&#8221; column_padding_position=&#8221;all&#8221; column_element_spacing=&#8221;default&#8221; background_color_opacity=&#8221;1&#8243; background_hover_color_opacity=&#8221;1&#8243; column_shadow=&#8221;none&#8221; column_border_radius=&#8221;none&#8221; column_link_target=&#8221;_self&#8221; gradient_direction=&#8221;left_to_right&#8221; overlay_strength=&#8221;0.3&#8243; width=&#8221;1\/1&#8243; tablet_width_inherit=&#8221;default&#8221; tablet_text_alignment=&#8221;default&#8221; phone_text_alignment=&#8221;default&#8221; bg_image_animation=&#8221;none&#8221; border_type=&#8221;simple&#8221; column_border_width=&#8221;none&#8221; column_border_style=&#8221;solid&#8221;][vc_column_text]\n<h1 style=\"font-size: 30px; text-align: center;\"><strong><span style=\"color: #084689;\">Projecto de prote\u00e7\u00e3o das lagartixas<\/span><\/strong><\/h1>\n<p>&nbsp;<\/p>\n<h3 style=\"text-align: center;\"><strong><span style=\"color: #084689;\">Zoo Barcelona<br \/>\n<\/span><\/strong><\/h3>\n[\/vc_column_text][divider line_type=&#8221;No Line&#8221; custom_height=&#8221;10&#8243;][\/vc_column][\/vc_row][vc_row type=&#8221;in_container&#8221; full_screen_row_position=&#8221;middle&#8221; column_margin=&#8221;default&#8221; column_direction=&#8221;default&#8221; column_direction_tablet=&#8221;default&#8221; column_direction_phone=&#8221;default&#8221; scene_position=&#8221;center&#8221; text_color=&#8221;dark&#8221; text_align=&#8221;left&#8221; row_border_radius=&#8221;none&#8221; row_border_radius_applies=&#8221;bg&#8221; overlay_strength=&#8221;0.3&#8243; gradient_direction=&#8221;left_to_right&#8221; shape_divider_position=&#8221;bottom&#8221; bg_image_animation=&#8221;none&#8221;][vc_column column_padding=&#8221;no-extra-padding&#8221; column_padding_tablet=&#8221;inherit&#8221; column_padding_phone=&#8221;inherit&#8221; column_padding_position=&#8221;all&#8221; column_element_spacing=&#8221;default&#8221; centered_text=&#8221;true&#8221; background_color_opacity=&#8221;1&#8243; background_hover_color_opacity=&#8221;1&#8243; column_shadow=&#8221;none&#8221; column_border_radius=&#8221;none&#8221; column_link_target=&#8221;_self&#8221; gradient_direction=&#8221;left_to_right&#8221; overlay_strength=&#8221;0.3&#8243; width=&#8221;1\/2&#8243; tablet_width_inherit=&#8221;default&#8221; tablet_text_alignment=&#8221;default&#8221; phone_text_alignment=&#8221;default&#8221; bg_image_animation=&#8221;none&#8221; border_type=&#8221;simple&#8221; column_border_width=&#8221;none&#8221; column_border_style=&#8221;solid&#8221;][divider line_type=&#8221;No Line&#8221; custom_height=&#8221;15&#8243;][image_with_animation image_url=&#8221;46979&#8243; animation=&#8221;None&#8221; hover_animation=&#8221;none&#8221; alignment=&#8221;&#8221; border_radius=&#8221;none&#8221; box_shadow=&#8221;none&#8221; image_loading=&#8221;default&#8221; max_width=&#8221;100%&#8221; max_width_mobile=&#8221;default&#8221;][\/vc_column][vc_column column_padding=&#8221;no-extra-padding&#8221; column_padding_tablet=&#8221;inherit&#8221; column_padding_phone=&#8221;inherit&#8221; column_padding_position=&#8221;all&#8221; column_element_spacing=&#8221;default&#8221; background_color_opacity=&#8221;1&#8243; background_hover_color_opacity=&#8221;1&#8243; column_shadow=&#8221;none&#8221; column_border_radius=&#8221;none&#8221; column_link_target=&#8221;_self&#8221; gradient_direction=&#8221;left_to_right&#8221; overlay_strength=&#8221;0.3&#8243; width=&#8221;1\/2&#8243; tablet_width_inherit=&#8221;default&#8221; tablet_text_alignment=&#8221;default&#8221; phone_text_alignment=&#8221;default&#8221; bg_image_animation=&#8221;none&#8221; border_type=&#8221;simple&#8221; column_border_width=&#8221;none&#8221; column_border_style=&#8221;solid&#8221;][vc_column_text]Formentera, 8 de Junho de 2025<\/p>\n<p><strong><span style=\"color: #084689;\">Nos \u00faltimos anos, a importa\u00e7\u00e3o de oliveiras centen\u00e1rias desde a pen\u00ednsula <\/span><\/strong>ib\u00e9rica com fins meramente ornamentais em jardinagem trouxe consigo um grave problema ecol\u00f3gico para as ilhas de Ibiza e Formentera. Nos buracos dos troncos destas \u00e1rvores encontravam-se a hibernar serpentes que, sem serem detetadas, foram transportadas juntamente com as \u00e1rvores at\u00e9 \u00e0s ilhas.<\/p>\n<p>Uma vez no novo ambiente, estas esp\u00e9cies invasoras, introduzidas por neglig\u00eancia humana, encontraram na lagartixa-pitiusa (<em data-start=\"594\" data-end=\"616\">Podarcis pityusensis<\/em>) uma fonte de alimento constante e f\u00e1cil de capturar, j\u00e1 que a lagartixa, esp\u00e9cie end\u00e9mica e s\u00edmbolo de identidade de Ibiza e Formentera, n\u00e3o possui defesas naturais contra estes predadores.<\/p>\n<p>Enquanto em Formentera a situa\u00e7\u00e3o se mant\u00e9m relativamente controlada na zona de La Mola, em Ibiza o cen\u00e1rio \u00e9 bem mais preocupante, com a popula\u00e7\u00e3o de serpentes a expandir-se de forma descontrolada, colonizando praticamente toda a ilha.[\/vc_column_text][\/vc_column][\/vc_row][vc_row type=&#8221;in_container&#8221; full_screen_row_position=&#8221;middle&#8221; column_margin=&#8221;default&#8221; column_direction=&#8221;default&#8221; column_direction_tablet=&#8221;default&#8221; column_direction_phone=&#8221;default&#8221; scene_position=&#8221;center&#8221; text_color=&#8221;dark&#8221; text_align=&#8221;left&#8221; row_border_radius=&#8221;none&#8221; row_border_radius_applies=&#8221;bg&#8221; overlay_strength=&#8221;0.3&#8243; gradient_direction=&#8221;left_to_right&#8221; shape_divider_position=&#8221;bottom&#8221; bg_image_animation=&#8221;none&#8221;][vc_column column_padding=&#8221;no-extra-padding&#8221; column_padding_tablet=&#8221;inherit&#8221; column_padding_phone=&#8221;inherit&#8221; column_padding_position=&#8221;all&#8221; column_element_spacing=&#8221;default&#8221; background_color_opacity=&#8221;1&#8243; background_hover_color_opacity=&#8221;1&#8243; column_shadow=&#8221;none&#8221; column_border_radius=&#8221;none&#8221; column_link_target=&#8221;_self&#8221; gradient_direction=&#8221;left_to_right&#8221; overlay_strength=&#8221;0.3&#8243; width=&#8221;1\/1&#8243; tablet_width_inherit=&#8221;default&#8221; tablet_text_alignment=&#8221;default&#8221; phone_text_alignment=&#8221;default&#8221; bg_image_animation=&#8221;none&#8221; border_type=&#8221;simple&#8221; column_border_width=&#8221;none&#8221; column_border_style=&#8221;solid&#8221;][vc_column_text]\u00c9 por isso que o Govern Balear, juntamente com o Zoo de Barcelona, decidiu criar um projeto-piloto de reprodu\u00e7\u00e3o <em data-start=\"1166\" data-end=\"1175\">ex situ<\/em> de lagartixas das Pitiusas (<em data-start=\"1204\" data-end=\"1226\">Podarcis pityusensis<\/em>), com o objetivo de garantir a conserva\u00e7\u00e3o desta esp\u00e9cie end\u00e9mica.[\/vc_column_text][divider line_type=&#8221;No Line&#8221; custom_height=&#8221;10&#8243;][\/vc_column][\/vc_row][vc_row type=&#8221;in_container&#8221; full_screen_row_position=&#8221;middle&#8221; column_margin=&#8221;default&#8221; column_direction=&#8221;default&#8221; column_direction_tablet=&#8221;default&#8221; column_direction_phone=&#8221;default&#8221; scene_position=&#8221;center&#8221; text_color=&#8221;dark&#8221; text_align=&#8221;center&#8221; row_border_radius=&#8221;none&#8221; row_border_radius_applies=&#8221;bg&#8221; overlay_strength=&#8221;0.3&#8243; gradient_direction=&#8221;left_to_right&#8221; shape_divider_position=&#8221;bottom&#8221; bg_image_animation=&#8221;none&#8221; shape_type=&#8221;&#8221;][vc_column column_padding=&#8221;no-extra-padding&#8221; column_padding_tablet=&#8221;inherit&#8221; column_padding_phone=&#8221;inherit&#8221; column_padding_position=&#8221;all&#8221; column_element_spacing=&#8221;default&#8221; centered_text=&#8221;true&#8221; background_color_opacity=&#8221;1&#8243; background_hover_color_opacity=&#8221;1&#8243; column_shadow=&#8221;none&#8221; column_border_radius=&#8221;none&#8221; column_link_target=&#8221;_self&#8221; gradient_direction=&#8221;left_to_right&#8221; overlay_strength=&#8221;0.3&#8243; width=&#8221;1\/2&#8243; tablet_width_inherit=&#8221;default&#8221; tablet_text_alignment=&#8221;default&#8221; phone_text_alignment=&#8221;default&#8221; bg_image_animation=&#8221;none&#8221; border_type=&#8221;simple&#8221; column_border_width=&#8221;none&#8221; column_border_style=&#8221;solid&#8221;][image_with_animation image_url=&#8221;42325&#8243; animation=&#8221;None&#8221; hover_animation=&#8221;none&#8221; alignment=&#8221;center&#8221; img_link_target=&#8221;_blank&#8221; border_radius=&#8221;none&#8221; box_shadow=&#8221;none&#8221; image_loading=&#8221;default&#8221; max_width=&#8221;100%&#8221; max_width_mobile=&#8221;default&#8221; img_link=&#8221;https:\/\/www.trasmapi.com\/?origin=www.4mentera.com&amp;promo=4mentera&amp;lang=es&#8221;][\/vc_column][vc_column column_padding=&#8221;no-extra-padding&#8221; column_padding_tablet=&#8221;inherit&#8221; column_padding_phone=&#8221;inherit&#8221; column_padding_position=&#8221;all&#8221; column_element_spacing=&#8221;default&#8221; centered_text=&#8221;true&#8221; background_color_opacity=&#8221;1&#8243; background_hover_color_opacity=&#8221;1&#8243; column_shadow=&#8221;none&#8221; column_border_radius=&#8221;none&#8221; column_link_target=&#8221;_self&#8221; gradient_direction=&#8221;left_to_right&#8221; overlay_strength=&#8221;0.3&#8243; width=&#8221;1\/2&#8243; tablet_width_inherit=&#8221;default&#8221; tablet_text_alignment=&#8221;default&#8221; phone_text_alignment=&#8221;default&#8221; bg_image_animation=&#8221;none&#8221; border_type=&#8221;simple&#8221; column_border_width=&#8221;none&#8221; column_border_style=&#8221;solid&#8221;][image_with_animation image_url=&#8221;34873&#8243; animation=&#8221;None&#8221; hover_animation=&#8221;none&#8221; alignment=&#8221;center&#8221; border_radius=&#8221;none&#8221; box_shadow=&#8221;none&#8221; image_loading=&#8221;default&#8221; max_width=&#8221;100%&#8221; max_width_mobile=&#8221;default&#8221; img_link=&#8221;https:\/\/www.4mentera.com\/pt-pt\/alugel-carro-moto-formentera\/&#8221;][\/vc_column][\/vc_row][vc_row type=&#8221;in_container&#8221; full_screen_row_position=&#8221;middle&#8221; column_margin=&#8221;default&#8221; column_direction=&#8221;default&#8221; column_direction_tablet=&#8221;default&#8221; column_direction_phone=&#8221;default&#8221; scene_position=&#8221;center&#8221; text_color=&#8221;dark&#8221; text_align=&#8221;left&#8221; row_border_radius=&#8221;none&#8221; row_border_radius_applies=&#8221;bg&#8221; overlay_strength=&#8221;0.3&#8243; gradient_direction=&#8221;left_to_right&#8221; shape_divider_position=&#8221;bottom&#8221; bg_image_animation=&#8221;none&#8221;][vc_column column_padding=&#8221;no-extra-padding&#8221; column_padding_tablet=&#8221;inherit&#8221; column_padding_phone=&#8221;inherit&#8221; column_padding_position=&#8221;all&#8221; column_element_spacing=&#8221;default&#8221; background_color_opacity=&#8221;1&#8243; background_hover_color_opacity=&#8221;1&#8243; column_shadow=&#8221;none&#8221; column_border_radius=&#8221;none&#8221; column_link_target=&#8221;_self&#8221; gradient_direction=&#8221;left_to_right&#8221; overlay_strength=&#8221;0.3&#8243; width=&#8221;1\/1&#8243; tablet_width_inherit=&#8221;default&#8221; tablet_text_alignment=&#8221;default&#8221; phone_text_alignment=&#8221;default&#8221; bg_image_animation=&#8221;none&#8221; border_type=&#8221;simple&#8221; column_border_width=&#8221;none&#8221; column_border_style=&#8221;solid&#8221;][divider line_type=&#8221;No Line&#8221; custom_height=&#8221;10&#8243;][vc_column_text]\n<h2 style=\"text-align: center;\"><span style=\"color: #084689;\"><strong><span style=\"color: #084689;\">Novas popula\u00e7\u00f5es em cativeiro<\/span><\/strong><\/span><\/h2>\n<p>A Conselleria da Agricultura, Pesca e Meio Natural, em colabora\u00e7\u00e3o com o Zoo de Barcelona, p\u00f4s em marcha um projeto inovador de reprodu\u00e7\u00e3o <em data-start=\"1475\" data-end=\"1484\">ex situ<\/em> para conservar a lagartixa das Pitiusas (<em data-start=\"1526\" data-end=\"1548\">Podarcis pityusensis<\/em>), uma esp\u00e9cie emblem\u00e1tica de Ibiza e Formentera. Esta a\u00e7\u00e3o visa estabelecer novas popula\u00e7\u00f5es fora do ambiente natural, de forma a garantir a sobreviv\u00eancia desta esp\u00e9cie \u00fanica do arquip\u00e9lago balear.<\/p>\n<p>Como parte da iniciativa, foram criadas tr\u00eas popula\u00e7\u00f5es controladas \u2014 duas provenientes de Ibiza e uma de Formentera. Para tal, foram capturados 17 exemplares saud\u00e1veis e com diversidade gen\u00e9tica (10 de Ibiza e 7 de Formentera), que se encontram agora no Zoo de Barcelona. Estes animais ser\u00e3o os primeiros reprodutores do novo programa de reprodu\u00e7\u00e3o em cativeiro.[\/vc_column_text][divider line_type=&#8221;No Line&#8221; custom_height=&#8221;10&#8243;][\/vc_column][\/vc_row][vc_row type=&#8221;in_container&#8221; full_screen_row_position=&#8221;middle&#8221; column_margin=&#8221;default&#8221; column_direction=&#8221;default&#8221; column_direction_tablet=&#8221;default&#8221; column_direction_phone=&#8221;default&#8221; scene_position=&#8221;center&#8221; text_color=&#8221;dark&#8221; text_align=&#8221;center&#8221; row_border_radius=&#8221;none&#8221; row_border_radius_applies=&#8221;bg&#8221; overlay_strength=&#8221;0.3&#8243; gradient_direction=&#8221;left_to_right&#8221; shape_divider_position=&#8221;bottom&#8221; bg_image_animation=&#8221;none&#8221; shape_type=&#8221;&#8221;][vc_column column_padding=&#8221;no-extra-padding&#8221; column_padding_tablet=&#8221;inherit&#8221; column_padding_phone=&#8221;inherit&#8221; column_padding_position=&#8221;all&#8221; column_element_spacing=&#8221;default&#8221; background_color_opacity=&#8221;1&#8243; background_hover_color_opacity=&#8221;1&#8243; column_shadow=&#8221;none&#8221; column_border_radius=&#8221;none&#8221; column_link_target=&#8221;_self&#8221; gradient_direction=&#8221;left_to_right&#8221; overlay_strength=&#8221;0.3&#8243; width=&#8221;1\/2&#8243; tablet_width_inherit=&#8221;default&#8221; tablet_text_alignment=&#8221;default&#8221; phone_text_alignment=&#8221;default&#8221; bg_image_animation=&#8221;none&#8221; border_type=&#8221;simple&#8221; column_border_width=&#8221;none&#8221; column_border_style=&#8221;solid&#8221;][image_with_animation image_url=&#8221;34843&#8243; animation=&#8221;None&#8221; hover_animation=&#8221;none&#8221; alignment=&#8221;center&#8221; border_radius=&#8221;none&#8221; box_shadow=&#8221;none&#8221; image_loading=&#8221;default&#8221; max_width=&#8221;100%&#8221; max_width_mobile=&#8221;default&#8221; img_link=&#8221;https:\/\/www.4mentera.com\/pt-pt\/codigo-desconto-formentera\/alojamento\/&#8221;][\/vc_column][vc_column column_padding=&#8221;no-extra-padding&#8221; column_padding_tablet=&#8221;inherit&#8221; column_padding_phone=&#8221;inherit&#8221; column_padding_position=&#8221;all&#8221; column_element_spacing=&#8221;default&#8221; background_color_opacity=&#8221;1&#8243; background_hover_color_opacity=&#8221;1&#8243; column_shadow=&#8221;none&#8221; column_border_radius=&#8221;none&#8221; column_link_target=&#8221;_self&#8221; gradient_direction=&#8221;left_to_right&#8221; overlay_strength=&#8221;0.3&#8243; width=&#8221;1\/2&#8243; tablet_width_inherit=&#8221;default&#8221; tablet_text_alignment=&#8221;default&#8221; phone_text_alignment=&#8221;default&#8221; bg_image_animation=&#8221;none&#8221; border_type=&#8221;simple&#8221; column_border_width=&#8221;none&#8221; column_border_style=&#8221;solid&#8221;][image_with_animation image_url=&#8221;43040&#8243; animation=&#8221;Fade In&#8221; hover_animation=&#8221;none&#8221; alignment=&#8221;center&#8221; border_radius=&#8221;none&#8221; box_shadow=&#8221;none&#8221; image_loading=&#8221;default&#8221; max_width=&#8221;100%&#8221; max_width_mobile=&#8221;default&#8221; img_link=&#8221;https:\/\/www.4mentera.com\/pt-pt\/codigo-desconto-formentera\/&#8221;][\/vc_column][\/vc_row][vc_row type=&#8221;in_container&#8221; full_screen_row_position=&#8221;middle&#8221; column_margin=&#8221;default&#8221; column_direction=&#8221;default&#8221; column_direction_tablet=&#8221;default&#8221; column_direction_phone=&#8221;default&#8221; scene_position=&#8221;center&#8221; text_color=&#8221;dark&#8221; text_align=&#8221;left&#8221; row_border_radius=&#8221;none&#8221; row_border_radius_applies=&#8221;bg&#8221; overlay_strength=&#8221;0.3&#8243; gradient_direction=&#8221;left_to_right&#8221; shape_divider_position=&#8221;bottom&#8221; bg_image_animation=&#8221;none&#8221;][vc_column column_padding=&#8221;no-extra-padding&#8221; column_padding_tablet=&#8221;inherit&#8221; column_padding_phone=&#8221;inherit&#8221; column_padding_position=&#8221;all&#8221; column_element_spacing=&#8221;default&#8221; background_color_opacity=&#8221;1&#8243; background_hover_color_opacity=&#8221;1&#8243; column_shadow=&#8221;none&#8221; column_border_radius=&#8221;none&#8221; column_link_target=&#8221;_self&#8221; gradient_direction=&#8221;left_to_right&#8221; overlay_strength=&#8221;0.3&#8243; width=&#8221;1\/1&#8243; tablet_width_inherit=&#8221;default&#8221; tablet_text_alignment=&#8221;default&#8221; phone_text_alignment=&#8221;default&#8221; bg_image_animation=&#8221;none&#8221; border_type=&#8221;simple&#8221; column_border_width=&#8221;none&#8221; column_border_style=&#8221;solid&#8221;][divider line_type=&#8221;No Line&#8221;][vc_column_text]\n<h2 style=\"text-align: center;\"><span style=\"color: #084689;\"><strong>A amea\u00e7a das esp\u00e9cies invasoras de of\u00eddios<\/strong><\/span><\/h2>\n<p>Anna Torres, diretora-geral do Meio Natural e Gest\u00e3o Florestal, sublinha que este projeto \u00abpermite trabalhar a viabilidade de futuras repovoa\u00e7\u00f5es e contribuir para a prote\u00e7\u00e3o da lagartixa-pitiusa\u00bb. Destaca ainda a import\u00e2ncia de continuar com a\u00e7\u00f5es que travem a expans\u00e3o dos of\u00eddios invasores, atualmente considerados a maior amea\u00e7a para as lagartixas aut\u00f3ctones.<\/p>\n<p>Este projeto resulta do acordo de colabora\u00e7\u00e3o assinado em 2024 entre o Govern Balear e a Funda\u00e7\u00e3o Zoo de Barcelona. O acordo estabelece um quadro de coopera\u00e7\u00e3o para a conserva\u00e7\u00e3o da fauna selvagem protegida das Ilhas Baleares. Para al\u00e9m do programa de reprodu\u00e7\u00e3o, ser\u00e3o desenvolvidos estudos cient\u00edficos centrados em gen\u00e9tica, ecologia e estrat\u00e9gias de conserva\u00e7\u00e3o.<\/p>\n<h2><\/h2>\n<h2 style=\"text-align: center;\"><span style=\"color: #084689;\"><strong>Uma esp\u00e9cie s\u00edmbolo de Ibiza e Formentera<\/strong><\/span><\/h2>\n<p>Os estudos derivados do projeto n\u00e3o s\u00f3 contribuir\u00e3o para manter a diversidade gen\u00e9tica da lagartixa-pitiusa, como tamb\u00e9m permitir\u00e3o avaliar a viabilidade da sua reintrodu\u00e7\u00e3o no meio natural. Trata-se de uma estrat\u00e9gia integral para garantir decis\u00f5es informadas e eficazes em prol da conserva\u00e7\u00e3o.<br \/>\nSito Alarc\u00f3n, diretor do Zoo de Barcelona, afirmou que \u00abcolaborar neste tipo de projetos refor\u00e7a o nosso compromisso com a biodiversidade mediterr\u00e2nica, uma das mais amea\u00e7adas pelas altera\u00e7\u00f5es clim\u00e1ticas\u00bb.<\/p>\n<p>A lagartixa-pitiusa \u00e9 um dos s\u00edmbolos naturais mais representativos de Formentera e Ibiza. No entanto, a sua sobreviv\u00eancia est\u00e1 em risco devido \u00e0 introdu\u00e7\u00e3o de esp\u00e9cies ex\u00f3ticas, sobretudo serpentes, por m\u00e1s pr\u00e1ticas humanas que mais uma vez desrespeitam o equil\u00edbrio natural do meio ambiente. Por esta raz\u00e3o, a <em data-start=\"3767\" data-end=\"3789\">Podarcis pityusensis<\/em> foi inclu\u00edda em 2023 no Cat\u00e1logo Balear de Esp\u00e9cies Amea\u00e7adas, na categoria de esp\u00e9cies vulner\u00e1veis.[\/vc_column_text][divider line_type=&#8221;No Line&#8221; custom_height=&#8221;10&#8243;][\/vc_column][\/vc_row][vc_row type=&#8221;in_container&#8221; full_screen_row_position=&#8221;middle&#8221; column_margin=&#8221;default&#8221; column_direction=&#8221;default&#8221; column_direction_tablet=&#8221;default&#8221; column_direction_phone=&#8221;default&#8221; scene_position=&#8221;center&#8221; text_color=&#8221;dark&#8221; text_align=&#8221;left&#8221; row_border_radius=&#8221;none&#8221; row_border_radius_applies=&#8221;bg&#8221; overlay_strength=&#8221;0.3&#8243; gradient_direction=&#8221;left_to_right&#8221; shape_divider_position=&#8221;bottom&#8221; bg_image_animation=&#8221;none&#8221;][vc_column column_padding=&#8221;no-extra-padding&#8221; column_padding_tablet=&#8221;inherit&#8221; column_padding_phone=&#8221;inherit&#8221; column_padding_position=&#8221;all&#8221; column_element_spacing=&#8221;default&#8221; background_color_opacity=&#8221;1&#8243; background_hover_color_opacity=&#8221;1&#8243; column_shadow=&#8221;none&#8221; column_border_radius=&#8221;none&#8221; column_link_target=&#8221;_self&#8221; gradient_direction=&#8221;left_to_right&#8221; overlay_strength=&#8221;0.3&#8243; width=&#8221;1\/1&#8243; tablet_width_inherit=&#8221;default&#8221; tablet_text_alignment=&#8221;default&#8221; phone_text_alignment=&#8221;default&#8221; bg_image_animation=&#8221;none&#8221; border_type=&#8221;simple&#8221; column_border_width=&#8221;none&#8221; column_border_style=&#8221;solid&#8221;][divider line_type=&#8221;No Line&#8221;][vc_row_inner column_margin=&#8221;default&#8221; column_direction=&#8221;default&#8221; column_direction_tablet=&#8221;default&#8221; column_direction_phone=&#8221;default&#8221; text_align=&#8221;left&#8221;][vc_column_inner column_padding=&#8221;no-extra-padding&#8221; column_padding_tablet=&#8221;inherit&#8221; column_padding_phone=&#8221;inherit&#8221; column_padding_position=&#8221;all&#8221; column_element_spacing=&#8221;default&#8221; background_color_opacity=&#8221;1&#8243; background_hover_color_opacity=&#8221;1&#8243; column_shadow=&#8221;none&#8221; column_border_radius=&#8221;none&#8221; column_link_target=&#8221;_self&#8221; gradient_direction=&#8221;left_to_right&#8221; overlay_strength=&#8221;0.3&#8243; width=&#8221;1\/5&#8243; tablet_width_inherit=&#8221;default&#8221; bg_image_animation=&#8221;none&#8221; border_type=&#8221;simple&#8221; column_border_width=&#8221;none&#8221; column_border_style=&#8221;solid&#8221;][image_with_animation image_url=&#8221;37680&#8243; animation=&#8221;Fade In&#8221; hover_animation=&#8221;none&#8221; alignment=&#8221;center&#8221; border_radius=&#8221;none&#8221; box_shadow=&#8221;none&#8221; image_loading=&#8221;default&#8221; max_width=&#8221;75%&#8221; max_width_mobile=&#8221;default&#8221;][\/vc_column_inner][vc_column_inner column_padding=&#8221;no-extra-padding&#8221; column_padding_tablet=&#8221;inherit&#8221; column_padding_phone=&#8221;inherit&#8221; column_padding_position=&#8221;all&#8221; column_element_spacing=&#8221;default&#8221; background_color_opacity=&#8221;1&#8243; background_hover_color_opacity=&#8221;1&#8243; font_color=&#8221;#333333&#8243; column_shadow=&#8221;none&#8221; column_border_radius=&#8221;none&#8221; column_link_target=&#8221;_self&#8221; gradient_direction=&#8221;left_to_right&#8221; overlay_strength=&#8221;0.3&#8243; width=&#8221;3\/5&#8243; tablet_width_inherit=&#8221;default&#8221; bg_image_animation=&#8221;none&#8221; border_type=&#8221;simple&#8221; column_border_width=&#8221;none&#8221; column_border_style=&#8221;solid&#8221;][divider line_type=&#8221;No Line&#8221; custom_height=&#8221;10&#8243;][vc_column_text]\n<p class=\"nombre\">Sou o <strong>Ram\u00f3n Tur<\/strong>, o respons\u00e1vel por tudo o que \u00e9 escrito e fotografado neste site sobre Formentera.<br \/>\nDescobri a ilha em 1972 quando os meus pais, a bordo do m\u00edtico Joven Dolores, me levaram pela primeira vez para passar alguns dias de f\u00e9rias desde Ibiza e foi amor \u00e0 primeira vista, que ao longo do tempo, se fortaleceu at\u00e9 tornar Formentera no meu lugar de resid\u00eancia h\u00e1 muitos anos.<br \/>\nSe quiseres, podes seguir-me no perfil do <a href=\"https:\/\/www.instagram.com\/4mentera.com_\/\" target=\"_blank\" rel=\"noopener\">Instagram: @4mentera.com_<\/a><\/p>\n[\/vc_column_text][\/vc_column_inner][\/vc_row_inner][\/vc_column][\/vc_row][vc_row type=&#8221;full_width_background&#8221; full_screen_row_position=&#8221;middle&#8221; column_margin=&#8221;default&#8221; equal_height=&#8221;yes&#8221; content_placement=&#8221;middle&#8221; column_direction=&#8221;default&#8221; column_direction_tablet=&#8221;default&#8221; column_direction_phone=&#8221;default&#8221; bg_color=&#8221;#ff8c00&#8243; scene_position=&#8221;center&#8221; top_padding=&#8221;30&#8243; bottom_padding=&#8221;30&#8243; text_color=&#8221;light&#8221; text_align=&#8221;left&#8221; row_border_radius=&#8221;none&#8221; row_border_radius_applies=&#8221;bg&#8221; overlay_strength=&#8221;0.95&#8243; gradient_direction=&#8221;left_to_right&#8221; shape_divider_position=&#8221;bottom&#8221; bg_image_animation=&#8221;none&#8221; shape_type=&#8221;&#8221;][vc_column column_padding=&#8221;no-extra-padding&#8221; column_padding_tablet=&#8221;inherit&#8221; column_padding_phone=&#8221;inherit&#8221; column_padding_position=&#8221;all&#8221; column_element_spacing=&#8221;default&#8221; background_color_opacity=&#8221;1&#8243; background_hover_color_opacity=&#8221;1&#8243; column_shadow=&#8221;none&#8221; column_border_radius=&#8221;none&#8221; column_link_target=&#8221;_self&#8221; gradient_direction=&#8221;left_to_right&#8221; overlay_strength=&#8221;0.3&#8243; width=&#8221;5\/12&#8243; tablet_width_inherit=&#8221;default&#8221; tablet_text_alignment=&#8221;center&#8221; phone_text_alignment=&#8221;center&#8221; bg_image_animation=&#8221;none&#8221; enable_animation=&#8221;true&#8221; animation=&#8221;flip-in-vertical&#8221; border_type=&#8221;simple&#8221; column_border_width=&#8221;none&#8221; column_border_style=&#8221;solid&#8221;][split_line_heading animation_type=&#8221;line-reveal-by-space&#8221; font_style=&#8221;p&#8221; content_alignment=&#8221;default&#8221; mobile_content_alignment=&#8221;inherit&#8221; text_content=&#8221;Se est\u00e1s a planear visitar Formentera, come\u00e7a por visitar a nossa sec\u00e7\u00e3o de c\u00f3digos de desconto&#8221; font_size=&#8221;30&#8243;][\/split_line_heading][\/vc_column][vc_column column_padding=&#8221;no-extra-padding&#8221; column_padding_tablet=&#8221;inherit&#8221; column_padding_phone=&#8221;inherit&#8221; column_padding_position=&#8221;all&#8221; column_element_spacing=&#8221;default&#8221; background_color_opacity=&#8221;1&#8243; background_hover_color_opacity=&#8221;1&#8243; column_shadow=&#8221;none&#8221; column_border_radius=&#8221;none&#8221; column_link_target=&#8221;_self&#8221; gradient_direction=&#8221;left_to_right&#8221; overlay_strength=&#8221;0.3&#8243; width=&#8221;1\/12&#8243; tablet_width_inherit=&#8221;default&#8221; tablet_text_alignment=&#8221;center&#8221; phone_text_alignment=&#8221;center&#8221; bg_image_animation=&#8221;none&#8221; border_type=&#8221;simple&#8221; column_border_width=&#8221;none&#8221; column_border_style=&#8221;solid&#8221;][\/vc_column][vc_column column_padding=&#8221;no-extra-padding&#8221; column_padding_tablet=&#8221;inherit&#8221; column_padding_phone=&#8221;inherit&#8221; column_padding_position=&#8221;all&#8221; column_element_spacing=&#8221;default&#8221; background_color_opacity=&#8221;1&#8243; background_hover_color_opacity=&#8221;1&#8243; column_shadow=&#8221;none&#8221; column_border_radius=&#8221;none&#8221; column_link_target=&#8221;_self&#8221; gradient_direction=&#8221;left_to_right&#8221; overlay_strength=&#8221;0.3&#8243; width=&#8221;1\/2&#8243; tablet_width_inherit=&#8221;default&#8221; tablet_text_alignment=&#8221;center&#8221; phone_text_alignment=&#8221;center&#8221; bg_image_animation=&#8221;none&#8221; enable_animation=&#8221;true&#8221; animation=&#8221;flip-in-vertical&#8221; border_type=&#8221;simple&#8221; column_border_width=&#8221;none&#8221; column_border_style=&#8221;solid&#8221;][vc_row_inner column_margin=&#8221;default&#8221; column_direction=&#8221;default&#8221; column_direction_tablet=&#8221;default&#8221; column_direction_phone=&#8221;default&#8221; text_align=&#8221;right&#8221;][vc_column_inner column_padding=&#8221;no-extra-padding&#8221; column_padding_tablet=&#8221;inherit&#8221; column_padding_phone=&#8221;inherit&#8221; column_padding_position=&#8221;all&#8221; column_element_spacing=&#8221;default&#8221; background_color_opacity=&#8221;1&#8243; background_hover_color_opacity=&#8221;1&#8243; column_shadow=&#8221;none&#8221; column_border_radius=&#8221;5px&#8221; column_link_target=&#8221;_self&#8221; gradient_direction=&#8221;left_to_right&#8221; overlay_strength=&#8221;0.3&#8243; width=&#8221;1\/1&#8243; tablet_width_inherit=&#8221;default&#8221; bg_image_animation=&#8221;none&#8221; border_type=&#8221;simple&#8221; column_border_width=&#8221;none&#8221; column_border_style=&#8221;solid&#8221;][nectar_cta btn_style=&#8221;arrow-animation&#8221; heading_tag=&#8221;p&#8221; text_color=&#8221;#ffffff&#8221; button_color=&#8221;accent-color&#8221; link_type=&#8221;regular&#8221; alignment=&#8221;left&#8221; alignment_tablet=&#8221;default&#8221; alignment_phone=&#8221;default&#8221; display=&#8221;inline&#8221; link_text=&#8221;Clique aqui&#8221; url=&#8221;https:\/\/www.4mentera.com\/pt-pt\/codigo-desconto-formentera\/&#8221; padding_top=&#8221;20&#8243; padding_right=&#8221;40&#8243; padding_bottom=&#8221;20&#8243; padding_left=&#8221;40&#8243;][\/vc_column_inner][\/vc_row_inner][\/vc_column][\/vc_row][vc_row type=&#8221;full_width_content&#8221; full_screen_row_position=&#8221;middle&#8221; column_margin=&#8221;default&#8221; column_direction=&#8221;default&#8221; column_direction_tablet=&#8221;default&#8221; column_direction_phone=&#8221;default&#8221; scene_position=&#8221;center&#8221; text_color=&#8221;dark&#8221; text_align=&#8221;left&#8221; row_border_radius=&#8221;none&#8221; row_border_radius_applies=&#8221;bg&#8221; overlay_strength=&#8221;0.3&#8243; gradient_direction=&#8221;left_to_right&#8221; shape_divider_position=&#8221;bottom&#8221; bg_image_animation=&#8221;none&#8221; shape_type=&#8221;&#8221;][vc_column column_padding=&#8221;no-extra-padding&#8221; column_padding_tablet=&#8221;inherit&#8221; column_padding_phone=&#8221;inherit&#8221; column_padding_position=&#8221;all&#8221; column_element_spacing=&#8221;default&#8221; background_color_opacity=&#8221;1&#8243; background_hover_color_opacity=&#8221;1&#8243; column_shadow=&#8221;none&#8221; column_border_radius=&#8221;none&#8221; column_link_target=&#8221;_self&#8221; gradient_direction=&#8221;left_to_right&#8221; overlay_strength=&#8221;0.3&#8243; width=&#8221;1\/1&#8243; tablet_width_inherit=&#8221;default&#8221; tablet_text_alignment=&#8221;default&#8221; phone_text_alignment=&#8221;default&#8221; bg_image_animation=&#8221;none&#8221; border_type=&#8221;simple&#8221; column_border_width=&#8221;none&#8221; column_border_style=&#8221;solid&#8221;][divider line_type=&#8221;No Line&#8221; custom_height=&#8221;2&#8243;][\/vc_column][\/vc_row]\n","protected":false},"excerpt":{"rendered":"<p>[vc_row type=&#8221;in_container&#8221; full_screen_row_position=&#8221;middle&#8221; column_margin=&#8221;default&#8221; column_direction=&#8221;default&#8221; column_direction_tablet=&#8221;default&#8221; column_direction_phone=&#8221;default&#8221; scene_position=&#8221;center&#8221; text_color=&#8221;dark&#8221; text_align=&#8221;left&#8221; row_border_radius=&#8221;none&#8221; row_border_radius_applies=&#8221;bg&#8221; overlay_strength=&#8221;0.3&#8243; gradient_direction=&#8221;left_to_right&#8221; shape_divider_position=&#8221;bottom&#8221; bg_image_animation=&#8221;none&#8221;][vc_column column_padding=&#8221;no-extra-padding&#8221; column_padding_tablet=&#8221;inherit&#8221; column_padding_phone=&#8221;inherit&#8221; column_padding_position=&#8221;all&#8221; column_element_spacing=&#8221;default&#8221; background_color_opacity=&#8221;1&#8243; background_hover_color_opacity=&#8221;1&#8243; column_shadow=&#8221;none&#8221; column_border_radius=&#8221;none&#8221; column_link_target=&#8221;_self&#8221; gradient_direction=&#8221;left_to_right&#8221; overlay_strength=&#8221;0.3&#8243; width=&#8221;1\/5&#8243; tablet_width_inherit=&#8221;default&#8221;&#8230;<\/p>\n","protected":false},"author":1,"featured_media":46985,"parent":34370,"menu_order":0,"comment_status":"closed","ping_status":"closed","template":"","meta":{"footnotes":""},"class_list":["post-47010","page","type-page","status-publish","has-post-thumbnail"],"yoast_head":"<!-- This site is optimized with the Yoast SEO plugin v26.8 - https:\/\/yoast.com\/product\/yoast-seo-wordpress\/ -->\n<title>Projeto para salvar a lagartixa das Pitiusas \u2013 Zoo Barcelona<\/title>\n<meta name=\"description\" content=\"O Zoo de Barcelona e o Govern Balear lan\u00e7am um projeto de reprodu\u00e7\u00e3o ex situ para preservar a lagartixa de Formentera e Ibiza\" \/>\n<meta name=\"robots\" content=\"index, follow, max-snippet:-1, max-image-preview:large, max-video-preview:-1\" \/>\n<link rel=\"canonical\" href=\"https:\/\/www.4mentera.com\/pt-pt\/formentera-news\/projecto-protecao-lagartixas\/\" \/>\n<meta property=\"og:locale\" content=\"pt_PT\" \/>\n<meta property=\"og:type\" content=\"article\" \/>\n<meta property=\"og:title\" content=\"Projeto para salvar a lagartixa das Pitiusas \u2013 Zoo Barcelona\" \/>\n<meta property=\"og:description\" content=\"O Zoo de Barcelona e o Govern Balear lan\u00e7am um projeto de reprodu\u00e7\u00e3o ex situ para preservar a lagartixa de Formentera e Ibiza\" \/>\n<meta property=\"og:url\" content=\"https:\/\/www.4mentera.com\/pt-pt\/formentera-news\/projecto-protecao-lagartixas\/\" \/>\n<meta property=\"og:site_name\" content=\"4mentera.com\" \/>\n<meta property=\"article:publisher\" content=\"https:\/\/www.facebook.com\/4mentera\/\" \/>\n<meta property=\"article:modified_time\" content=\"2025-06-08T07:44:51+00:00\" \/>\n<meta property=\"og:image\" content=\"https:\/\/www.4mentera.com\/wp-content\/uploads\/2025\/06\/podarcis-pitiusensis-zoo-barcelona.jpg\" \/>\n\t<meta property=\"og:image:width\" content=\"500\" \/>\n\t<meta property=\"og:image:height\" content=\"375\" \/>\n\t<meta property=\"og:image:type\" content=\"image\/jpeg\" \/>\n<meta name=\"twitter:card\" content=\"summary_large_image\" \/>\n<meta name=\"twitter:label1\" content=\"Tempo estimado de leitura\" \/>\n\t<meta name=\"twitter:data1\" content=\"9 minutos\" \/>\n<script type=\"application\/ld+json\" class=\"yoast-schema-graph\">{\"@context\":\"https:\/\/schema.org\",\"@graph\":[{\"@type\":\"WebPage\",\"@id\":\"https:\/\/www.4mentera.com\/pt-pt\/formentera-news\/projecto-protecao-lagartixas\/\",\"url\":\"https:\/\/www.4mentera.com\/pt-pt\/formentera-news\/projecto-protecao-lagartixas\/\",\"name\":\"Projeto para salvar a lagartixa das Pitiusas \u2013 Zoo Barcelona\",\"isPartOf\":{\"@id\":\"https:\/\/www.4mentera.com\/pt-pt\/#website\"},\"primaryImageOfPage\":{\"@id\":\"https:\/\/www.4mentera.com\/pt-pt\/formentera-news\/projecto-protecao-lagartixas\/#primaryimage\"},\"image\":{\"@id\":\"https:\/\/www.4mentera.com\/pt-pt\/formentera-news\/projecto-protecao-lagartixas\/#primaryimage\"},\"thumbnailUrl\":\"https:\/\/www.4mentera.com\/wp-content\/uploads\/2025\/06\/podarcis-pitiusensis-zoo-barcelona.jpg\",\"datePublished\":\"2025-06-07T08:09:43+00:00\",\"dateModified\":\"2025-06-08T07:44:51+00:00\",\"description\":\"O Zoo de Barcelona e o Govern Balear lan\u00e7am um projeto de reprodu\u00e7\u00e3o ex situ para preservar a lagartixa de Formentera e Ibiza\",\"breadcrumb\":{\"@id\":\"https:\/\/www.4mentera.com\/pt-pt\/formentera-news\/projecto-protecao-lagartixas\/#breadcrumb\"},\"inLanguage\":\"pt-PT\",\"potentialAction\":[{\"@type\":\"ReadAction\",\"target\":[\"https:\/\/www.4mentera.com\/pt-pt\/formentera-news\/projecto-protecao-lagartixas\/\"]}]},{\"@type\":\"ImageObject\",\"inLanguage\":\"pt-PT\",\"@id\":\"https:\/\/www.4mentera.com\/pt-pt\/formentera-news\/projecto-protecao-lagartixas\/#primaryimage\",\"url\":\"https:\/\/www.4mentera.com\/wp-content\/uploads\/2025\/06\/podarcis-pitiusensis-zoo-barcelona.jpg\",\"contentUrl\":\"https:\/\/www.4mentera.com\/wp-content\/uploads\/2025\/06\/podarcis-pitiusensis-zoo-barcelona.jpg\",\"width\":500,\"height\":375},{\"@type\":\"BreadcrumbList\",\"@id\":\"https:\/\/www.4mentera.com\/pt-pt\/formentera-news\/projecto-protecao-lagartixas\/#breadcrumb\",\"itemListElement\":[{\"@type\":\"ListItem\",\"position\":1,\"name\":\"\",\"item\":\"https:\/\/www.4mentera.com\/pt-pt\/\"},{\"@type\":\"ListItem\",\"position\":2,\"name\":\"Not\u00edcias de Formentera\",\"item\":\"https:\/\/www.4mentera.com\/pt-pt\/formentera-news\/\"},{\"@type\":\"ListItem\",\"position\":3,\"name\":\"Projecto de prote\u00e7\u00e3o das lagartixas\"}]},{\"@type\":\"WebSite\",\"@id\":\"https:\/\/www.4mentera.com\/pt-pt\/#website\",\"url\":\"https:\/\/www.4mentera.com\/pt-pt\/\",\"name\":\"4mentera.com\",\"description\":\"Guia de Formentera\",\"publisher\":{\"@id\":\"https:\/\/www.4mentera.com\/pt-pt\/#organization\"},\"potentialAction\":[{\"@type\":\"SearchAction\",\"target\":{\"@type\":\"EntryPoint\",\"urlTemplate\":\"https:\/\/www.4mentera.com\/pt-pt\/?s={search_term_string}\"},\"query-input\":{\"@type\":\"PropertyValueSpecification\",\"valueRequired\":true,\"valueName\":\"search_term_string\"}}],\"inLanguage\":\"pt-PT\"},{\"@type\":\"Organization\",\"@id\":\"https:\/\/www.4mentera.com\/pt-pt\/#organization\",\"name\":\"4mentera\",\"url\":\"https:\/\/www.4mentera.com\/pt-pt\/\",\"logo\":{\"@type\":\"ImageObject\",\"inLanguage\":\"pt-PT\",\"@id\":\"https:\/\/www.4mentera.com\/pt-pt\/#\/schema\/logo\/image\/\",\"url\":\"https:\/\/www.4mentera.com\/wp-content\/uploads\/2019\/06\/cropped-Logo-Negro-250x90.png\",\"contentUrl\":\"https:\/\/www.4mentera.com\/wp-content\/uploads\/2019\/06\/cropped-Logo-Negro-250x90.png\",\"width\":250,\"height\":91,\"caption\":\"4mentera\"},\"image\":{\"@id\":\"https:\/\/www.4mentera.com\/pt-pt\/#\/schema\/logo\/image\/\"},\"sameAs\":[\"https:\/\/www.facebook.com\/4mentera\/\",\"https:\/\/www.instagram.com\/4mentera.com_\/\"]}]}<\/script>\n<!-- \/ Yoast SEO plugin. -->","yoast_head_json":{"title":"Projeto para salvar a lagartixa das Pitiusas \u2013 Zoo Barcelona","description":"O Zoo de Barcelona e o Govern Balear lan\u00e7am um projeto de reprodu\u00e7\u00e3o ex situ para preservar a lagartixa de Formentera e Ibiza","robots":{"index":"index","follow":"follow","max-snippet":"max-snippet:-1","max-image-preview":"max-image-preview:large","max-video-preview":"max-video-preview:-1"},"canonical":"https:\/\/www.4mentera.com\/pt-pt\/formentera-news\/projecto-protecao-lagartixas\/","og_locale":"pt_PT","og_type":"article","og_title":"Projeto para salvar a lagartixa das Pitiusas \u2013 Zoo Barcelona","og_description":"O Zoo de Barcelona e o Govern Balear lan\u00e7am um projeto de reprodu\u00e7\u00e3o ex situ para preservar a lagartixa de Formentera e Ibiza","og_url":"https:\/\/www.4mentera.com\/pt-pt\/formentera-news\/projecto-protecao-lagartixas\/","og_site_name":"4mentera.com","article_publisher":"https:\/\/www.facebook.com\/4mentera\/","article_modified_time":"2025-06-08T07:44:51+00:00","og_image":[{"width":500,"height":375,"url":"https:\/\/www.4mentera.com\/wp-content\/uploads\/2025\/06\/podarcis-pitiusensis-zoo-barcelona.jpg","type":"image\/jpeg"}],"twitter_card":"summary_large_image","twitter_misc":{"Tempo estimado de leitura":"9 minutos"},"schema":{"@context":"https:\/\/schema.org","@graph":[{"@type":"WebPage","@id":"https:\/\/www.4mentera.com\/pt-pt\/formentera-news\/projecto-protecao-lagartixas\/","url":"https:\/\/www.4mentera.com\/pt-pt\/formentera-news\/projecto-protecao-lagartixas\/","name":"Projeto para salvar a lagartixa das Pitiusas \u2013 Zoo Barcelona","isPartOf":{"@id":"https:\/\/www.4mentera.com\/pt-pt\/#website"},"primaryImageOfPage":{"@id":"https:\/\/www.4mentera.com\/pt-pt\/formentera-news\/projecto-protecao-lagartixas\/#primaryimage"},"image":{"@id":"https:\/\/www.4mentera.com\/pt-pt\/formentera-news\/projecto-protecao-lagartixas\/#primaryimage"},"thumbnailUrl":"https:\/\/www.4mentera.com\/wp-content\/uploads\/2025\/06\/podarcis-pitiusensis-zoo-barcelona.jpg","datePublished":"2025-06-07T08:09:43+00:00","dateModified":"2025-06-08T07:44:51+00:00","description":"O Zoo de Barcelona e o Govern Balear lan\u00e7am um projeto de reprodu\u00e7\u00e3o ex situ para preservar a lagartixa de Formentera e Ibiza","breadcrumb":{"@id":"https:\/\/www.4mentera.com\/pt-pt\/formentera-news\/projecto-protecao-lagartixas\/#breadcrumb"},"inLanguage":"pt-PT","potentialAction":[{"@type":"ReadAction","target":["https:\/\/www.4mentera.com\/pt-pt\/formentera-news\/projecto-protecao-lagartixas\/"]}]},{"@type":"ImageObject","inLanguage":"pt-PT","@id":"https:\/\/www.4mentera.com\/pt-pt\/formentera-news\/projecto-protecao-lagartixas\/#primaryimage","url":"https:\/\/www.4mentera.com\/wp-content\/uploads\/2025\/06\/podarcis-pitiusensis-zoo-barcelona.jpg","contentUrl":"https:\/\/www.4mentera.com\/wp-content\/uploads\/2025\/06\/podarcis-pitiusensis-zoo-barcelona.jpg","width":500,"height":375},{"@type":"BreadcrumbList","@id":"https:\/\/www.4mentera.com\/pt-pt\/formentera-news\/projecto-protecao-lagartixas\/#breadcrumb","itemListElement":[{"@type":"ListItem","position":1,"name":"","item":"https:\/\/www.4mentera.com\/pt-pt\/"},{"@type":"ListItem","position":2,"name":"Not\u00edcias de Formentera","item":"https:\/\/www.4mentera.com\/pt-pt\/formentera-news\/"},{"@type":"ListItem","position":3,"name":"Projecto de prote\u00e7\u00e3o das lagartixas"}]},{"@type":"WebSite","@id":"https:\/\/www.4mentera.com\/pt-pt\/#website","url":"https:\/\/www.4mentera.com\/pt-pt\/","name":"4mentera.com","description":"Guia de Formentera","publisher":{"@id":"https:\/\/www.4mentera.com\/pt-pt\/#organization"},"potentialAction":[{"@type":"SearchAction","target":{"@type":"EntryPoint","urlTemplate":"https:\/\/www.4mentera.com\/pt-pt\/?s={search_term_string}"},"query-input":{"@type":"PropertyValueSpecification","valueRequired":true,"valueName":"search_term_string"}}],"inLanguage":"pt-PT"},{"@type":"Organization","@id":"https:\/\/www.4mentera.com\/pt-pt\/#organization","name":"4mentera","url":"https:\/\/www.4mentera.com\/pt-pt\/","logo":{"@type":"ImageObject","inLanguage":"pt-PT","@id":"https:\/\/www.4mentera.com\/pt-pt\/#\/schema\/logo\/image\/","url":"https:\/\/www.4mentera.com\/wp-content\/uploads\/2019\/06\/cropped-Logo-Negro-250x90.png","contentUrl":"https:\/\/www.4mentera.com\/wp-content\/uploads\/2019\/06\/cropped-Logo-Negro-250x90.png","width":250,"height":91,"caption":"4mentera"},"image":{"@id":"https:\/\/www.4mentera.com\/pt-pt\/#\/schema\/logo\/image\/"},"sameAs":["https:\/\/www.facebook.com\/4mentera\/","https:\/\/www.instagram.com\/4mentera.com_\/"]}]}},"_links":{"self":[{"href":"https:\/\/www.4mentera.com\/pt-pt\/wp-json\/wp\/v2\/pages\/47010","targetHints":{"allow":["GET"]}}],"collection":[{"href":"https:\/\/www.4mentera.com\/pt-pt\/wp-json\/wp\/v2\/pages"}],"about":[{"href":"https:\/\/www.4mentera.com\/pt-pt\/wp-json\/wp\/v2\/types\/page"}],"author":[{"embeddable":true,"href":"https:\/\/www.4mentera.com\/pt-pt\/wp-json\/wp\/v2\/users\/1"}],"replies":[{"embeddable":true,"href":"https:\/\/www.4mentera.com\/pt-pt\/wp-json\/wp\/v2\/comments?post=47010"}],"version-history":[{"count":4,"href":"https:\/\/www.4mentera.com\/pt-pt\/wp-json\/wp\/v2\/pages\/47010\/revisions"}],"predecessor-version":[{"id":47038,"href":"https:\/\/www.4mentera.com\/pt-pt\/wp-json\/wp\/v2\/pages\/47010\/revisions\/47038"}],"up":[{"embeddable":true,"href":"https:\/\/www.4mentera.com\/pt-pt\/wp-json\/wp\/v2\/pages\/34370"}],"wp:featuredmedia":[{"embeddable":true,"href":"https:\/\/www.4mentera.com\/pt-pt\/wp-json\/wp\/v2\/media\/46985"}],"wp:attachment":[{"href":"https:\/\/www.4mentera.com\/pt-pt\/wp-json\/wp\/v2\/media?parent=47010"}],"curies":[{"name":"wp","href":"https:\/\/api.w.org\/{rel}","templated":true}]}}